{"id":4814,"date":"2019-10-02T19:05:50","date_gmt":"2019-10-02T19:05:50","guid":{"rendered":"https:\/\/preview.qroo.gob.mx\/inicio\/?page_id=4814"},"modified":"2020-12-22T14:15:06","modified_gmt":"2020-12-22T19:15:06","slug":"migracion","status":"publish","type":"page","link":"https:\/\/preview.qroo.gob.mx\/inicio\/index.php\/migracion\/","title":{"rendered":"Migraci\u00f3n"},"content":{"rendered":"<p>[et_pb_section fb_built=&#8221;1&#8243; fullwidth=&#8221;on&#8221; _builder_version=&#8221;4.6.5&#8243; _module_preset=&#8221;default&#8221;][et_pb_ca_fullwidth_section_primary featured_image_button=&#8221;off&#8221; heading_text_color=&#8221;#FFFFFF&#8221; heading_align=&#8221;center&#8221; heading_size=&#8221;h1&#8243; _builder_version=&#8221;4.6.5&#8243; _module_preset=&#8221;default&#8221; module_text_color=&#8221;#FFFFFF&#8221; module_font_size=&#8221;20px&#8221; background_color=&#8221;rgba(0,0,0,0)&#8221; background_image=&#8221;https:\/\/preview.qroo.gob.mx\/inicio\/wp-content\/uploads\/2020\/10\/landing-header-business_qroo.png&#8221; width=&#8221;100%&#8221; height=&#8221;139px&#8221; custom_margin=&#8221;0px||||false|false&#8221; animation_style=&#8221;fade&#8221; hover_enabled=&#8221;0&#8243; custom_css_main_element=&#8221;background-size: cover;||background-repeat: no-repeat;||&#8221; box_shadow_style=&#8221;preset1&#8243; text_shadow_style=&#8221;preset1&#8243; text_shadow_blur_strength=&#8221;0.24em&#8221; text_shadow_color=&#8221;#000000&#8243; sticky_enabled=&#8221;0&#8243;]\n<h1 class=\"page__title is-main-headline\" style=\"text-align: center;\">Migraci\u00f3n<\/h1>\n<p>[\/et_pb_ca_fullwidth_section_primary][\/et_pb_section][et_pb_section fb_built=&#8221;1&#8243; _builder_version=&#8221;4.6.5&#8243; _module_preset=&#8221;default&#8221;][et_pb_row _builder_version=&#8221;4.6.5&#8243; _module_preset=&#8221;default&#8221;][et_pb_column type=&#8221;4_4&#8243; _builder_version=&#8221;4.6.5&#8243; _module_preset=&#8221;default&#8221;][et_pb_image src=&#8221;https:\/\/preview.qroo.gob.mx\/inicio\/wp-content\/uploads\/2020\/12\/inm-institutonacionalmigrac_0.jpg&#8221; title_text=&#8221;inm-institutonacionalmigrac_0&#8243; align=&#8221;center&#8221; _builder_version=&#8221;4.6.5&#8243; _module_preset=&#8221;default&#8221;][\/et_pb_image][et_pb_text _builder_version=&#8221;4.6.5&#8243; _module_preset=&#8221;default&#8221;]\n<p style=\"text-align: justify;\">Informaci\u00f3n:<\/p>\n<p style=\"text-align: justify;\">hsosag@inami.gob.mx<\/p>\n<p style=\"text-align: justify;\">Avenida \u00c1lvaro Obreg\u00f3n<br \/> 77049 Chetumal<br \/> Horario de Atenci\u00f3n al P\u00fablico: Lunes a Viernes de 09:00 a 13:00 hrs.<\/p>\n<p>[\/et_pb_text][\/et_pb_column][\/et_pb_row][\/et_pb_section][et_pb_section fb_built=&#8221;1&#8243; _builder_version=&#8221;4.6.5&#8243; _module_preset=&#8221;default&#8221;][et_pb_row _builder_version=&#8221;4.6.5&#8243; _module_preset=&#8221;default&#8221;][et_pb_column type=&#8221;4_4&#8243; _builder_version=&#8221;4.6.5&#8243; _module_preset=&#8221;default&#8221;][et_pb_text _builder_version=&#8221;4.6.5&#8243; _module_preset=&#8221;default&#8221;]\n<div class=\"wpb_wrapper\">\n<pre><strong><span style=\"font-family: futura-medium-bt; font-size: 18pt;\">Lugares destinados al tr\u00e1nsito internacional de personas por tierra, mar y aire:<\/span><\/strong><\/pre>\n<ol style=\"text-align: justify;\">\n<li><span style=\"font-family: futura-medium-bt; font-size: 12pt;\">A. I. de Canc\u00fan<\/span><\/li>\n<li><span style=\"font-family: futura-medium-bt; font-size: 12pt;\">Isla Mujeres<\/span><\/li>\n<li><span style=\"font-family: futura-medium-bt; font-size: 12pt;\">Pto. Ju\u00e1rez<\/span><\/li>\n<li><span style=\"font-family: futura-medium-bt; font-size: 12pt;\">Canc\u00fan<\/span><\/li>\n<li><span style=\"font-family: futura-medium-bt; font-size: 12pt;\">Cozumel<\/span><\/li>\n<li><span style=\"font-family: futura-medium-bt; font-size: 12pt;\">Puerto Morelos<\/span><\/li>\n<li><span style=\"font-family: futura-medium-bt; font-size: 12pt;\">Playa del Carmen<\/span><\/li>\n<li><span style=\"font-family: futura-medium-bt; font-size: 12pt;\">Punta Venado<\/span><\/li>\n<li><span style=\"font-family: futura-medium-bt; font-size: 12pt;\">Pto. Aventuras<\/span><\/li>\n<li><span style=\"font-family: futura-medium-bt; font-size: 12pt;\">Mahahual<\/span><\/li>\n<li><span style=\"font-family: futura-medium-bt; font-size: 12pt;\">Chactemal<\/span><\/li>\n<li><span style=\"font-family: futura-medium-bt; font-size: 12pt;\">Chetumal<\/span><\/li>\n<li><span style=\"font-family: futura-medium-bt; font-size: 12pt;\">Subteniente L\u00f3pez<\/span><\/li>\n<li><span style=\"font-family: futura-medium-bt; font-size: 12pt;\">La Uni\u00f3n<\/span><\/li>\n<\/ol>\n<h6 style=\"text-align: justify;\"><span style=\"font-size: 12pt;\"><strong>*En Aeropuertos Internacionales s\u00f3lo se realizan tr\u00e1mites de revisi\u00f3n de documentaci\u00f3n migratoria de pasajeros.<\/strong><\/span><\/h6>\n<div class=\"apss-social-share apss-theme-1 clearfix\">\n<div class=\"apss-facebook apss-single-icon\" style=\"text-align: justify;\">\u00a0<\/div>\n<\/div>\n<\/div>\n<p>[\/et_pb_text][et_pb_code _builder_version=&#8221;4.6.5&#8243; _module_preset=&#8221;default&#8221;]<iframe src=\"https:\/\/www.google.com\/maps\/embed?pb=!1m14!1m8!1m3!1d60536.813342509915!2d-88.331475!3d18.503994!3m2!1i1024!2i768!4f13.1!3m3!1m2!1s0x8f5bbdce2c13df8b%3A0xfc89942473e0a106!2sInstituto%20Nacional%20De%20Migraci%C3%B3n!5e0!3m2!1ses!2smx!4v1608664426281!5m2!1ses!2smx\" width=\"1500\" height=\"450\" frameborder=\"0\" style=\"border:0;\" allowfullscreen=\"\" aria-hidden=\"false\" tabindex=\"0\"><\/iframe>[\/et_pb_code][\/et_pb_column][\/et_pb_row][\/et_pb_section]\n","protected":false},"excerpt":{"rendered":"<p>[et_pb_section fb_built=&#8221;1&#8243; fullwidth=&#8221;on&#8221; _builder_version=&#8221;4.6.5&#8243; _module_preset=&#8221;default&#8221;][et_pb_ca_fullwidth_section_primary featured_image_button=&#8221;off&#8221; heading_text_color=&#8221;#FFFFFF&#8221; heading_align=&#8221;center&#8221; heading_size=&#8221;h1&#8243; _builder_version=&#8221;4.6.5&#8243; _module_preset=&#8221;default&#8221; module_text_color=&#8221;#FFFFFF&#8221; module_font_size=&#8221;20px&#8221; background_color=&#8221;rgba(0,0,0,0)&#8221; background_image=&#8221;https:\/\/preview.qroo.gob.mx\/inicio\/wp-content\/uploads\/2020\/10\/landing-header-business_qroo.png&#8221; width=&#8221;100%&#8221; height=&#8221;139px&#8221; custom_margin=&#8221;0px||||false|false&#8221; animation_style=&#8221;fade&#8221; hover_enabled=&#8221;0&#8243; custom_css_main_element=&#8221;background-size: cover;||background-repeat: no-repeat;||&#8221; box_shadow_style=&#8221;preset1&#8243; text_shadow_style=&#8221;preset1&#8243; text_shadow_blur_strength=&#8221;0.24em&#8221; text_shadow_color=&#8221;#000000&#8243; sticky_enabled=&#8221;0&#8243;] Migraci\u00f3n [\/et_pb_ca_fullwidth_section_primary][\/et_pb_section][et_pb_section fb_built=&#8221;1&#8243; _builder_version=&#8221;4.6.5&#8243; _module_preset=&#8221;default&#8221;][et_pb_row _builder_version=&#8221;4.6.5&#8243; _module_preset=&#8221;default&#8221;][et_pb_column type=&#8221;4_4&#8243; _builder_version=&#8221;4.6.5&#8243; _module_preset=&#8221;default&#8221;][et_pb_image src=&#8221;https:\/\/preview.qroo.gob.mx\/inicio\/wp-content\/uploads\/2020\/12\/inm-institutonacionalmigrac_0.jpg&#8221; title_text=&#8221;inm-institutonacionalmigrac_0&#8243; align=&#8221;center&#8221; _builder_version=&#8221;4.6.5&#8243; _module_preset=&#8221;default&#8221;][\/et_pb_image][et_pb_text _builder_version=&#8221;4.6.5&#8243; _module_preset=&#8221;default&#8221;] Informaci\u00f3n: hsosag@inami.gob.mx Avenida \u00c1lvaro Obreg\u00f3n 77049 Chetumal Horario de Atenci\u00f3n [&hellip;]<\/p>\n","protected":false},"author":4,"featured_media":0,"parent":0,"menu_order":0,"comment_status":"closed","ping_status":"closed","template":"","meta":{"_et_pb_use_builder":"on","_et_pb_old_content":"<p>[vc_row][vc_column][vc_column_text]<!-- wp:image {\"id\":4816,\"align\":\"center\"} --><\/p>\n<div class=\"wp-block-image\">\n<figure class=\"aligncenter\"><img class=\"wp-image-4816\" src=\"https:\/\/preview.qroo.gob.mx\/inicio\/wp-content\/uploads\/2019\/10\/inm-institutonacionalmigrac_0-4.jpg\" alt=\"\" \/><\/figure>\n<\/div>\n<p><!-- \/wp:image -->[\/vc_column_text][\/vc_column][\/vc_row][vc_row][vc_column][vc_column_text]<\/p>\n<p><strong>Informaci\u00f3n:<\/strong><\/p>\n<p><a href=\"mailto:hsosag@inami.gob.mx\">hsosag@inami.gob.mx<\/a><\/p>\n<table class=\"_1ta2 _3stp _3stn\" role=\"presentation\">\n<tbody>\n<tr id=\"vertex-info-item-address\">\n<td class=\"_480u\">\n<ul class=\"uiList _4kg\">\n<li>Avenida \u00c1lvaro Obreg\u00f3n<\/li>\n<li>77049 Chetumal<\/li>\n<\/ul>\n<\/td>\n<\/tr>\n<\/tbody>\n<\/table>\n<p>Horario de Atenci\u00f3n al P\u00fablico: Lunes a Viernes de\u00a0<strong>09:00 a 13:00<\/strong>\u00a0hrs.<\/p>\n<p>[\/vc_column_text][\/vc_column][\/vc_row][vc_row][vc_column][vc_column_text]<\/p>\n<pre><strong><span style=\"font-family: futura-medium-bt; font-size: 18pt;\">Lugares destinados al tr\u00e1nsito internacional de personas por tierra, mar y aire:<\/span><\/strong><\/pre>\n<ol>\n<li><span style=\"font-family: futura-medium-bt; font-size: 12pt;\">A. I. de Canc\u00fan<\/span><\/li>\n<li><span style=\"font-family: futura-medium-bt; font-size: 12pt;\">Isla Mujeres<\/span><\/li>\n<li><span style=\"font-family: futura-medium-bt; font-size: 12pt;\">Pto. Ju\u00e1rez<\/span><\/li>\n<li><span style=\"font-family: futura-medium-bt; font-size: 12pt;\">Canc\u00fan<\/span><\/li>\n<li><span style=\"font-family: futura-medium-bt; font-size: 12pt;\">Cozumel<\/span><\/li>\n<li><span style=\"font-family: futura-medium-bt; font-size: 12pt;\">Puerto Morelos<\/span><\/li>\n<li><span style=\"font-family: futura-medium-bt; font-size: 12pt;\">Playa del Carmen<\/span><\/li>\n<li><span style=\"font-family: futura-medium-bt; font-size: 12pt;\">Punta Venado<\/span><\/li>\n<li><span style=\"font-family: futura-medium-bt; font-size: 12pt;\">Pto. Aventuras<\/span><\/li>\n<li><span style=\"font-family: futura-medium-bt; font-size: 12pt;\">Mahahual<\/span><\/li>\n<li><span style=\"font-family: futura-medium-bt; font-size: 12pt;\">Chactemal<\/span><\/li>\n<li><span style=\"font-family: futura-medium-bt; font-size: 12pt;\">Chetumal<\/span><\/li>\n<li><span style=\"font-family: futura-medium-bt; font-size: 12pt;\">Subteniente L\u00f3pez<\/span><\/li>\n<li><span style=\"font-family: futura-medium-bt; font-size: 12pt;\">La Uni\u00f3n<\/span><\/li>\n<\/ol>\n<h6><span style=\"font-size: 12pt;\"><strong>*En Aeropuertos Internacionales s\u00f3lo se realizan tr\u00e1mites de revisi\u00f3n de documentaci\u00f3n migratoria de pasajeros.<\/strong><\/span><\/h6>\n<div class=\"apss-social-share apss-theme-1 clearfix\">\n<div class=\"apss-facebook apss-single-icon\">\u00a0<\/div>\n<\/div>\n<p>[\/vc_column_text][\/vc_column][\/vc_row][vc_row][vc_column][vc_text_separator title=\"UBICACI\u00d3N\" color=\"custom\" border_width=\"5\" accent_color=\"#1e73be\"][\/vc_column][\/vc_row][vc_row][vc_column][vc_raw_html]JTNDaWZyYW1lJTIwc3R5bGUlM0QlMjJib3JkZXIlM0ElMjAwJTNCJTIyJTIwc3JjJTNEJTIyaHR0cHMlM0ElMkYlMkZ3d3cuZ29vZ2xlLmNvbSUyRm1hcHMlMkZlbWJlZCUzRnBiJTNEJTIxMW0xOCUyMTFtMTIlMjExbTMlMjExZDMwMjY5LjQzMDM4Nzk1OTM5NCUyMTJkLTg4LjM4MTE2MDM4OTExNDQzJTIxM2QxOC40OTgyMDI5NDEwNDUzODUlMjEybTMlMjExZjAlMjEyZjAlMjEzZjAlMjEzbTIlMjExaTEwMjQlMjEyaTc2OCUyMTRmMTMuMSUyMTNtMyUyMTFtMiUyMTFzMHg4ZjViYmRjZTJjMTNkZjhiJTI1M0EweGZjODk5NDI0NzNlMGExMDYlMjEyc0luc3RpdHV0byUyQk5hY2lvbmFsJTJCRGUlMkJNaWdyYWNpJTI1QzMlMjVCM24lMjE1ZTAlMjEzbTIlMjExc2VzJTIxMnNteCUyMTR2MTU1MTM5MDA3Nzg5MiUyMiUyMHdpZHRoJTNEJTIyMTAwJTI1JTIyJTIwaGVpZ2h0JTNEJTIyMzAwJTIyJTIwZnJhbWVib3JkZXIlM0QlMjIwJTIyJTIwYWxsb3dmdWxsc2NyZWVuJTNEJTIyYWxsb3dmdWxsc2NyZWVuJTIyJTNFJTNDJTJGaWZyYW1lJTNF[\/vc_raw_html][\/vc_column][\/vc_row]<\/p>","_et_gb_content_width":"","pgc_sgb_lightbox_settings":"","_mc_calendar":[]},"publishpress_future_action":{"enabled":false,"date":"1969-12-31 19:00:00","action":"","terms":[],"taxonomy":"","browser_timezone_offset":0},"_links":{"self":[{"href":"https:\/\/preview.qroo.gob.mx\/inicio\/index.php\/wp-json\/wp\/v2\/pages\/4814"}],"collection":[{"href":"https:\/\/preview.qroo.gob.mx\/inicio\/index.php\/wp-json\/wp\/v2\/pages"}],"about":[{"href":"https:\/\/preview.qroo.gob.mx\/inicio\/index.php\/wp-json\/wp\/v2\/types\/page"}],"author":[{"embeddable":true,"href":"https:\/\/preview.qroo.gob.mx\/inicio\/index.php\/wp-json\/wp\/v2\/users\/4"}],"replies":[{"embeddable":true,"href":"https:\/\/preview.qroo.gob.mx\/inicio\/index.php\/wp-json\/wp\/v2\/comments?post=4814"}],"version-history":[{"count":5,"href":"https:\/\/preview.qroo.gob.mx\/inicio\/index.php\/wp-json\/wp\/v2\/pages\/4814\/revisions"}],"predecessor-version":[{"id":14289,"href":"https:\/\/preview.qroo.gob.mx\/inicio\/index.php\/wp-json\/wp\/v2\/pages\/4814\/revisions\/14289"}],"wp:attachment":[{"href":"https:\/\/preview.qroo.gob.mx\/inicio\/index.php\/wp-json\/wp\/v2\/media?parent=4814"}],"curies":[{"name":"wp","href":"https:\/\/api.w.org\/{rel}","templated":true}]}}