{"id":5335,"date":"2019-11-06T19:54:01","date_gmt":"2019-11-06T19:54:01","guid":{"rendered":"https:\/\/preview.qroo.gob.mx\/inicio\/?page_id=5335"},"modified":"2020-12-23T13:39:31","modified_gmt":"2020-12-23T18:39:31","slug":"fondo-de-financiamiento-de-quintana-roo","status":"publish","type":"page","link":"https:\/\/preview.qroo.gob.mx\/inicio\/index.php\/fondo-de-financiamiento-de-quintana-roo\/","title":{"rendered":"FONDO DE FINANCIAMIENTO DE QUINTANA ROO"},"content":{"rendered":"<p>[et_pb_section fb_built=&#8221;1&#8243; fullwidth=&#8221;on&#8221; _builder_version=&#8221;4.6.5&#8243; _module_preset=&#8221;default&#8221;][et_pb_ca_fullwidth_section_primary featured_image_button=&#8221;off&#8221; heading_text_color=&#8221;#FFFFFF&#8221; heading_align=&#8221;center&#8221; heading_size=&#8221;h1&#8243; _builder_version=&#8221;4.6.5&#8243; _module_preset=&#8221;default&#8221; module_text_color=&#8221;#FFFFFF&#8221; module_font_size=&#8221;20px&#8221; background_color=&#8221;rgba(0,0,0,0)&#8221; background_image=&#8221;https:\/\/preview.qroo.gob.mx\/inicio\/wp-content\/uploads\/2020\/10\/landing-header-business_qroo.png&#8221; width=&#8221;100%&#8221; height=&#8221;139px&#8221; custom_margin=&#8221;0px||||false|false&#8221; animation_style=&#8221;fade&#8221; custom_css_main_element=&#8221;background-size: cover;||background-repeat: no-repeat;||&#8221; box_shadow_style=&#8221;preset1&#8243; text_shadow_style=&#8221;preset1&#8243; text_shadow_blur_strength=&#8221;0.24em&#8221; text_shadow_color=&#8221;#000000&#8243;]\n<h1 class=\"page__title is-main-headline\" style=\"text-align: center;\">Fondo de Financiamiento de Quintana Roo<\/h1>\n<p>[\/et_pb_ca_fullwidth_section_primary][\/et_pb_section][et_pb_section fb_built=&#8221;1&#8243; _builder_version=&#8221;4.6.5&#8243; _module_preset=&#8221;default&#8221;][et_pb_row _builder_version=&#8221;4.6.5&#8243; _module_preset=&#8221;default&#8221;][et_pb_column type=&#8221;4_4&#8243; _builder_version=&#8221;4.6.5&#8243; _module_preset=&#8221;default&#8221;][et_pb_text _builder_version=&#8221;4.6.5&#8243; _module_preset=&#8221;default&#8221; hover_enabled=&#8221;0&#8243; sticky_enabled=&#8221;0&#8243;]\n<p><strong>Poblaci\u00f3n Potencial<\/strong>\u00a0Micro y Peque\u00f1os negocios formales, ya sean personas f\u00edsicas o morales, radicadas en el Estado y con adecuado historial en Bur\u00f3 de Cr\u00e9dito.<\/p>\n<div class=\"field field--name-field-gen-fecha-no-hr field--type-datetime field--label-above\">\n<div class=\"field__label\">Fecha de inicio<\/div>\n<div class=\"field__item\"><time class=\"datetime\" datetime=\"2019-01-01T12:00:00Z\">Martes, 1 de Enero de 2019<\/time><\/div>\n<\/div>\n<div class=\"field field--name-field-fecha-final-no-hr field--type-datetime field--label-above\">\n<div class=\"field__label\">Fecha de terminaci\u00f3n<\/div>\n<div class=\"field__item\"><time class=\"datetime\" datetime=\"2019-12-31T12:00:00Z\">Martes, 31 de Diciembre de 2019<\/time><\/div>\n<\/div>\n<div class=\"clearfix text-formatted field field--name-body field--type-text-with-summary field--label-hidden field__item\">\n<p><strong>Poblaci\u00f3n Potencial<\/strong>\u00a0Micro y Peque\u00f1os negocios formales, ya sean personas f\u00edsicas o morales, radicadas en el Estado y con adecuado historial en Bur\u00f3 de Cr\u00e9dito.<\/p>\n<p><strong>Contacto<\/strong>:<\/p>\n<p>L.C. Zoila Ver\u00f3nica Garc\u00eda Guerrero<\/p>\n<p>Directora General del Fondo para el Desarrollo Econ\u00f3mico<\/p>\n<p>Tel\u00e9fono: (983) 833 4354 extensi\u00f3n 205<\/p>\n<p>Correo electr\u00f3nico:\u00a0zoila.garcia@qroo.gob.mx<\/p>\n<\/div>\n<div class=\"field field--name-field-tys-requisitos field--type-string field--label-above\">\n<div class=\"field__label\">Requisitos<\/div>\n<div class=\"field__items\">\n<div class=\"field__item\">Ver lista de requisitos en documento adjunto<\/div>\n<\/div>\n<\/div>\n<div class=\"field field--name-field-gen-adjuntos field--type-file field--label-above\">\n<div class=\"field__label\">Archivos adjuntos<\/div>\n<\/div>\n<div class=\"wpb_column vc_column_container vc_col-sm-12\">\n<div class=\"vc_column-inner\">\n<div class=\"wpb_wrapper\">\n<div class=\"wpb_raw_code wpb_content_element wpb_raw_html\">\n<div class=\"wpb_wrapper\">\n<table data-striping=\"1\">\n<thead>\n<tr>\n<th>Adjunto<\/th>\n<th>Size<\/th>\n<\/tr>\n<\/thead>\n<tbody>\n<tr class=\"odd\">\n<td>\n             <span class=\"file file--mime-application-pdf file-- \n              application-pdf\"><a href=\"https:\/\/preview.qroo.gob.mx\/portal\/wp-content\/uploads\/2019\/11\/Requisitos-FOFINQROO.pdf\" type=\"application\/pdf; \n              length=1313990\">Requisitos FOFINQROO.pdf<\/a><\/span>\n           <\/td>\n<td>20.53 KB<\/td>\n<\/tr>\n<tr class=\"odd\">\n<td>\n             <span class=\"file file--mime-application-pdf file-- \n              application-pdf\"><a href=\"https:\/\/preview.qroo.gob.mx\/portal\/wp-content\/uploads\/2019\/11\/Fondo-de-Financiamiento-de-Quintana-Roo.pdf\" type=\"application\/pdf; \n              length=1313990\">Fondo de Financiamiento de Quintana Roo.pdf<\/a><\/span>\n           <\/td>\n<td>272.46 KB<\/td>\n<\/tr>\n<\/tbody>\n<\/table>\n<style>\ntable {border-collapse: collapse;width: 100%;color: #000000;margin: 25px 0 40px;}table{background-color: transparent;}table th{font-size: 16px;text-transform: uppercase;border: 1px solid #fff;background: #3f3f3f;   color: #ffffff;}table tr.even, table tr.odd {border-bottom: 1px solid #fff;background: #e4e4e4;font-size: 14px;}.file--application-pdf{background-image: url(https:\/\/preview.qroo.gob.mx\/core\/themes\/classy\/images\/icons\/application-pdf.png);}.file {padding-left: 20px;display: inline-block;min-height: 16px;background-repeat: no-repeat;background-position: left center;}<\/style>\n<\/p><\/div>\n<\/p><\/div>\n<\/div>\n<\/div>\n<\/div>\n<p>[\/et_pb_text][\/et_pb_column][\/et_pb_row][\/et_pb_section]\n","protected":false},"excerpt":{"rendered":"<p>[et_pb_section fb_built=&#8221;1&#8243; fullwidth=&#8221;on&#8221; _builder_version=&#8221;4.6.5&#8243; _module_preset=&#8221;default&#8221;][et_pb_ca_fullwidth_section_primary featured_image_button=&#8221;off&#8221; heading_text_color=&#8221;#FFFFFF&#8221; heading_align=&#8221;center&#8221; heading_size=&#8221;h1&#8243; _builder_version=&#8221;4.6.5&#8243; _module_preset=&#8221;default&#8221; module_text_color=&#8221;#FFFFFF&#8221; module_font_size=&#8221;20px&#8221; background_color=&#8221;rgba(0,0,0,0)&#8221; background_image=&#8221;https:\/\/preview.qroo.gob.mx\/inicio\/wp-content\/uploads\/2020\/10\/landing-header-business_qroo.png&#8221; width=&#8221;100%&#8221; height=&#8221;139px&#8221; custom_margin=&#8221;0px||||false|false&#8221; animation_style=&#8221;fade&#8221; custom_css_main_element=&#8221;background-size: cover;||background-repeat: no-repeat;||&#8221; box_shadow_style=&#8221;preset1&#8243; text_shadow_style=&#8221;preset1&#8243; text_shadow_blur_strength=&#8221;0.24em&#8221; text_shadow_color=&#8221;#000000&#8243;] Fondo de Financiamiento de Quintana Roo [\/et_pb_ca_fullwidth_section_primary][\/et_pb_section][et_pb_section fb_built=&#8221;1&#8243; _builder_version=&#8221;4.6.5&#8243; _module_preset=&#8221;default&#8221;][et_pb_row _builder_version=&#8221;4.6.5&#8243; _module_preset=&#8221;default&#8221;][et_pb_column type=&#8221;4_4&#8243; _builder_version=&#8221;4.6.5&#8243; _module_preset=&#8221;default&#8221;][et_pb_text _builder_version=&#8221;4.6.5&#8243; _module_preset=&#8221;default&#8221; hover_enabled=&#8221;0&#8243; sticky_enabled=&#8221;0&#8243;] Poblaci\u00f3n Potencial\u00a0Micro y Peque\u00f1os negocios formales, ya sean personas f\u00edsicas [&hellip;]<\/p>\n","protected":false},"author":4,"featured_media":0,"parent":0,"menu_order":0,"comment_status":"closed","ping_status":"closed","template":"","meta":{"_et_pb_use_builder":"on","_et_pb_old_content":"<p>[vc_row][vc_column][vc_column_text]<strong>Poblaci\u00f3n Potencial<\/strong>\u00a0Micro y Peque\u00f1os negocios formales, ya sean personas f\u00edsicas o morales, radicadas en el Estado y con adecuado historial en Bur\u00f3 de Cr\u00e9dito.<\/p>\n<div class=\"field field--name-field-gen-fecha-no-hr field--type-datetime field--label-above\">\n<div class=\"field__label\">Fecha de inicio<\/div>\n<div class=\"field__item\"><time class=\"datetime\" datetime=\"2019-01-01T12:00:00Z\">Martes, 1 de Enero de 2019<\/time><\/div>\n<\/div>\n<div class=\"field field--name-field-fecha-final-no-hr field--type-datetime field--label-above\">\n<div class=\"field__label\">Fecha de terminaci\u00f3n<\/div>\n<div class=\"field__item\"><time class=\"datetime\" datetime=\"2019-12-31T12:00:00Z\">Martes, 31 de Diciembre de 2019<\/time><\/div>\n<\/div>\n<div class=\"clearfix text-formatted field field--name-body field--type-text-with-summary field--label-hidden field__item\">\n<p><strong>Poblaci\u00f3n Potencial<\/strong>\u00a0Micro y Peque\u00f1os negocios formales, ya sean personas f\u00edsicas o morales, radicadas en el Estado y con adecuado historial en Bur\u00f3 de Cr\u00e9dito.<\/p>\n<p><strong>Contacto<\/strong>:<\/p>\n<p>L.C. Zoila Ver\u00f3nica Garc\u00eda Guerrero<\/p>\n<p>Directora General del Fondo para el Desarrollo Econ\u00f3mico<\/p>\n<p>Tel\u00e9fono: (983) 833 4354 extensi\u00f3n 205<\/p>\n<p>Correo electr\u00f3nico:\u00a0zoila.garcia@qroo.gob.mx<\/div>\n<div class=\"field field--name-field-tys-requisitos field--type-string field--label-above\">\n<div class=\"field__label\">Requisitos<\/div>\n<div class=\"field__items\">\n<div class=\"field__item\">Ver lista de requisitos en documento adjunto<\/div>\n<\/div>\n<\/div>\n<div class=\"field field--name-field-gen-adjuntos field--type-file field--label-above\">\n<div class=\"field__label\">Archivos adjuntos<\/div>\n<div><\/div>\n<\/div>\n<p>[\/vc_column_text][\/vc_column][\/vc_row][vc_row][vc_column][vc_raw_html]JTNDdGFibGUlMjBkYXRhLXN0cmlwaW5nJTNEJTIyMSUyMiUzRSUwQSUyMCUyMCUzQ3RoZWFkJTNFJTBBJTIwJTIwJTIwJTIwJTNDdHIlM0UlMEElMjAlMjAlMjAlMjAlMjAlMjAlM0N0aCUzRUFkanVudG8lM0MlMkZ0aCUzRSUwQSUyMCUyMCUyMCUyMCUyMCUyMCUzQ3RoJTNFU2l6ZSUzQyUyRnRoJTNFJTBBJTIwJTIwJTIwJTIwJTIwJTNDJTJGdHIlM0UlMEElMjAlMjAlMjAlM0MlMkZ0aGVhZCUzRSUwQSUyMCUyMCUyMCUzQ3Rib2R5JTNFJTBBJTIwJTIwJTIwJTIwJTIwJTIwJTNDdHIlMjBjbGFzcyUzRCUyMm9kZCUyMiUzRSUwQSUyMCUyMCUyMCUyMCUyMCUyMCUyMCUyMCUyMCUyMCUyMCUzQ3RkJTNFJTBBJTIwJTIwJTIwJTIwJTIwJTIwJTIwJTIwJTIwJTIwJTIwJTIwJTIwJTNDc3BhbiUyMGNsYXNzJTNEJTIyZmlsZSUyMGZpbGUtLW1pbWUtYXBwbGljYXRpb24tcGRmJTIwZmlsZS0tJTIwJTBBJTIwJTIwJTIwJTIwJTIwJTIwJTIwJTIwJTIwJTIwJTIwJTIwJTIwJTIwYXBwbGljYXRpb24tcGRmJTIyJTNFJTNDYSUyMGhyZWYlM0QlMjJodHRwcyUzQSUyRiUyRnFyb28uZ29iLm14JTJGcG9ydGFsJTJGd3AtY29udGVudCUyRnVwbG9hZHMlMkYyMDE5JTJGMTElMkZSZXF1aXNpdG9zLUZPRklOUVJPTy5wZGYlMjIlMjB0eXBlJTNEJTIyYXBwbGljYXRpb24lMkZwZGYlM0IlMjAlMEElMjAlMjAlMjAlMjAlMjAlMjAlMjAlMjAlMjAlMjAlMjAlMjAlMjAlMjBsZW5ndGglM0QxMzEzOTkwJTIyJTNFUmVxdWlzaXRvcyUyMEZPRklOUVJPTy5wZGYlM0MlMkZhJTNFJTNDJTJGc3BhbiUzRSUwQSUyMCUyMCUyMCUyMCUyMCUyMCUyMCUyMCUyMCUyMCUyMCUzQyUyRnRkJTNFJTBBJTIwJTIwJTIwJTIwJTIwJTIwJTIwJTIwJTIwJTIwJTIwJTNDdGQlM0UyMC41MyUyMEtCJTNDJTJGdGQlM0UlMEElMjAlMjAlMjAlMjAlMjAlMjAlMjAlM0MlMkZ0ciUzRSUwQSUzQ3RyJTIwY2xhc3MlM0QlMjJvZGQlMjIlM0UlMEElMjAlMjAlMjAlMjAlMjAlMjAlMjAlMjAlMjAlMjAlMjAlM0N0ZCUzRSUwQSUyMCUyMCUyMCUyMCUyMCUyMCUyMCUyMCUyMCUyMCUyMCUyMCUyMCUzQ3NwYW4lMjBjbGFzcyUzRCUyMmZpbGUlMjBmaWxlLS1taW1lLWFwcGxpY2F0aW9uLXBkZiUyMGZpbGUtLSUyMCUwQSUyMCUyMCUyMCUyMCUyMCUyMCUyMCUyMCUyMCUyMCUyMCUyMCUyMCUyMGFwcGxpY2F0aW9uLXBkZiUyMiUzRSUzQ2ElMjBocmVmJTNEJTIyaHR0cHMlM0ElMkYlMkZxcm9vLmdvYi5teCUyRnBvcnRhbCUyRndwLWNvbnRlbnQlMkZ1cGxvYWRzJTJGMjAxOSUyRjExJTJGRm9uZG8tZGUtRmluYW5jaWFtaWVudG8tZGUtUXVpbnRhbmEtUm9vLnBkZiUyMiUyMHR5cGUlM0QlMjJhcHBsaWNhdGlvbiUyRnBkZiUzQiUyMCUwQSUyMCUyMCUyMCUyMCUyMCUyMCUyMCUyMCUyMCUyMCUyMCUyMCUyMCUyMGxlbmd0aCUzRDEzMTM5OTAlMjIlM0VGb25kbyUyMGRlJTIwRmluYW5jaWFtaWVudG8lMjBkZSUyMFF1aW50YW5hJTIwUm9vLnBkZiUzQyUyRmElM0UlM0MlMkZzcGFuJTNFJTBBJTIwJTIwJTIwJTIwJTIwJTIwJTIwJTIwJTIwJTIwJTIwJTNDJTJGdGQlM0UlMEElMjAlMjAlMjAlMjAlMjAlMjAlMjAlMjAlMjAlMjAlMjAlM0N0ZCUzRTI3Mi40NiUyMEtCJTNDJTJGdGQlM0UlMEElMjAlMjAlMjAlMjAlMjAlMjAlMjAlM0MlMkZ0ciUzRSUwQSUyMCUyMCUyMCUyMCUzQyUyRnRib2R5JTNFJTBBJTNDJTJGdGFibGUlM0UlMEElM0NzdHlsZSUzRSUwQXRhYmxlJTIwJTdCYm9yZGVyLWNvbGxhcHNlJTNBJTIwY29sbGFwc2UlM0J3aWR0aCUzQSUyMDEwMCUyNSUzQmNvbG9yJTNBJTIwJTIzMDAwMDAwJTNCbWFyZ2luJTNBJTIwMjVweCUyMDAlMjA0MHB4JTNCJTdEdGFibGUlN0JiYWNrZ3JvdW5kLWNvbG9yJTNBJTIwdHJhbnNwYXJlbnQlM0IlN0R0YWJsZSUyMHRoJTdCZm9udC1zaXplJTNBJTIwMTZweCUzQnRleHQtdHJhbnNmb3JtJTNBJTIwdXBwZXJjYXNlJTNCYm9yZGVyJTNBJTIwMXB4JTIwc29saWQlMjAlMjNmZmYlM0JiYWNrZ3JvdW5kJTNBJTIwJTIzM2YzZjNmJTNCJTIwJTIwJTIwY29sb3IlM0ElMjAlMjNmZmZmZmYlM0IlN0R0YWJsZSUyMHRyLmV2ZW4lMkMlMjB0YWJsZSUyMHRyLm9kZCUyMCU3QmJvcmRlci1ib3R0b20lM0ElMjAxcHglMjBzb2xpZCUyMCUyM2ZmZiUzQmJhY2tncm91bmQlM0ElMjAlMjNlNGU0ZTQlM0Jmb250LXNpemUlM0ElMjAxNHB4JTNCJTdELmZpbGUtLWFwcGxpY2F0aW9uLXBkZiU3QmJhY2tncm91bmQtaW1hZ2UlM0ElMjB1cmwlMjhodHRwcyUzQSUyRiUyRnFyb28uZ29iLm14JTJGY29yZSUyRnRoZW1lcyUyRmNsYXNzeSUyRmltYWdlcyUyRmljb25zJTJGYXBwbGljYXRpb24tcGRmLnBuZyUyOSUzQiU3RC5maWxlJTIwJTdCcGFkZGluZy1sZWZ0JTNBJTIwMjBweCUzQmRpc3BsYXklM0ElMjBpbmxpbmUtYmxvY2slM0JtaW4taGVpZ2h0JTNBJTIwMTZweCUzQmJhY2tncm91bmQtcmVwZWF0JTNBJTIwbm8tcmVwZWF0JTNCYmFja2dyb3VuZC1wb3NpdGlvbiUzQSUyMGxlZnQlMjBjZW50ZXIlM0IlN0QlM0MlMkZzdHlsZSUzRQ==[\/vc_raw_html][\/vc_column][\/vc_row]<\/p>\n","_et_gb_content_width":"","pgc_sgb_lightbox_settings":"","_mc_calendar":[]},"publishpress_future_action":{"enabled":false,"date":"1969-12-31 19:00:00","action":"","terms":[],"taxonomy":"","browser_timezone_offset":0},"_links":{"self":[{"href":"https:\/\/preview.qroo.gob.mx\/inicio\/index.php\/wp-json\/wp\/v2\/pages\/5335"}],"collection":[{"href":"https:\/\/preview.qroo.gob.mx\/inicio\/index.php\/wp-json\/wp\/v2\/pages"}],"about":[{"href":"https:\/\/preview.qroo.gob.mx\/inicio\/index.php\/wp-json\/wp\/v2\/types\/page"}],"author":[{"embeddable":true,"href":"https:\/\/preview.qroo.gob.mx\/inicio\/index.php\/wp-json\/wp\/v2\/users\/4"}],"replies":[{"embeddable":true,"href":"https:\/\/preview.qroo.gob.mx\/inicio\/index.php\/wp-json\/wp\/v2\/comments?post=5335"}],"version-history":[{"count":7,"href":"https:\/\/preview.qroo.gob.mx\/inicio\/index.php\/wp-json\/wp\/v2\/pages\/5335\/revisions"}],"predecessor-version":[{"id":14410,"href":"https:\/\/preview.qroo.gob.mx\/inicio\/index.php\/wp-json\/wp\/v2\/pages\/5335\/revisions\/14410"}],"wp:attachment":[{"href":"https:\/\/preview.qroo.gob.mx\/inicio\/index.php\/wp-json\/wp\/v2\/media?parent=5335"}],"curies":[{"name":"wp","href":"https:\/\/api.w.org\/{rel}","templated":true}]}}