{"id":5895,"date":"2019-11-18T15:03:27","date_gmt":"2019-11-18T15:03:27","guid":{"rendered":"https:\/\/preview.qroo.gob.mx\/inicio\/?page_id=5895"},"modified":"2020-12-22T14:35:55","modified_gmt":"2020-12-22T19:35:55","slug":"oportunidades-por-sector","status":"publish","type":"page","link":"https:\/\/preview.qroo.gob.mx\/inicio\/index.php\/oportunidades-por-sector\/","title":{"rendered":"Oportunidades Por Sector"},"content":{"rendered":"<p>[et_pb_section fb_built=&#8221;1&#8243; fullwidth=&#8221;on&#8221; _builder_version=&#8221;4.6.5&#8243; _module_preset=&#8221;default&#8221;][et_pb_ca_fullwidth_section_primary featured_image_button=&#8221;off&#8221; heading_text_color=&#8221;#FFFFFF&#8221; heading_align=&#8221;center&#8221; heading_size=&#8221;h1&#8243; _builder_version=&#8221;4.6.5&#8243; _module_preset=&#8221;default&#8221; module_text_color=&#8221;#FFFFFF&#8221; module_font_size=&#8221;20px&#8221; background_color=&#8221;rgba(0,0,0,0)&#8221; background_image=&#8221;https:\/\/preview.qroo.gob.mx\/inicio\/wp-content\/uploads\/2020\/10\/landing-header-business_qroo.png&#8221; width=&#8221;100%&#8221; height=&#8221;139px&#8221; custom_margin=&#8221;0px||||false|false&#8221; animation_style=&#8221;fade&#8221; hover_enabled=&#8221;0&#8243; custom_css_main_element=&#8221;background-size: cover;||background-repeat: no-repeat;||&#8221; box_shadow_style=&#8221;preset1&#8243; text_shadow_style=&#8221;preset1&#8243; text_shadow_blur_strength=&#8221;0.24em&#8221; text_shadow_color=&#8221;#000000&#8243; sticky_enabled=&#8221;0&#8243;]\n<h1 class=\"page__title is-main-headline\" style=\"text-align: center;\">Oportunidades por Sector<\/h1>\n<p>[\/et_pb_ca_fullwidth_section_primary][\/et_pb_section][et_pb_section fb_built=&#8221;1&#8243; _builder_version=&#8221;4.6.5&#8243; _module_preset=&#8221;default&#8221;][et_pb_row _builder_version=&#8221;4.6.5&#8243; _module_preset=&#8221;default&#8221;][et_pb_column type=&#8221;4_4&#8243; _builder_version=&#8221;4.6.5&#8243; _module_preset=&#8221;default&#8221;][et_pb_tabs _builder_version=&#8221;4.6.5&#8243; _module_preset=&#8221;default&#8221;][et_pb_tab title=&#8221;AMBULANCIAS&#8221; _builder_version=&#8221;4.6.5&#8243; _module_preset=&#8221;default&#8221;]\n<p style=\"text-align: justify;\">Productores beneficiados por el PROCAMPO, 2017: 20,813<\/p>\n<p style=\"text-align: justify;\">Monto pagado por el PROCAMPO(Miles de pesos), 2017: 78,346<\/p>\n<p style=\"text-align: justify;\">Volumen de la producci\u00f3n forestal maderable(Metros c\u00fabicos rollo), 2017: 57,479<\/p>\n<p style=\"text-align: justify;\">Volumen de la producci\u00f3n forestal maderable de con\u00edferas(Metros c\u00fabicos rollo), 2017: 0<\/p>\n<p style=\"text-align: justify;\">Volumen de la producci\u00f3n forestal maderable de latifoliadas(Metros c\u00fabicos rollo), 2017: 0<\/p>\n<p style=\"text-align: justify;\">Volumen de la producci\u00f3n forestal maderable de preciosas(Metros c\u00fabicos rollo), 2017: 3,897<\/p>\n<p style=\"text-align: justify;\">Volumen de la producci\u00f3n forestal maderable de comunes tropicales(Metros c\u00fabicos rollo), 2017: 53,582<\/p>\n<p style=\"text-align: justify;\">Valor de la producci\u00f3n forestal maderable(Miles de pesos), 2017: 109,747<\/p>\n<p style=\"text-align: justify;\">Valor de la producci\u00f3n forestal maderable de con\u00edferas(Miles de pesos), 2017: 0<\/p>\n<p style=\"text-align: justify;\">Valor de la producci\u00f3n forestal maderable de latifoliadas(Miles de pesos), 2017: 0<\/p>\n<p style=\"text-align: justify;\">Valor de la producci\u00f3n forestal maderable de preciosas(Miles de pesos), 2017: 14,029<\/p>\n<p style=\"text-align: justify;\">Valor de la producci\u00f3n forestal maderable de comunes tropicales(Miles de pesos), 2017: 95,718<\/p>\n<p style=\"text-align: justify;\">Superficie beneficiada por el PROAGRO para actividades agr\u00edcolas(Hect\u00e1reas), 2017: 71,798<\/p>\n<p style=\"text-align: justify;\"><a href=\"https:\/\/www.inegi.org.mx\/app\/indicadores\/?t=0220&amp;ag=07000023#D02200050\" title=\"\">M\u00c1S INFORMACI\u00d3N<\/a><\/p>\n<p>[\/et_pb_tab][et_pb_tab title=&#8221;GANADER\u00cdA&#8221; _builder_version=&#8221;4.6.5&#8243; _module_preset=&#8221;default&#8221;]\n<p style=\"text-align: justify;\"><span style=\"font-family: futura-medium-bt; font-size: 12pt;\"><label class=\"texto\" data-role=\"none\">Poblaci\u00f3n ap\u00edcola (colmenas).(Colmenas), 2016:\u00a0<\/label><strong><strong>120,188<\/strong><\/strong><\/span><\/p>\n<p style=\"text-align: justify;\"><a class=\"vc_general vc_btn3 vc_btn3-size-lg vc_btn3-shape-rounded vc_btn3-style-modern vc_btn3-color-primary\" href=\"https:\/\/www.inegi.org.mx\/app\/indicadores\/?t=0220&amp;ag=07000023#D02200050\" title=\"\">M\u00c1S INFORMACI\u00d3N<\/a><\/p>\n<p>[\/et_pb_tab][et_pb_tab title=&#8221;PESCA Y ACUICULTURA&#8221; _builder_version=&#8221;4.6.5&#8243; _module_preset=&#8221;default&#8221;]\n<div class=\"temaHijo\">\n<div class=\"fila\">\n<div class=\"derecha\">\n<p style=\"text-align: justify;\">N\u00famero y superficie total de los terrenos&gt;N\u00famero total de terrenos. Productores. Absoluto(Terrenos), 2016:\u00a041,431<\/p>\n<\/div>\n<\/div>\n<\/div>\n<div class=\" row indicador \" style=\"text-align: justify;\">\n<div class=\"col-md-9 col-sm-9 col-xs-12\">\n<div>\n<p>&nbsp;<\/p>\n<p><label class=\"texto\" data-role=\"none\">N\u00daMERO Y SUPERFICIE TOTAL DE LOS TERRENOS&gt;TERRENOS SIN ACTIVIDAD&gt;N\u00daMERO TOTAL DE TERRENOS. SIN ACTIVIDAD. ABSOLUTO(TERRENOS), 2016:\u00a0<\/label>14,707<\/p>\n<\/div>\n<\/div>\n<\/div>\n<div class=\" row indicadorPar \" style=\"text-align: justify;\">\n<div class=\"col-md-9 col-sm-9 col-xs-12\">\n<div>\n<p>&nbsp;<\/p>\n<p><label class=\"texto\" data-role=\"none\">N\u00daMERO Y SUPERFICIE TOTAL DE LOS TERRENOS&gt;ACTIVIDAD PRINCIPAL DEL TERRENO&gt;OTRA ACTIVIDAD&gt;N\u00daMERO TOTAL DE TERRENOS. OTROS PRODUCTORES. ABSOLUTO(TERRENOS), 2016:\u00a0<\/label>1,765<\/p>\n<\/div>\n<\/div>\n<\/div>\n<div class=\" row indicador \" style=\"text-align: justify;\">\n<div class=\"col-md-9 col-sm-9 col-xs-12\">\n<div>\n<p>&nbsp;<\/p>\n<p><label class=\"texto\" data-role=\"none\">N\u00daMERO Y SUPERFICIE TOTAL DE LOS TERRENOS&gt;ACTIVIDAD PRINCIPAL DEL TERRENO&gt;ACTIVIDAD AGR\u00cdCOLA&gt;N\u00daMERO TOTAL DE TERRENOS. PRODUCTORES AGR\u00cdCOLAS. ABSOLUTO(TERRENOS), 2016:\u00a0<\/label>20,317<\/p>\n<\/div>\n<\/div>\n<\/div>\n<div class=\" row indicadorPar \" style=\"text-align: justify;\">\n<div class=\"col-md-9 col-sm-9 col-xs-12\">\n<div>\n<p>&nbsp;<\/p>\n<p><label class=\"texto\" data-role=\"none\">N\u00daMERO Y SUPERFICIE TOTAL DE LOS TERRENOS&gt;ACTIVIDAD PRINCIPAL DEL TERRENO&gt;ACTIVIDAD GANADERA&gt;N\u00daMERO TOTAL DE TERRENOS. PRODUCTORES GANADEROS. ABSOLUTO(TERRENOS), 2016:\u00a0<\/label>4,23<\/p>\n<\/div>\n<\/div>\n<\/div>\n<div class=\" row indicador \">\n<div class=\"col-md-9 col-sm-9 col-xs-12\">\n<div>\n<p style=\"text-align: justify;\">\n<p style=\"text-align: justify;\"><label class=\"texto\" data-role=\"none\">N\u00daMERO Y SUPERFICIE TOTAL DE LOS TERRENOS&gt;ACTIVIDAD PRINCIPAL DEL TERRENO&gt;ACTIVIDAD FORESTAL&gt;N\u00daMERO TOTAL DE TERRENOS. PRODUCTORES FORESTALES. ABSOLUTO(TERRENOS), 2016:\u00a0<\/label>408<\/p>\n<\/div>\n<\/div>\n<\/div>\n<p>[\/et_pb_tab][et_pb_tab title=&#8221;COMERCIO&#8221; _builder_version=&#8221;4.6.5&#8243; _module_preset=&#8221;default&#8221;]\n<p><span style=\"font-family: futura-medium-bt; font-size: 12pt;\">Unidades econ\u00f3micas. Gran sector 43-46. Comercio.(Unidades econ\u00f3micas), 2008: <strong><strong>18,516<\/strong><\/strong><\/span><\/p>\n<p><span style=\"font-family: futura-medium-bt; font-size: 12pt;\">Producci\u00f3n bruta total. Gran sector 43-46. Comercio.(Miles de pesos), 2008: <strong>18,076,110.00<\/strong><\/span><\/p>\n<p><span style=\"font-family: futura-medium-bt; font-size: 12pt;\">Acervo total de activos fijos. Gran sector 43-46. Comercio.(Miles de pesos), 2008: <strong>8,385,197.00<\/strong><\/span><\/p>\n<p><span style=\"font-family: futura-medium-bt; font-size: 12pt;\">Valor agregado censal bruto. Gran sector 43-46. Comercio.(Miles de pesos), 2008: <strong>10,394,189.00<\/strong><\/span><\/p>\n<p><span style=\"font-family: futura-medium-bt; font-size: 12pt;\">Total de ingresos por suministro de bienes y servicios. Gran sector 43-46. Comercio.(Miles de pesos), 2008: <strong>74,660,590.00<\/strong><\/span><\/p>\n<p><span style=\"font-family: futura-medium-bt; font-size: 12pt;\">Total de gastos por consumo de bienes y servicios. Gran sector 43-46. Comercio.(Miles de pesos), 2008: <strong>64,178,077.00<\/strong><\/span><\/p>\n<p><span style=\"font-family: futura-medium-bt; font-size: 12pt;\">Producci\u00f3n bruta total por unidad econ\u00f3mica. Gran sector 43-46. Comercio.(Miles de pesos), 2008: <strong>976.24<\/strong><\/span><\/p>\n<p><span style=\"font-family: futura-medium-bt; font-size: 12pt;\">Valor agregado censal bruto por personal ocupado total. Gran sector 43-46. Comercio.(Miles de pesos), 2008: <strong>125.22<\/strong><\/span><\/p>\n<p><span style=\"font-family: futura-medium-bt; font-size: 12pt;\">Producci\u00f3n bruta total por personal ocupado total. Gran sector 43-46. Comercio.(Miles de pesos), 2008: <strong>217.77<\/strong><\/span><\/p>\n<p><a href=\"https:\/\/www.inegi.org.mx\/app\/indicadores\/?t=0220&amp;ag=07000023#D02200050\" title=\"\">M\u00c1S INFORMACI\u00d3N<\/a>[\/et_pb_tab][et_pb_tab title=&#8221;CONSTRUCCI\u00d3N&#8221; _builder_version=&#8221;4.6.5&#8243; _module_preset=&#8221;default&#8221;]\n<p><span style=\"font-family: futura-medium-bt; font-size: 12pt;\">Unidades econ\u00f3micas. Sector 23. Construcci\u00f3n.(Unidades econ\u00f3micas), 2008: <strong>329<\/strong><\/span><\/p>\n<p><span style=\"font-family: futura-medium-bt; font-size: 12pt;\">Producci\u00f3n bruta total. Sector 23. Construcci\u00f3n.(Miles de pesos), 2008: <strong>6,675,595.00<\/strong><\/span><\/p>\n<p><span style=\"font-family: futura-medium-bt; font-size: 12pt;\">Producci\u00f3n bruta total. Sector 31-33. Industrias manufactureras.(Miles de pesos), 2008: <strong>8,197,113.00<\/strong><\/span><\/p>\n<p><span style=\"font-family: futura-medium-bt; font-size: 12pt;\">Acervo total de activos fijos. Sector 23. Construcci\u00f3n.(Miles de pesos), 2008: <strong>1,260,198.00<\/strong><\/span><\/p>\n<p><span style=\"font-family: futura-medium-bt; font-size: 12pt;\">Valor agregado censal bruto. Sector 23. Construcci\u00f3n.(Miles de pesos), 2008: <strong>1,340,207.00<\/strong><\/span><\/p>\n<p><span style=\"font-family: futura-medium-bt; font-size: 12pt;\">Total de ingresos por suministro de bienes y servicios. Sector 23. Construcci\u00f3n.(Miles de pesos), 2008: <strong>6,616,992.00<\/strong><\/span><\/p>\n<p><span style=\"font-family: futura-medium-bt; font-size: 12pt;\">Total de gastos por consumo de bienes y servicios. Sector 22. Agua y gas.(Miles de pesos), 2008: <strong>1,767,375.00<\/strong><\/span><\/p>\n<p><span style=\"font-family: futura-medium-bt; font-size: 12pt;\">Total de gastos por consumo de bienes y servicios. Sector 23. Construcci\u00f3n.(Miles de pesos), 2008: <strong>5,342,096.00<\/strong><\/span><\/p>\n<p><span style=\"font-family: futura-medium-bt; font-size: 12pt;\">Producci\u00f3n bruta total por unidad econ\u00f3mica. Sector 23. Construcci\u00f3n.(Miles de pesos), 2008: <strong>20,290.56<\/strong><\/span><\/p>\n<p><span style=\"font-family: futura-medium-bt; font-size: 12pt;\">Valor agregado censal bruto por personal ocupado total. Sector 23. Construcci\u00f3n.(Miles de pesos), 2008: <strong>101.16<\/strong><\/span><\/p>\n<p><span style=\"font-family: futura-medium-bt; font-size: 12pt;\">Producci\u00f3n bruta total por personal ocupado total. Sector 23. Construcci\u00f3n.(Miles de pesos), 2008: <strong>503.86<\/strong><\/span><\/p>\n<p><a class=\"vc_general vc_btn3 vc_btn3-size-lg vc_btn3-shape-rounded vc_btn3-style-modern vc_btn3-color-primary\" href=\"https:\/\/www.inegi.org.mx\/app\/indicadores\/?t=0220&amp;ag=07000023#D02200050\" title=\"\">M\u00c1S INFORMACI\u00d3N<\/a>[\/et_pb_tab][et_pb_tab title=&#8221;EDUCACI\u00d3N&#8221; _builder_version=&#8221;4.6.5&#8243; _module_preset=&#8221;default&#8221;]\n<pre><span><strong>Caracter\u00edsticas Educativas de la Poblaci\u00f3n<\/strong><\/span><\/pre>\n<p style=\"text-align: justify;\"><span><label class=\"texto\">PORCENTAJE DE LA POBLACI\u00d3N DE 15 A\u00d1OS Y M\u00c1S CON INSTRUCCI\u00d3N MEDIA SUPERIOR (PORCENTAJE), 2015:\u00a0<\/label><strong>25.8<\/strong><\/span><\/p>\n<p style=\"text-align: justify;\"><span>Porcentaje de la poblaci\u00f3n de 15 a\u00f1os y m\u00e1s con instrucci\u00f3n superior (Porcentaje), 2015:\u00a0<strong>18.6<\/strong><\/span><\/p>\n<p style=\"text-align: justify;\"><span>Porcentaje de la poblaci\u00f3n de 15 a\u00f1os y m\u00e1s con instrucci\u00f3n no especificada (Porcentaje), 2015:\u00a0<strong>0.2<\/strong><\/span><\/p>\n<pre id=\"content_title\" class=\"titulo\"><span><strong>Caracter\u00edsticas Generales<\/strong><\/span><\/pre>\n<p style=\"text-align: justify;\"><span>Raz\u00f3n entre ni\u00f1as y ni\u00f1os en la ense\u00f1anza secundaria(Mujeres por hombres), 2016:\u00a0<strong>0.976<\/strong><\/span><\/p>\n<p style=\"text-align: justify;\"><span>Raz\u00f3n entre mujeres y hombres en la ense\u00f1anza superior(Mujeres por hombres), 2016:\u00a0<strong>0.947<\/strong><\/span><\/p>\n<p style=\"text-align: justify;\"><span>Raz\u00f3n entre mujeres y hombres en la ense\u00f1anza media superior(Mujeres por hombres), 2016:\u00a0<strong>0.998<\/strong><\/span><\/p>\n<p style=\"text-align: justify;\"><span>Raz\u00f3n entre ni\u00f1as y ni\u00f1os en la ense\u00f1anza primaria(Mujeres por hombres), 2016:\u00a0<strong>0.963<\/strong><\/span><\/p>\n<p style=\"text-align: justify;\"><span>Grado promedio de escolaridad de la poblaci\u00f3n de 15 y m\u00e1s a\u00f1os(A\u00f1os de escolaridad), 2015:\u00a0<strong>9.6<\/strong><\/span><\/p>\n<p style=\"text-align: justify;\"><span>Poblaci\u00f3n de 6 a 14 a\u00f1os que sabe leer y escribir(Porcentaje), 2015:\u00a0<strong>86.9<\/strong><\/span><\/p>\n<p style=\"text-align: justify;\"><span>Poblaci\u00f3n de 6 a 14 a\u00f1os que no sabe leer y escribir(Porcentaje), 2015:\u00a0<strong>9.3<\/strong><\/span><\/p>\n<p style=\"text-align: justify;\"><span>Poblaci\u00f3n de 6 a 14 a\u00f1os que no especific\u00f3 si sabe o no leer y escribir(Porcentaje), 2015:\u00a0<strong>3.8<\/strong><\/span><\/p>\n<p style=\"text-align: justify;\"><span>Poblaci\u00f3n de 5 a\u00f1os y m\u00e1s que asiste a la escuela(Personas), 2010:\u00a0<strong>339,156<\/strong>:<\/span><\/p>\n<p style=\"text-align: justify;\"><span>Poblaci\u00f3n en edad escolar de 3 a 24 a\u00f1os(N\u00famero de personas), 2010:\u00a0<strong>567,103<\/strong><\/span><\/p>\n<p style=\"text-align: justify;\"><span>Poblaci\u00f3n de 8 a 14 a\u00f1os que sabe leer y escribir(N\u00famero de personas), 2010:\u00a0<strong>179,187<\/strong><\/span><\/p>\n<p style=\"text-align: justify;\"><span>Poblaci\u00f3n de 19 a\u00f1os y m\u00e1s con alg\u00fan grado aprobado en estudios t\u00e9cnicos o comerciales con secundaria terminada(N\u00famero de personas), 2010:\u00a0<strong>13,873<\/strong><\/span><\/p>\n<pre id=\"content_title\" class=\"titulo\"><span><strong>Nivel de Instrucci\u00f3n<\/strong><\/span><\/pre>\n<p style=\"text-align: justify;\"><span><label class=\"texto\" data-role=\"none\">PORCENTAJE DE LA POBLACI\u00d3N DE 15 A\u00d1OS Y M\u00c1S CON REZAGO EDUCATIVO(PORCENTAJE), 2017:\u00a0<\/label><strong>25.9<\/strong><\/span><\/p>\n<p style=\"text-align: justify;\"><span>Porcentaje de la poblaci\u00f3n de 3 a\u00f1os y m\u00e1s que asiste a la escuela(Porcentaje), 2015:\u00a0<strong>29.4<\/strong><\/span><\/p>\n<p style=\"text-align: justify;\"><span>Porcentaje de la poblaci\u00f3n de 3 a\u00f1os y m\u00e1s que no asiste a la escuela(Porcentaje), 2015:\u00a0<strong>70.5<\/strong><\/span><\/p>\n<p style=\"text-align: justify;\"><span>Porcentaje de la poblaci\u00f3n de 3 a\u00f1os y m\u00e1s que no especific\u00f3 si asiste o no a la escuela(Porcentaje), 2015:\u00a0<strong>0.1<\/strong><\/span><\/p>\n<p style=\"text-align: justify;\"><span>Porcentaje de personas de 15 a\u00f1os y m\u00e1s alfabetas(Porcentaje), 2015:\u00a0<strong>95.5<\/strong><\/span><\/p>\n<p style=\"text-align: justify;\"><span>Poblaci\u00f3n de 15 a\u00f1os y m\u00e1s con alg\u00fan grado aprobado en educaci\u00f3n b\u00e1sica(N\u00famero de personas), 2010:\u00a0<strong>506,348<\/strong><\/span><\/p>\n<p style=\"text-align: justify;\"><span>Poblaci\u00f3n de 19 a\u00f1os y m\u00e1s con alg\u00fan grado aprobado en bachillerato(N\u00famero de personas), 2010:\u00a0<strong>159,820<\/strong><\/span><\/p>\n<p style=\"text-align: justify;\"><span>Poblaci\u00f3n de 24 a\u00f1os y m\u00e1s con alg\u00fan grado aprobado en estudios superiores(N\u00famero de personas), 2010:\u00a0<strong>126,262<\/strong><\/span><\/p>\n<p style=\"text-align: justify;\"><span>Porcentaje de analfabetas total(Porcentaje), 2015:\u00a0<strong>3.87<\/strong><\/span><\/p>\n<p style=\"text-align: justify;\"><span>Porcentaje de analfabetas hombres(Porcentaje), 2015:\u00a0<strong>3.06<\/strong><\/span><\/p>\n<p style=\"text-align: justify;\"><span>Porcentaje de analfabetas mujeres(Porcentaje), 2015:\u00a0<strong>4.68<\/strong><\/span><\/p>\n<p style=\"text-align: justify;\"><span>Porcentaje de la poblaci\u00f3n de 15 a\u00f1os y m\u00e1s con instrucci\u00f3n media superior(Porcentaje), 2015:\u00a0<strong>25.8<\/strong><\/span><\/p>\n<p style=\"text-align: justify;\"><span>Porcentaje de la poblaci\u00f3n de 15 a\u00f1os y m\u00e1s con instrucci\u00f3n superior(Porcentaje), 2015:\u00a0<strong>18.6<\/strong><\/span><\/p>\n<p style=\"text-align: justify;\"><span>Porcentaje de la poblaci\u00f3n de 15 a\u00f1os y m\u00e1s con instrucci\u00f3n no especificada(Porcentaje), 2015: 0<\/span><\/p>\n<p style=\"text-align: justify;\"><span>Porcentaje de poblaci\u00f3n de 25 a\u00f1os y m\u00e1s alfabeta(Porcentaje), 2015:\u00a0<strong>94.3<\/strong><\/span><\/p>\n<p style=\"text-align: justify;\"><span>Porcentaje de poblaci\u00f3n de 15 a\u00f1os y m\u00e1s sin escolaridad(Porcentaje), 2015:\u00a0<strong>4.5<\/strong><\/span><\/p>\n<p style=\"text-align: justify;\"><span>Porcentaje de la poblaci\u00f3n de 3 a 5 a\u00f1os que asiste a la escuela(Porcentaje), 2015:\u00a0<strong>58.7<\/strong><\/span><\/p>\n<p style=\"text-align: justify;\"><span>Porcentaje de la poblaci\u00f3n de 6 a 11 a\u00f1os que asiste a la escuela(Porcentaje), 2015:\u00a0<strong>97.4<\/strong><\/span><\/p>\n<p style=\"text-align: justify;\"><span>Porcentaje de la poblaci\u00f3n de 12 a 14 a\u00f1os que asiste a la escuela(Porcentaje), 2015:\u00a0<strong>94.8<\/strong><\/span><\/p>\n<p style=\"text-align: justify;\"><span>Porcentaje de la poblaci\u00f3n de 15 a 24 a\u00f1os que asiste a la escuela(Porcentaje), 2015:\u00a0<strong>39.4<\/strong><\/span><\/p>\n<p style=\"text-align: justify;\"><span>Porcentaje de poblaci\u00f3n de 15 a\u00f1os y m\u00e1s con escolaridad b\u00e1sica(Porcentaje), 2015:\u00a0<strong>50.9<\/strong><\/span><\/p>\n<p style=\"text-align: justify;\"><span>Porcentaje de la poblaci\u00f3n de 3 a 5 a\u00f1os que asiste a la escuela en otro municipio o delegaci\u00f3n diferente al de residencia(Porcentaje), 2015:\u00a0<strong>0.1<\/strong><\/span><\/p>\n<p style=\"text-align: justify;\"><span>Porcentaje de la poblaci\u00f3n de 6 a 11 a\u00f1os que asiste a la escuela en otro municipio o delegaci\u00f3n diferente al de residencia(Porcentaje), 2015:\u00a0<strong>0.1<\/strong><\/span><\/p>\n<p style=\"text-align: justify;\"><span>Porcentaje de la poblaci\u00f3n de 12 a 14 a\u00f1os que asiste a la escuela en otro municipio o delegaci\u00f3n diferente al de residencia(Porcentaje), 2015:\u00a0<strong>0.2<\/strong><\/span><\/p>\n<p style=\"text-align: justify;\"><span>Porcentaje de la poblaci\u00f3n de 15 a 24 a\u00f1os que asiste a la escuela en otro municipio o delegaci\u00f3n diferente al de residencia(Porcentaje), 2015:\u00a0<strong>1.3<\/strong><\/span><\/p>\n<p style=\"text-align: justify;\"><span>Eficiencia terminal en educaci\u00f3n media superior(Porcentaje de alumnos), 2016:\u00a0<strong>66.87<\/strong><\/span><\/p>\n<p>[\/et_pb_tab][et_pb_tab title=&#8221;EMPLEO&#8221; _builder_version=&#8221;4.6.5&#8243; _module_preset=&#8221;default&#8221;]\n<pre class=\"derecha\"><strong><span style=\"font-family: futura-medium-bt; font-size: 14pt; color: #0000ff;\"><label class=\"texto\" data-role=\"none\">Poblaci\u00f3n Econ\u00f3micamente Activa<\/label><\/span><\/strong><\/pre>\n<p style=\"text-align: justify;\"><span style=\"font-family: futura-medium-bt; font-size: 12pt;\">Porcentaje de poblaci\u00f3n de 12 a\u00f1os y m\u00e1s econ\u00f3micamente activa(Porcentaje), 2015: <strong>59.0<\/strong><\/span><\/p>\n<p style=\"text-align: justify;\"><span style=\"font-family: futura-medium-bt; font-size: 12pt;\">Porcentaje de la poblaci\u00f3n femenina de 12 a\u00f1os y m\u00e1s econ\u00f3micamente activa(Porcentaje), 2015: <strong>35.1<\/strong><\/span><\/p>\n<p style=\"text-align: justify;\"><span style=\"font-family: futura-medium-bt; font-size: 12pt;\">Porcentaje de la poblaci\u00f3n masculina de 12 a\u00f1os y m\u00e1s econ\u00f3micamente activa(Porcentaje), 2015: <strong>64.9<\/strong><\/span><\/p>\n<p style=\"text-align: justify;\"><span style=\"font-family: futura-medium-bt; font-size: 12pt;\">Proporci\u00f3n de mujeres en el total de asalariados en el sector no agropecuario \u2013 14 a\u00f1os y m\u00e1s; serie 1995 \u2013 2013(Porcentaje), 2013: <strong><strong>38.7<\/strong><\/strong><\/span><\/p>\n<pre class=\"derecha\"><span style=\"color: #0000ff;\"><strong><span style=\"font-family: futura-medium-bt; font-size: 14pt;\"><label class=\"texto\" data-role=\"none\">Poblaci\u00f3n Ocupada<\/label><\/span><\/strong><\/span><\/pre>\n<p style=\"text-align: justify;\"><span style=\"font-family: futura-medium-bt; font-size: 12pt;\"><span style=\"font-family: futura-medium-bt; font-size: 12pt;\">Porcentaje de la poblaci\u00f3n de 12 a\u00f1os y m\u00e1s econ\u00f3micamente activa ocupada(Porcentaje), 2015: <strong>97.2<\/strong><\/span><\/span><\/p>\n<p style=\"text-align: justify;\"><span style=\"font-family: futura-medium-bt; font-size: 12pt;\"><span style=\"font-family: futura-medium-bt; font-size: 12pt;\">Porcentaje de la poblaci\u00f3n femenina de 12 a\u00f1os y m\u00e1s econ\u00f3micamente activa ocupada(Porcentaje), 2015: <strong>97.7<\/strong><\/span><\/span><\/p>\n<p style=\"text-align: justify;\"><span style=\"font-family: futura-medium-bt; font-size: 12pt;\"><span style=\"font-family: futura-medium-bt; font-size: 12pt;\">Porcentaje de la poblaci\u00f3n masculina de 12 a\u00f1os y m\u00e1s econ\u00f3micamente activa ocupada(Porcentaje), 2015: <strong>96.9<\/strong><\/span><\/span><\/p>\n<p style=\"text-align: justify;\"><a id=\"D6207019056\" href=\"https:\/\/www.inegi.org.mx\/app\/indicadores\/?t=0070&amp;ag=07000023\" name=\"D6207019056\"><\/a><\/p>\n<pre class=\"derecha\"><span style=\"color: #0000ff; font-size: 14pt;\"><strong><span style=\"font-family: futura-medium-bt;\"><label class=\"texto\" data-role=\"none\">Poblaci\u00f3n No Econ\u00f3micamente Activa<\/label><\/span><\/strong><\/span><\/pre>\n<p style=\"text-align: justify;\"><span style=\"font-family: futura-medium-bt; font-size: 12pt;\">Porcentaje de la poblaci\u00f3n de 12 a\u00f1os y m\u00e1s No Econ\u00f3micamente Activa(Porcentaje), 2015: <strong>40.8<\/strong>&lt;\/<\/span><\/p>\n<p style=\"text-align: justify;\"><span style=\"font-family: futura-medium-bt; font-size: 12pt;\">Porcentaje de la poblaci\u00f3n de 12 a\u00f1os y m\u00e1s no econ\u00f3micamente activa que estudia(Porcentaje), 2015: <strong>35.9<\/strong><\/span><\/p>\n<p style=\"text-align: justify;\"><span style=\"font-family: futura-medium-bt; font-size: 12pt;\">Porcentaje de la poblaci\u00f3n de 12 a\u00f1os y m\u00e1s no econ\u00f3micamente activa que es pensionada o jubilada(Porcentaje), 2015: <strong>4.2<\/strong><\/span><\/p>\n<p style=\"text-align: justify;\"><span style=\"font-family: futura-medium-bt; font-size: 12pt;\">Porcentaje de la poblaci\u00f3n de 12 a\u00f1os y m\u00e1s no econ\u00f3micamente activa que se dedica a los quehaceres del hogar(Porcentaje), 2015: <strong><strong>47.3<\/strong><\/strong><\/span><\/p>\n<p style=\"text-align: justify;\"><span style=\"font-family: futura-medium-bt; font-size: 12pt;\">Porcentaje de la poblaci\u00f3n de 12 a\u00f1os y m\u00e1s no econ\u00f3micamente activa que realiza otras actividades no econ\u00f3micas(Porcentaje), 2015: <strong>9.7<\/strong><\/span><\/p>\n<p style=\"text-align: justify;\"><span style=\"font-family: futura-medium-bt; font-size: 12pt;\">Porcentaje de la poblaci\u00f3n de 12 a\u00f1os y m\u00e1s no econ\u00f3micamente activa con alguna limitaci\u00f3n f\u00edsica o mental que les impide trabajar(Porcentaje), 2015: <strong>2.8<\/strong><\/span><\/p>\n<hr \/>\n<p style=\"text-align: justify;\"><span style=\"font-family: futura-medium-bt; font-size: 12pt;\">Poblaci\u00f3n no econ\u00f3micamente activa \u2013 15 a\u00f1os y m\u00e1s(N\u00famero de personas), 2019 3T: <strong>463,228<\/strong><\/span><\/p>\n<p style=\"text-align: justify;\"><span style=\"font-family: futura-medium-bt; font-size: 12pt;\">Poblaci\u00f3n no econ\u00f3micamente activa disponible \u2013 15 a\u00f1os y m\u00e1s(N\u00famero de personas), 2019 3T: <strong>65,169<\/strong><\/span><\/p>\n<p style=\"text-align: justify;\"><span style=\"font-family: futura-medium-bt; font-size: 12pt;\">Poblaci\u00f3n no econ\u00f3micamente activa no disponible \u2013 15 a\u00f1os y m\u00e1s(N\u00famero de personas), 2019 3T: <strong>398,059<\/strong><\/span><\/p>\n<p style=\"text-align: justify;\"><span style=\"font-family: futura-medium-bt; font-size: 12pt;\">Poblaci\u00f3n ocupada con ingresos de hasta un salario m\u00ednimo \u2013 15 a\u00f1os y m\u00e1s(N\u00famero de personas), 2019 3T: <strong>112,098<\/strong><\/span><\/p>\n<p style=\"text-align: justify;\"><span style=\"font-family: futura-medium-bt; font-size: 12pt;\">Poblaci\u00f3n ocupada con ingresos de hasta un salario m\u00ednimo \u2013 15 a\u00f1os y m\u00e1s, hombres(N\u00famero de personas), 2019 3T: <strong>50,845<\/strong><\/span><\/p>\n<p style=\"text-align: justify;\"><span style=\"font-family: futura-medium-bt; font-size: 12pt;\">Poblaci\u00f3n ocupada con ingresos de hasta un salario m\u00ednimo \u2013 15 a\u00f1os y m\u00e1s, mujeres(N\u00famero de personas), 2019 3T: <strong>61,253<\/strong><\/span><\/p>\n<p style=\"text-align: justify;\"><span style=\"font-family: futura-medium-bt; font-size: 12pt;\">Poblaci\u00f3n ocupada con ingresos de m\u00e1s de 1 hasta 2 salarios m\u00ednimos \u2013 15 a\u00f1os y m\u00e1s(N\u00famero de personas), 2019 3T: <strong>216,127<\/strong><\/span><\/p>\n<p style=\"text-align: justify;\"><span style=\"font-family: futura-medium-bt; font-size: 12pt;\">Poblaci\u00f3n ocupada con ingresos de m\u00e1s de 1 hasta 2 salarios m\u00ednimos \u2013 15 a\u00f1os y m\u00e1s, hombres(N\u00famero de personas), 2019 3T: <strong>127,988<\/strong><\/span><\/p>\n<p style=\"text-align: justify;\"><span style=\"font-family: futura-medium-bt; font-size: 12pt;\">Poblaci\u00f3n ocupada con ingresos de m\u00e1s de 1 hasta 2 salarios m\u00ednimos \u2013 15 a\u00f1os y m\u00e1s, mujeres(N\u00famero de personas), 2019 3T: <strong>88,139<\/strong><\/span><\/p>\n<p style=\"text-align: justify;\"><span style=\"font-family: futura-medium-bt; font-size: 12pt;\">Poblaci\u00f3n ocupada con ingresos de m\u00e1s de 2 hasta 3 salarios m\u00ednimos \u2013 15 a\u00f1os y m\u00e1s(N\u00famero de personas), 2019 3T: <strong>203,738<\/strong><\/span><\/p>\n<p style=\"text-align: justify;\"><span style=\"font-family: futura-medium-bt; font-size: 12pt;\">Poblaci\u00f3n ocupada con ingresos de m\u00e1s de 2 hasta 3 salarios m\u00ednimos \u2013 15 a\u00f1os y m\u00e1s, hombres(N\u00famero de personas), 2019 3T: <strong>141,968<\/strong><\/span><\/p>\n<p style=\"text-align: justify;\"><span style=\"font-family: futura-medium-bt; font-size: 12pt;\">Poblaci\u00f3n ocupada con ingresos de m\u00e1s de 2 hasta 3 salarios m\u00ednimos \u2013 15 a\u00f1os y m\u00e1s, mujeres(N\u00famero de personas), 2019 3T: <strong>61,770<\/strong><\/span><\/p>\n<p style=\"text-align: justify;\"><span style=\"font-family: futura-medium-bt; font-size: 12pt;\">Poblaci\u00f3n ocupada con ingresos de m\u00e1s de 3 hasta 5 salarios m\u00ednimos \u2013 15 a\u00f1os y m\u00e1s(N\u00famero de personas), 2019 3T: <strong>134,465<\/strong><\/span><\/p>\n<p style=\"text-align: justify;\"><span style=\"font-family: futura-medium-bt; font-size: 12pt;\">Poblaci\u00f3n ocupada con ingresos de m\u00e1s de 3 hasta 5 salarios m\u00ednimos \u2013 15 a\u00f1os y m\u00e1s, hombres(N\u00famero de personas), 2019 3T: <strong>96,244<\/strong><\/span><\/p>\n<p style=\"text-align: justify;\"><span style=\"font-family: futura-medium-bt; font-size: 12pt;\">Poblaci\u00f3n ocupada con ingresos de m\u00e1s de 3 hasta 5 salarios m\u00ednimos \u2013 15 a\u00f1os y m\u00e1s, mujeres(N\u00famero de personas), 2019 3T: <strong>38,221<\/strong><\/span><\/p>\n<p style=\"text-align: justify;\"><span style=\"font-family: futura-medium-bt; font-size: 12pt;\">Poblaci\u00f3n ocupada con ingresos de m\u00e1s de 5 salarios m\u00ednimos \u2013 15 a\u00f1os y m\u00e1s(N\u00famero de personas), 2019 3T: <strong>42,65<\/strong><\/span><\/p>\n<p style=\"text-align: justify;\"><span style=\"font-family: futura-medium-bt; font-size: 12pt;\">Poblaci\u00f3n ocupada con ingresos de m\u00e1s de 5 salarios m\u00ednimos \u2013 15 a\u00f1os y m\u00e1s, hombres(N\u00famero de personas), 2019 3T: <strong>27,019<\/strong><\/span><\/p>\n<p style=\"text-align: justify;\"><span style=\"font-family: futura-medium-bt; font-size: 12pt;\">Poblaci\u00f3n ocupada con ingresos de m\u00e1s de 5 salarios m\u00ednimos \u2013 15 a\u00f1os y m\u00e1s, mujeres(N\u00famero de personas), 2019 3T: <strong>15,633<\/strong><\/span><\/p>\n<p style=\"text-align: justify;\"><span style=\"font-family: futura-medium-bt; font-size: 12pt;\">Poblaci\u00f3n ocupada que no recibe ingresos \u2013 15 a\u00f1os y m\u00e1s(N\u00famero de personas), 2019 3T: <strong>49,535<\/strong><\/span><\/p>\n<p style=\"text-align: justify;\"><span style=\"font-family: futura-medium-bt; font-size: 12pt;\">Poblaci\u00f3n ocupada que no recibe ingresos \u2013 15 a\u00f1os y m\u00e1s, hombres(N\u00famero de personas), 2019 3T: <strong><strong>31,262<\/strong><\/strong><\/span><\/p>\n<p style=\"text-align: justify;\"><span style=\"font-family: futura-medium-bt; font-size: 12pt;\">Poblaci\u00f3n ocupada que no recibe ingresos \u2013 15 a\u00f1os y m\u00e1s, mujeres(N\u00famero de personas), 2019 3T: <strong>18,273<\/strong><\/span><\/p>\n<p style=\"text-align: justify;\"><span style=\"font-family: futura-medium-bt; font-size: 12pt;\">Poblaci\u00f3n ocupada con ingresos no especificados \u2013 15 a\u00f1os y m\u00e1s(N\u00famero de personas), 2019 3T: <strong>73,128<\/strong><\/span><\/p>\n<p style=\"text-align: justify;\"><span style=\"font-family: futura-medium-bt; font-size: 12pt;\">Poblaci\u00f3n ocupada con ingresos no especificados \u2013 15 a\u00f1os y m\u00e1s, hombres(N\u00famero de personas), 2019 3T: <strong>45,494<\/strong><\/span><\/p>\n<p style=\"text-align: justify;\"><span style=\"font-family: futura-medium-bt; font-size: 12pt;\">Poblaci\u00f3n ocupada con ingresos no especificados \u2013 15 a\u00f1os y m\u00e1s, mujeres(N\u00famero de personas), 2019 3T: <strong>27,634<\/strong><\/span><\/p>\n<p style=\"text-align: justify;\"><span style=\"font-family: futura-medium-bt; font-size: 12pt;\">Poblaci\u00f3n ocupada en el sector informal \u2013 15 a\u00f1os y m\u00e1s(Personas), 2019 3T: <strong>183,502<\/strong><\/span><\/p>\n<p style=\"text-align: justify;\"><span style=\"font-family: futura-medium-bt; font-size: 12pt;\">Poblaci\u00f3n ocupada en el sector informal \u2013 15 a\u00f1os y m\u00e1s, mujeres(Personas), 2019 3T: <strong>64,141<\/strong><\/span><\/p>\n<p style=\"text-align: justify;\"><span style=\"font-family: futura-medium-bt; font-size: 12pt;\">Poblaci\u00f3n ocupada en el sector informal \u2013 15 a\u00f1os y m\u00e1s, hombres(Personas), 2019 3T: <strong>119,361<\/strong><\/span><\/p>\n<p style=\"text-align: justify;\"><span style=\"font-family: futura-medium-bt; font-size: 12pt;\">Poblaci\u00f3n ocupada \u2013 15 a\u00f1os y m\u00e1s, hombres(Personas), 2019 3T: <strong>520,820<\/strong><\/span><\/p>\n<p style=\"text-align: justify;\"><span style=\"font-family: futura-medium-bt; font-size: 12pt;\">Poblaci\u00f3n ocupada \u2013 15 a\u00f1os y m\u00e1s(Personas), 2019 3T: <strong>831,743<\/strong><\/span><\/p>\n<p style=\"text-align: justify;\"><span style=\"font-family: futura-medium-bt; font-size: 12pt;\">Poblaci\u00f3n ocupada \u2013 15 a\u00f1os y m\u00e1s, mujeres(Personas), 2019 3T: <strong>310,923<\/strong><\/span><\/p>\n<p style=\"text-align: justify;\"><span style=\"font-family: futura-medium-bt; font-size: 12pt;\">Poblaci\u00f3n econ\u00f3micamente activa \u2013 15 a\u00f1os y m\u00e1s(Personas), 2019 3T: <strong>862,339<\/strong><\/span><\/p>\n<p style=\"text-align: justify;\"><span style=\"font-family: futura-medium-bt; font-size: 12pt;\">Poblaci\u00f3n en edad de trabajar (15 a\u00f1os y m\u00e1s)(Personas), 2019 3T: <strong>1,325,567<\/strong><\/span><\/p>\n<p style=\"text-align: justify;\"><span style=\"font-family: futura-medium-bt; font-size: 12pt;\">Poblaci\u00f3n desocupada \u2013 15 a\u00f1os y m\u00e1s(Personas), 2019 3T: <strong>30,596<\/strong><\/span><\/p>\n<p style=\"text-align: justify;\"><span style=\"font-family: futura-medium-bt; font-size: 12pt;\">Poblaci\u00f3n desocupada \u2013 15 a\u00f1os y m\u00e1s, hombres(Personas), 2019 3T: <strong>20,591<\/strong><\/span><\/p>\n<p style=\"text-align: justify;\"><span style=\"font-family: futura-medium-bt; font-size: 12pt;\">Poblaci\u00f3n desocupada \u2013 15 a\u00f1os y m\u00e1s, mujeres(Personas), 2019 3T: <strong>10,005<\/strong><\/span><\/p>\n<p style=\"text-align: justify;\"><span style=\"font-family: futura-medium-bt; font-size: 12pt;\">Conflictos de trabajo(Conflictos), 2018: <strong>4,514<\/strong><\/span><\/p>\n<p style=\"text-align: justify;\"><span style=\"font-family: futura-medium-bt; font-size: 12pt;\">Conflictos de trabajo solucionados(Conflictos), 2018: <strong>2,406<\/strong><\/span><\/p>\n<p style=\"text-align: justify;\"><span style=\"font-family: futura-medium-bt; font-size: 12pt;\">Huelgas estalladas(Conflictos), 2018: <strong>0<\/strong><\/span><\/p>\n<p style=\"text-align: justify;\"><span style=\"font-family: futura-medium-bt; font-size: 12pt;\">Huelgas solucionadas(Conflictos), 2018: <strong>0<\/strong><\/span><\/p>\n<p style=\"text-align: justify;\"><span style=\"font-family: futura-medium-bt; font-size: 12pt;\">Porcentaje de poblaci\u00f3n de 12 a\u00f1os con condici\u00f3n de actividad econ\u00f3mica no especificada(Porcentaje), 2015: <strong>0.2<\/strong><\/span><\/p>\n<p style=\"text-align: justify;\"><span style=\"font-family: futura-medium-bt; font-size: 12pt;\">Producci\u00f3n bruta total por unidad econ\u00f3mica.(Miles de pesos), 2008: <strong><strong>2,615.10<\/strong><\/strong><\/span><\/p>\n<pre class=\"derecha\"><span style=\"font-family: futura-medium-bt; font-size: 14pt; color: #0000ff;\"><strong><label class=\"texto\" data-role=\"none\">Personal Ocupado<\/label><\/strong><\/span><\/pre>\n<p style=\"text-align: justify;\"><span style=\"font-family: futura-medium-bt; font-size: 12pt;\">Cantidad de personal ocupado total en la prestaci\u00f3n del servicio de agua potable(N\u00famero), 2014: <strong>1,699<\/strong><\/span><\/p>\n<p style=\"text-align: justify;\"><span style=\"font-family: futura-medium-bt; font-size: 12pt;\">Cantidad de personal sindicalizado ocupado en la prestaci\u00f3n del servicio de agua potable(N\u00famero), 2014: <strong>785<\/strong><\/span><\/p>\n<p style=\"text-align: justify;\"><span style=\"font-family: futura-medium-bt; font-size: 12pt;\">Cantidad de personal de confianza ocupado en la prestaci\u00f3n del servicio de agua potable(N\u00famero), 2014: <strong>910<\/strong><\/span><\/p>\n<p style=\"text-align: justify;\"><span style=\"font-family: futura-medium-bt; font-size: 12pt;\">Personal ocupado. Universo total(N\u00famero de personas), 2008: <strong>407,860<\/strong><\/span><\/p>\n<p style=\"text-align: justify;\"><span style=\"font-family: futura-medium-bt; font-size: 12pt;\">Personal ocupado. Universo total (estructura porcentual).(Porcentaje), 2008: <strong>1.5<\/strong><\/span><\/p>\n<p style=\"text-align: justify;\"><span style=\"font-family: futura-medium-bt; font-size: 12pt;\">Personal ocupado. Sector privado y paraestatal (estructura porcentual).(Porcentaje), 2008: <strong>1.5<\/strong><\/span><\/p>\n<p style=\"text-align: justify;\"><span style=\"font-family: futura-medium-bt; font-size: 12pt;\">Remuneraciones. Sector privado y paraestatal (estructura porcentual).(Porcentaje), 2008: <strong>1.2<\/strong><\/span><\/p>\n<p style=\"text-align: justify;\"><span style=\"font-family: futura-medium-bt; font-size: 12pt;\">Personal ocupado total.(N\u00famero de personas), 2008: <strong>308,477<\/strong><\/span><\/p>\n<p style=\"text-align: justify;\"><span style=\"font-family: futura-medium-bt; font-size: 12pt;\">Personal ocupado total. Gran sector 43-46. Comercio.(N\u00famero de personas), 2008: <strong>83,007<\/strong><\/span><\/p>\n<p style=\"text-align: justify;\"><span style=\"font-family: futura-medium-bt; font-size: 12pt;\">Personal ocupado total. Gran sector 51 ,53 ,54 ,55, 56, 61, 62, 71, 72 y 81. Servicios privados no financieros.(N\u00famero de personas), 2008: <strong>178,015<\/strong><\/span><\/p>\n<p style=\"text-align: justify;\"><span style=\"font-family: futura-medium-bt; font-size: 12pt;\">Personal ocupado total. Sector 11. Pesca y acuicultura.(N\u00famero de personas), 2008: <strong>1,568<\/strong><\/span><\/p>\n<p style=\"text-align: justify;\"><span style=\"font-family: futura-medium-bt; font-size: 12pt;\">Personal ocupado total. Sector 21. Miner\u00eda.(N\u00famero de personas), 2008: <strong>839<\/strong><\/span><\/p>\n<p style=\"text-align: justify;\"><span style=\"font-family: futura-medium-bt; font-size: 12pt;\">Personal ocupado total. Sector 22. Agua y gas.(N\u00famero de personas), 2008: <strong>3,229<\/strong><\/span><\/p>\n<p style=\"text-align: justify;\"><span style=\"font-family: futura-medium-bt; font-size: 12pt;\">Personal ocupado total. Sector 23. Construcci\u00f3n.(N\u00famero de personas), 2008: 13,249<\/span><\/p>\n<p style=\"text-align: justify;\"><span style=\"font-family: futura-medium-bt; font-size: 12pt;\">Personal ocupado total. Sector 31-33. Industrias manufactureras.(N\u00famero de personas), 2008: <strong>14,977<\/strong><\/span><\/p>\n<p style=\"text-align: justify;\"><span style=\"font-family: futura-medium-bt; font-size: 12pt;\">Personal ocupado total. Sector 48-49. Transportes.(N\u00famero de personas), 2008: <strong>12,280<\/strong><\/span><\/p>\n<p style=\"text-align: justify;\"><span style=\"font-family: futura-medium-bt; font-size: 12pt;\">Personal ocupado total. Sector 52. Servicios financieros y de seguros.(N\u00famero de personas), 2008: <strong>1,313<\/strong><\/span><\/p>\n<p style=\"text-align: justify;\"><span style=\"font-family: futura-medium-bt; font-size: 12pt;\">Total remuneraciones.(Miles de pesos), 2008: <strong>13,619,116.00<\/strong><\/span><\/p>\n<p style=\"text-align: justify;\"><span style=\"font-family: futura-medium-bt; font-size: 12pt;\">Total remuneraciones. Gran sector 43-46. Comercio.(Miles de pesos), 2008: <strong>2,311,187.00<\/strong><\/span><\/p>\n<p style=\"text-align: justify;\"><span style=\"font-family: futura-medium-bt; font-size: 12pt;\">Total remuneraciones. Gran sector 51 ,53 ,54 ,55, 56, 61, 62, 71, 72 y 81. Servicios privados no financieros.(Miles de pesos), 2008: <strong>8,562,462.00<\/strong><\/span><\/p>\n<p style=\"text-align: justify;\"><span style=\"font-family: futura-medium-bt; font-size: 12pt;\">Total remuneraciones. Sector 11. Pesca y acuicultura.(Miles de pesos), 2008: <strong>5,517.00<\/strong><\/span><\/p>\n<p style=\"text-align: justify;\"><span style=\"font-family: futura-medium-bt; font-size: 12pt;\">Total remuneraciones. Sector 21. Miner\u00eda.(Miles de pesos), 2008: <strong>19,839.00<\/strong><\/span><\/p>\n<p style=\"text-align: justify;\"><span style=\"font-family: futura-medium-bt; font-size: 12pt;\">Total remuneraciones. Sector 22. Agua y gas.(Miles de pesos), 2008: <strong>739,909.00<\/strong><\/span><\/p>\n<p style=\"text-align: justify;\"><span style=\"font-family: futura-medium-bt; font-size: 12pt;\">Total remuneraciones. Sector 23. Construcci\u00f3n.(Miles de pesos), 2008: <strong>588,572.00<\/strong><\/span><\/p>\n<p style=\"text-align: justify;\"><span style=\"font-family: futura-medium-bt; font-size: 12pt;\">Total remuneraciones. Sector 31-33. Industrias manufactureras.(Miles de pesos), 2008: <strong>707,169.00<\/strong><\/span><\/p>\n<p style=\"text-align: justify;\"><span style=\"font-family: futura-medium-bt; font-size: 12pt;\">Total remuneraciones. Sector 48-49. Transportes.(Miles de pesos), 2008: <strong>642,823.00<\/strong><\/span><\/p>\n<p style=\"text-align: justify;\"><span style=\"font-family: futura-medium-bt; font-size: 12pt;\">Total remuneraciones. Sector 52. Servicios financieros y de seguros.(Miles de pesos), 2008: <strong>41,638.00<\/strong><\/span><\/p>\n<p style=\"text-align: justify;\"><span style=\"font-family: futura-medium-bt; font-size: 12pt;\">Total de personal dependiente de la raz\u00f3n social.(N\u00famero de personas), 2008: <strong>219,529<\/strong><\/span><\/p>\n<p style=\"text-align: justify;\"><span style=\"font-family: futura-medium-bt; font-size: 12pt;\">Total de personal dependiente de la raz\u00f3n social. Gran sector 43-46. Comercio.(N\u00famero de personas), 2008: <strong>62,837<\/strong><\/span><\/p>\n<p style=\"text-align: justify;\"><span style=\"font-family: futura-medium-bt; font-size: 12pt;\">Total de personal dependiente de la raz\u00f3n social. Gran sector 51 ,53 ,54 ,55, 56, 61, 62, 71, 72 y 81. Servicios privados no financieros.(N\u00famero de personas), 2008: <strong>118,657<\/strong><\/span><\/p>\n<p style=\"text-align: justify;\"><span style=\"font-family: futura-medium-bt; font-size: 12pt;\">Total de personal dependiente de la raz\u00f3n social. Sector 11. Pesca y acuicultura.(N\u00famero de personas), 2008: <strong>840<\/strong><\/span><\/p>\n<p style=\"text-align: justify;\"><span style=\"font-family: futura-medium-bt; font-size: 12pt;\">Total de personal dependiente de la raz\u00f3n social. Sector 21. Miner\u00eda.(N\u00famero de personas), 2008: <strong>541<\/strong><\/span><\/p>\n<p style=\"text-align: justify;\"><span style=\"font-family: futura-medium-bt; font-size: 12pt;\">Total de personal dependiente de la raz\u00f3n social. Sector 22. Agua y gas.(N\u00famero de personas), 2008: <strong>3,199<\/strong><\/span><\/p>\n<p style=\"text-align: justify;\"><span style=\"font-family: futura-medium-bt; font-size: 12pt;\">Total de personal dependiente de la raz\u00f3n social. Sector 23. Construcci\u00f3n.(N\u00famero de personas), 2008: <strong>10,431<\/strong><\/span><\/p>\n<p style=\"text-align: justify;\"><span style=\"font-family: futura-medium-bt; font-size: 12pt;\">Total de personal dependiente de la raz\u00f3n social. Sector 31-33. Industrias manufactureras.(N\u00famero de personas), 2008: <strong>13,291<\/strong><\/span><\/p>\n<p style=\"text-align: justify;\"><span style=\"font-family: futura-medium-bt; font-size: 12pt;\">Total de personal dependiente de la raz\u00f3n social. Sector 48-49. Transportes.(N\u00famero de personas), 2008: <strong>8,708<\/strong><\/span><\/p>\n<p style=\"text-align: justify;\"><span style=\"font-family: futura-medium-bt; font-size: 12pt;\">Total de personal dependiente de la raz\u00f3n social. Sector 52. Servicios financieros y de seguros.(N\u00famero de personas), 2008: <strong>1,025<\/strong><\/span><\/p>\n<p style=\"text-align: justify;\"><span style=\"font-family: futura-medium-bt; font-size: 12pt;\">Total de personal no dependiente de la raz\u00f3n social.(N\u00famero de personas), 2008: <strong>88,948<\/strong><\/span><\/p>\n<p style=\"text-align: justify;\"><span style=\"font-family: futura-medium-bt; font-size: 12pt;\">Total de personal no dependiente de la raz\u00f3n social. Gran sector 43-46. Comercio.(N\u00famero de personas), 2008: <strong>20,170<\/strong><\/span><\/p>\n<p style=\"text-align: justify;\"><span style=\"font-family: futura-medium-bt; font-size: 12pt;\">Total de personal no dependiente de la raz\u00f3n social. Gran sector 51 ,53 ,54 ,55, 56, 61, 62, 71, 72 y 81. Servicios privados no financieros.(N\u00famero de personas), 2008: <strong>59,358<\/strong><\/span><\/p>\n<p style=\"text-align: justify;\"><span style=\"font-family: futura-medium-bt; font-size: 12pt;\">Total de personal no dependiente de la raz\u00f3n social. Sector 11. Pesca y acuicultura.(N\u00famero de personas), 2008: 728<\/span><\/p>\n<p style=\"text-align: justify;\"><span style=\"font-family: futura-medium-bt; font-size: 12pt;\">Total de personal no dependiente de la raz\u00f3n social. Sector 21. Miner\u00eda.(N\u00famero de personas), 2008: <strong>298<\/strong><\/span><\/p>\n<p style=\"text-align: justify;\"><span style=\"font-family: futura-medium-bt; font-size: 12pt;\">Total de personal no dependiente de la raz\u00f3n social. Sector 22. Agua y gas.(N\u00famero de personas), 2008: <strong>30<\/strong><\/span><\/p>\n<p style=\"text-align: justify;\"><span style=\"font-family: futura-medium-bt; font-size: 12pt;\">Total de personal no dependiente de la raz\u00f3n social. Sector 23. Construcci\u00f3n.(N\u00famero de personas), 2008: <strong>2,818<\/strong><\/span><\/p>\n<p style=\"text-align: justify;\"><span style=\"font-family: futura-medium-bt; font-size: 12pt;\">Total de personal no dependiente de la raz\u00f3n social. Sector 31-33. Industrias manufactureras.(N\u00famero de personas), 2008: <strong>1,68<\/strong><\/span><\/p>\n<p style=\"text-align: justify;\"><span style=\"font-family: futura-medium-bt; font-size: 12pt;\">Total de personal no dependiente de la raz\u00f3n social. Sector 48-49. Transportes.(N\u00famero de personas), 2008: <strong>3,572<\/strong><\/span><\/p>\n<p style=\"text-align: justify;\"><span style=\"font-family: futura-medium-bt; font-size: 12pt;\">Total de personal no dependiente de la raz\u00f3n social. Sector 52. Servicios financieros y de seguros.(N\u00famero de personas), 2008: <strong>288<\/strong><\/span><\/p>\n<p style=\"text-align: justify;\"><span style=\"font-family: futura-medium-bt; font-size: 12pt;\">Personal remunerado.(N\u00famero de personas), 2008: <strong>163,458<\/strong><\/span><\/p>\n<p style=\"text-align: justify;\"><span style=\"font-family: futura-medium-bt; font-size: 12pt;\">Personal remunerado. Gran sector 43-46. Comercio.(N\u00famero de personas), 2008: <strong>37,939<\/strong><\/span><\/p>\n<p style=\"text-align: justify;\"><span style=\"font-family: futura-medium-bt; font-size: 12pt;\">Personal remunerado. Gran sector 51 ,53 ,54 ,55, 56, 61, 62, 71, 72 y 81. Servicios privados no financieros.(N\u00famero de personas), 2008: <strong>95,046<\/strong><\/span><\/p>\n<p style=\"text-align: justify;\"><span style=\"font-family: futura-medium-bt; font-size: 12pt;\">Personal remunerado. Sector 11. Pesca y acuicultura.(N\u00famero de personas), 2008: <strong>146<\/strong><\/span><\/p>\n<p style=\"text-align: justify;\"><span style=\"font-family: futura-medium-bt; font-size: 12pt;\">Personal remunerado. Sector 21. Miner\u00eda.(N\u00famero de personas), 2008: <strong>371<\/strong><\/span><\/p>\n<p style=\"text-align: justify;\"><span style=\"font-family: futura-medium-bt; font-size: 12pt;\">Personal remunerado. Sector 22. Agua y gas.(N\u00famero de personas), 2008: <strong>3,199<\/strong><\/span><\/p>\n<p style=\"text-align: justify;\"><span style=\"font-family: futura-medium-bt; font-size: 12pt;\">Personal remunerado. Sector 23. Construcci\u00f3n.(N\u00famero de personas), 2008: <strong>10,193<\/strong><\/span><\/p>\n<p style=\"text-align: justify;\"><span style=\"font-family: futura-medium-bt; font-size: 12pt;\">Personal remunerado. Sector 31-33. Industrias manufactureras.(N\u00famero de personas), 2008: <strong>8,960<\/strong><\/span><\/p>\n<p style=\"text-align: justify;\"><span style=\"font-family: futura-medium-bt; font-size: 12pt;\">Personal remunerado. Sector 48-49. Transportes.(N\u00famero de personas), 2008: <strong>6,781<\/strong><\/span><\/p>\n<p style=\"text-align: justify;\"><span style=\"font-family: futura-medium-bt; font-size: 12pt;\">Personal remunerado. Sector 52. Servicios financieros y de seguros.(N\u00famero de personas), 2008: <strong>823<\/strong><\/span><\/p>\n<p style=\"text-align: justify;\"><span style=\"font-family: futura-medium-bt; font-size: 12pt;\">Personal ocupado total por unidad econ\u00f3mica.(N\u00famero de personas), 2008: <strong>8<\/strong><\/span><\/p>\n<p style=\"text-align: justify;\"><span style=\"font-family: futura-medium-bt; font-size: 12pt;\">Personal ocupado total por unidad econ\u00f3mica. Gran sector 43-46. Comercio.(N\u00famero de personas), 2008: <strong>4<\/strong><\/span><\/p>\n<p style=\"text-align: justify;\"><span style=\"font-family: futura-medium-bt; font-size: 12pt;\">Personal ocupado total por unidad econ\u00f3mica. Gran sector 51 ,53 ,54 ,55, 56, 61, 62, 71, 72 y 81. Servicios privados no financieros.(N\u00famero de personas), 2008: <strong>11<\/strong><\/span><\/p>\n<p style=\"text-align: justify;\"><span style=\"font-family: futura-medium-bt; font-size: 12pt;\">Personal ocupado total por unidad econ\u00f3mica. Sector 11. Pesca y acuicultura.(N\u00famero de personas), 2008: <strong>22<\/strong><\/span><\/p>\n<p style=\"text-align: justify;\"><span style=\"font-family: futura-medium-bt; font-size: 12pt;\">Personal ocupado total por unidad econ\u00f3mica. Sector 21. Miner\u00eda.(N\u00famero de personas), 2008: <strong>56<\/strong><\/span><\/p>\n<p style=\"text-align: justify;\"><span style=\"font-family: futura-medium-bt; font-size: 12pt;\">Personal ocupado total por unidad econ\u00f3mica. Sector 22. Agua y gas.(N\u00famero de personas), 2008: <strong>294<\/strong><\/span><\/p>\n<p style=\"text-align: justify;\"><span style=\"font-family: futura-medium-bt; font-size: 12pt;\">Personal ocupado total por unidad econ\u00f3mica. Sector 23. Construcci\u00f3n.(N\u00famero de personas), 2008: <strong>40<\/strong><\/span><\/p>\n<p style=\"text-align: justify;\"><span style=\"font-family: futura-medium-bt; font-size: 12pt;\">Personal ocupado total por unidad econ\u00f3mica. Sector 31-33. Industrias manufactureras.(N\u00famero de personas), 2008: <strong>5<\/strong><\/span><\/p>\n<p style=\"text-align: justify;\"><span style=\"font-family: futura-medium-bt; font-size: 12pt;\">Personal ocupado total por unidad econ\u00f3mica. Sector 48-49. Transportes.(N\u00famero de personas), 2008: <strong>47<\/strong><\/span><\/p>\n<p style=\"text-align: justify;\"><span style=\"font-family: futura-medium-bt; font-size: 12pt;\">Personal ocupado total por unidad econ\u00f3mica. Sector 52. Servicios financieros y de seguros.(N\u00famero de personas), 2008: <strong>4<\/strong><\/span><\/p>\n<p style=\"text-align: justify;\"><span style=\"font-family: futura-medium-bt; font-size: 12pt;\">Remuneraciones totales por persona ocupada remunerada.(Miles de pesos), 2008: <strong>83.32<\/strong><\/span><\/p>\n<p style=\"text-align: justify;\"><span style=\"font-family: futura-medium-bt; font-size: 12pt;\">Remuneraciones totales por persona ocupada remunerada. Gran sector 43-46. Comercio.(Miles de pesos), 2008: <strong>60.92<\/strong><\/span><\/p>\n<p style=\"text-align: justify;\"><span style=\"font-family: futura-medium-bt; font-size: 12pt;\">Remuneraciones totales por persona ocupada remunerada. Gran sector 51 ,53 ,54 ,55, 56, 61, 62, 71, 72 y 81. Servicios privados no financieros.(Miles de pesos), 2008: <strong>90.09<\/strong><\/span><\/p>\n<p style=\"text-align: justify;\"><span style=\"font-family: futura-medium-bt; font-size: 12pt;\">Remuneraciones totales por persona ocupada remunerada. Sector 11. Pesca y acuicultura.(Miles de pesos), 2008: <strong>37.79<\/strong><\/span><\/p>\n<p style=\"text-align: justify;\"><span style=\"font-family: futura-medium-bt; font-size: 12pt;\">Remuneraciones totales por persona ocupada remunerada. Sector 21. Miner\u00eda.(Miles de pesos), 2008: <strong>53.47<\/strong><\/span><\/p>\n<p style=\"text-align: justify;\"><span style=\"font-family: futura-medium-bt; font-size: 12pt;\">Remuneraciones totales por persona ocupada remunerada. Sector 22. Agua y gas.(Miles de pesos), 2008: <strong>231.29<\/strong><\/span><\/p>\n<p style=\"text-align: justify;\"><span style=\"font-family: futura-medium-bt; font-size: 12pt;\">Remuneraciones totales por persona ocupada remunerada. Sector 23. Construcci\u00f3n.(Miles de pesos), 2008: <strong>57.74<\/strong><\/span><\/p>\n<p style=\"text-align: justify;\"><span style=\"font-family: futura-medium-bt; font-size: 12pt;\">Remuneraciones totales por persona ocupada remunerada. Sector 31-33. Industrias manufactureras.(Miles de pesos), 2008: <strong>78.93<\/strong><\/span><\/p>\n<p style=\"text-align: justify;\"><span style=\"font-family: futura-medium-bt; font-size: 12pt;\">Remuneraciones totales por persona ocupada remunerada. Sector 48-49. Transportes.(Miles de pesos), 2008: <strong>94.80<\/strong><\/span><\/p>\n<p style=\"text-align: justify;\"><span style=\"font-family: futura-medium-bt; font-size: 12pt;\">Remuneraciones totales por persona ocupada remunerada. Sector 52. Servicios financieros y de seguros.(Miles de pesos), 2008: <strong>50.59<\/strong><\/span><\/p>\n<p style=\"text-align: justify;\"><a class=\"vc_general vc_btn3 vc_btn3-size-lg vc_btn3-shape-rounded vc_btn3-style-modern vc_btn3-color-primary\" href=\"https:\/\/www.inegi.org.mx\/app\/indicadores\/?t=0220&amp;ag=07000023#D02200050\" title=\"\">M\u00c1S INFORMACI\u00d3N<\/a><\/p>\n<p>[\/et_pb_tab][et_pb_tab title=&#8221;EMPRESAS Y ESTABLECIMIENTOS&#8221; _builder_version=&#8221;4.6.5&#8243; _module_preset=&#8221;default&#8221;]\n<pre id=\"content_title\" class=\"titulo\"><span style=\"color: #0000ff; font-size: 14pt; font-family: futura-medium-bt;\"><strong>Empresas y Establecimientos<\/strong><\/span><\/pre>\n<p><span style=\"font-family: futura-medium-bt; font-size: 12pt;\"><label class=\"texto\" data-role=\"none\">Unidades econ\u00f3micas. Sector 21. Miner\u00eda.(Unidades econ\u00f3micas), 2008:\u00a0<\/label><strong><a title=\"Cifra no publicable por el principio de confidencialidad\">C<\/a><\/strong><\/span><\/p>\n<p><span style=\"font-family: futura-medium-bt; font-size: 12pt;\">Producci\u00f3n bruta total. Sector 21. Miner\u00eda.(Miles de pesos), 2008: <strong>672,684.00<\/strong><\/span><\/p>\n<p><span style=\"font-family: futura-medium-bt; font-size: 12pt;\">Acervo total de activos fijos. Sector 21. Miner\u00eda.(Miles de pesos), 2008: <strong>446,664.00<\/strong><\/span><\/p>\n<p><span style=\"font-family: futura-medium-bt; font-size: 12pt;\">Valor agregado censal bruto. Sector 21. Miner\u00eda.(Miles de pesos), 2008: <strong>260,056.00<\/strong><\/span><\/p>\n<p><span style=\"font-family: futura-medium-bt; font-size: 12pt;\">Total de ingresos por suministro de bienes y servicios. Sector 21. Miner\u00eda.(Miles de pesos), 2008: <strong>673,714.00<\/strong><\/span><\/p>\n<p><span style=\"font-family: futura-medium-bt; font-size: 12pt;\">Total de gastos por consumo de bienes y servicios. Sector 21. Miner\u00eda.(Miles de pesos), 2008: <strong>412,698.00<\/strong><\/span><\/p>\n<p><span style=\"font-family: futura-medium-bt; font-size: 12pt;\">Producci\u00f3n bruta total por unidad econ\u00f3mica. Sector 21. Miner\u00eda.(Miles de pesos), 2008: <strong>44,845.60<\/strong><\/span><\/p>\n<p><span style=\"font-family: futura-medium-bt; font-size: 12pt;\">Valor agregado censal bruto por personal ocupado total. Sector 21. Miner\u00eda.(Miles de pesos), 2008: <strong>309.96<\/strong><\/span><\/p>\n<p><span style=\"font-family: futura-medium-bt; font-size: 12pt;\">Producci\u00f3n bruta total por personal ocupado total. Sector 21. Miner\u00eda.(Miles de pesos), 2008: <strong>801.77<\/strong><\/span><\/p>\n<pre id=\"content_title\" class=\"titulo\"><strong style=\"color: #0000ff; font-family: futura-medium-bt; font-size: 14pt;\">Productividad Laboral de la Econom\u00eda\n<\/strong><\/pre>\n<p><span style=\"font-family: futura-medium-bt; font-size: 12pt;\"><label class=\"texto\" data-role=\"none\">Producci\u00f3n bruta total. Sector privado y paraestatal (estructura porcentual).(Porcentaje), 2008:\u00a0<\/label><strong>0.9<\/strong><\/span><\/p>\n<p><span style=\"font-family: futura-medium-bt; font-size: 12pt;\">Total de gastos por consumo de bienes y servicios. Sector 21. Miner\u00eda.(Miles de pesos), 2008: <strong>412,698.00<\/strong><\/span><\/p>\n<p><span style=\"font-family: futura-medium-bt; font-size: 12pt;\">Total de gastos por consumo de bienes y servicios. Sector 22. Agua y gas.(Miles de pesos), 2008: <strong>1,767,375.00<\/strong><\/span><\/p>\n<p><span style=\"font-family: futura-medium-bt; font-size: 12pt;\">Unidades econ\u00f3micas. Sector privado y paraestatal.(Unidades econ\u00f3micas), 2008: <strong>54,181<\/strong><\/span><\/p>\n<p><span style=\"font-family: futura-medium-bt; font-size: 12pt;\">Unidades econ\u00f3micas. Universo total (estructura porcentual).(Porcentaje), 2008: <strong>1.1<\/strong><\/span><\/p>\n<p><span style=\"font-family: futura-medium-bt; font-size: 12pt;\">Unidades econ\u00f3micas. Sector privado y paraestatal (estructura porcentual).(Porcentaje), 2008: <strong>1.0<\/strong><\/span><\/p>\n<p><span style=\"font-family: futura-medium-bt; font-size: 12pt;\">Activos Fijos. Sector privado y paraestatal (estructura porcentual).(Porcentaje), 2008: <strong>1.8<\/strong><\/span><\/p>\n<p><span style=\"font-family: futura-medium-bt; font-size: 12pt;\">Unidades econ\u00f3micas.(Unidades econ\u00f3micas), 2008: <strong>38,794<\/strong><\/span><\/p>\n<p><span style=\"font-family: futura-medium-bt; font-size: 12pt;\">Producci\u00f3n bruta total.(Miles de pesos), 2008: <strong>101,450,136.00<\/strong><\/span><\/p>\n<p><span style=\"font-family: futura-medium-bt; font-size: 12pt;\">Producci\u00f3n bruta total. Sector 11. Pesca y acuicultura.(Miles de pesos), 2008: <strong>120,548.00<\/strong><\/span><\/p>\n<p><span style=\"font-family: futura-medium-bt; font-size: 12pt;\">Acervo total de activos fijos.(Miles de pesos), 2008: <strong>108,257,408.00<\/strong><\/span><\/p>\n<p><span style=\"font-family: futura-medium-bt; font-size: 12pt;\">Acervo total de activos fijos. Sector 11. Pesca y acuicultura.(Miles de pesos), 2008: <strong>117,400.00<\/strong><\/span><\/p>\n<p><span style=\"font-family: futura-medium-bt; font-size: 12pt;\">Valor agregado censal bruto.(Miles de pesos), 2008: <strong>41,501,234.00\u00a0<\/strong><\/span><\/p>\n<p><span style=\"font-family: futura-medium-bt; font-size: 12pt;\"><label class=\"texto\" data-role=\"none\">Total de ingresos por suministro de bienes y servicios.(Miles de pesos), 2008:\u00a0<\/label><strong>162,158,053.00<\/strong><\/span><\/p>\n<p><span style=\"font-family: futura-medium-bt; font-size: 12pt;\">Total de gastos por consumo de bienes y servicios.(Miles de pesos), 2008: <strong>117,271,823.00<\/strong><\/span><\/p>\n<p><span style=\"font-family: futura-medium-bt; font-size: 12pt;\">Valor agregado censal bruto por personal ocupado total.(Miles de pesos), 2008: <strong>134.54<\/strong><\/span><\/p>\n<p><span style=\"font-family: futura-medium-bt; font-size: 12pt;\">Producci\u00f3n bruta total por personal ocupado total.(Miles de pesos), 2008: <strong>328.87<\/strong><\/span><\/p>\n<p><a class=\"vc_general vc_btn3 vc_btn3-size-lg vc_btn3-shape-rounded vc_btn3-style-modern vc_btn3-color-primary\" href=\"https:\/\/www.inegi.org.mx\/app\/indicadores\/?t=0220&amp;ag=07000023#D02200050\" title=\"\">M\u00c1S INFORMACI\u00d3N<\/a>[\/et_pb_tab][et_pb_tab title=&#8221;ENERG\u00cdA Y MINER\u00cdA&#8221; _builder_version=&#8221;4.6.5&#8243; _module_preset=&#8221;default&#8221;]\t\t\t<\/p>\n<pre id=\"content_title\" class=\"titulo\"><span style=\"font-size: 14pt;\"><strong><span style=\"color: #0000ff; font-family: futura-medium-bt;\">Gas<\/span><\/strong><\/span><\/pre>\n<p><span style=\"font-family: futura-medium-bt; font-size: 12pt;\"><label class=\"texto\">Volumen de la producci\u00f3n de azufre (Toneladas), 2011:&nbsp;<\/label><strong><strong>0<\/strong><\/strong><\/span><\/p>\n<p><span style=\"font-family: futura-medium-bt; font-size: 12pt;\">Volumen de la producci\u00f3n de barita (Toneladas), 2011: <strong><strong>0<\/strong><\/strong><\/span><\/p>\n<p><span style=\"font-family: futura-medium-bt; font-size: 12pt;\">Volumen de la producci\u00f3n de cobre (Toneladas), 2011: <strong><strong>0<\/strong><\/strong><\/span><\/p>\n<p><span style=\"font-family: futura-medium-bt; font-size: 12pt;\">Volumen de la producci\u00f3n de coque (Toneladas), 2011: <strong><strong>0<\/strong><\/strong><\/span><\/p>\n<p><span style=\"font-family: futura-medium-bt; font-size: 12pt;\"><span style=\"font-family: futura-medium-bt;\">Volumen de la producci\u00f3n de pellets de fierro (Toneladas), 2011: <strong>0<\/strong><\/span><\/span><\/p>\n<p><span style=\"font-family: futura-medium-bt; font-size: 12pt;\"><span style=\"font-family: futura-medium-bt;\">Volumen de la producci\u00f3n de fluorita (Toneladas), 2011: <strong>0<\/strong><\/span><\/span><\/p>\n<p><span style=\"font-family: futura-medium-bt; font-size: 12pt;\"><span style=\"font-family: futura-medium-bt;\">Volumen de la producci\u00f3n de oro (Kilogramos), 2011: <strong>0.0<\/strong><\/span><\/span><\/p>\n<p><span style=\"font-family: futura-medium-bt; font-size: 12pt;\"><span style=\"font-family: futura-medium-bt;\">Volumen de la producci\u00f3n de plata (Kilogramos), 2011: <strong>0<\/strong><\/span><\/span><\/p>\n<p><span style=\"font-family: futura-medium-bt; font-size: 12pt;\"><span style=\"font-family: futura-medium-bt;\">Volumen de la producci\u00f3n de plomo (Toneladas), 2011: <strong>0<\/strong><\/span><\/span><\/p>\n<p><span style=\"font-family: futura-medium-bt; font-size: 12pt;\"><span style=\"font-family: futura-medium-bt;\">Volumen de la producci\u00f3n de zinc (Toneladas), 2011: <strong>0<\/strong><\/span><\/span><\/p>\n<pre id=\"content_title\" class=\"titulo\"><span style=\"font-size: 14pt; color: #0000ff;\"><strong><span style=\"font-family: futura-medium-bt;\">Miner\u00eda<\/span><\/strong><\/span><\/pre>\n<p class=\"col-xs-9\"><span style=\"font-family: futura-medium-bt; font-size: 12pt;\"><label class=\"texto\">Volumen de producci\u00f3n minera. Azufre. Valor por Entidad (Toneladas), 2019 Ago:&nbsp;<\/label><strong>0<\/strong><\/span><\/p>\n<p class=\"col-xs-9\"><span style=\"font-family: futura-medium-bt; font-size: 12pt;\">Volumen de producci\u00f3n minera. Barita. Valor por Entidad (Toneladas), 2019 Ago: <strong>0<\/strong><\/span><\/p>\n<p><span style=\"font-family: futura-medium-bt; font-size: 12pt;\"><span style=\"font-family: futura-medium-bt;\">Volumen de producci\u00f3n minera. Cobre. Valor por Entidad (Toneladas), 2019 Ago: <strong>0<\/strong><\/span><\/span><\/p>\n<p><span style=\"font-family: futura-medium-bt; font-size: 12pt;\"><span style=\"font-family: futura-medium-bt;\">Volumen de producci\u00f3n minera. Coque. Valor por Entidad (Toneladas), 2019 Ago: <strong>0<\/strong><\/span><\/span><\/p>\n<p><span style=\"font-family: futura-medium-bt; font-size: 12pt;\"><span style=\"font-family: futura-medium-bt;\">Volumen de producci\u00f3n minera. Fierro en Extraccion. Valor por Entidad (Toneladas), 2019 Ago: <strong>0<\/strong><\/span><\/span><\/p>\n<p><span style=\"font-family: futura-medium-bt; font-size: 12pt;\"><span style=\"font-family: futura-medium-bt;\">Volumen de producci\u00f3n minera. Fluorita. Valor por Entidad (Toneladas), 2019 Ago: <strong>0<\/strong><\/span><\/span><\/p>\n<p><span style=\"font-family: futura-medium-bt; font-size: 12pt;\"><span style=\"font-family: futura-medium-bt;\">Volumen de producci\u00f3n minera. Oro. Valor por Entidad (Kilogramos), 2019 Ago: <strong>0<\/strong><\/span><\/span><\/p>\n<p><span style=\"font-family: futura-medium-bt; font-size: 12pt;\"><span style=\"font-family: futura-medium-bt;\">Volumen de producci\u00f3n minera. Pellets de fierro. Valor por Entidad (Toneladas), 2019 Ago: <strong>0<\/strong><\/span><\/span><\/p>\n<p><span style=\"font-family: futura-medium-bt; font-size: 12pt;\"><span style=\"font-family: futura-medium-bt;\">Volumen de producci\u00f3n minera. Plata. Valor por Entidad (Kilogramos), 2019 Ago: <strong>0<\/strong><\/span><\/span><\/p>\n<hr>\n<p><span style=\"font-family: futura-medium-bt; font-size: 12pt;\"><span style=\"font-family: futura-medium-bt;\">Volumen de producci\u00f3n minera. Plomo. Valor por Entidad (Toneladas), 2019 Ago: <strong>0<\/strong><\/span><\/span><\/p>\n<p class=\"col-xs-2 colspanfcha\"><span style=\"font-family: futura-medium-bt; font-size: 12pt;\">Volumen de producci\u00f3n minera. Zinc. Valor por Entidad (Toneladas), 2019 Ago: <strong>0<\/strong><\/span><\/p>\n<p><a  href=\"https:\/\/www.inegi.org.mx\/app\/indicadores\/?t=0220&amp;ag=07000023#D02200050\" title=\"\">M\u00c1S INFORMACI\u00d3N<\/a>[\/et_pb_tab][et_pb_tab title=&#8221;GOBIERNO&#8221; _builder_version=&#8221;4.6.5&#8243; _module_preset=&#8221;default&#8221;]\n<pre><span style=\"color: #0000ff; font-size: 14pt;\"><strong><span style=\"font-family: futura-medium-bt;\">Finanzas P\u00fablicas Estatales y Municipales<\/span> <\/strong><\/span><\/pre>\n<p style=\"text-align: justify;\"><span style=\"font-family: futura-medium-bt; font-size: 12pt;\">Egresos brutos de los municipios (Miles de pesos), 2018: <strong>10,414,859<\/strong><\/span><\/p>\n<pre id=\"content_title\" class=\"titulo\"><span style=\"color: #0000ff;\"><span style=\"font-size: 14pt;\"><strong><span style=\"font-family: futura-medium-bt;\">Estructuras Organizacionales<\/span><\/strong><\/span><span style=\"font-size: 14pt;\"><strong><span style=\"font-family: futura-medium-bt;\">\u00a0\n<\/span><\/strong><\/span><\/span><\/pre>\n<p class=\"titulo\" style=\"text-align: justify;\"><span style=\"font-family: futura-medium-bt; font-size: 12pt;\">Instituciones de las administraciones p\u00fablicas estatales(Instituciones), 2015: <strong>71<\/strong><\/span><\/p>\n<p class=\"titulo\" style=\"text-align: justify;\"><span style=\"font-family: futura-medium-bt; font-size: 12pt;\">Instituciones de las administraciones p\u00fablicas estatales consideradas en la administraci\u00f3n central(Instituciones), 2015: <strong>34<\/strong><\/span><\/p>\n<p style=\"text-align: justify;\"><span style=\"font-family: futura-medium-bt; font-size: 12pt;\">Instituciones de las administraciones p\u00fablicas estatales consideradas en la administraci\u00f3n paraestatal(Instituciones), 2015: <strong>37<\/strong><\/span><\/p>\n<p style=\"text-align: justify;\"><span style=\"font-family: futura-medium-bt; font-size: 12pt;\">\u00d3rganos jurisdiccionales de los tribunales superiores de justicia estatales(\u00d3rganos jurisdiccionales), 2014: <strong>85<\/strong><\/span><\/p>\n<p style=\"text-align: justify;\"><span style=\"font-family: futura-medium-bt; font-size: 12pt;\">\u00d3rganos jurisdiccionales de los tribunales superiores de justicia estatales (juzgados civiles)(\u00d3rganos jurisdiccionales), 2014: <strong>8<\/strong><\/span><\/p>\n<p style=\"text-align: justify;\"><span style=\"font-family: futura-medium-bt; font-size: 12pt;\">\u00d3rganos jurisdiccionales de los tribunales superiores de justicia estatales (juzgados de control o garant\u00edas)(\u00d3rganos jurisdiccionales), 2014: <strong>1<\/strong><\/span><\/p>\n<p style=\"text-align: justify;\"><span style=\"font-family: futura-medium-bt; font-size: 12pt;\">\u00d3rganos jurisdiccionales de los tribunales superiores de justicia estatales (juzgados de extinci\u00f3n de dominio)(\u00d3rganos jurisdiccionales), 2014:\u00a0<strong><a title=\"No aplica\">NA<\/a><\/strong><\/span><\/p>\n<p style=\"text-align: justify;\"><span style=\"font-family: futura-medium-bt; font-size: 12pt;\">\u00d3rganos jurisdiccionales de los tribunales superiores de justicia estatales (juzgados de justicia especializada para adolescentes)(\u00d3rganos jurisdiccionales), 2014: <strong>2<\/strong><\/span><\/p>\n<p style=\"text-align: justify;\"><span style=\"font-family: futura-medium-bt; font-size: 12pt;\">\u00d3rganos jurisdiccionales de los tribunales superiores de justicia estatales (juzgados de menor cuant\u00eda)(\u00d3rganos jurisdiccionales), 2014: <strong>3<\/strong><\/span><\/p>\n<p style=\"text-align: justify;\"><span style=\"font-family: futura-medium-bt; font-size: 12pt;\">\u00d3rganos jurisdiccionales de los tribunales superiores de justicia estatales (juzgados de otro tipo)(\u00d3rganos jurisdiccionales), 2014: <strong>10<\/strong><\/span><\/p>\n<p style=\"text-align: justify;\"><span style=\"font-family: futura-medium-bt; font-size: 12pt;\">\u00d3rganos jurisdiccionales de los tribunales superiores de justicia estatales (juzgados familiares)(\u00d3rganos jurisdiccionales), 2014: 5<\/span><\/p>\n<p style=\"text-align: justify;\"><span style=\"font-family: futura-medium-bt; font-size: 12pt;\">\u00d3rganos jurisdiccionales de los tribunales superiores de justicia estatales (juzgados ind\u00edgenas)(\u00d3rganos jurisdiccionales), 2014: <strong><strong>1<\/strong><\/strong><\/span><\/p>\n<p style=\"text-align: justify;\"><span style=\"font-family: futura-medium-bt; font-size: 12pt;\">\u00d3rganos jurisdiccionales de los tribunales superiores de justicia estatales (juzgados mercantiles)(\u00d3rganos jurisdiccionales), 2014: <strong>5<\/strong><\/span><\/p>\n<p style=\"text-align: justify;\"><span style=\"font-family: futura-medium-bt; font-size: 12pt;\">\u00d3rganos jurisdiccionales de los tribunales superiores de justicia estatales (juzgados mixtos)(\u00d3rganos jurisdiccionales), 2014:\u00a0<strong><a title=\"No aplica\">NA<\/a><\/strong><\/span><\/p>\n<p style=\"text-align: justify;\"><span style=\"font-family: futura-medium-bt; font-size: 12pt;\">\u00d3rganos jurisdiccionales de los tribunales superiores de justicia estatales (juzgados penales)(\u00d3rganos jurisdiccionales), 2014: <strong>12<\/strong><\/span><\/p>\n<p style=\"text-align: justify;\"><span style=\"font-family: futura-medium-bt; font-size: 12pt;\">\u00d3rganos jurisdiccionales de los tribunales superiores de justicia estatales (otro tipo)(\u00d3rganos jurisdiccionales), 2014: <strong>27<\/strong><\/span><\/p>\n<p style=\"text-align: justify;\"><span style=\"font-family: futura-medium-bt; font-size: 12pt;\">\u00d3rganos jurisdiccionales de los tribunales superiores de justicia estatales (salas civiles)(\u00d3rganos jurisdiccionales), 2014:\u00a0<strong><a title=\"No aplica\">NA<\/a><\/strong><\/span><\/p>\n<p style=\"text-align: justify;\"><span style=\"font-family: futura-medium-bt; font-size: 12pt;\">\u00d3rganos jurisdiccionales de los tribunales superiores de justicia estatales (salas de justicia especializada para adolescentes)(\u00d3rganos jurisdiccionales), 2014:\u00a0<strong><a title=\"No aplica\">NA<\/a><\/strong><\/span><\/p>\n<p style=\"text-align: justify;\"><span style=\"font-family: futura-medium-bt; font-size: 12pt;\">\u00d3rganos jurisdiccionales de los tribunales superiores de justicia estatales (salas de otro tipo)(\u00d3rganos jurisdiccionales), 2014: <strong>1<\/strong><\/span><\/p>\n<p style=\"text-align: justify;\"><span style=\"font-family: futura-medium-bt; font-size: 12pt;\">\u00d3rganos jurisdiccionales de los tribunales superiores de justicia estatales (salas familiares)(\u00d3rganos jurisdiccionales), 2014: <strong>2<\/strong><\/span><\/p>\n<p style=\"text-align: justify;\"><span style=\"font-family: futura-medium-bt; font-size: 12pt;\">\u00d3rganos jurisdiccionales de los tribunales superiores de justicia estatales (salas mixtas)(\u00d3rganos jurisdiccionales), 2014: <strong>2<\/strong><\/span><\/p>\n<p style=\"text-align: justify;\"><span style=\"font-family: futura-medium-bt; font-size: 12pt;\">\u00d3rganos jurisdiccionales de los tribunales superiores de justicia estatales (salas penales)(\u00d3rganos jurisdiccionales), 2014: <strong>2<\/strong><\/span><\/p>\n<p style=\"text-align: justify;\"><span style=\"font-family: futura-medium-bt; font-size: 12pt;\">\u00d3rganos jurisdiccionales de los tribunales superiores de justicia estatales (tribunales para juicio oral de otra materia)(\u00d3rganos jurisdiccionales), 2014: <strong>2<\/strong><\/span><\/p>\n<p style=\"text-align: justify;\"><span style=\"font-family: futura-medium-bt; font-size: 12pt;\">\u00d3rganos jurisdiccionales de los tribunales superiores de justicia estatales (tribunales para juicio oral penal)(\u00d3rganos jurisdiccionales), 2014:\u00a0<strong><a title=\"No aplica\">N<\/a><\/strong><\/span><\/p>\n<p style=\"text-align: justify;\"><span style=\"font-family: futura-medium-bt; font-size: 12pt;\">\u00d3rganos y\/o unidades administrativas de los tribunales superiores de justicia y consejos de la judicatura estatales (secretar\u00eda general de acuerdos)(\u00d3rganos y\/o unidades administrativas), 2014: <strong>1<\/strong><\/span><\/p>\n<p style=\"text-align: justify;\"><span style=\"font-family: futura-medium-bt; font-size: 12pt;\">\u00d3rganos y\/o unidades administrativas de los tribunales superiores de justicia y consejos de la judicatura estatales (servicios periciales)(\u00d3rganos y\/o unidades administrativas), 2014:\u00a0<strong><a title=\"No aplica\">NA<\/a><\/strong><\/span><\/p>\n<p style=\"text-align: justify;\"><span style=\"font-family: futura-medium-bt; font-size: 12pt;\">\u00d3rganos y\/o unidades administrativas de los tribunales superiores de justicia y consejos de la judicatura estatales (transparencia y acceso a la informaci\u00f3n)(\u00d3rganos y\/o unidades administrativas), 2014: <strong>1<\/strong><\/span><\/p>\n<p style=\"text-align: justify;\"><span style=\"font-family: futura-medium-bt; font-size: 12pt;\">\u00d3rganos jurisdiccionales de los tribunales superiores de justicia estatales (juzgados de menor cuant\u00eda y\/o paz penal)(\u00d3rganos jurisdiccionales), 2014:\u00a0<strong><a title=\"No aplica\">NA<\/a><\/strong><\/span><\/p>\n<p style=\"text-align: justify;\"><span style=\"font-family: futura-medium-bt; font-size: 12pt;\">\u00d3rganos y\/o unidades administrativas de los tribunales superiores de justicia y consejos de la judicatura estatales(\u00d3rganos y\/o unidades administrativas), 2014: <strong>58<\/strong><\/span><\/p>\n<p style=\"text-align: justify;\"><span style=\"font-family: futura-medium-bt; font-size: 12pt;\">\u00d3rganos y\/o unidades administrativas de los tribunales superiores de justicia y consejos de la judicatura estatales (archivo)(\u00d3rganos y\/o unidades administrativas), 2014: <strong>1<\/strong><\/span><\/p>\n<p style=\"text-align: justify;\"><span style=\"font-family: futura-medium-bt; font-size: 12pt;\">\u00d3rganos y\/o unidades administrativas de los tribunales superiores de justicia y consejos de la judicatura estatales (comunicaci\u00f3n social)(\u00d3rganos y\/o unidades administrativas), 2014: <strong>1<\/strong><\/span><\/p>\n<p style=\"text-align: justify;\"><span style=\"font-family: futura-medium-bt; font-size: 12pt;\">\u00d3rganos y\/o unidades administrativas de los tribunales superiores de justicia y consejos de la judicatura estatales (recursos presupuestales)(\u00d3rganos y\/o unidades administrativas), 2014: <strong>5<\/strong><\/span><\/p>\n<p style=\"text-align: justify;\"><span style=\"font-family: futura-medium-bt; font-size: 12pt;\">\u00d3rganos y\/o unidades administrativas de los tribunales superiores de justicia y consejos de la judicatura estatales (oficial\u00eda mayor o administraci\u00f3n)(\u00d3rganos y\/o unidades administrativas), 2014: <strong>1<\/strong><\/span><\/p>\n<p style=\"text-align: justify;\"><span style=\"font-family: futura-medium-bt; font-size: 12pt;\">\u00d3rganos y\/o unidades administrativas de los tribunales superiores de justicia y consejos de la judicatura estatales (visitadur\u00eda judicial)(\u00d3rganos y\/o unidades administrativas), 2014: <strong>1<\/strong><\/span><\/p>\n<p style=\"text-align: justify;\"><span style=\"font-family: futura-medium-bt; font-size: 12pt;\">\u00d3rganos jurisdiccionales de los tribunales superiores de justicia estatales (juzgados de menor cuant\u00eda y\/o paz civil)(\u00d3rganos jurisdiccionales), 2014:\u00a0<strong><a title=\"No aplica\">NA<\/a><\/strong><\/span><\/p>\n<p style=\"text-align: justify;\"><span style=\"font-family: futura-medium-bt; font-size: 12pt;\">\u00d3rganos y\/o unidades administrativas de los tribunales superiores de justicia y consejos de la judicatura estatales (asuntos jur\u00eddicos)(\u00d3rganos y\/o unidades administrativas), 2014:\u00a0<strong><a title=\"No aplica\">NA<\/a><\/strong><\/span><\/p>\n<p style=\"text-align: justify;\"><span style=\"font-family: futura-medium-bt; font-size: 12pt;\">\u00d3rganos y\/o unidades administrativas de los tribunales superiores de justicia y consejos de la judicatura estatales (recursos materiales)(\u00d3rganos y\/o unidades administrativas), 2014: <strong>5<\/strong><\/span><\/p>\n<p style=\"text-align: justify;\"><span style=\"font-family: futura-medium-bt; font-size: 12pt;\">\u00d3rganos y\/o unidades administrativas de los tribunales superiores de justicia y consejos de la judicatura estatales (no especificado)(\u00d3rganos y\/o unidades administrativas), 2014: <strong>0<\/strong><\/span><\/p>\n<p style=\"text-align: justify;\"><span style=\"font-family: futura-medium-bt; font-size: 12pt;\">\u00d3rganos y\/o unidades administrativas de los tribunales superiores de justicia y consejos de la judicatura estatales (biblioteca)(\u00d3rganos y\/o unidades administrativas), 2014: <strong>1<\/strong><\/span><\/p>\n<p style=\"text-align: justify;\"><span style=\"font-family: futura-medium-bt; font-size: 12pt;\">\u00d3rganos y\/o unidades administrativas de los tribunales superiores de justicia y consejos de la judicatura estatales (contralor\u00eda interna)(\u00d3rganos y\/o unidades administrativas), 2014: <strong>1<\/strong><\/span><\/p>\n<p style=\"text-align: justify;\"><span style=\"font-family: futura-medium-bt; font-size: 12pt;\">\u00d3rganos y\/o unidades administrativas de los tribunales superiores de justicia y consejos de la judicatura estatales (fondo para la administraci\u00f3n de justicia)(\u00d3rganos y\/o unidades administrativas), 2014: <strong>3<\/strong><\/span><\/p>\n<p style=\"text-align: justify;\"><span style=\"font-family: futura-medium-bt; font-size: 12pt;\">\u00d3rganos y\/o unidades administrativas de los tribunales superiores de justicia y consejos de la judicatura estatales (planeaci\u00f3n y\/o evaluaci\u00f3n)(\u00d3rganos y\/o unidades administrativas), 2014: <strong>1<\/strong><\/span><\/p>\n<div class=\"col-xs-2 colspanfcha\" style=\"text-align: justify;\"><span style=\"font-family: futura-medium-bt; font-size: 12pt;\">\u00d3rganos jurisdiccionales de los tribunales superiores de justicia estatales (juzgados de menor cuant\u00eda y\/o paz mixto)(\u00d3rganos jurisdiccionales), 2014: 3<\/span><\/div>\n<p style=\"text-align: justify;\"><span style=\"font-family: futura-medium-bt; font-size: 12pt;\">\u00d3rganos y\/o unidades administrativas de los tribunales superiores de justicia y consejos de la judicatura estatales (oficina de la Presidencia)(\u00d3rganos y\/o unidades administrativas), 2014: <strong>1<\/strong><\/span><\/p>\n<p style=\"text-align: justify;\"><span style=\"font-family: futura-medium-bt; font-size: 12pt;\">\u00d3rganos y\/o unidades administrativas de los tribunales superiores de justicia y consejos de la judicatura estatales (escuela o instituto judicial)(\u00d3rganos y\/o unidades administrativas), 2014: <strong>1<\/strong><\/span><\/p>\n<p style=\"text-align: justify;\"><span style=\"font-family: futura-medium-bt; font-size: 12pt;\">\u00d3rganos y\/o unidades administrativas de los tribunales superiores de justicia y consejos de la judicatura estatales (servicios generales)(\u00d3rganos y\/o unidades administrativas), 2014: <strong>3<\/strong><\/span><\/p>\n<p style=\"text-align: justify;\"><span style=\"font-family: futura-medium-bt; font-size: 12pt;\">\u00d3rganos y\/o unidades administrativas de los tribunales superiores de justicia y consejos de la judicatura estatales (otros)(\u00d3rganos y\/o unidades administrativas), 2014: <strong>11<\/strong><\/span><\/p>\n<div class=\"col-xs-2 colspanfcha\" style=\"text-align: justify;\"><span style=\"font-family: futura-medium-bt; font-size: 12pt;\">\u00d3rganos jurisdiccionales de los tribunales superiores de justicia estatales (no especificado)(\u00d3rganos jurisdiccionales), 2014: 0<\/span><\/div>\n<div class=\"col-xs-2 colspanfcha\" style=\"text-align: justify;\"><span style=\"font-family: futura-medium-bt; font-size: 12pt;\">\u00d3rganos y\/o unidades administrativas de los tribunales superiores de justicia y consejos de la judicatura estatales (inform\u00e1tica)(\u00d3rganos y\/o unidades administrativas), 2014: 13<\/span><\/div>\n<p style=\"text-align: justify;\"><span style=\"font-family: futura-medium-bt; font-size: 12pt;\">\u00d3rganos y\/o unidades administrativas de los tribunales superiores de justicia y consejos de la judicatura estatales (judicatura)(\u00d3rganos y\/o unidades administrativas), 2014: <strong>3<\/strong><\/span><\/p>\n<p style=\"text-align: justify;\"><span style=\"font-family: futura-medium-bt; font-size: 12pt;\">\u00d3rganos y\/o unidades administrativas de los tribunales superiores de justicia y consejos de la judicatura estatales (recursos humanos)(\u00d3rganos y\/o unidades administrativas), 2014: <strong>4<\/strong><\/span><\/p>\n<p style=\"text-align: justify;\"><span style=\"font-family: futura-medium-bt; font-size: 12pt;\">\u00d3rganos jurisdiccionales de los tribunales superiores de justicia estatales (juzgados de ejecuci\u00f3n sistema acusatorio oral)(\u00d3rganos jurisdiccionales), 2014:\u00a0<strong><a title=\"No aplica\">NA<\/a><\/strong><\/span><\/p>\n<p style=\"text-align: justify;\"><span style=\"font-family: futura-medium-bt; font-size: 12pt;\">\u00d3rganos jurisdiccionales de los tribunales superiores de justicia estatales (juzgados orales penales)(\u00d3rganos jurisdiccionales), 2014:\u00a0<strong><a title=\"No aplica\">NA<\/a><\/strong><\/span><\/p>\n<p style=\"text-align: justify;\"><span style=\"font-family: futura-medium-bt; font-size: 12pt;\">\u00d3rganos jurisdiccionales de los tribunales superiores de justicia estatales (juzgados de ejecuci\u00f3n sistema tradicional)(\u00d3rganos jurisdiccionales), 2014: <strong>2<\/strong><\/span><\/p>\n<p style=\"text-align: justify;\"><span style=\"font-family: futura-medium-bt; font-size: 12pt;\">\u00d3rganos jurisdiccionales de los tribunales superiores de justicia estatales (juzgados penales y de ejecuci\u00f3n)(\u00d3rganos jurisdiccionales), 2014: <strong>14<\/strong><\/span><\/p>\n<p style=\"text-align: justify;\"><span style=\"font-family: futura-medium-bt; font-size: 12pt;\">\u00d3rganos jurisdiccionales de los tribunales superiores de justicia estatales en materia civil (primera instancia)(\u00d3rganos jurisdiccionales), 2014: <strong>13<\/strong><\/span><\/p>\n<p style=\"text-align: justify;\"><span style=\"font-family: futura-medium-bt; font-size: 12pt;\">\u00d3rganos jurisdiccionales de los tribunales superiores de justicia estatales en materia penal (primera instancia)(\u00d3rganos jurisdiccionales), 2014: <strong>15<\/strong><\/span><\/p>\n<p style=\"text-align: justify;\"><span style=\"font-family: futura-medium-bt; font-size: 12pt;\">\u00d3rganos jurisdiccionales de los tribunales superiores de justicia estatales en todas las materias (primera instancia)(\u00d3rganos jurisdiccionales), 2014: <strong>33<\/strong><\/span><\/p>\n<p style=\"text-align: justify;\"><span style=\"font-family: futura-medium-bt; font-size: 12pt;\">Porcentaje de personal laborando en la Administraci\u00f3n P\u00fablica de las Entidades Federativas en la funci\u00f3n de Desarrollo Econ\u00f3mico(Porcentaje de personal que labora en determinada funci\u00f3n), 2013: <strong>0.50<\/strong><\/span><\/p>\n<p style=\"text-align: justify;\"><span style=\"font-family: futura-medium-bt; font-size: 12pt;\">\u00d3rganos jurisdiccionales de los tribunales superiores de justicia estatales (juzgados de ejecuci\u00f3n)(\u00d3rganos jurisdiccionales), 2012: <strong>2<\/strong><\/span><\/p>\n<p style=\"text-align: justify;\"><span style=\"font-family: futura-medium-bt; font-size: 12pt;\">Instituciones de las administraciones p\u00fablicas municipales(Instituciones), 2012: <strong>388<\/strong><\/span><\/p>\n<p style=\"text-align: justify;\"><span style=\"font-family: futura-medium-bt; font-size: 12pt;\">Instituciones de las administraciones p\u00fablicas municipales consideradas en la administraci\u00f3n central(Instituciones), 2012: <strong>361<\/strong><\/span><\/p>\n<p style=\"text-align: justify;\"><span style=\"font-family: futura-medium-bt; font-size: 12pt;\">Instituciones de las administraciones p\u00fablicas municipales consideradas en la administraci\u00f3n paramunicipal(Instituciones), 2012: <strong>27<\/strong><\/span><\/p>\n<pre class=\"temaPadre\"><span style=\"font-size: 14pt; color: #0000ff;\"><strong><span style=\"font-family: futura-medium-bt;\"><label class=\"texto\" data-role=\"none\">Tr\u00e1mites y Servicios<\/label><\/span><\/strong><\/span><\/pre>\n<p style=\"text-align: justify;\"><span style=\"font-family: futura-medium-bt; font-size: 12pt;\"><label class=\"texto\" data-role=\"none\">Poblaci\u00f3n de 18 a\u00f1os y m\u00e1s usuaria del servicio de salud del ISSSTE(Personas), 2017:\u00a0<\/label><strong>46,740<\/strong><\/span><\/p>\n<p style=\"text-align: justify;\"><span style=\"font-family: futura-medium-bt; font-size: 12pt;\"><label class=\"texto\" data-role=\"none\">Poblaci\u00f3n de 18 a\u00f1os y m\u00e1s usuaria del servicio de energ\u00eda el\u00e9ctrica(Personas), 2017:\u00a0<\/label><strong>783,964<\/strong><\/span><\/p>\n<p style=\"text-align: justify;\"><span style=\"font-family: futura-medium-bt; font-size: 12pt;\">Poblaci\u00f3n de 18 a\u00f1os y m\u00e1s usuaria del servicio de educaci\u00f3n obligatoria(Personas), 2017: <strong>242,282<\/strong><\/span><\/p>\n<p style=\"text-align: justify;\"><span style=\"font-family: futura-medium-bt; font-size: 12pt;\">Poblaci\u00f3n de 18 a\u00f1os y m\u00e1s que realiz\u00f3 personalmente al menos un tr\u00e1mite, pago o solicitud de servicios con un servidor p\u00fablico(Personas), 2017: <strong>584,727<\/strong><\/span><\/p>\n<p style=\"text-align: justify;\"><span style=\"font-family: futura-medium-bt; font-size: 12pt;\">Tr\u00e1mites atendidos por las administraciones p\u00fablicas estatales, consulta m\u00e9dica(Tr\u00e1mites), 2015:\u00a0<a title=\"No cuenta con elementos para responder\">\u2013<\/a><\/span><\/p>\n<p style=\"text-align: justify;\"><span style=\"font-family: futura-medium-bt; font-size: 12pt;\">Tr\u00e1mites atendidos por las administraciones p\u00fablicas estatales, licencias de conducir(Tr\u00e1mites), 2015: <strong>178,753<\/strong><\/span><\/p>\n<p style=\"text-align: justify;\"><span style=\"font-family: futura-medium-bt; font-size: 12pt;\">Tr\u00e1mites atendidos por las administraciones p\u00fablicas estatales, verificaci\u00f3n vehicular(Tr\u00e1mites), 2015:\u00a0<a title=\"No cuenta con elementos para responder\">\u2013<\/a><\/span><\/p>\n<p style=\"text-align: justify;\"><span style=\"font-family: futura-medium-bt; font-size: 12pt;\">Tr\u00e1mites atendidos por las administraciones p\u00fablicas estatales, pago de impuesto tenencia(Tr\u00e1mites), 2015:\u00a0<strong><a title=\"No aplica\">NA<\/a><\/strong><\/span><\/p>\n<p style=\"text-align: justify;\"><span style=\"font-family: futura-medium-bt; font-size: 12pt;\">Tr\u00e1mites atendidos por las administraciones p\u00fablicas estatales, pago de impuestos (no incluye tenencia)(Tr\u00e1mites), 2015: <strong>33,776<\/strong><\/span><\/p>\n<p style=\"text-align: justify;\"><span style=\"font-family: futura-medium-bt; font-size: 12pt;\">Tr\u00e1mites atendidos por las administraciones p\u00fablicas estatales, certificados de no antecedentes penales(Tr\u00e1mites), 2015: <strong>5,727<\/strong><\/span><\/p>\n<p style=\"text-align: justify;\"><span style=\"font-family: futura-medium-bt; font-size: 12pt;\">Tr\u00e1mites atendidos por las administraciones p\u00fablicas estatales, afiliaci\u00f3n o reafiliaci\u00f3n al Seguro Popular(Tr\u00e1mites), 2015: <strong>875<\/strong><\/span><\/p>\n<p style=\"text-align: justify;\"><span style=\"font-family: futura-medium-bt; font-size: 12pt;\">Tr\u00e1mites atendidos por las administraciones p\u00fablicas estatales, inscripci\u00f3n a planteles educativos de educaci\u00f3n b\u00e1sica(Tr\u00e1mites), 2015: <strong>276,975<\/strong><\/span><\/p>\n<p style=\"text-align: justify;\"><span style=\"font-family: futura-medium-bt; font-size: 12pt;\">Tr\u00e1mites atendidos por las administraciones p\u00fablicas estatales, relacionados al control vehicular (no cambio de propietario de veh\u00edculo)(Tr\u00e1mites), 2015: <strong>439<\/strong><\/span><\/p>\n<p style=\"text-align: justify;\"><span style=\"font-family: futura-medium-bt; font-size: 12pt;\">Tr\u00e1mites atendidos por las administraciones p\u00fablicas estatales, solicitud de copias certificadas de actas civiles (nacimiento, matrimonio o defunci\u00f3n)(Tr\u00e1mites), 2015: <strong>147,293<\/strong><\/span><\/p>\n<p style=\"text-align: justify;\"><span style=\"font-family: futura-medium-bt; font-size: 12pt;\">Tr\u00e1mites atendidos por las administraciones p\u00fablicas municipales, consulta m\u00e9dica(Tr\u00e1mites), 2014: <strong>30,517<\/strong><\/span><\/p>\n<p style=\"text-align: justify;\"><span style=\"font-family: futura-medium-bt; font-size: 12pt;\">Tr\u00e1mites atendidos por las administraciones p\u00fablicas municipales, constancia de domicilio(Tr\u00e1mites), 2014: <strong>8,369<\/strong><\/span><\/p>\n<p style=\"text-align: justify;\"><span style=\"font-family: futura-medium-bt; font-size: 12pt;\">Tr\u00e1mites atendidos por las administraciones p\u00fablicas municipales, pago de impuesto predial(Tr\u00e1mites), 2014: <strong>289,304<\/strong><\/span><\/p>\n<p style=\"text-align: justify;\"><span style=\"font-family: futura-medium-bt; font-size: 12pt;\">Tr\u00e1mites atendidos por las administraciones p\u00fablicas municipales, reparaci\u00f3n de fugas de agua(Tr\u00e1mites), 2014: <strong>29,831<\/strong><\/span><\/p>\n<p style=\"text-align: justify;\"><span style=\"font-family: futura-medium-bt; font-size: 12pt;\">Tr\u00e1mites atendidos por las administraciones p\u00fablicas municipales, pago de infracci\u00f3n de tr\u00e1nsito(Tr\u00e1mites), 2014: <strong>63,346<\/strong><\/span><\/p>\n<p style=\"text-align: justify;\"><span style=\"font-family: futura-medium-bt; font-size: 12pt;\">Tr\u00e1mites atendidos por las administraciones p\u00fablicas municipales, pago de infracciones de tr\u00e1nsito(Tr\u00e1mites), 2014: <strong>10,29<\/strong><\/span><\/p>\n<p style=\"text-align: justify;\"><span style=\"font-family: futura-medium-bt; font-size: 12pt;\">Tr\u00e1mites atendidos por las administraciones p\u00fablicas municipales, servicio de agua potable en pipas(Tr\u00e1mites), 2014: <strong>4,759<\/strong><\/span><\/p>\n<p style=\"text-align: justify;\"><span style=\"font-family: futura-medium-bt; font-size: 12pt;\">Tr\u00e1mites atendidos por las administraciones p\u00fablicas municipales, contrataci\u00f3n de toma de agua y drenaje(Tr\u00e1mites), 2014: <strong>11,30<\/strong><\/span><\/p>\n<p style=\"text-align: justify;\"><span style=\"font-family: futura-medium-bt; font-size: 12pt;\">Tr\u00e1mites atendidos por las administraciones p\u00fablicas municipales, copia certificada de acta del registro civil(Tr\u00e1mites), 2014: <strong>109,142<\/strong><\/span><\/p>\n<p style=\"text-align: justify;\"><span style=\"font-family: futura-medium-bt; font-size: 12pt;\">Tr\u00e1mites atendidos por las administraciones p\u00fablicas municipales, pago de derechos por suministro de agua potable y drenaje(Tr\u00e1mites), 2014: <strong>1,692,384<\/strong><\/span><\/p>\n<pre class=\"temaPadre\"><span style=\"font-family: futura-medium-bt; font-size: 14pt; color: #0000ff;\"><strong><label class=\"texto\" data-role=\"none\">Transparencia y Anticorrupci\u00f3n<\/label><\/strong><\/span><\/pre>\n<p style=\"text-align: justify;\"><span style=\"color: #000000; font-family: futura-medium-bt; font-size: 12pt;\"><label class=\"texto\" data-role=\"none\">Tasa de prevalencia de corrupci\u00f3n al realizar un tr\u00e1mite personal por cada cien mil habitantes(Tasa), 2017:\u00a0<\/label><\/span><strong><span style=\"color: #000000; font-family: futura-medium-bt; font-size: 12pt;\"><span style=\"color: #000000; font-family: futura-medium-bt; font-size: 12pt;\">17,618<\/span><\/span><\/strong><\/p>\n<p style=\"text-align: justify;\"><span style=\"color: #000000; font-family: futura-medium-bt; font-size: 12pt;\">Tasa de poblaci\u00f3n por cada cien mil habitantes a la que alg\u00fan conocido le refiri\u00f3 actos de corrupci\u00f3n en los tr\u00e1mites que realiz\u00f3(Tasa), 2017:\u00a0<\/span><strong><span style=\"color: #000000; font-family: futura-medium-bt; font-size: 12pt;\"><span style=\"color: #000000; font-family: futura-medium-bt; font-size: 12pt;\">52,145<\/span><\/span><\/strong><\/p>\n<p style=\"text-align: justify;\"><span style=\"color: #000000; font-family: futura-medium-bt; font-size: 12pt;\">Tasa de poblaci\u00f3n por cada cien mil habitantes que cree o ha escuchado existe corrupci\u00f3n en los tr\u00e1mites que realiz\u00f3(Tasa), 2017:\u00a0<\/span><strong><span style=\"color: #000000; font-family: futura-medium-bt; font-size: 12pt;\"><span style=\"color: #000000; font-family: futura-medium-bt; font-size: 12pt;\">72,649<\/span><\/span><\/strong><\/p>\n<p style=\"text-align: justify;\"><span style=\"color: #000000; font-family: futura-medium-bt; font-size: 12pt;\">Porcentaje de la poblaci\u00f3n de 18 a\u00f1os y m\u00e1s v\u00edctima de corrupci\u00f3n(Porcentaje), 2017:\u00a0<\/span><strong><span style=\"color: #000000; font-family: futura-medium-bt; font-size: 12pt;\"><span style=\"color: #000000; font-family: futura-medium-bt; font-size: 12pt;\">17.6<\/span><\/span><\/strong><\/p>\n<p style=\"text-align: justify;\"><span style=\"color: #000000; font-family: futura-medium-bt; font-size: 12pt;\">Poblaci\u00f3n de 18 a\u00f1os y m\u00e1s v\u00edctima de corrupci\u00f3n en al menos un tr\u00e1mite, pago o solicitud de servicio realizado personalmente(Personas), 2017:\u00a0<\/span><strong><span style=\"color: #000000; font-family: futura-medium-bt; font-size: 12pt;\"><span style=\"color: #000000; font-family: futura-medium-bt; font-size: 12pt;\">103,017<\/span><\/span><\/strong><\/p>\n<p style=\"text-align: justify;\"><span style=\"color: #000000; font-family: futura-medium-bt; font-size: 12pt;\">Tr\u00e1mites, pagos o solicitudes de servicios realizados personalmente con un servidor p\u00fablico en los que existi\u00f3 corrupci\u00f3n(Tr\u00e1mites), 2017:\u00a0<\/span><strong><span style=\"color: #000000; font-family: futura-medium-bt; font-size: 12pt;\"><span style=\"color: #000000; font-family: futura-medium-bt; font-size: 12pt;\">128,907<\/span><\/span><\/strong><\/p>\n<p style=\"text-align: justify;\"><span style=\"color: #000000; font-family: futura-medium-bt; font-size: 12pt;\">Servidores p\u00fablicos sancionados en los organismos garantes estatales(Personas), 2016:\u00a0<\/span><strong><a style=\"color: #000000;\" title=\"No aplica\">NA<\/a><\/strong><\/p>\n<p style=\"text-align: justify;\"><span style=\"color: #000000; font-family: futura-medium-bt; font-size: 12pt;\">Sanciones aplicadas a servidores p\u00fablicos de las administraciones p\u00fablicas estatales por infracciones cometidas con motivo del servicio p\u00fablico(Sanciones), 2015:\u00a0<\/span><strong><span style=\"color: #000000; font-family: futura-medium-bt; font-size: 12pt;\"><span style=\"color: #000000; font-family: futura-medium-bt; font-size: 12pt;\">2<\/span><\/span><\/strong><\/p>\n<p style=\"text-align: justify;\"><span style=\"color: #000000; font-family: futura-medium-bt; font-size: 12pt;\">Auditor\u00edas realizadas a las administraciones p\u00fablicas estatales(Auditor\u00edas), 2015:\u00a0<\/span><strong><span style=\"color: #000000; font-family: futura-medium-bt; font-size: 12pt;\"><span style=\"color: #000000; font-family: futura-medium-bt; font-size: 12pt;\">255<\/span><\/span><\/strong><\/p>\n<p style=\"text-align: justify;\"><span style=\"color: #000000; font-family: futura-medium-bt; font-size: 12pt;\">Auditor\u00edas realizadas a las administraciones p\u00fablicas estatales (por el \u00d3rgano de Fiscalizaci\u00f3n del Estado)(Auditor\u00edas), 2015:\u00a0<\/span><a style=\"color: #000000;\" title=\"No cuenta con elementos para responder\">\u2013<\/a><\/p>\n<p style=\"text-align: justify;\"><span style=\"color: #000000; font-family: futura-medium-bt; font-size: 12pt;\">Auditor\u00edas realizadas a las administraciones p\u00fablicas estatales (por la Auditor\u00eda Superior de la Federaci\u00f3n)(Auditor\u00edas), 2015:\u00a0<\/span><strong><span style=\"color: #000000; font-family: futura-medium-bt; font-size: 12pt;\"><span style=\"color: #000000; font-family: futura-medium-bt; font-size: 12pt;\">27<\/span><\/span><\/strong><\/p>\n<p style=\"text-align: justify;\"><span style=\"color: #000000; font-family: futura-medium-bt; font-size: 12pt;\">Auditor\u00edas realizadas a las administraciones p\u00fablicas estatales (por la Secretar\u00eda de la Contralor\u00eda u hom\u00f3loga de la entidad federativa)(Auditor\u00edas), 2015:\u00a0<\/span><strong><span style=\"color: #000000; font-family: futura-medium-bt; font-size: 12pt;\"><span style=\"color: #000000; font-family: futura-medium-bt; font-size: 12pt;\">217<\/span><\/span><\/strong><\/p>\n<p style=\"text-align: justify;\"><span style=\"color: #000000; font-family: futura-medium-bt; font-size: 12pt;\">Auditor\u00edas realizadas a las administraciones p\u00fablicas estatales (por la Secretar\u00eda de la Funci\u00f3n P\u00fablica)(Auditor\u00edas), 2015:\u00a0<\/span><strong><span style=\"color: #000000; font-family: futura-medium-bt; font-size: 12pt;\"><span style=\"color: #000000; font-family: futura-medium-bt; font-size: 12pt;\">11<\/span><\/span><\/strong><\/p>\n<p style=\"text-align: justify;\"><span style=\"color: #000000; font-family: futura-medium-bt; font-size: 12pt;\">Auditor\u00edas realizadas a las administraciones p\u00fablicas estatales (por otra autoridad de la entidad federativa)(Auditor\u00edas), 2015:\u00a0<\/span><a style=\"color: #000000;\" title=\"No cuenta con elementos para responder\">\u2013<\/a><\/p>\n<p style=\"text-align: justify;\"><span style=\"color: #000000; font-family: futura-medium-bt; font-size: 12pt;\">Auditor\u00edas realizadas a las administraciones p\u00fablicas estatales (por otra autoridad del gobierno federal)(Auditor\u00edas), 2015:\u00a0<\/span><a style=\"color: #000000;\" title=\"No cuenta con elementos para responder\">\u2013<\/a><\/p>\n<p style=\"text-align: justify;\"><span style=\"color: #000000; font-family: futura-medium-bt; font-size: 12pt;\">Auditor\u00edas realizadas a las administraciones p\u00fablicas estatales (por otra autoridad)(Auditor\u00edas), 2015:\u00a0<\/span><a style=\"color: #000000;\" title=\"No cuenta con elementos para responder\">\u2013<\/a><\/p>\n<p style=\"text-align: justify;\"><span style=\"color: #000000; font-family: futura-medium-bt; font-size: 12pt;\">Sanciones aplicadas a servidores p\u00fablicos de las administraciones p\u00fablicas estatales(Sanciones), 2014:\u00a0<\/span><span style=\"color: #000000; font-family: futura-medium-bt; font-size: 12pt;\"><span style=\"color: #000000; font-family: futura-medium-bt; font-size: 12pt;\">19<\/span><\/span><\/p>\n<p style=\"text-align: justify;\"><span style=\"color: #000000; font-family: futura-medium-bt; font-size: 12pt;\">Sanciones aplicadas a servidores p\u00fablicos de las administraciones p\u00fablicas estatales por delitos cometidos con motivo del servicio p\u00fablico(Sanciones), 2014:\u00a0<\/span><strong><a style=\"color: #000000;\" title=\"No aplica\">NA<\/a><\/strong><\/p>\n<p style=\"text-align: justify;\"><span style=\"color: #000000; font-family: futura-medium-bt; font-size: 12pt;\">Auditor\u00edas realizadas a las administraciones p\u00fablicas municipales(Auditor\u00edas), 2014:\u00a0<\/span><strong><span style=\"color: #000000; font-family: futura-medium-bt; font-size: 12pt;\"><span style=\"color: #000000; font-family: futura-medium-bt; font-size: 12pt;\">77<\/span><\/span><\/strong><\/p>\n<p style=\"text-align: justify;\"><span style=\"color: #000000; font-family: futura-medium-bt; font-size: 12pt;\">Servidores p\u00fablicos de las administraciones p\u00fablicas estatales sancionados por delitos cometidos con motivo del servicio p\u00fablico (cohecho y\/o tr\u00e1fico de influencias y\/o abuso de autoridad y\/o concusi\u00f3n y\/o enriquecimiento il\u00edcito y\/o malversaci\u00f3n y\/o peculado y\/u otro)(Personas), 2014:\u00a0<\/span><strong><a style=\"color: #000000;\" title=\"No aplica\">NA<\/a><\/strong><\/p>\n<p style=\"text-align: justify;\"><span style=\"color: #000000; font-family: futura-medium-bt; font-size: 12pt;\">Servidores p\u00fablicos de las administraciones p\u00fablicas estatales sancionados por otro tipo de conductas cometidas con motivo del servicio p\u00fablico(Personas), 2014:\u00a0<\/span><strong><a style=\"color: #000000;\" title=\"No aplica\">NA<\/a><\/strong><\/p>\n<p style=\"text-align: justify;\"><span style=\"color: #000000; font-family: futura-medium-bt; font-size: 12pt;\">Servidores p\u00fablicos de las administraciones p\u00fablicas estatales sancionados por infracciones cometidas con motivo del servicio p\u00fablico (negligencia administrativa u otra)(Personas), 2014:\u00a0<\/span><span style=\"color: #000000; font-family: futura-medium-bt; font-size: 12pt;\"><span style=\"color: #000000; font-family: futura-medium-bt; font-size: 12pt;\">17<\/span><\/span><\/p>\n<p style=\"text-align: justify;\"><span style=\"color: #000000; font-family: futura-medium-bt; font-size: 12pt;\">Auditor\u00edas realizadas a las administraciones p\u00fablicas estatales (por el \u00d3rgano de Fiscalizaci\u00f3n del Estado y por la Auditor\u00eda Superior de la Federaci\u00f3n)(Auditor\u00edas), 2014:\u00a0<\/span><strong><span style=\"color: #000000; font-family: futura-medium-bt; font-size: 12pt;\"><span style=\"color: #000000; font-family: futura-medium-bt; font-size: 12pt;\">23<\/span><\/span><\/strong><\/p>\n<p style=\"text-align: justify;\"><span style=\"color: #000000; font-family: futura-medium-bt; font-size: 12pt;\">Sanciones aplicadas a servidores p\u00fablicos de las administraciones p\u00fablicas estatales por otro tipo de conductas cometidas con motivo del servicio p\u00fablico(Sanciones), 2013:\u00a0<\/span><strong><a style=\"color: #000000;\" title=\"No aplica\">NA<\/a><\/strong><\/p>\n<p style=\"text-align: justify;\"><a href=\"https:\/\/www.inegi.org.mx\/app\/indicadores\/?t=0220&amp;ag=07000023#D02200050\" title=\"\">M\u00c1S INFORMACI\u00d3N<\/a><\/p>\n<p>[\/et_pb_tab][et_pb_tab title=&#8221;HOGARES, VIVIENDA&#8221; _builder_version=&#8221;4.6.5&#8243; _module_preset=&#8221;default&#8221;]\n<pre class=\"derecha\"><span style=\"font-size: 14pt; color: #0000ff;\"><strong><span style=\"font-family: futura-medium-bt;\">Vivienda<\/span><\/strong><\/span><\/pre>\n<div class=\"derecha\"><span style=\"font-size: 14pt;\"><strong><span style=\"font-family: futura-medium-bt;\"><label class=\"texto\" data-role=\"none\">Caracter\u00edsticas de las viviendas<\/label><\/span><\/strong><\/span><\/div>\n<p><span style=\"font-family: futura-medium-bt; font-size: 12pt;\">Porcentaje de viviendas con techos de materiales resistentes(Porcentaje de viviendas), 2015: <strong>88.5<\/strong><\/span><\/p>\n<p><span style=\"font-family: futura-medium-bt; font-size: 12pt;\">Viviendas habitadas(Viviendas), 2010: <strong>369,326<\/strong><\/span><\/p>\n<p><span style=\"font-family: futura-medium-bt; font-size: 12pt;\">Viviendas que son cuarto de azotea(Viviendas), 2010: <strong>257<\/strong><\/span><\/p>\n<p><span style=\"font-family: futura-medium-bt; font-size: 12pt;\">Viviendas m\u00f3viles(Viviendas), 2010: <strong>38<\/strong><\/span><\/p>\n<p><span style=\"font-family: futura-medium-bt; font-size: 12pt;\">Viviendas que son departamento en edificio o vivienda en vecindad(Viviendas), 2010: <strong>49,069<\/strong><\/span><\/p>\n<p><span style=\"font-family: futura-medium-bt; font-size: 12pt;\">Viviendas que son refugio(Viviendas), 2010: <strong>18<\/strong><\/span><\/p>\n<p><span style=\"font-family: futura-medium-bt; font-size: 12pt;\">Viviendas colectivas(Viviendas), 2010: <strong>91<\/strong><\/span><\/p>\n<p><span style=\"font-family: futura-medium-bt; font-size: 12pt;\">Viviendas que son casa independiente o local no construido para habitaci\u00f3n(Viviendas), 2010: <strong>310,600<\/strong><\/span><\/p>\n<p><span style=\"font-family: futura-medium-bt; font-size: 12pt;\">Tasa de crecimiento promedio anual de las viviendas particulares habitadas(Tasa), 2010: <strong>5.5<\/strong><\/span><\/p>\n<p><span style=\"font-family: futura-medium-bt; font-size: 12pt;\">Viviendas particulares habitadas(N\u00famero de Viviendas), 2010: <strong>363,066<\/strong><\/span><\/p>\n<p><a id=\"D1003000011\" href=\"https:\/\/www.inegi.org.mx\/app\/indicadores\/?t=0120&amp;ag=07000023\" name=\"D1003000011\"><\/a><\/p>\n<div class=\"izquierda\"><span id=\"img_contextTopics_012000200020_2\" class=\"inegi-mas-ca inegi-mas-tm\" data-role=\"none\" data-toggle=\"tooltip\" data-original-title=\"Abrir\"><\/span><span style=\"font-size: 14pt;\"><strong><span style=\"font-family: futura-medium-bt;\"><label class=\"texto\" data-role=\"none\">Servicios y Bienes de las Viviendas<\/label><\/span><\/strong><\/span><\/div>\n<p><span style=\"font-family: futura-medium-bt; font-size: 12pt;\">Total de viviendas particulares habitadas(Viviendas), 2015: 441,200<\/span><\/p>\n<p><span style=\"font-family: futura-medium-bt; font-size: 12pt;\">Promedio de ocupantes en viviendas particulares habitadas(Promedio), 2015: <strong>3.4<\/strong><\/span><\/p>\n<p><span style=\"font-family: futura-medium-bt; font-size: 12pt;\">Porcentaje de viviendas con piso de tierra(Porcentaje), 2015: <strong>2.1<\/strong><\/span><\/p>\n<p><span style=\"font-family: futura-medium-bt; font-size: 12pt;\">Porcentaje de viviendas con agua entubada(Porcentaje), 2015: <strong>97.3<\/strong><\/span><\/p>\n<p><span style=\"font-family: futura-medium-bt; font-size: 12pt;\">Porcentaje de viviendas con electricidad(Porcentaje), 2015: <strong>98.8<\/strong><\/span><\/p>\n<p><span style=\"font-family: futura-medium-bt; font-size: 12pt;\">Porcentaje de viviendas que disponen de sanitario(Porcentaje), 2015: <strong>97.8<\/strong><\/span><\/p>\n<p><span style=\"font-family: futura-medium-bt; font-size: 12pt;\">Porcentaje de viviendas particulares habitadas propias(Porcentaje), 2015: <strong>60.7<\/strong><\/span><\/p>\n<p><span style=\"font-family: futura-medium-bt; font-size: 12pt;\">Porcentaje de viviendas particulares habitadas alquiladas(Porcentaje), 2015: <strong>28.2<\/strong><\/span><\/p>\n<p><span style=\"font-family: futura-medium-bt; font-size: 12pt;\">Porcentaje de viviendas donde todos sus focos son ahorradores(Porcentaje), 2015: <strong>76.1<\/strong><\/span><\/p>\n<p><span style=\"font-family: futura-medium-bt; font-size: 12pt;\">Porcentaje de viviendas que disponen de calentador solar de agua(Porcentaje), 2015: <strong>0.7<\/strong><\/span><\/p>\n<p><span style=\"font-family: futura-medium-bt; font-size: 12pt;\">Porcentaje de viviendas particulares habitadas con techos precarios(Porcentaje), 2015: <strong>3.1<\/strong><\/span><\/p>\n<p><span style=\"font-family: futura-medium-bt; font-size: 12pt;\">Porcentaje de viviendas particulares habitadas con paredes precarias(Porcentaje), 2015: <strong>1.3<\/strong><\/span><\/p>\n<p><span style=\"font-family: futura-medium-bt; font-size: 12pt;\">Porcentaje de viviendas particulares habitadas de un familiar o prestada(Porcentaje), 2015: <strong>9.5<\/strong><\/span><\/p>\n<p><span style=\"font-family: futura-medium-bt; font-size: 12pt;\">Porcentaje de viviendas particulares habitadas que disponen de Internet(Porcentaje), 2015: <strong>38.0<\/strong><\/span><\/p>\n<p><span style=\"font-family: futura-medium-bt; font-size: 12pt;\">Porcentaje de viviendas donde separan en org\u00e1nico e inorg\u00e1nico los residuos(Porcentaje), 2015: <strong>41.9<\/strong><\/span><\/p>\n<p><span style=\"font-family: futura-medium-bt; font-size: 12pt;\">Porcentaje de viviendas que disponen de panel solar para tener electricidad(Porcentaje), 2015: <strong>0.5<\/strong><\/span><\/p>\n<p><span style=\"font-family: futura-medium-bt; font-size: 12pt;\">Porcentaje de viviendas particulares habitadas que disponen de computadora(Porcentaje), 2015: <strong>33.4<\/strong><\/span><\/p>\n<p><span style=\"font-family: futura-medium-bt; font-size: 12pt;\">Porcentaje de viviendas particulares habitadas con tenencia no especificada(Porcentaje), 2015: <strong>0.3<\/strong><\/span><\/p>\n<p><span style=\"font-family: futura-medium-bt; font-size: 12pt;\">Porcentaje de viviendas particulares habitadas en otra situaci\u00f3n de tenencia(Porcentaje), 2015: <strong>1.3<\/strong><\/span><\/p>\n<p><span style=\"font-family: futura-medium-bt; font-size: 12pt;\">Porcentaje de viviendas particulares habitadas que disponen de tel\u00e9fono fijo(Porcentaje), 2015: <strong>23.0<\/strong><\/span><\/p>\n<p><span style=\"font-family: futura-medium-bt; font-size: 12pt;\">Porcentaje de viviendas particulares habitadas que disponen de pantalla plana(Porcentaje), 2015: <strong>46.4<\/strong><\/span><\/p>\n<p><span style=\"font-family: futura-medium-bt; font-size: 12pt;\">Porcentaje de viviendas particulares habitadas que disponen de tel\u00e9fono celular(Porcentaje), 2015: <strong>89.4<\/strong><\/span><\/p>\n<p><span style=\"font-family: futura-medium-bt; font-size: 12pt;\">Porcentaje de viviendas particulares habitadas que disponen de televisi\u00f3n de paga(Porcentaje), 2015: <strong>57.2<\/strong><\/span><\/p>\n<p><span style=\"font-family: futura-medium-bt; font-size: 12pt;\">Porcentaje de viviendas en el \u00e1mbito geogr\u00e1fico de referencia respecto a la unidad geogr\u00e1fica superior(Porcentaje), 2015: <strong>1.4<\/strong><\/span><\/p>\n<p><span style=\"font-family: futura-medium-bt; font-size: 12pt;\">Porcentaje de viviendas con drenaje(Porcentaje), 2015: <strong>97.0<\/strong><\/span><\/p>\n<p><span style=\"font-family: futura-medium-bt; font-size: 12pt;\">Promedio de ocupantes por cuarto (\u00cdndice de hacinamiento)(Promedio), 2015: <strong>1.2<\/strong><\/span><\/p>\n<pre class=\"derecha\"><span style=\"font-size: 14pt; color: #0000ff;\"><strong><span style=\"font-family: futura-medium-bt;\"><label class=\"texto\" data-role=\"none\">Hogares<\/label><\/span><\/strong><\/span><\/pre>\n<p class=\"derecha\"><span style=\"font-family: futura-medium-bt; font-size: 12pt;\">Tama\u00f1o promedio del hogar(Promedio de personas), 2017: <strong>3.2<\/strong><\/span><\/p>\n<p><span style=\"font-family: futura-medium-bt; font-size: 12pt;\">Porcentaje de hogares familiares(Porcentaje), 2017: <strong>80.2<\/strong><\/span><\/p>\n<p><span style=\"font-family: futura-medium-bt; font-size: 12pt;\">Porcentaje de hogares unipersonales(Porcentaje), 2017: <strong>18.4<\/strong><\/span><\/p>\n<p><span style=\"font-family: futura-medium-bt; font-size: 12pt;\">Hogares con jefatura masculina(Hogares), 2015: <strong>321,718<\/strong><\/span><\/p>\n<p><span style=\"font-family: futura-medium-bt; font-size: 12pt;\">Hogares con jefatura femenina(Hogares), 2015: <strong>119,482<\/strong><\/span><\/p>\n<p><span style=\"font-family: futura-medium-bt; font-size: 12pt;\">Tama\u00f1o promedio de los hogares(N\u00famero de personas), 2015: <strong>3.4<\/strong><\/span><\/p>\n<p><span style=\"font-family: futura-medium-bt; font-size: 12pt;\">Tama\u00f1o promedio de los hogares con jefe hombre, 2010: <strong>3.7<\/strong><\/span><\/p>\n<p><span style=\"font-family: futura-medium-bt; font-size: 12pt;\">Tama\u00f1o promedio de los hogares con jefe mujer, 2010: <strong>3.2<\/strong><\/span><\/p>\n<p><span style=\"font-family: futura-medium-bt; font-size: 12pt;\">Poblaci\u00f3n en hogares familiares, 2010: <strong>1,231,691<\/strong><\/span><\/p>\n<p><span style=\"font-family: futura-medium-bt; font-size: 12pt;\">Poblaci\u00f3n en hogares no familiares, 2010: <strong>62,607<\/strong><\/span><\/p>\n<p><span style=\"font-family: futura-medium-bt; font-size: 12pt;\">Poblaci\u00f3n en hogares(Personas), 2015: <strong>1,501,562<\/strong><\/span><\/p>\n<p class=\"col-xs-2 colspanfcha\"><span style=\"font-family: futura-medium-bt; font-size: 12pt;\">Hogares(Hogares), 2015: <strong>441,200<\/strong><\/span><\/p>\n<p><a  href=\"https:\/\/www.inegi.org.mx\/app\/indicadores\/?t=0220&amp;ag=07000023#D02200050\" title=\"\">M\u00c1S INFORMACI\u00d3N<\/a>[\/et_pb_tab][et_pb_tab title=&#8221;MANUFACTURAS&#8221; _builder_version=&#8221;4.6.5&#8243; _module_preset=&#8221;default&#8221;]\n<pre class=\"derecha\"><span style=\"font-size: 14pt; color: #0000ff;\"><strong><span style=\"font-family: futura-medium-bt;\">Sacrificio de Ganado<\/span><\/strong><\/span><\/pre>\n<p><span style=\"font-family: futura-medium-bt; font-size: 12pt;\">Ganado caprino&gt;Producci\u00f3n de carne en canal. Valores absolutos(Toneladas), 2019 Ago: <strong>0&nbsp;<\/strong><\/span><\/p>\n<p><span style=\"font-family: futura-medium-bt; font-size: 12pt;\"><label class=\"texto\" data-role=\"none\">Ganado caprino&gt;Valor de la producci\u00f3n de carne en canal. Valores absolutos(Miles de pesos), 2019 Ago:&nbsp;<\/label><strong>0<\/strong><\/span><\/p>\n<p><span style=\"font-family: futura-medium-bt; font-size: 12pt;\">Ganado bovino&gt;Valor de la producci\u00f3n de carne en canal. Valores absolutos(Miles de pesos), 2019 Ago: <strong>13,773<\/strong><\/span><\/p>\n<p><span style=\"font-family: futura-medium-bt; font-size: 12pt;\">Ganado ovino&gt;Valor de la producci\u00f3n de carne en canal. Valores absolutos(Miles de pesos), 2019 Ago: <strong>87<\/strong><\/span><\/p>\n<p><span style=\"font-family: futura-medium-bt; font-size: 12pt;\">Ganado porcino&gt;Ganado sacrificado. Valores absolutos(N\u00famero de cabezas sacrificadas), 2019 Ago: <strong>6,421<\/strong><\/span><\/p>\n<p><span style=\"font-family: futura-medium-bt; font-size: 12pt;\">Ganado bovino&gt;Producci\u00f3n de carne en canal. Valores absolutos(Toneladas), 2019 Ago: <strong>177<\/strong><\/span><\/p>\n<p><span style=\"font-family: futura-medium-bt; font-size: 12pt;\">Ganado ovino&gt;Ganado sacrificado. Valores absolutos(N\u00famero de cabezas sacrificadas), 2019 Ago: <strong>77<\/strong><\/span><\/p>\n<p><span style=\"font-family: futura-medium-bt; font-size: 12pt;\">Ganado porcino&gt;Producci\u00f3n de carne en canal. Valores absolutos(Toneladas), 2019 Ago: <strong>418<\/strong><\/span><\/p>\n<p><span style=\"font-family: futura-medium-bt; font-size: 12pt;\">Ganado ovino&gt;Producci\u00f3n de carne en canal. Valores absolutos(Toneladas), 2019 Ago: <strong>2<\/strong><\/span><\/p>\n<p><span style=\"font-family: futura-medium-bt; font-size: 12pt;\">Ganado porcino&gt;Valor de la producci\u00f3n de carne en canal. Valores absolutos(Miles de pesos), 2019 Ago: <strong>17,131<\/strong><\/span><\/p>\n<p><span style=\"font-family: futura-medium-bt; font-size: 12pt;\">Ganado bovino&gt;Ganado sacrificado. Valores absolutos(N\u00famero de cabezas sacrificadas), 2019 Ago: <strong>666<\/strong><\/span><\/p>\n<p><span style=\"font-family: futura-medium-bt; font-size: 12pt;\">Ganado caprino&gt;Ganado sacrificado. Valores absolutos(N\u00famero de cabezas sacrificadas), 2019 Ago: <strong>0<\/strong><\/span><\/p>\n<p><span style=\"font-family: futura-medium-bt; font-size: 12pt;\">Ganado ovino&gt;N\u00famero de cabezas sacrificada. 1. Sacrificio de ganado. Absolutos(N\u00famero de cabezas sacrificadas), 2018: <strong>1,217<\/strong><\/span><\/p>\n<p><span style=\"font-family: futura-medium-bt; font-size: 12pt;\">Ganado caprino&gt;Valor de la Producci\u00f3n de Carne en Canal. 1. Sacrificio de ganado. Absolutos(Miles de pesos), 2018: <strong>0<\/strong><\/span><\/p>\n<p><span style=\"font-family: futura-medium-bt; font-size: 12pt;\">Ganado porcino&gt;Producci\u00f3n de Carne en Canal. 1. Sacrificio de ganado. Absolutos(Toneladas), 2018: <strong>4,710<\/strong><\/span><\/p>\n<p><span style=\"font-family: futura-medium-bt; font-size: 12pt;\">Ganado bovino&gt;N\u00famero de cabezas sacrificada. 1. Sacrificio de ganado. Absolutos(N\u00famero de cabezas sacrificadas), 2018: <strong>6,773<\/strong><\/span><\/p>\n<p><span style=\"font-family: futura-medium-bt; font-size: 12pt;\">Ganado caprino&gt;N\u00famero de cabezas sacrificada. 1. Sacrificio de ganado. Absolutos(N\u00famero de cabezas sacrificadas), 2018: <strong>0<\/strong><\/span><\/p>\n<p><span style=\"font-family: futura-medium-bt; font-size: 12pt;\">Ganado ovino&gt;Valor de la Producci\u00f3n de Carne en Canal. 1. Sacrificio de ganado. Absolutos(Miles de pesos), 2018: <strong>1,323<\/strong><\/span><\/p>\n<p><span style=\"font-family: futura-medium-bt; font-size: 12pt;\">Ganado bovino&gt;Valor de la Producci\u00f3n de Carne en Canal. 1. Sacrificio de ganado. Absolutos(Miles de pesos), 2018: <strong>138,971<\/strong><\/span><\/p>\n<p><span style=\"font-family: futura-medium-bt; font-size: 12pt;\">Ganado porcino&gt;Valor de la Producci\u00f3n de Carne en Canal. 1. Sacrificio de ganado. Absolutos(Miles de pesos), 2018: <strong>190,315<\/strong><\/span><\/p>\n<p><span style=\"font-family: futura-medium-bt; font-size: 12pt;\">Ganado caprino&gt;Producci\u00f3n de Carne en Canal. 1. Sacrificio de ganado. Absolutos(Toneladas), 2018: <strong>0<\/strong><\/span><\/p>\n<p><span style=\"font-family: futura-medium-bt; font-size: 12pt;\">Ganado bovino&gt;Producci\u00f3n de Carne en Canal. 1. Sacrificio de ganado. Absolutos(Toneladas), 2018: <strong>1,841<\/strong><\/span><\/p>\n<hr>\n<\/div>\n<div id=\"divFV6204131133\">\n<p><span style=\"font-family: futura-medium-bt; font-size: 12pt;\">Ganado ovino&gt;Producci\u00f3n de Carne en Canal. 1. Sacrificio de ganado. Absolutos(Toneladas), 2018: <strong>28<\/strong><\/span><\/p>\n<p><span style=\"font-family: futura-medium-bt; font-size: 12pt;\">Ganado porcino&gt;N\u00famero de cabezas sacrificada. 1. Sacrificio de ganado. Absolutos(N\u00famero de cabezas sacrificadas), 2018: <strong>72,090<\/strong><\/span><\/p>\n<pre class=\"derecha\"><span style=\"font-size: 14pt; color: #0000ff;\"><strong><span style=\"font-family: futura-medium-bt;\"><label class=\"texto\" data-role=\"none\">Industria Manufacturera<\/label><\/span><\/strong><\/span><\/pre>\n<p><span style=\"font-family: futura-medium-bt; font-size: 12pt;\">Unidades econ\u00f3micas. Sector 31-33. Industrias manufactureras.(Unidades econ\u00f3micas), 2008: <strong>2,802<\/strong><\/span><\/p>\n<p><span style=\"font-family: futura-medium-bt; font-size: 12pt;\">Acervo total de activos fijos. Sector 31-33. Industrias manufactureras.(Miles de pesos), 2008: <strong>3,101,976.00<\/strong><\/span><\/p>\n<p><span style=\"font-family: futura-medium-bt; font-size: 12pt;\">Valor agregado censal bruto. Sector 31-33. Industrias manufactureras.(Miles de pesos), 2008: <strong>3,066,044.00<\/strong><\/span><\/p>\n<p><span style=\"font-family: futura-medium-bt; font-size: 12pt;\">Total de ingresos por suministro de bienes y servicios. Sector 31-33. Industrias manufactureras.(Miles de pesos), 2008: <strong>8,421,292.00<\/strong><\/span><\/p>\n<p><span style=\"font-family: futura-medium-bt; font-size: 12pt;\">Total de gastos por consumo de bienes y servicios. Sector 31-33. Industrias manufactureras.(Miles de pesos), 2008: <strong>5,701,222.00<\/strong><\/span><\/p>\n<p><span style=\"font-family: futura-medium-bt; font-size: 12pt;\">Producci\u00f3n bruta total por unidad econ\u00f3mica. Sector 31-33. Industrias manufactureras.(Miles de pesos), 2008: <strong>2,925.45<\/strong><\/span><\/p>\n<p><span style=\"font-family: futura-medium-bt; font-size: 12pt;\">Valor agregado censal bruto por personal ocupado total. Sector 31-33. Industrias manufactureras.(Miles de pesos), 2008: <strong>204.72<\/strong><\/span><\/p>\n<p><span style=\"font-family: futura-medium-bt; font-size: 12pt;\">Producci\u00f3n bruta total por personal ocupado total. Sector 31-33. Industrias manufactureras.(Miles de pesos), 2008: <strong>547.31<\/strong><\/span><\/p>\n<p><a  href=\"https:\/\/www.inegi.org.mx\/app\/indicadores\/?t=0220&amp;ag=07000023#D02200050\" title=\"\">M\u00c1S INFORMACI\u00d3N<\/a>[\/et_pb_tab][\/et_pb_tabs][\/et_pb_column][\/et_pb_row][\/et_pb_section]\n","protected":false},"excerpt":{"rendered":"<p>[et_pb_section fb_built=&#8221;1&#8243; fullwidth=&#8221;on&#8221; _builder_version=&#8221;4.6.5&#8243; _module_preset=&#8221;default&#8221;][et_pb_ca_fullwidth_section_primary featured_image_button=&#8221;off&#8221; heading_text_color=&#8221;#FFFFFF&#8221; heading_align=&#8221;center&#8221; heading_size=&#8221;h1&#8243; _builder_version=&#8221;4.6.5&#8243; _module_preset=&#8221;default&#8221; module_text_color=&#8221;#FFFFFF&#8221; module_font_size=&#8221;20px&#8221; background_color=&#8221;rgba(0,0,0,0)&#8221; background_image=&#8221;https:\/\/preview.qroo.gob.mx\/inicio\/wp-content\/uploads\/2020\/10\/landing-header-business_qroo.png&#8221; width=&#8221;100%&#8221; height=&#8221;139px&#8221; custom_margin=&#8221;0px||||false|false&#8221; animation_style=&#8221;fade&#8221; hover_enabled=&#8221;0&#8243; custom_css_main_element=&#8221;background-size: cover;||background-repeat: no-repeat;||&#8221; box_shadow_style=&#8221;preset1&#8243; text_shadow_style=&#8221;preset1&#8243; text_shadow_blur_strength=&#8221;0.24em&#8221; text_shadow_color=&#8221;#000000&#8243; sticky_enabled=&#8221;0&#8243;] Oportunidades por Sector [\/et_pb_ca_fullwidth_section_primary][\/et_pb_section][et_pb_section fb_built=&#8221;1&#8243; _builder_version=&#8221;4.6.5&#8243; _module_preset=&#8221;default&#8221;][et_pb_row _builder_version=&#8221;4.6.5&#8243; _module_preset=&#8221;default&#8221;][et_pb_column type=&#8221;4_4&#8243; _builder_version=&#8221;4.6.5&#8243; _module_preset=&#8221;default&#8221;][et_pb_tabs _builder_version=&#8221;4.6.5&#8243; _module_preset=&#8221;default&#8221;][et_pb_tab title=&#8221;AMBULANCIAS&#8221; _builder_version=&#8221;4.6.5&#8243; _module_preset=&#8221;default&#8221;] Productores beneficiados por el PROCAMPO, 2017: 20,813 Monto pagado por [&hellip;]<\/p>\n","protected":false},"author":4,"featured_media":0,"parent":0,"menu_order":0,"comment_status":"closed","ping_status":"closed","template":"","meta":{"_et_pb_use_builder":"on","_et_pb_old_content":"[vc_row][vc_column][vc_tta_tour][vc_tta_section title=\"AGRICULTURA\" tab_id=\"1574089480021-dfc634ca-448c\"][vc_column_text]\n<div class=\"temaPadre\">\n\n<span style=\"font-family: futura-medium-bt; font-size: 12pt;\"><span style=\"font-family: futura-medium-bt; font-size: 12pt;\">Productores beneficiados por el PROCAMPO, 2017: <strong>20,813<\/strong><\/span><\/span>\n\n<hr \/>\n\n<\/div>\n<div class=\" row indicador \">\n<div class=\"col-md-3 col-sm-3 col-xs-12\">\n<div class=\"row\">\n<div class=\"col-xs-2 colspanfcha\">\n\n<span style=\"font-family: futura-medium-bt; font-size: 12pt;\"><span style=\"font-family: futura-medium-bt; font-size: 12pt;\">Monto pagado por el PROCAMPO(Miles de pesos), 2017: <strong>78,346<\/strong><\/span><\/span>\n\n<hr \/>\n\n<\/div>\n<\/div>\n<\/div>\n<\/div>\n<div class=\" row indicadorPar \">\n<div class=\"col-md-3 col-sm-3 col-xs-12\">\n<div class=\"row\">\n<div class=\"col-xs-2 colspanfcha\">\n\n<span style=\"font-family: futura-medium-bt; font-size: 12pt;\"><span style=\"font-family: futura-medium-bt; font-size: 12pt;\">Volumen de la producci\u00f3n forestal maderable(Metros c\u00fabicos rollo), 2017: <strong>57,479<\/strong><\/span><\/span>\n\n<hr \/>\n\n<\/div>\n<\/div>\n<\/div>\n<\/div>\n<div class=\" row indicador \">\n<div class=\"col-md-3 col-sm-3 col-xs-12\">\n<div class=\"row\">\n<div class=\"col-xs-2 colspanfcha\">\n\n<span style=\"font-family: futura-medium-bt; font-size: 12pt;\"><span style=\"font-family: futura-medium-bt; font-size: 12pt;\">Volumen de la producci\u00f3n forestal maderable de con\u00edferas(Metros c\u00fabicos rollo), 2017: <strong>0<\/strong><\/span><\/span>\n\n<hr \/>\n\n<\/div>\n<\/div>\n<\/div>\n<\/div>\n<div class=\" row indicadorPar \">\n<div class=\"col-md-3 col-sm-3 col-xs-12\">\n<div class=\"row\">\n<div class=\"col-xs-2 colspanfcha\">\n\n<span style=\"font-family: futura-medium-bt; font-size: 12pt;\"><span style=\"font-family: futura-medium-bt; font-size: 12pt;\">Volumen de la producci\u00f3n forestal maderable de latifoliadas(Metros c\u00fabicos rollo), 2017: <strong>0<\/strong><\/span><\/span>\n\n<hr \/>\n\n<\/div>\n<\/div>\n<\/div>\n<\/div>\n<div class=\" row indicador \">\n<div class=\"col-md-3 col-sm-3 col-xs-12\">\n<div class=\"row\">\n<div class=\"col-xs-2 colspanfcha\">\n\n<span style=\"font-family: futura-medium-bt; font-size: 12pt;\"><span style=\"font-family: futura-medium-bt; font-size: 12pt;\">Volumen de la producci\u00f3n forestal maderable de preciosas(Metros c\u00fabicos rollo), 2017: <strong>3,897<\/strong><\/span><\/span>\n\n<hr \/>\n\n<\/div>\n<\/div>\n<\/div>\n<\/div>\n<div class=\" row indicadorPar \">\n<div class=\"col-md-3 col-sm-3 col-xs-12\">\n<div class=\"row\">\n<div class=\"col-xs-2 colspanfcha\">\n\n<span style=\"font-family: futura-medium-bt; font-size: 12pt;\"><span style=\"font-family: futura-medium-bt; font-size: 12pt;\">Volumen de la producci\u00f3n forestal maderable de comunes tropicales(Metros c\u00fabicos rollo), 2017: <strong>53,582<\/strong><\/span><\/span>\n\n<hr \/>\n\n<\/div>\n<\/div>\n<\/div>\n<\/div>\n<div class=\" row indicador \">\n<div class=\"col-md-3 col-sm-3 col-xs-12\">\n<div class=\"row\">\n<div class=\"col-xs-2 colspanfcha\">\n\n<span style=\"font-family: futura-medium-bt; font-size: 12pt;\"><span style=\"font-family: futura-medium-bt; font-size: 12pt;\">Valor de la producci\u00f3n forestal maderable(Miles de pesos), 2017: <strong>109,747<\/strong><\/span><\/span>\n\n<hr \/>\n\n<\/div>\n<\/div>\n<\/div>\n<\/div>\n<div class=\" row indicadorPar \">\n<div class=\"col-md-3 col-sm-3 col-xs-12\">\n<div class=\"row\">\n<div class=\"col-xs-2 colspanfcha\">\n\n<span style=\"font-family: futura-medium-bt; font-size: 12pt;\"><span style=\"font-family: futura-medium-bt; font-size: 12pt;\">Valor de la producci\u00f3n forestal maderable de con\u00edferas(Miles de pesos), 2017: <strong>0<\/strong><\/span><\/span>\n\n<hr \/>\n\n<\/div>\n<\/div>\n<\/div>\n<\/div>\n<div class=\" row indicador \">\n<div class=\"col-md-3 col-sm-3 col-xs-12\">\n<div class=\"row\">\n<div class=\"col-xs-2 colspanfcha\">\n\n<span style=\"font-family: futura-medium-bt; font-size: 12pt;\"><span style=\"font-family: futura-medium-bt; font-size: 12pt;\">Valor de la producci\u00f3n forestal maderable de latifoliadas(Miles de pesos), 2017: <strong>0<\/strong><\/span><\/span>\n\n<hr \/>\n\n<\/div>\n<\/div>\n<\/div>\n<\/div>\n<div class=\" row indicadorPar \">\n<div class=\"col-md-3 col-sm-3 col-xs-12\">\n<div class=\"row\">\n<div class=\"col-xs-2 colspanfcha\">\n\n<span style=\"font-family: futura-medium-bt; font-size: 12pt;\"><span style=\"font-family: futura-medium-bt; font-size: 12pt;\">Valor de la producci\u00f3n forestal maderable de preciosas(Miles de pesos), 2017: <strong>14,029<\/strong><\/span><\/span>\n\n<hr \/>\n\n<\/div>\n<\/div>\n<\/div>\n<\/div>\n<div class=\" row indicador \">\n<div class=\"col-md-3 col-sm-3 col-xs-12\">\n<div class=\"row\">\n<div class=\"col-xs-2 colspanfcha\">\n\n<span style=\"font-family: futura-medium-bt; font-size: 12pt;\"><span style=\"font-family: futura-medium-bt; font-size: 12pt;\">Valor de la producci\u00f3n forestal maderable de comunes tropicales(Miles de pesos), 2017: <strong>95,718<\/strong><\/span><\/span>\n\n<hr \/>\n\n<\/div>\n<\/div>\n<\/div>\n<\/div>\n<div class=\" row indicadorPar \">\n<div class=\"col-md-3 col-sm-3 col-xs-12\">\n<div class=\"row\">\n<div class=\"col-xs-2 colspanfcha\">\n\n<span style=\"font-family: futura-medium-bt; font-size: 12pt;\"><span style=\"font-family: futura-medium-bt; font-size: 12pt;\">Superficie beneficiada por el PROAGRO para actividades agr\u00edcolas(Hect\u00e1reas), 2017: <strong>71,798<\/strong><\/span><\/span>\n\n<hr \/>\n\n<\/div>\n<\/div>\n<\/div>\n<\/div>\n[\/vc_column_text][\/vc_tta_section][vc_tta_section title=\"GANADER\u00cdA\" tab_id=\"1574097839496-8e365743-8f0d\"][vc_column_text]\n<div class=\"col-md-9 col-sm-9 col-xs-12\">\n<div>\n\n<span style=\"font-family: futura-medium-bt; font-size: 12pt;\"><label class=\"texto\" data-role=\"none\">Poblaci\u00f3n ap\u00edcola (colmenas).(Colmenas), 2016:\u00a0<\/label><strong><strong>120,188<\/strong><\/strong><\/span>\n\n<hr \/>\n\n<\/div>\n<\/div>\n[\/vc_column_text][\/vc_tta_section][vc_tta_section title=\"PESCA Y ACUICULTURA\" tab_id=\"1574089480045-d92acedf-07e2\"][vc_column_text]\n<div class=\"container\">\n<div id=\"PrincipalContainer\" class=\"row row-offcanvas row-offcanvas-left\">\n<div id=\"colContenido\" class=\"col-xs-12 col-sm-9 classContenidoResultados\">\n<div id=\"containerindicatorlist\" class=\"panel panel-default con_desf_inf row\">\n<div id=\"contenedorTabla\" class=\"panel-body\">\n<div class=\"row\">\n<div class=\"top espacio\">\n<div id=\"contextTopics\">\n<div class=\"temaHijo\">\n<div class=\"fila\">\n<div class=\"derecha\">\n\n<span style=\"font-family: futura-medium-bt; font-size: 12pt;\">N\u00famero y superficie total de los terrenos&gt;N\u00famero total de terrenos. Productores. Absoluto(Terrenos), 2016: <strong>41,431<\/strong><\/span>\n\n<hr \/>\n\n<\/div>\n<\/div>\n<\/div>\n<div class=\" row indicador \">\n<div class=\"col-md-9 col-sm-9 col-xs-12\">\n<div style=\"box-sizing: border-box; display: block;\">\n\n<span style=\"font-family: futura-medium-bt; font-size: 12pt;\"><label class=\"texto\" data-role=\"none\">N\u00famero y superficie total de los terrenos&gt;Terrenos sin actividad&gt;N\u00famero total de terrenos. Sin actividad. Absoluto(Terrenos), 2016:\u00a0<\/label><strong>14,707<\/strong><\/span>\n\n<hr \/>\n\n<\/div>\n<\/div>\n<\/div>\n<div class=\" row indicadorPar \">\n<div class=\"col-md-9 col-sm-9 col-xs-12\">\n<div style=\"box-sizing: border-box; display: block;\">\n\n<span style=\"font-family: futura-medium-bt; font-size: 12pt;\"><label class=\"texto\" data-role=\"none\">N\u00famero y superficie total de los terrenos&gt;Actividad principal del terreno&gt;Otra actividad&gt;N\u00famero total de terrenos. Otros Productores. Absoluto(Terrenos), 2016:\u00a0<\/label><strong>1,765<\/strong><\/span>\n\n<hr \/>\n\n<\/div>\n<\/div>\n<\/div>\n<div class=\" row indicador \">\n<div class=\"col-md-9 col-sm-9 col-xs-12\">\n<div style=\"box-sizing: border-box; display: block;\">\n\n<span style=\"font-family: futura-medium-bt; font-size: 12pt;\"><label class=\"texto\" data-role=\"none\">N\u00famero y superficie total de los terrenos&gt;Actividad principal del terreno&gt;Actividad Agr\u00edcola&gt;N\u00famero total de terrenos. Productores agr\u00edcolas. Absoluto(Terrenos), 2016:\u00a0<\/label><strong>20,317<\/strong><\/span>\n\n<hr \/>\n\n<\/div>\n<\/div>\n<\/div>\n<div class=\" row indicadorPar \">\n<div class=\"col-md-9 col-sm-9 col-xs-12\">\n<div style=\"box-sizing: border-box; display: block;\">\n\n<span style=\"font-family: futura-medium-bt; font-size: 12pt;\"><label class=\"texto\" data-role=\"none\">N\u00famero y superficie total de los terrenos&gt;Actividad principal del terreno&gt;Actividad Ganadera&gt;N\u00famero total de terrenos. Productores ganaderos. Absoluto(Terrenos), 2016:\u00a0<\/label><strong>4,23<\/strong><\/span>\n\n<hr \/>\n\n<\/div>\n<\/div>\n<\/div>\n<div class=\" row indicador \">\n<div class=\"col-md-9 col-sm-9 col-xs-12\">\n<div style=\"box-sizing: border-box; display: block;\">\n\n<span style=\"font-family: futura-medium-bt; font-size: 12pt;\"><label class=\"texto\" data-role=\"none\">N\u00famero y superficie total de los terrenos&gt;Actividad principal del terreno&gt;Actividad Forestal&gt;N\u00famero total de terrenos. Productores forestales. Absoluto(Terrenos), 2016:\u00a0<\/label><strong>408<\/strong><\/span>\n\n<hr \/>\n\n<\/div>\n<\/div>\n<\/div>\n<\/div>\n<\/div>\n<\/div>\n<\/div>\n<\/div>\n<\/div>\n<\/div>\n<\/div>\n[\/vc_column_text][\/vc_tta_section][vc_tta_section title=\"COMERCIO\" tab_id=\"1574090235693-351376ce-bf0e\"][vc_column_text]\n<div class=\"temaPadre\">\n\n<span style=\"font-family: futura-medium-bt; font-size: 12pt;\">Unidades econ\u00f3micas. Gran sector 43-46. Comercio.(Unidades econ\u00f3micas), 2008: <strong><strong>18,516<\/strong><\/strong><\/span>\n\n<hr \/>\n\n<\/div>\n<div class=\" row indicador \">\n<div class=\"col-md-3 col-sm-3 col-xs-12\">\n<div class=\"row\">\n<div class=\"col-xs-2 colspanfcha\">\n\n<span style=\"font-family: futura-medium-bt; font-size: 12pt;\">Producci\u00f3n bruta total. Gran sector 43-46. Comercio.(Miles de pesos), 2008: <strong>18,076,110.00<\/strong><\/span>\n\n<hr \/>\n\n<\/div>\n<\/div>\n<\/div>\n<\/div>\n<div class=\" row indicadorPar \">\n<div class=\"col-md-3 col-sm-3 col-xs-12\">\n<div class=\"row\">\n<div class=\"col-xs-2 colspanfcha\">\n\n<span style=\"font-family: futura-medium-bt; font-size: 12pt;\">Acervo total de activos fijos. Gran sector 43-46. Comercio.(Miles de pesos), 2008: <strong>8,385,197.00<\/strong><\/span>\n\n<hr \/>\n\n<\/div>\n<\/div>\n<\/div>\n<\/div>\n<div class=\" row indicador \">\n<div class=\"col-md-3 col-sm-3 col-xs-12\">\n<div class=\"row\">\n<div class=\"col-xs-2 colspanfcha\">\n\n<span style=\"font-family: futura-medium-bt; font-size: 12pt;\">Valor agregado censal bruto. Gran sector 43-46. Comercio.(Miles de pesos), 2008: <strong>10,394,189.00<\/strong><\/span>\n\n<hr \/>\n\n<\/div>\n<\/div>\n<\/div>\n<\/div>\n<div class=\" row indicadorPar \">\n<div class=\"col-md-3 col-sm-3 col-xs-12\">\n<div class=\"row\">\n<div class=\"col-xs-2 colspanfcha\">\n\n<span style=\"font-family: futura-medium-bt; font-size: 12pt;\">Total de ingresos por suministro de bienes y servicios. Gran sector 43-46. Comercio.(Miles de pesos), 2008: <strong>74,660,590.00<\/strong><\/span>\n\n<hr \/>\n\n<\/div>\n<\/div>\n<\/div>\n<\/div>\n<div class=\" row indicador \">\n<div class=\"col-md-3 col-sm-3 col-xs-12\">\n<div class=\"row\">\n<div class=\"col-xs-2 colspanfcha\">\n\n<span style=\"font-family: futura-medium-bt; font-size: 12pt;\">Total de gastos por consumo de bienes y servicios. Gran sector 43-46. Comercio.(Miles de pesos), 2008: <strong>64,178,077.00<\/strong><\/span>\n\n<hr \/>\n\n<\/div>\n<\/div>\n<\/div>\n<\/div>\n<div class=\" row indicadorPar \">\n<div class=\"col-md-3 col-sm-3 col-xs-12\">\n<div class=\"row\">\n<div class=\"col-xs-2 colspanfcha\">\n\n<span style=\"font-family: futura-medium-bt; font-size: 12pt;\">Producci\u00f3n bruta total por unidad econ\u00f3mica. Gran sector 43-46. Comercio.(Miles de pesos), 2008: <strong>976.24<\/strong><\/span>\n\n<hr \/>\n\n<\/div>\n<\/div>\n<\/div>\n<\/div>\n<div class=\" row indicador \">\n<div class=\"col-md-3 col-sm-3 col-xs-12\">\n<div class=\"row\">\n<div class=\"col-xs-2 colspanfcha\">\n\n<span style=\"font-family: futura-medium-bt; font-size: 12pt;\">Valor agregado censal bruto por personal ocupado total. Gran sector 43-46. Comercio.(Miles de pesos), 2008: <strong>125.22<\/strong><\/span>\n\n<hr \/>\n\n<\/div>\n<\/div>\n<\/div>\n<\/div>\n<div class=\" row indicadorPar \">\n<div class=\"col-md-3 col-sm-3 col-xs-12\">\n<div class=\"row\">\n<div class=\"col-xs-2 colspanfcha\">\n\n<span style=\"font-family: futura-medium-bt; font-size: 12pt;\">Producci\u00f3n bruta total por personal ocupado total. Gran sector 43-46. Comercio.(Miles de pesos), 2008: <strong>217.77<\/strong><\/span>\n\n<hr \/>\n\n<\/div>\n<\/div>\n<\/div>\n<\/div>\n[\/vc_column_text][\/vc_tta_section][vc_tta_section title=\"CONSTRUCCI\u00d3N\" tab_id=\"1574090382740-ad580883-b067\"][vc_column_text]\n<div class=\"temaPadre\">\n\n<span style=\"font-family: futura-medium-bt; font-size: 12pt;\">Unidades econ\u00f3micas. Sector 23. Construcci\u00f3n.(Unidades econ\u00f3micas), 2008: <strong>329<\/strong><\/span>\n\n<hr \/>\n\n<\/div>\n<div class=\" row indicador \">\n<div class=\"col-md-3 col-sm-3 col-xs-12\">\n<div class=\"row\">\n<div class=\"col-xs-2 colspanfcha\">\n\n<span style=\"font-family: futura-medium-bt; font-size: 12pt;\">Producci\u00f3n bruta total. Sector 23. Construcci\u00f3n.(Miles de pesos), 2008: <strong>6,675,595.00<\/strong><\/span>\n\n<hr \/>\n\n<\/div>\n<\/div>\n<\/div>\n<\/div>\n<div class=\" row indicadorPar \">\n<div class=\"col-md-3 col-sm-3 col-xs-12\">\n<div class=\"row\">\n<div class=\"col-xs-2 colspanfcha\">\n\n<span style=\"font-family: futura-medium-bt; font-size: 12pt;\">Producci\u00f3n bruta total. Sector 31-33. Industrias manufactureras.(Miles de pesos), 2008: <strong>8,197,113.00<\/strong><\/span>\n\n<hr \/>\n\n<\/div>\n<\/div>\n<\/div>\n<\/div>\n<div class=\" row indicador \">\n<div class=\"col-md-3 col-sm-3 col-xs-12\">\n<div class=\"row\">\n<div class=\"col-xs-2 colspanfcha\">\n\n<span style=\"font-family: futura-medium-bt; font-size: 12pt;\">Acervo total de activos fijos. Sector 23. Construcci\u00f3n.(Miles de pesos), 2008: <strong>1,260,198.00<\/strong><\/span>\n\n<hr \/>\n\n<\/div>\n<\/div>\n<\/div>\n<\/div>\n<div class=\" row indicadorPar \">\n<div class=\"col-md-3 col-sm-3 col-xs-12\">\n<div class=\"row\">\n<div class=\"col-xs-2 colspanfcha\">\n\n<span style=\"font-family: futura-medium-bt; font-size: 12pt;\">Valor agregado censal bruto. Sector 23. Construcci\u00f3n.(Miles de pesos), 2008: <strong>1,340,207.00<\/strong><\/span>\n\n<hr \/>\n\n<\/div>\n<\/div>\n<\/div>\n<\/div>\n<div class=\" row indicador \">\n<div class=\"col-md-3 col-sm-3 col-xs-12\">\n<div class=\"row\">\n<div class=\"col-xs-2 colspanfcha\">\n\n<span style=\"font-family: futura-medium-bt; font-size: 12pt;\">Total de ingresos por suministro de bienes y servicios. Sector 23. Construcci\u00f3n.(Miles de pesos), 2008: <strong>6,616,992.00<\/strong><\/span>\n\n<hr \/>\n\n<\/div>\n<\/div>\n<\/div>\n<\/div>\n<div class=\" row indicadorPar \">\n<div class=\"col-md-3 col-sm-3 col-xs-12\">\n<div class=\"row\">\n<div class=\"col-xs-2 colspanfcha\">\n\n<span style=\"font-family: futura-medium-bt; font-size: 12pt;\">Total de gastos por consumo de bienes y servicios. Sector 22. Agua y gas.(Miles de pesos), 2008: <strong>1,767,375.00<\/strong><\/span>\n\n<hr \/>\n\n<\/div>\n<\/div>\n<\/div>\n<\/div>\n<div class=\" row indicador \">\n<div class=\"col-md-3 col-sm-3 col-xs-12\">\n<div class=\"row\">\n<div class=\"col-xs-2 colspanfcha\">\n\n<span style=\"font-family: futura-medium-bt; font-size: 12pt;\">Total de gastos por consumo de bienes y servicios. Sector 23. Construcci\u00f3n.(Miles de pesos), 2008: <strong>5,342,096.00<\/strong><\/span>\n\n<hr \/>\n\n<\/div>\n<\/div>\n<\/div>\n<\/div>\n<div class=\" row indicadorPar \">\n<div class=\"col-md-3 col-sm-3 col-xs-12\">\n<div class=\"row\">\n<div class=\"col-xs-2 colspanfcha\">\n\n<span style=\"font-family: futura-medium-bt; font-size: 12pt;\">Producci\u00f3n bruta total por unidad econ\u00f3mica. Sector 23. Construcci\u00f3n.(Miles de pesos), 2008: <strong>20,290.56<\/strong><\/span>\n\n<hr \/>\n\n<\/div>\n<\/div>\n<\/div>\n<\/div>\n<div class=\" row indicador \">\n<div class=\"col-md-3 col-sm-3 col-xs-12\">\n<div class=\"row\">\n<div class=\"col-xs-2 colspanfcha\">\n\n<span style=\"font-family: futura-medium-bt; font-size: 12pt;\">Valor agregado censal bruto por personal ocupado total. Sector 23. Construcci\u00f3n.(Miles de pesos), 2008: <strong>101.16<\/strong><\/span>\n\n<hr \/>\n\n<\/div>\n<\/div>\n<\/div>\n<\/div>\n<div class=\" row indicadorPar \">\n<div class=\"col-md-3 col-sm-3 col-xs-12\">\n<div class=\"row\">\n<div class=\"col-xs-2 colspanfcha\">\n\n<span style=\"font-family: futura-medium-bt; font-size: 12pt;\">Producci\u00f3n bruta total por personal ocupado total. Sector 23. Construcci\u00f3n.(Miles de pesos), 2008: <strong>503.86<\/strong><\/span>\n\n<hr \/>\n\n<\/div>\n<\/div>\n<\/div>\n<\/div>\n[\/vc_column_text][\/vc_tta_section][vc_tta_section title=\"EDUCACI\u00d3N\" tab_id=\"1574090529541-a43e1550-8e7f\"][vc_column_text]\n<pre><span style=\"font-family: futura-medium-bt; font-size: 14pt;\"><strong><span style=\"color: #0000ff;\">Caracter\u00edsticas Educativas de la Poblaci\u00f3n<\/span><\/strong><\/span><\/pre>\n<div id=\"content\">\n<div class=\"row indicador\">\n<div class=\"col-xs-9\">\n\n<span style=\"font-family: futura-medium-bt; font-size: 12pt;\"><label class=\"texto\">Porcentaje de la poblaci\u00f3n de 15 a\u00f1os y m\u00e1s con instrucci\u00f3n media superior (Porcentaje), 2015:\u00a0<\/label><strong><strong>25.8<\/strong><\/strong><\/span>\n\n<hr \/>\n\n<\/div>\n<div class=\"col-xs-3 number\">\n<div class=\"row\">\n<div class=\"col-xs-2 colspanfcha\">\n\n<span style=\"font-family: futura-medium-bt; font-size: 12pt;\">Porcentaje de la poblaci\u00f3n de 15 a\u00f1os y m\u00e1s con instrucci\u00f3n superior (Porcentaje), 2015: <strong><strong>18.6<\/strong><\/strong><\/span>\n\n<hr \/>\n\n<\/div>\n<\/div>\n<\/div>\n<\/div>\n<div class=\"row indicador\">\n<div class=\"col-xs-3 number\">\n<div class=\"row\">\n<div class=\"col-xs-2 colspanfcha\">\n\n<span style=\"font-family: futura-medium-bt; font-size: 12pt;\">Porcentaje de la poblaci\u00f3n de 15 a\u00f1os y m\u00e1s con instrucci\u00f3n no especificada (Porcentaje), 2015: <strong><strong>0.2<\/strong><\/strong><\/span>\n\n<hr \/>\n\n<\/div>\n<\/div>\n<\/div>\n<\/div>\n<\/div>\n[\/vc_column_text][vc_column_text]\n<pre id=\"content_title\" class=\"titulo\"><span style=\"color: #0000ff;\"><strong><span style=\"font-family: futura-medium-bt; font-size: 14pt;\">Caracter\u00edsticas Generales<\/span><\/strong><\/span><\/pre>\n<div id=\"content\">\n<div class=\"row indicador\">\n<div class=\"col-xs-3 number\">\n<div class=\"row\">\n<div class=\"col-xs-2 colspanfcha\">\n<div class=\"temaHijo\">\n<div class=\"fila\">\n<div class=\"derecha\">\n\n<span style=\"font-family: futura-medium-bt; font-size: 12pt;\">Raz\u00f3n entre ni\u00f1as y ni\u00f1os en la ense\u00f1anza secundaria(Mujeres por hombres), 2016: <strong>0.976<\/strong><\/span>\n\n<hr \/>\n\n<\/div>\n<\/div>\n<\/div>\n<div class=\" row indicador \">\n<div class=\"col-md-3 col-sm-3 col-xs-12\">\n<div class=\"row\">\n<div class=\"col-xs-2 colspanfcha\">\n\n<span style=\"font-family: futura-medium-bt; font-size: 12pt;\">Raz\u00f3n entre mujeres y hombres en la ense\u00f1anza superior(Mujeres por hombres), 2016: <strong>0.947<\/strong><\/span>\n\n<hr \/>\n\n<\/div>\n<\/div>\n<\/div>\n<\/div>\n<div class=\" row indicadorPar \">\n<div class=\"col-md-3 col-sm-3 col-xs-12\">\n<div class=\"row\">\n<div class=\"col-xs-2 colspanfcha\">\n\n<span style=\"font-family: futura-medium-bt; font-size: 12pt;\">Raz\u00f3n entre mujeres y hombres en la ense\u00f1anza media superior(Mujeres por hombres), 2016: <strong>0.998<\/strong><\/span>\n\n<hr \/>\n\n<\/div>\n<\/div>\n<\/div>\n<\/div>\n<div class=\" row indicador \">\n<div class=\"col-md-3 col-sm-3 col-xs-12\">\n<div class=\"row\">\n<div class=\"col-xs-2 colspanfcha\">\n\n<span style=\"font-family: futura-medium-bt; font-size: 12pt;\">Raz\u00f3n entre ni\u00f1as y ni\u00f1os en la ense\u00f1anza primaria(Mujeres por hombres), 2016: <strong>0.963<\/strong><\/span>\n\n<hr \/>\n\n<\/div>\n<\/div>\n<\/div>\n<\/div>\n<div class=\" row indicadorPar \">\n<div class=\"col-md-3 col-sm-3 col-xs-12\">\n<div class=\"row\">\n<div class=\"col-xs-2 colspanfcha\">\n\n<span style=\"font-family: futura-medium-bt; font-size: 12pt;\">Grado promedio de escolaridad de la poblaci\u00f3n de 15 y m\u00e1s a\u00f1os(A\u00f1os de escolaridad), 2015: <strong>9.6<\/strong><\/span>\n\n<hr \/>\n\n<\/div>\n<\/div>\n<\/div>\n<\/div>\n<div class=\" row indicador \">\n<div class=\"col-md-3 col-sm-3 col-xs-12\">\n<div class=\"row\">\n<div class=\"col-xs-2 colspanfcha\">\n\n<span style=\"font-family: futura-medium-bt; font-size: 12pt;\">Poblaci\u00f3n de 6 a 14 a\u00f1os que sabe leer y escribir(Porcentaje), 2015: <strong>86.9<\/strong><\/span>\n\n<hr \/>\n\n<\/div>\n<\/div>\n<\/div>\n<\/div>\n<div class=\" row indicadorPar \">\n<div class=\"col-md-3 col-sm-3 col-xs-12\">\n<div class=\"row\">\n<div class=\"col-xs-2 colspanfcha\">\n\n<span style=\"font-family: futura-medium-bt; font-size: 12pt;\">Poblaci\u00f3n de 6 a 14 a\u00f1os que no sabe leer y escribir(Porcentaje), 2015: <strong>9.3<\/strong><\/span>\n\n<hr \/>\n\n<\/div>\n<\/div>\n<\/div>\n<\/div>\n<div class=\" row indicador \">\n<div class=\"col-md-3 col-sm-3 col-xs-12\">\n<div class=\"row\">\n<div class=\"col-xs-2 colspanfcha\">\n\n<span style=\"font-family: futura-medium-bt; font-size: 12pt;\">Poblaci\u00f3n de 6 a 14 a\u00f1os que no especific\u00f3 si sabe o no leer y escribir(Porcentaje), 2015: <strong>3.8<\/strong><\/span>\n\n<hr \/>\n\n<\/div>\n<\/div>\n<\/div>\n<\/div>\n<div class=\" row indicadorPar \">\n<div class=\"col-md-3 col-sm-3 col-xs-12\">\n<div class=\"row\">\n<div class=\"col-xs-2 colspanfcha\">\n\n<span style=\"font-family: futura-medium-bt; font-size: 12pt;\">Poblaci\u00f3n de 5 a\u00f1os y m\u00e1s que asiste a la escuela(Personas), 2010: <strong>339,156<\/strong>:<\/span>\n\n<hr \/>\n\n<\/div>\n<div class=\"col-xs-2 colspanfcha\">\n\n<span style=\"font-family: futura-medium-bt; font-size: 12pt;\">Poblaci\u00f3n en edad escolar de 3 a 24 a\u00f1os(N\u00famero de personas), 2010: <strong>567,103<\/strong><\/span>\n\n<hr \/>\n\n<\/div>\n<\/div>\n<\/div>\n<\/div>\n<div class=\" row indicadorPar \">\n<div class=\"col-md-3 col-sm-3 col-xs-12\">\n<div class=\"row\">\n<div class=\"col-xs-2 colspanfcha\">\n\n<span style=\"font-family: futura-medium-bt; font-size: 12pt;\">Poblaci\u00f3n de 8 a 14 a\u00f1os que sabe leer y escribir(N\u00famero de personas), 2010: <strong>179,187<\/strong><\/span>\n\n<hr \/>\n\n<\/div>\n<\/div>\n<\/div>\n<\/div>\n<div class=\" row indicador \">\n<div class=\"col-md-3 col-sm-3 col-xs-12\">\n<div class=\"row\">\n<div class=\"col-xs-2 colspanfcha\">\n\n<span style=\"font-family: futura-medium-bt; font-size: 12pt;\">Poblaci\u00f3n de 19 a\u00f1os y m\u00e1s con alg\u00fan grado aprobado en estudios t\u00e9cnicos o comerciales con secundaria terminada(N\u00famero de personas), 2010: <strong>13,873<\/strong><\/span>\n\n<hr \/>\n\n<\/div>\n<\/div>\n<\/div>\n<\/div>\n<\/div>\n<\/div>\n<\/div>\n<\/div>\n<\/div>\n[\/vc_column_text][vc_column_text]\n<pre id=\"content_title\" class=\"titulo\"><span style=\"font-family: futura-medium-bt; font-size: 14pt; color: #0000ff;\"><strong>Nivel de Instrucci\u00f3n<\/strong><\/span><\/pre>\n<div id=\"content\">\n<div class=\"row indicador\">\n<div class=\"col-xs-3 number\">\n<div class=\"row\">\n<div class=\"col-xs-2 colspanfcha\">\n<div class=\" row indicador \">\n<div class=\"col-md-9 col-sm-9 col-xs-12\">\n<div>\n\n<span style=\"font-family: futura-medium-bt; font-size: 12pt;\"><label class=\"texto\" data-role=\"none\">Porcentaje de la poblaci\u00f3n de 15 a\u00f1os y m\u00e1s con rezago educativo(Porcentaje), 2017:\u00a0<\/label><strong>25.9<\/strong><\/span>\n\n<hr \/>\n\n<\/div>\n<\/div>\n<div class=\"col-md-3 col-sm-3 col-xs-12\">\n<div class=\"row\">\n<div class=\"col-xs-2 colspanfcha\">\n\n<span style=\"font-family: futura-medium-bt; font-size: 12pt;\">Porcentaje de la poblaci\u00f3n de 3 a\u00f1os y m\u00e1s que asiste a la escuela(Porcentaje), 2015: <strong>29.4<\/strong><\/span>\n\n<hr \/>\n\n<\/div>\n<\/div>\n<\/div>\n<\/div>\n<div class=\" row indicadorPar \">\n<div class=\"col-md-3 col-sm-3 col-xs-12\">\n<div class=\"row\">\n<div class=\"col-xs-2 colspanfcha\">\n\n<span style=\"font-family: futura-medium-bt; font-size: 12pt;\">Porcentaje de la poblaci\u00f3n de 3 a\u00f1os y m\u00e1s que no asiste a la escuela(Porcentaje), 2015: <strong>70.5<\/strong><\/span>\n\n<hr \/>\n\n<\/div>\n<\/div>\n<\/div>\n<\/div>\n<div class=\" row indicador \">\n<div class=\"col-md-3 col-sm-3 col-xs-12\">\n<div class=\"row\">\n<div class=\"col-xs-2 colspanfcha\">\n\n<span style=\"font-family: futura-medium-bt; font-size: 12pt;\">Porcentaje de la poblaci\u00f3n de 3 a\u00f1os y m\u00e1s que no especific\u00f3 si asiste o no a la escuela(Porcentaje), 2015: <strong>0.1<\/strong><\/span>\n\n<hr \/>\n\n<\/div>\n<\/div>\n<\/div>\n<\/div>\n<div class=\" row indicadorPar \">\n<div class=\"col-md-3 col-sm-3 col-xs-12\">\n<div class=\"row\">\n<div class=\"col-xs-2 colspanfcha\">\n\n<span style=\"font-family: futura-medium-bt; font-size: 12pt;\">Porcentaje de personas de 15 a\u00f1os y m\u00e1s alfabetas(Porcentaje), 2015: <strong>95.5<\/strong><\/span>\n\n<hr \/>\n\n<\/div>\n<\/div>\n<\/div>\n<\/div>\n<div class=\" row indicador \">\n<div class=\"col-md-3 col-sm-3 col-xs-12\">\n<div class=\"row\">\n<div class=\"col-xs-2 colspanfcha\">\n\n<span style=\"font-family: futura-medium-bt; font-size: 12pt;\">Poblaci\u00f3n de 15 a\u00f1os y m\u00e1s con alg\u00fan grado aprobado en educaci\u00f3n b\u00e1sica(N\u00famero de personas), 2010: <strong>506,348<\/strong><\/span>\n\n<hr \/>\n\n<\/div>\n<\/div>\n<\/div>\n<\/div>\n<div class=\" row indicadorPar \">\n<div class=\"col-md-3 col-sm-3 col-xs-12\">\n<div class=\"row\">\n<div class=\"col-xs-2 colspanfcha\">\n\n<span style=\"font-family: futura-medium-bt; font-size: 12pt;\">Poblaci\u00f3n de 19 a\u00f1os y m\u00e1s con alg\u00fan grado aprobado en bachillerato(N\u00famero de personas), 2010: <strong>159,820<\/strong><\/span>\n\n<hr \/>\n\n<\/div>\n<\/div>\n<\/div>\n<\/div>\n<div class=\" row indicador \">\n<div class=\"col-md-3 col-sm-3 col-xs-12\">\n<div class=\"row\">\n<div class=\"col-xs-2 colspanfcha\">\n\n<span style=\"font-family: futura-medium-bt; font-size: 12pt;\">Poblaci\u00f3n de 24 a\u00f1os y m\u00e1s con alg\u00fan grado aprobado en estudios superiores(N\u00famero de personas), 2010: <strong>126,262<\/strong><\/span>\n\n<hr \/>\n\n<\/div>\n<\/div>\n<\/div>\n<\/div>\n<div class=\" row indicadorPar \">\n<div class=\"col-md-3 col-sm-3 col-xs-12\">\n<div class=\"row\">\n<div class=\"col-xs-2 colspanfcha\">\n\n<span style=\"font-family: futura-medium-bt; font-size: 12pt;\">Porcentaje de analfabetas total(Porcentaje), 2015: <strong>3.87<\/strong><\/span>\n\n<hr \/>\n\n<\/div>\n<\/div>\n<\/div>\n<\/div>\n<div class=\" row indicador \">\n<div class=\"col-md-3 col-sm-3 col-xs-12\">\n<div class=\"row\">\n<div class=\"col-xs-2 colspanfcha\">\n\n<span style=\"font-family: futura-medium-bt; font-size: 12pt;\">Porcentaje de analfabetas hombres(Porcentaje), 2015: <strong>3.06<\/strong><\/span>\n\n<hr \/>\n\n<\/div>\n<\/div>\n<\/div>\n<\/div>\n<div class=\" row indicadorPar \">\n<div class=\"col-md-3 col-sm-3 col-xs-12\">\n<div class=\"row\">\n<div class=\"col-xs-2 colspanfcha\">\n\n<span style=\"font-family: futura-medium-bt; font-size: 12pt;\">Porcentaje de analfabetas mujeres(Porcentaje), 2015: <strong>4.68<\/strong><\/span>\n\n<hr \/>\n\n<\/div>\n<\/div>\n<\/div>\n<\/div>\n<div class=\" row indicador \">\n<div class=\"col-md-3 col-sm-3 col-xs-12\">\n<div class=\"row\">\n<div class=\"col-xs-2 colspanfcha\">\n\n<span style=\"font-family: futura-medium-bt; font-size: 12pt;\">Porcentaje de la poblaci\u00f3n de 15 a\u00f1os y m\u00e1s con instrucci\u00f3n media superior(Porcentaje), 2015: <strong>25.8<\/strong><\/span>\n\n<hr \/>\n\n<\/div>\n<\/div>\n<\/div>\n<\/div>\n<div class=\" row indicadorPar \">\n<div class=\"col-md-3 col-sm-3 col-xs-12\">\n<div class=\"row\">\n<div class=\"col-xs-2 colspanfcha\">\n\n<span style=\"font-family: futura-medium-bt; font-size: 12pt;\">Porcentaje de la poblaci\u00f3n de 15 a\u00f1os y m\u00e1s con instrucci\u00f3n superior(Porcentaje), 2015: <strong>18.6<\/strong><\/span>\n\n<hr \/>\n\n<\/div>\n<\/div>\n<\/div>\n<\/div>\n<div class=\" row indicador \">\n<div class=\"col-md-3 col-sm-3 col-xs-12\">\n<div class=\"row\">\n<div class=\"col-xs-2 colspanfcha\">\n\n<span style=\"font-family: futura-medium-bt; font-size: 12pt;\">Porcentaje de la poblaci\u00f3n de 15 a\u00f1os y m\u00e1s con instrucci\u00f3n no especificada(Porcentaje), 2015: 0<\/span>\n\n<hr \/>\n\n<\/div>\n<\/div>\n<\/div>\n<\/div>\n<div class=\" row indicadorPar \">\n<div class=\"col-md-3 col-sm-3 col-xs-12\">\n<div class=\"row\">\n<div class=\"col-xs-2 colspanfcha\">\n\n<span style=\"font-family: futura-medium-bt; font-size: 12pt;\">Porcentaje de poblaci\u00f3n de 25 a\u00f1os y m\u00e1s alfabeta(Porcentaje), 2015: <strong>94.3<\/strong><\/span>\n\n<hr \/>\n\n<\/div>\n<\/div>\n<\/div>\n<\/div>\n<div class=\" row indicador \">\n<div class=\"col-md-3 col-sm-3 col-xs-12\">\n<div class=\"row\">\n<div class=\"col-xs-2 colspanfcha\">\n\n<span style=\"font-family: futura-medium-bt; font-size: 12pt;\">Porcentaje de poblaci\u00f3n de 15 a\u00f1os y m\u00e1s sin escolaridad(Porcentaje), 2015: <strong>4.5<\/strong><\/span>\n\n<hr \/>\n\n<\/div>\n<\/div>\n<\/div>\n<\/div>\n<div class=\" row indicadorPar \">\n<div class=\"col-md-3 col-sm-3 col-xs-12\">\n<div class=\"row\">\n<div class=\"col-xs-2 colspanfcha\">\n\n<span style=\"font-family: futura-medium-bt; font-size: 12pt;\">Porcentaje de la poblaci\u00f3n de 3 a 5 a\u00f1os que asiste a la escuela(Porcentaje), 2015: <strong>58.7<\/strong><\/span>\n\n<hr \/>\n\n<\/div>\n<\/div>\n<\/div>\n<\/div>\n<div class=\" row indicador \">\n<div class=\"col-md-3 col-sm-3 col-xs-12\">\n<div class=\"row\">\n<div class=\"col-xs-2 colspanfcha\">\n\n<span style=\"font-family: futura-medium-bt; font-size: 12pt;\">Porcentaje de la poblaci\u00f3n de 6 a 11 a\u00f1os que asiste a la escuela(Porcentaje), 2015: <strong>97.4<\/strong><\/span>\n\n<hr \/>\n\n<\/div>\n<\/div>\n<\/div>\n<\/div>\n<div class=\" row indicadorPar \">\n<div class=\"col-md-3 col-sm-3 col-xs-12\">\n<div class=\"row\">\n<div class=\"col-xs-2 colspanfcha\">\n\n<span style=\"font-family: futura-medium-bt; font-size: 12pt;\">Porcentaje de la poblaci\u00f3n de 12 a 14 a\u00f1os que asiste a la escuela(Porcentaje), 2015: <strong>94.8<\/strong><\/span>\n\n<hr \/>\n\n<\/div>\n<\/div>\n<\/div>\n<\/div>\n<div class=\" row indicador \">\n<div class=\"col-md-3 col-sm-3 col-xs-12\">\n<div class=\"row\">\n<div class=\"col-xs-2 colspanfcha\">\n\n<span style=\"font-family: futura-medium-bt; font-size: 12pt;\">Porcentaje de la poblaci\u00f3n de 15 a 24 a\u00f1os que asiste a la escuela(Porcentaje), 2015: <strong>39.4<\/strong><\/span>\n\n<hr \/>\n\n<\/div>\n<\/div>\n<\/div>\n<\/div>\n<div class=\" row indicadorPar \">\n<div class=\"col-md-3 col-sm-3 col-xs-12\">\n<div class=\"row\">\n<div class=\"col-xs-2 colspanfcha\">\n\n<span style=\"font-family: futura-medium-bt; font-size: 12pt;\">Porcentaje de poblaci\u00f3n de 15 a\u00f1os y m\u00e1s con escolaridad b\u00e1sica(Porcentaje), 2015: <strong>50.9<\/strong><\/span>\n\n<hr \/>\n\n<\/div>\n<\/div>\n<\/div>\n<\/div>\n<div class=\" row indicador \">\n<div class=\"col-md-3 col-sm-3 col-xs-12\">\n<div class=\"row\">\n<div class=\"col-xs-2 colspanfcha\">\n\n<span style=\"font-family: futura-medium-bt; font-size: 12pt;\">Porcentaje de la poblaci\u00f3n de 3 a 5 a\u00f1os que asiste a la escuela en otro municipio o delegaci\u00f3n diferente al de residencia(Porcentaje), 2015: <strong>0.1<\/strong><\/span>\n\n<hr \/>\n\n<\/div>\n<\/div>\n<\/div>\n<\/div>\n<div class=\" row indicadorPar \">\n<div class=\"col-md-3 col-sm-3 col-xs-12\">\n<div class=\"row\">\n<div class=\"col-xs-2 colspanfcha\">\n\n<span style=\"font-family: futura-medium-bt; font-size: 12pt;\">Porcentaje de la poblaci\u00f3n de 6 a 11 a\u00f1os que asiste a la escuela en otro municipio o delegaci\u00f3n diferente al de residencia(Porcentaje), 2015: <strong>0.1<\/strong><\/span>\n\n<hr \/>\n\n<\/div>\n<\/div>\n<\/div>\n<\/div>\n<div class=\" row indicador \">\n<div class=\"col-md-3 col-sm-3 col-xs-12\">\n<div class=\"row\">\n<div class=\"col-xs-2 colspanfcha\">\n\n<span style=\"font-family: futura-medium-bt; font-size: 12pt;\">Porcentaje de la poblaci\u00f3n de 12 a 14 a\u00f1os que asiste a la escuela en otro municipio o delegaci\u00f3n diferente al de residencia(Porcentaje), 2015: <strong>0.2<\/strong><\/span>\n\n<hr \/>\n\n<\/div>\n<\/div>\n<\/div>\n<\/div>\n<div class=\" row indicadorPar \">\n<div class=\"col-md-3 col-sm-3 col-xs-12\">\n<div class=\"row\">\n<div class=\"col-xs-2 colspanfcha\">\n\n<span style=\"font-family: futura-medium-bt; font-size: 12pt;\">Porcentaje de la poblaci\u00f3n de 15 a 24 a\u00f1os que asiste a la escuela en otro municipio o delegaci\u00f3n diferente al de residencia(Porcentaje), 2015: <strong>1.3<\/strong><\/span>\n\n<hr \/>\n\n<\/div>\n<\/div>\n<\/div>\n<\/div>\n<div class=\" row indicador \">\n<div class=\"col-md-3 col-sm-3 col-xs-12\">\n<div class=\"row\">\n<div class=\"col-xs-2 colspanfcha\">\n\n<span style=\"font-family: futura-medium-bt; font-size: 12pt;\">Eficiencia terminal en educaci\u00f3n media superior(Porcentaje de alumnos), 2016: <strong>66.87<\/strong><\/span>\n\n<hr \/>\n\n<\/div>\n<\/div>\n<\/div>\n<\/div>\n<\/div>\n<\/div>\n<\/div>\n<\/div>\n<\/div>\n[\/vc_column_text][\/vc_tta_section][vc_tta_section title=\"EMPLEO\" tab_id=\"1574091808120-006727e8-bfba\"][vc_column_text]\n<div class=\"temaHijo\">\n<div class=\"fila\">\n<pre class=\"derecha\"><strong><span style=\"font-family: futura-medium-bt; font-size: 14pt; color: #0000ff;\"><label class=\"texto\" data-role=\"none\">Poblaci\u00f3n Econ\u00f3micamente Activa<\/label><\/span><\/strong><\/pre>\n<div class=\"derecha\">\n\n<span style=\"font-family: futura-medium-bt; font-size: 12pt;\">Porcentaje de poblaci\u00f3n de 12 a\u00f1os y m\u00e1s econ\u00f3micamente activa(Porcentaje), 2015: <strong>59.0<\/strong><\/span>\n\n<hr \/>\n\n<\/div>\n<\/div>\n<\/div>\n<div class=\" row indicador \">\n<div class=\"col-md-3 col-sm-3 col-xs-12\">\n<div class=\"row\">\n<div class=\"col-xs-2 colspanfcha\">\n\n<span style=\"font-family: futura-medium-bt; font-size: 12pt;\">Porcentaje de la poblaci\u00f3n femenina de 12 a\u00f1os y m\u00e1s econ\u00f3micamente activa(Porcentaje), 2015: <strong>35.1<\/strong><\/span>\n\n<hr \/>\n\n<\/div>\n<\/div>\n<\/div>\n<\/div>\n<div class=\" row indicadorPar \">\n<div class=\"col-md-3 col-sm-3 col-xs-12\">\n<div class=\"row\">\n<div class=\"col-xs-2 colspanfcha\">\n\n<span style=\"font-family: futura-medium-bt; font-size: 12pt;\">Porcentaje de la poblaci\u00f3n masculina de 12 a\u00f1os y m\u00e1s econ\u00f3micamente activa(Porcentaje), 2015: <strong>64.9<\/strong><\/span>\n\n<hr \/>\n\n<\/div>\n<\/div>\n<\/div>\n<\/div>\n<div class=\" row indicador \">\n<div class=\"col-md-3 col-sm-3 col-xs-12\">\n<div class=\"row\">\n<div class=\"col-xs-2 colspanfcha\">\n\n<span style=\"font-family: futura-medium-bt; font-size: 12pt;\">Proporci\u00f3n de mujeres en el total de asalariados en el sector no agropecuario - 14 a\u00f1os y m\u00e1s; serie 1995 - 2013(Porcentaje), 2013: <strong><strong>38.7<\/strong><\/strong><\/span>\n\n<hr \/>\n\n<\/div>\n<\/div>\n<\/div>\n<\/div>\n[\/vc_column_text][vc_column_text]\n<div class=\"temaHijo\">\n<div class=\"fila\">\n<pre class=\"derecha\"><span style=\"color: #0000ff;\"><strong><span style=\"font-family: futura-medium-bt; font-size: 14pt;\"><label class=\"texto\" data-role=\"none\">Poblaci\u00f3n Ocupada<\/label><\/span><\/strong><\/span><\/pre>\n<div class=\"derecha\">\n\n<span style=\"font-family: futura-medium-bt; font-size: 12pt;\"><span style=\"font-family: futura-medium-bt; font-size: 12pt;\">Porcentaje de la poblaci\u00f3n de 12 a\u00f1os y m\u00e1s econ\u00f3micamente activa ocupada(Porcentaje), 2015: <strong>97.2<\/strong><\/span><\/span>\n\n<hr \/>\n\n<\/div>\n<\/div>\n<\/div>\n<div class=\" row indicador \">\n<div class=\"col-md-3 col-sm-3 col-xs-12\">\n<div class=\"row\">\n<div class=\"col-xs-2 colspanfcha\">\n\n<span style=\"font-family: futura-medium-bt; font-size: 12pt;\"><span style=\"font-family: futura-medium-bt; font-size: 12pt;\">Porcentaje de la poblaci\u00f3n femenina de 12 a\u00f1os y m\u00e1s econ\u00f3micamente activa ocupada(Porcentaje), 2015: <strong>97.7<\/strong><\/span><\/span>\n\n<hr \/>\n\n<\/div>\n<\/div>\n<\/div>\n<\/div>\n<div class=\" row indicadorPar \">\n<div class=\"col-md-3 col-sm-3 col-xs-12\">\n<div class=\"row\">\n<div class=\"col-xs-2 colspanfcha\">\n\n<span style=\"font-family: futura-medium-bt; font-size: 12pt;\"><span style=\"font-family: futura-medium-bt; font-size: 12pt;\">Porcentaje de la poblaci\u00f3n masculina de 12 a\u00f1os y m\u00e1s econ\u00f3micamente activa ocupada(Porcentaje), 2015: <strong>96.9<\/strong><\/span><\/span>\n\n<hr \/>\n\n<\/div>\n<\/div>\n<\/div>\n<\/div>\n<a id=\"D6207019056\" href=\"https:\/\/www.inegi.org.mx\/app\/indicadores\/?t=0070&amp;ag=07000023\" name=\"D6207019056\"><\/a>[\/vc_column_text][vc_column_text]\n<div class=\"temaHijo\">\n<div class=\"fila\">\n<pre class=\"derecha\"><span style=\"color: #0000ff; font-size: 14pt;\"><strong><span style=\"font-family: futura-medium-bt;\"><label class=\"texto\" data-role=\"none\">Poblaci\u00f3n No Econ\u00f3micamente Activa<\/label><\/span><\/strong><\/span><\/pre>\n<div class=\"derecha\">\n\n<span style=\"font-family: futura-medium-bt; font-size: 12pt;\">Porcentaje de la poblaci\u00f3n de 12 a\u00f1os y m\u00e1s No Econ\u00f3micamente Activa(Porcentaje), 2015: <strong>40.8<\/strong><\/span>\n\n<hr \/>\n\n<\/div>\n<\/div>\n<\/div>\n<div class=\" row indicador \">\n<div class=\"col-md-3 col-sm-3 col-xs-12\">\n<div class=\"row\">\n<div class=\"col-xs-2 colspanfcha\">\n\n<span style=\"font-family: futura-medium-bt; font-size: 12pt;\">Porcentaje de la poblaci\u00f3n de 12 a\u00f1os y m\u00e1s no econ\u00f3micamente activa que estudia(Porcentaje), 2015: <strong>35.9<\/strong><\/span>\n\n<hr \/>\n\n<\/div>\n<\/div>\n<\/div>\n<\/div>\n<div class=\" row indicadorPar \">\n<div class=\"col-md-3 col-sm-3 col-xs-12\">\n<div class=\"row\">\n<div class=\"col-xs-2 colspanfcha\">\n\n<span style=\"font-family: futura-medium-bt; font-size: 12pt;\">Porcentaje de la poblaci\u00f3n de 12 a\u00f1os y m\u00e1s no econ\u00f3micamente activa que es pensionada o jubilada(Porcentaje), 2015: <strong>4.2<\/strong><\/span>\n\n<hr \/>\n\n<\/div>\n<\/div>\n<\/div>\n<\/div>\n<div class=\" row indicador \">\n<div class=\"col-md-3 col-sm-3 col-xs-12\">\n<div class=\"row\">\n<div class=\"col-xs-2 colspanfcha\">\n\n<span style=\"font-family: futura-medium-bt; font-size: 12pt;\">Porcentaje de la poblaci\u00f3n de 12 a\u00f1os y m\u00e1s no econ\u00f3micamente activa que se dedica a los quehaceres del hogar(Porcentaje), 2015: <strong><strong>47.3<\/strong><\/strong><\/span>\n\n<hr \/>\n\n<\/div>\n<\/div>\n<\/div>\n<\/div>\n<div class=\" row indicadorPar \">\n<div class=\"col-md-3 col-sm-3 col-xs-12\">\n<div class=\"row\">\n<div class=\"col-xs-2 colspanfcha\">\n\n<span style=\"font-family: futura-medium-bt; font-size: 12pt;\">Porcentaje de la poblaci\u00f3n de 12 a\u00f1os y m\u00e1s no econ\u00f3micamente activa que realiza otras actividades no econ\u00f3micas(Porcentaje), 2015: <strong>9.7<\/strong><\/span>\n\n<hr \/>\n\n<\/div>\n<\/div>\n<\/div>\n<\/div>\n<div class=\" row indicador \">\n<div class=\"col-md-3 col-sm-3 col-xs-12\">\n<div class=\"row\">\n<div class=\"col-xs-2 colspanfcha\">\n\n<span style=\"font-family: futura-medium-bt; font-size: 12pt;\">Porcentaje de la poblaci\u00f3n de 12 a\u00f1os y m\u00e1s no econ\u00f3micamente activa con alguna limitaci\u00f3n f\u00edsica o mental que les impide trabajar(Porcentaje), 2015: <strong>2.8<\/strong><\/span>\n\n<hr \/>\n\n<\/div>\n<\/div>\n<\/div>\n<\/div>\n[\/vc_column_text][vc_column_text]\n<div class=\" row indicador \">\n<div class=\"col-md-9 col-sm-9 col-xs-12\">\n\n<span style=\"font-family: futura-medium-bt; font-size: 12pt;\">Poblaci\u00f3n no econ\u00f3micamente activa - 15 a\u00f1os y m\u00e1s(N\u00famero de personas), 2019 3T: <strong>463,228<\/strong><\/span>\n\n<hr \/>\n\n<\/div>\n<div class=\"col-md-3 col-sm-3 col-xs-12\">\n<div class=\"row\">\n<div class=\"col-xs-2 colspanfcha\">\n\n<span style=\"font-family: futura-medium-bt; font-size: 12pt;\">Poblaci\u00f3n no econ\u00f3micamente activa disponible - 15 a\u00f1os y m\u00e1s(N\u00famero de personas), 2019 3T: <strong>65,169<\/strong><\/span>\n\n<hr \/>\n\n<\/div>\n<\/div>\n<\/div>\n<\/div>\n<div class=\" row indicadorPar \">\n<div class=\"col-md-3 col-sm-3 col-xs-12\">\n<div class=\"row\">\n<div class=\"col-xs-2 colspanfcha\">\n\n<span style=\"font-family: futura-medium-bt; font-size: 12pt;\">Poblaci\u00f3n no econ\u00f3micamente activa no disponible - 15 a\u00f1os y m\u00e1s(N\u00famero de personas), 2019 3T: <strong>398,059<\/strong><\/span>\n\n<hr \/>\n\n<\/div>\n<\/div>\n<\/div>\n<\/div>\n<div class=\" row indicador \">\n<div class=\"col-md-3 col-sm-3 col-xs-12\">\n<div class=\"row\">\n<div class=\"col-xs-2 colspanfcha\">\n\n<span style=\"font-family: futura-medium-bt; font-size: 12pt;\">Poblaci\u00f3n ocupada con ingresos de hasta un salario m\u00ednimo - 15 a\u00f1os y m\u00e1s(N\u00famero de personas), 2019 3T: <strong>112,098<\/strong><\/span>\n\n<hr \/>\n\n<\/div>\n<\/div>\n<\/div>\n<\/div>\n<div class=\" row indicadorPar \">\n<div class=\"col-md-3 col-sm-3 col-xs-12\">\n<div class=\"row\">\n<div class=\"col-xs-2 colspanfcha\">\n\n<span style=\"font-family: futura-medium-bt; font-size: 12pt;\">Poblaci\u00f3n ocupada con ingresos de hasta un salario m\u00ednimo - 15 a\u00f1os y m\u00e1s, hombres(N\u00famero de personas), 2019 3T: <strong>50,845<\/strong><\/span>\n\n<hr \/>\n\n<\/div>\n<\/div>\n<\/div>\n<\/div>\n<div class=\" row indicador \">\n<div class=\"col-md-3 col-sm-3 col-xs-12\">\n<div class=\"row\">\n<div class=\"col-xs-2 colspanfcha\">\n\n<span style=\"font-family: futura-medium-bt; font-size: 12pt;\">Poblaci\u00f3n ocupada con ingresos de hasta un salario m\u00ednimo - 15 a\u00f1os y m\u00e1s, mujeres(N\u00famero de personas), 2019 3T: <strong>61,253<\/strong><\/span>\n\n<hr \/>\n\n<\/div>\n<\/div>\n<\/div>\n<\/div>\n<div class=\" row indicadorPar \">\n<div class=\"col-md-3 col-sm-3 col-xs-12\">\n<div class=\"row\">\n<div class=\"col-xs-2 colspanfcha\">\n\n<span style=\"font-family: futura-medium-bt; font-size: 12pt;\">Poblaci\u00f3n ocupada con ingresos de m\u00e1s de 1 hasta 2 salarios m\u00ednimos - 15 a\u00f1os y m\u00e1s(N\u00famero de personas), 2019 3T: <strong>216,127<\/strong><\/span>\n\n<hr \/>\n\n<\/div>\n<\/div>\n<\/div>\n<\/div>\n<div class=\" row indicador \">\n<div class=\"col-md-3 col-sm-3 col-xs-12\">\n<div class=\"row\">\n<div class=\"col-xs-2 colspanfcha\">\n\n<span style=\"font-family: futura-medium-bt; font-size: 12pt;\">Poblaci\u00f3n ocupada con ingresos de m\u00e1s de 1 hasta 2 salarios m\u00ednimos - 15 a\u00f1os y m\u00e1s, hombres(N\u00famero de personas), 2019 3T: <strong>127,988<\/strong><\/span>\n\n<hr \/>\n\n<\/div>\n<\/div>\n<\/div>\n<\/div>\n<div class=\" row indicadorPar \">\n<div class=\"col-md-3 col-sm-3 col-xs-12\">\n<div class=\"row\">\n<div class=\"col-xs-2 colspanfcha\">\n\n<span style=\"font-family: futura-medium-bt; font-size: 12pt;\">Poblaci\u00f3n ocupada con ingresos de m\u00e1s de 1 hasta 2 salarios m\u00ednimos - 15 a\u00f1os y m\u00e1s, mujeres(N\u00famero de personas), 2019 3T: <strong>88,139<\/strong><\/span>\n\n<hr \/>\n\n<\/div>\n<\/div>\n<\/div>\n<\/div>\n<div class=\" row indicador \">\n<div class=\"col-md-3 col-sm-3 col-xs-12\">\n<div class=\"row\">\n<div class=\"col-xs-2 colspanfcha\">\n\n<span style=\"font-family: futura-medium-bt; font-size: 12pt;\">Poblaci\u00f3n ocupada con ingresos de m\u00e1s de 2 hasta 3 salarios m\u00ednimos - 15 a\u00f1os y m\u00e1s(N\u00famero de personas), 2019 3T: <strong>203,738<\/strong><\/span>\n\n<hr \/>\n\n<\/div>\n<\/div>\n<\/div>\n<\/div>\n<div class=\" row indicadorPar \">\n<div class=\"col-md-3 col-sm-3 col-xs-12\">\n<div class=\"row\">\n<div class=\"col-xs-2 colspanfcha\">\n\n<span style=\"font-family: futura-medium-bt; font-size: 12pt;\">Poblaci\u00f3n ocupada con ingresos de m\u00e1s de 2 hasta 3 salarios m\u00ednimos - 15 a\u00f1os y m\u00e1s, hombres(N\u00famero de personas), 2019 3T: <strong>141,968<\/strong><\/span>\n\n<hr \/>\n\n<\/div>\n<\/div>\n<\/div>\n<\/div>\n<div class=\" row indicador \">\n<div class=\"col-md-3 col-sm-3 col-xs-12\">\n<div class=\"row\">\n<div class=\"col-xs-2 colspanfcha\">\n\n<span style=\"font-family: futura-medium-bt; font-size: 12pt;\">Poblaci\u00f3n ocupada con ingresos de m\u00e1s de 2 hasta 3 salarios m\u00ednimos - 15 a\u00f1os y m\u00e1s, mujeres(N\u00famero de personas), 2019 3T: <strong>61,770<\/strong><\/span>\n\n<hr \/>\n\n<\/div>\n<\/div>\n<\/div>\n<\/div>\n<div class=\" row indicadorPar \">\n<div class=\"col-md-3 col-sm-3 col-xs-12\">\n<div class=\"row\">\n<div class=\"col-xs-2 colspanfcha\">\n\n<span style=\"font-family: futura-medium-bt; font-size: 12pt;\">Poblaci\u00f3n ocupada con ingresos de m\u00e1s de 3 hasta 5 salarios m\u00ednimos - 15 a\u00f1os y m\u00e1s(N\u00famero de personas), 2019 3T: <strong>134,465<\/strong><\/span>\n\n<hr \/>\n\n<\/div>\n<\/div>\n<\/div>\n<\/div>\n<div class=\" row indicador \">\n<div class=\"col-md-3 col-sm-3 col-xs-12\">\n<div class=\"row\">\n<div class=\"col-xs-2 colspanfcha\">\n\n<span style=\"font-family: futura-medium-bt; font-size: 12pt;\">Poblaci\u00f3n ocupada con ingresos de m\u00e1s de 3 hasta 5 salarios m\u00ednimos - 15 a\u00f1os y m\u00e1s, hombres(N\u00famero de personas), 2019 3T: <strong>96,244<\/strong><\/span>\n\n<hr \/>\n\n<\/div>\n<\/div>\n<\/div>\n<\/div>\n<div class=\" row indicadorPar \">\n<div class=\"col-md-3 col-sm-3 col-xs-12\">\n<div class=\"row\">\n<div class=\"col-xs-2 colspanfcha\">\n\n<span style=\"font-family: futura-medium-bt; font-size: 12pt;\">Poblaci\u00f3n ocupada con ingresos de m\u00e1s de 3 hasta 5 salarios m\u00ednimos - 15 a\u00f1os y m\u00e1s, mujeres(N\u00famero de personas), 2019 3T: <strong>38,221<\/strong><\/span>\n\n<hr \/>\n\n<\/div>\n<\/div>\n<\/div>\n<\/div>\n<div class=\" row indicador \">\n<div class=\"col-md-3 col-sm-3 col-xs-12\">\n<div class=\"row\">\n<div class=\"col-xs-2 colspanfcha\">\n\n<span style=\"font-family: futura-medium-bt; font-size: 12pt;\">Poblaci\u00f3n ocupada con ingresos de m\u00e1s de 5 salarios m\u00ednimos - 15 a\u00f1os y m\u00e1s(N\u00famero de personas), 2019 3T: <strong>42,65<\/strong><\/span>\n\n<hr \/>\n\n<\/div>\n<\/div>\n<\/div>\n<\/div>\n<div class=\" row indicadorPar \">\n<div class=\"col-md-3 col-sm-3 col-xs-12\">\n<div class=\"row\">\n<div class=\"col-xs-2 colspanfcha\">\n\n<span style=\"font-family: futura-medium-bt; font-size: 12pt;\">Poblaci\u00f3n ocupada con ingresos de m\u00e1s de 5 salarios m\u00ednimos - 15 a\u00f1os y m\u00e1s, hombres(N\u00famero de personas), 2019 3T: <strong>27,019<\/strong><\/span>\n\n<hr \/>\n\n<\/div>\n<\/div>\n<\/div>\n<\/div>\n<div class=\" row indicador \">\n<div class=\"col-md-3 col-sm-3 col-xs-12\">\n<div class=\"row\">\n<div class=\"col-xs-2 colspanfcha\">\n\n<span style=\"font-family: futura-medium-bt; font-size: 12pt;\">Poblaci\u00f3n ocupada con ingresos de m\u00e1s de 5 salarios m\u00ednimos - 15 a\u00f1os y m\u00e1s, mujeres(N\u00famero de personas), 2019 3T: <strong>15,633<\/strong><\/span>\n\n<hr \/>\n\n<\/div>\n<\/div>\n<\/div>\n<\/div>\n<div class=\" row indicadorPar \">\n<div class=\"col-md-3 col-sm-3 col-xs-12\">\n<div class=\"row\">\n<div class=\"col-xs-2 colspanfcha\">\n\n<span style=\"font-family: futura-medium-bt; font-size: 12pt;\">Poblaci\u00f3n ocupada que no recibe ingresos - 15 a\u00f1os y m\u00e1s(N\u00famero de personas), 2019 3T: <strong>49,535<\/strong><\/span>\n\n<hr \/>\n\n<\/div>\n<\/div>\n<\/div>\n<\/div>\n<div class=\" row indicador \">\n<div class=\"col-md-3 col-sm-3 col-xs-12\">\n<div class=\"row\">\n<div class=\"col-xs-2 colspanfcha\">\n\n<span style=\"font-family: futura-medium-bt; font-size: 12pt;\">Poblaci\u00f3n ocupada que no recibe ingresos - 15 a\u00f1os y m\u00e1s, hombres(N\u00famero de personas), 2019 3T: <strong><strong>31,262<\/strong><\/strong><\/span>\n\n<hr \/>\n\n<\/div>\n<\/div>\n<\/div>\n<\/div>\n<div class=\" row indicadorPar \">\n<div class=\"col-md-3 col-sm-3 col-xs-12\">\n<div class=\"row\">\n<div class=\"col-xs-2 colspanfcha\">\n\n<span style=\"font-family: futura-medium-bt; font-size: 12pt;\">Poblaci\u00f3n ocupada que no recibe ingresos - 15 a\u00f1os y m\u00e1s, mujeres(N\u00famero de personas), 2019 3T: <strong>18,273<\/strong><\/span>\n\n<hr \/>\n\n<\/div>\n<\/div>\n<\/div>\n<\/div>\n<div class=\" row indicador \">\n<div class=\"col-md-3 col-sm-3 col-xs-12\">\n<div class=\"row\">\n<div class=\"col-xs-2 colspanfcha\">\n\n<span style=\"font-family: futura-medium-bt; font-size: 12pt;\">Poblaci\u00f3n ocupada con ingresos no especificados - 15 a\u00f1os y m\u00e1s(N\u00famero de personas), 2019 3T: <strong>73,128<\/strong><\/span>\n\n<hr \/>\n\n<\/div>\n<\/div>\n<\/div>\n<\/div>\n<div class=\" row indicadorPar \">\n<div class=\"col-md-3 col-sm-3 col-xs-12\">\n<div class=\"row\">\n<div class=\"col-xs-2 colspanfcha\">\n\n<span style=\"font-family: futura-medium-bt; font-size: 12pt;\">Poblaci\u00f3n ocupada con ingresos no especificados - 15 a\u00f1os y m\u00e1s, hombres(N\u00famero de personas), 2019 3T: <strong>45,494<\/strong><\/span>\n\n<hr \/>\n\n<\/div>\n<\/div>\n<\/div>\n<\/div>\n<div class=\" row indicador \">\n<div class=\"col-md-3 col-sm-3 col-xs-12\">\n<div class=\"row\">\n<div class=\"col-xs-2 colspanfcha\">\n\n<span style=\"font-family: futura-medium-bt; font-size: 12pt;\">Poblaci\u00f3n ocupada con ingresos no especificados - 15 a\u00f1os y m\u00e1s, mujeres(N\u00famero de personas), 2019 3T: <strong>27,634<\/strong><\/span>\n\n<hr \/>\n\n<\/div>\n<\/div>\n<\/div>\n<\/div>\n<div class=\" row indicadorPar \">\n<div class=\"col-md-3 col-sm-3 col-xs-12\">\n<div class=\"row\">\n<div class=\"col-xs-2 colspanfcha\">\n\n<span style=\"font-family: futura-medium-bt; font-size: 12pt;\">Poblaci\u00f3n ocupada en el sector informal - 15 a\u00f1os y m\u00e1s(Personas), 2019 3T: <strong>183,502<\/strong><\/span>\n\n<hr \/>\n\n<\/div>\n<\/div>\n<\/div>\n<\/div>\n<div class=\" row indicador \">\n<div class=\"col-md-3 col-sm-3 col-xs-12\">\n<div class=\"row\">\n<div class=\"col-xs-2 colspanfcha\">\n\n<span style=\"font-family: futura-medium-bt; font-size: 12pt;\">Poblaci\u00f3n ocupada en el sector informal - 15 a\u00f1os y m\u00e1s, mujeres(Personas), 2019 3T: <strong>64,141<\/strong><\/span>\n\n<hr \/>\n\n<\/div>\n<\/div>\n<\/div>\n<\/div>\n<div class=\" row indicadorPar \">\n<div class=\"col-md-3 col-sm-3 col-xs-12\">\n<div class=\"row\">\n<div class=\"col-xs-2 colspanfcha\">\n\n<span style=\"font-family: futura-medium-bt; font-size: 12pt;\">Poblaci\u00f3n ocupada en el sector informal - 15 a\u00f1os y m\u00e1s, hombres(Personas), 2019 3T: <strong>119,361<\/strong><\/span>\n\n<hr \/>\n\n<\/div>\n<\/div>\n<\/div>\n<\/div>\n<div class=\" row indicador \">\n<div class=\"col-md-3 col-sm-3 col-xs-12\">\n<div class=\"row\">\n<div class=\"col-xs-2 colspanfcha\">\n\n<span style=\"font-family: futura-medium-bt; font-size: 12pt;\">Poblaci\u00f3n ocupada - 15 a\u00f1os y m\u00e1s, hombres(Personas), 2019 3T: <strong>520,820<\/strong><\/span>\n\n<hr \/>\n\n<\/div>\n<\/div>\n<\/div>\n<\/div>\n<div class=\" row indicadorPar \">\n<div class=\"col-md-3 col-sm-3 col-xs-12\">\n<div class=\"row\">\n<div class=\"col-xs-2 colspanfcha\">\n\n<span style=\"font-family: futura-medium-bt; font-size: 12pt;\">Poblaci\u00f3n ocupada - 15 a\u00f1os y m\u00e1s(Personas), 2019 3T: <strong>831,743<\/strong><\/span>\n\n<hr \/>\n\n<\/div>\n<\/div>\n<\/div>\n<\/div>\n<div class=\" row indicador \">\n<div class=\"col-md-3 col-sm-3 col-xs-12\">\n<div class=\"row\">\n<div class=\"col-xs-2 colspanfcha\">\n\n<span style=\"font-family: futura-medium-bt; font-size: 12pt;\">Poblaci\u00f3n ocupada - 15 a\u00f1os y m\u00e1s, mujeres(Personas), 2019 3T: <strong>310,923<\/strong><\/span>\n\n<hr \/>\n\n<\/div>\n<\/div>\n<\/div>\n<\/div>\n<div class=\" row indicadorPar \">\n<div class=\"col-md-3 col-sm-3 col-xs-12\">\n<div class=\"row\">\n<div class=\"col-xs-2 colspanfcha\">\n\n<span style=\"font-family: futura-medium-bt; font-size: 12pt;\">Poblaci\u00f3n econ\u00f3micamente activa - 15 a\u00f1os y m\u00e1s(Personas), 2019 3T: <strong>862,339<\/strong><\/span>\n\n<hr \/>\n\n<\/div>\n<\/div>\n<\/div>\n<\/div>\n<div class=\" row indicador \">\n<div class=\"col-md-3 col-sm-3 col-xs-12\">\n<div class=\"row\">\n<div class=\"col-xs-2 colspanfcha\">\n\n<span style=\"font-family: futura-medium-bt; font-size: 12pt;\">Poblaci\u00f3n en edad de trabajar (15 a\u00f1os y m\u00e1s)(Personas), 2019 3T: <strong>1,325,567<\/strong><\/span>\n\n<hr \/>\n\n<\/div>\n<\/div>\n<\/div>\n<\/div>\n<div class=\" row indicadorPar \">\n<div class=\"col-md-3 col-sm-3 col-xs-12\">\n<div class=\"row\">\n<div class=\"col-xs-2 colspanfcha\">\n\n<span style=\"font-family: futura-medium-bt; font-size: 12pt;\">Poblaci\u00f3n desocupada - 15 a\u00f1os y m\u00e1s(Personas), 2019 3T: <strong>30,596<\/strong><\/span>\n\n<hr \/>\n\n<\/div>\n<\/div>\n<\/div>\n<\/div>\n<div class=\" row indicador \">\n<div class=\"col-md-3 col-sm-3 col-xs-12\">\n<div class=\"row\">\n<div class=\"col-xs-2 colspanfcha\">\n\n<span style=\"font-family: futura-medium-bt; font-size: 12pt;\">Poblaci\u00f3n desocupada - 15 a\u00f1os y m\u00e1s, hombres(Personas), 2019 3T: <strong>20,591<\/strong><\/span>\n\n<hr \/>\n\n<\/div>\n<\/div>\n<\/div>\n<\/div>\n<div class=\" row indicadorPar \">\n<div class=\"col-md-3 col-sm-3 col-xs-12\">\n<div class=\"row\">\n<div class=\"col-xs-2 colspanfcha\">\n\n<span style=\"font-family: futura-medium-bt; font-size: 12pt;\">Poblaci\u00f3n desocupada - 15 a\u00f1os y m\u00e1s, mujeres(Personas), 2019 3T: <strong>10,005<\/strong><\/span>\n\n<hr \/>\n\n<\/div>\n<\/div>\n<\/div>\n<\/div>\n<div class=\" row indicador \">\n<div class=\"col-md-3 col-sm-3 col-xs-12\">\n<div class=\"row\">\n<div class=\"col-xs-2 colspanfcha\">\n\n<span style=\"font-family: futura-medium-bt; font-size: 12pt;\">Conflictos de trabajo(Conflictos), 2018: <strong>4,514<\/strong><\/span>\n\n<hr \/>\n\n<\/div>\n<\/div>\n<\/div>\n<\/div>\n<div class=\" row indicadorPar \">\n<div class=\"col-md-3 col-sm-3 col-xs-12\">\n<div class=\"row\">\n<div class=\"col-xs-2 colspanfcha\">\n\n<span style=\"font-family: futura-medium-bt; font-size: 12pt;\">Conflictos de trabajo solucionados(Conflictos), 2018: <strong>2,406<\/strong><\/span>\n\n<hr \/>\n\n<\/div>\n<\/div>\n<\/div>\n<\/div>\n<div class=\" row indicador \">\n<div class=\"col-md-3 col-sm-3 col-xs-12\">\n<div class=\"row\">\n<div class=\"col-xs-2 colspanfcha\">\n\n<span style=\"font-family: futura-medium-bt; font-size: 12pt;\">Huelgas estalladas(Conflictos), 2018: <strong>0<\/strong><\/span>\n\n<hr \/>\n\n<\/div>\n<\/div>\n<\/div>\n<\/div>\n<div class=\" row indicadorPar \">\n<div class=\"col-md-3 col-sm-3 col-xs-12\">\n<div class=\"row\">\n<div class=\"col-xs-2 colspanfcha\">\n\n<span style=\"font-family: futura-medium-bt; font-size: 12pt;\">Huelgas solucionadas(Conflictos), 2018: <strong>0<\/strong><\/span>\n\n<hr \/>\n\n<\/div>\n<\/div>\n<\/div>\n<\/div>\n<div class=\" row indicador \">\n<div class=\"col-md-3 col-sm-3 col-xs-12\">\n<div class=\"row\">\n<div class=\"col-xs-2 colspanfcha\">\n\n<span style=\"font-family: futura-medium-bt; font-size: 12pt;\">Porcentaje de poblaci\u00f3n de 12 a\u00f1os con condici\u00f3n de actividad econ\u00f3mica no especificada(Porcentaje), 2015: <strong>0.2<\/strong><\/span>\n\n<hr \/>\n\n<\/div>\n<\/div>\n<\/div>\n<\/div>\n<div class=\" row indicadorPar \">\n<div class=\"col-md-3 col-sm-3 col-xs-12\">\n<div class=\"row\">\n<div class=\"col-xs-2 colspanfcha\">\n\n<span style=\"font-family: futura-medium-bt; font-size: 12pt;\">Producci\u00f3n bruta total por unidad econ\u00f3mica.(Miles de pesos), 2008: <strong><strong>2,615.10<\/strong><\/strong><\/span>\n\n<hr \/>\n\n<\/div>\n<\/div>\n<\/div>\n<\/div>\n[\/vc_column_text][vc_column_text]\n<div class=\"temaHijo\">\n<div class=\"fila\">\n<pre class=\"derecha\"><span style=\"font-family: futura-medium-bt; font-size: 14pt; color: #0000ff;\"><strong><label class=\"texto\" data-role=\"none\">Personal Ocupado<\/label><\/strong><\/span><\/pre>\n<div class=\"derecha\">\n\n<span style=\"font-family: futura-medium-bt; font-size: 12pt;\">Cantidad de personal ocupado total en la prestaci\u00f3n del servicio de agua potable(N\u00famero), 2014: <strong>1,699<\/strong><\/span>\n\n<hr \/>\n\n<\/div>\n<\/div>\n<\/div>\n<div class=\" row indicador \">\n<div class=\"col-md-3 col-sm-3 col-xs-12\">\n<div class=\"row\">\n<div class=\"col-xs-2 colspanfcha\">\n\n<span style=\"font-family: futura-medium-bt; font-size: 12pt;\">Cantidad de personal sindicalizado ocupado en la prestaci\u00f3n del servicio de agua potable(N\u00famero), 2014: <strong>785<\/strong><\/span>\n\n<hr \/>\n\n<\/div>\n<\/div>\n<\/div>\n<\/div>\n<div class=\" row indicadorPar \">\n<div class=\"col-md-3 col-sm-3 col-xs-12\">\n<div class=\"row\">\n<div class=\"col-xs-2 colspanfcha\">\n\n<span style=\"font-family: futura-medium-bt; font-size: 12pt;\">Cantidad de personal de confianza ocupado en la prestaci\u00f3n del servicio de agua potable(N\u00famero), 2014: <strong>910<\/strong><\/span>\n\n<hr \/>\n\n<\/div>\n<\/div>\n<\/div>\n<\/div>\n<div class=\" row indicador \">\n<div class=\"col-md-3 col-sm-3 col-xs-12\">\n<div class=\"row\">\n<div class=\"col-xs-2 colspanfcha\">\n\n<span style=\"font-family: futura-medium-bt; font-size: 12pt;\">Personal ocupado. Universo total(N\u00famero de personas), 2008: <strong>407,860<\/strong><\/span>\n\n<hr \/>\n\n<\/div>\n<\/div>\n<\/div>\n<\/div>\n<div class=\" row indicadorPar \">\n<div class=\"col-md-3 col-sm-3 col-xs-12\">\n<div class=\"row\">\n<div class=\"col-xs-2 colspanfcha\">\n\n<span style=\"font-family: futura-medium-bt; font-size: 12pt;\">Personal ocupado. Universo total (estructura porcentual).(Porcentaje), 2008: <strong>1.5<\/strong><\/span>\n\n<hr \/>\n\n<\/div>\n<\/div>\n<\/div>\n<\/div>\n<div class=\" row indicador \">\n<div class=\"col-md-3 col-sm-3 col-xs-12\">\n<div class=\"row\">\n<div class=\"col-xs-2 colspanfcha\">\n\n<span style=\"font-family: futura-medium-bt; font-size: 12pt;\">Personal ocupado. Sector privado y paraestatal (estructura porcentual).(Porcentaje), 2008: <strong>1.5<\/strong><\/span>\n\n<hr \/>\n\n<\/div>\n<\/div>\n<\/div>\n<\/div>\n<div class=\" row indicadorPar \">\n<div class=\"col-md-3 col-sm-3 col-xs-12\">\n<div class=\"row\">\n<div class=\"col-xs-2 colspanfcha\">\n\n<span style=\"font-family: futura-medium-bt; font-size: 12pt;\">Remuneraciones. Sector privado y paraestatal (estructura porcentual).(Porcentaje), 2008: <strong>1.2<\/strong><\/span>\n\n<hr \/>\n\n<\/div>\n<\/div>\n<\/div>\n<\/div>\n<div class=\" row indicador \">\n<div class=\"col-md-3 col-sm-3 col-xs-12\">\n<div class=\"row\">\n<div class=\"col-xs-2 colspanfcha\">\n\n<span style=\"font-family: futura-medium-bt; font-size: 12pt;\">Personal ocupado total.(N\u00famero de personas), 2008: <strong>308,477<\/strong><\/span>\n\n<hr \/>\n\n<\/div>\n<\/div>\n<\/div>\n<\/div>\n<div class=\" row indicadorPar \">\n<div class=\"col-md-3 col-sm-3 col-xs-12\">\n<div class=\"row\">\n<div class=\"col-xs-2 colspanfcha\">\n\n<span style=\"font-family: futura-medium-bt; font-size: 12pt;\">Personal ocupado total. Gran sector 43-46. Comercio.(N\u00famero de personas), 2008: <strong>83,007<\/strong><\/span>\n\n<hr \/>\n\n<\/div>\n<\/div>\n<\/div>\n<\/div>\n<div class=\" row indicador \">\n<div class=\"col-md-3 col-sm-3 col-xs-12\">\n<div class=\"row\">\n<div class=\"col-xs-2 colspanfcha\">\n\n<span style=\"font-family: futura-medium-bt; font-size: 12pt;\">Personal ocupado total. Gran sector 51 ,53 ,54 ,55, 56, 61, 62, 71, 72 y 81. Servicios privados no financieros.(N\u00famero de personas), 2008: <strong>178,015<\/strong><\/span>\n\n<hr \/>\n\n<\/div>\n<\/div>\n<\/div>\n<\/div>\n<div class=\" row indicadorPar \">\n<div class=\"col-md-3 col-sm-3 col-xs-12\">\n<div class=\"row\">\n<div class=\"col-xs-2 colspanfcha\">\n\n<span style=\"font-family: futura-medium-bt; font-size: 12pt;\">Personal ocupado total. Sector 11. Pesca y acuicultura.(N\u00famero de personas), 2008: <strong>1,568<\/strong><\/span>\n\n<hr \/>\n\n<\/div>\n<\/div>\n<\/div>\n<\/div>\n<div class=\" row indicador \">\n<div class=\"col-md-3 col-sm-3 col-xs-12\">\n<div class=\"row\">\n<div class=\"col-xs-2 colspanfcha\">\n\n<span style=\"font-family: futura-medium-bt; font-size: 12pt;\">Personal ocupado total. Sector 21. Miner\u00eda.(N\u00famero de personas), 2008: <strong>839<\/strong><\/span>\n\n<hr \/>\n\n<\/div>\n<\/div>\n<\/div>\n<\/div>\n<div class=\" row indicadorPar \">\n<div class=\"col-md-3 col-sm-3 col-xs-12\">\n<div class=\"row\">\n<div class=\"col-xs-2 colspanfcha\">\n\n<span style=\"font-family: futura-medium-bt; font-size: 12pt;\">Personal ocupado total. Sector 22. Agua y gas.(N\u00famero de personas), 2008: <strong>3,229<\/strong><\/span>\n\n<hr \/>\n\n<\/div>\n<\/div>\n<\/div>\n<\/div>\n<div class=\" row indicador \">\n<div class=\"col-md-3 col-sm-3 col-xs-12\">\n<div class=\"row\">\n<div class=\"col-xs-2 colspanfcha\">\n\n<span style=\"font-family: futura-medium-bt; font-size: 12pt;\">Personal ocupado total. Sector 23. Construcci\u00f3n.(N\u00famero de personas), 2008: 13,249<\/span>\n\n<hr \/>\n\n<\/div>\n<\/div>\n<\/div>\n<\/div>\n<div class=\" row indicadorPar \">\n<div class=\"col-md-3 col-sm-3 col-xs-12\">\n<div class=\"row\">\n<div class=\"col-xs-2 colspanfcha\">\n\n<span style=\"font-family: futura-medium-bt; font-size: 12pt;\">Personal ocupado total. Sector 31-33. Industrias manufactureras.(N\u00famero de personas), 2008: <strong>14,977<\/strong><\/span>\n\n<hr \/>\n\n<\/div>\n<\/div>\n<\/div>\n<\/div>\n<div class=\" row indicador \">\n<div class=\"col-md-3 col-sm-3 col-xs-12\">\n<div class=\"row\">\n<div class=\"col-xs-2 colspanfcha\">\n\n<span style=\"font-family: futura-medium-bt; font-size: 12pt;\">Personal ocupado total. Sector 48-49. Transportes.(N\u00famero de personas), 2008: <strong>12,280<\/strong><\/span>\n\n<hr \/>\n\n<\/div>\n<\/div>\n<\/div>\n<\/div>\n<div class=\" row indicadorPar \">\n<div class=\"col-md-3 col-sm-3 col-xs-12\">\n<div class=\"row\">\n<div class=\"col-xs-2 colspanfcha\">\n\n<span style=\"font-family: futura-medium-bt; font-size: 12pt;\">Personal ocupado total. Sector 52. Servicios financieros y de seguros.(N\u00famero de personas), 2008: <strong>1,313<\/strong><\/span>\n\n<hr \/>\n\n<\/div>\n<\/div>\n<\/div>\n<\/div>\n<div class=\" row indicador \">\n<div class=\"col-md-3 col-sm-3 col-xs-12\">\n<div class=\"row\">\n<div class=\"col-xs-2 colspanfcha\">\n\n<span style=\"font-family: futura-medium-bt; font-size: 12pt;\">Total remuneraciones.(Miles de pesos), 2008: <strong>13,619,116.00<\/strong><\/span>\n\n<hr \/>\n\n<\/div>\n<\/div>\n<\/div>\n<\/div>\n<div class=\" row indicadorPar \">\n<div class=\"col-md-3 col-sm-3 col-xs-12\">\n<div class=\"row\">\n<div class=\"col-xs-2 colspanfcha\">\n\n<span style=\"font-family: futura-medium-bt; font-size: 12pt;\">Total remuneraciones. Gran sector 43-46. Comercio.(Miles de pesos), 2008: <strong>2,311,187.00<\/strong><\/span>\n\n<hr \/>\n\n<\/div>\n<\/div>\n<\/div>\n<\/div>\n<div class=\" row indicador \">\n<div class=\"col-md-3 col-sm-3 col-xs-12\">\n<div class=\"row\">\n<div class=\"col-xs-2 colspanfcha\">\n\n<span style=\"font-family: futura-medium-bt; font-size: 12pt;\">Total remuneraciones. Gran sector 51 ,53 ,54 ,55, 56, 61, 62, 71, 72 y 81. Servicios privados no financieros.(Miles de pesos), 2008: <strong>8,562,462.00<\/strong><\/span>\n\n<hr \/>\n\n<\/div>\n<\/div>\n<\/div>\n<\/div>\n<div class=\" row indicadorPar \">\n<div class=\"col-md-3 col-sm-3 col-xs-12\">\n<div class=\"row\">\n<div class=\"col-xs-2 colspanfcha\">\n\n<span style=\"font-family: futura-medium-bt; font-size: 12pt;\">Total remuneraciones. Sector 11. Pesca y acuicultura.(Miles de pesos), 2008: <strong>5,517.00<\/strong><\/span>\n\n<hr \/>\n\n<\/div>\n<\/div>\n<\/div>\n<\/div>\n<div class=\" row indicador \">\n<div class=\"col-md-3 col-sm-3 col-xs-12\">\n<div class=\"row\">\n<div class=\"col-xs-2 colspanfcha\">\n\n<span style=\"font-family: futura-medium-bt; font-size: 12pt;\">Total remuneraciones. Sector 21. Miner\u00eda.(Miles de pesos), 2008: <strong>19,839.00<\/strong><\/span>\n\n<hr \/>\n\n<\/div>\n<\/div>\n<\/div>\n<\/div>\n<div class=\" row indicadorPar \">\n<div class=\"col-md-3 col-sm-3 col-xs-12\">\n<div class=\"row\">\n<div class=\"col-xs-2 colspanfcha\">\n\n<span style=\"font-family: futura-medium-bt; font-size: 12pt;\">Total remuneraciones. Sector 22. Agua y gas.(Miles de pesos), 2008: <strong>739,909.00<\/strong><\/span>\n\n<hr \/>\n\n<\/div>\n<\/div>\n<\/div>\n<\/div>\n<div class=\" row indicador \">\n<div class=\"col-md-3 col-sm-3 col-xs-12\">\n<div class=\"row\">\n<div class=\"col-xs-2 colspanfcha\">\n\n<span style=\"font-family: futura-medium-bt; font-size: 12pt;\">Total remuneraciones. Sector 23. Construcci\u00f3n.(Miles de pesos), 2008: <strong>588,572.00<\/strong><\/span>\n\n<hr \/>\n\n<\/div>\n<\/div>\n<\/div>\n<\/div>\n<div class=\" row indicadorPar \">\n<div class=\"col-md-3 col-sm-3 col-xs-12\">\n<div class=\"row\">\n<div class=\"col-xs-2 colspanfcha\">\n\n<span style=\"font-family: futura-medium-bt; font-size: 12pt;\">Total remuneraciones. Sector 31-33. Industrias manufactureras.(Miles de pesos), 2008: <strong>707,169.00<\/strong><\/span>\n\n<hr \/>\n\n<\/div>\n<\/div>\n<\/div>\n<\/div>\n<div class=\" row indicador \">\n<div class=\"col-md-3 col-sm-3 col-xs-12\">\n<div class=\"row\">\n<div class=\"col-xs-2 colspanfcha\">\n\n<span style=\"font-family: futura-medium-bt; font-size: 12pt;\">Total remuneraciones. Sector 48-49. Transportes.(Miles de pesos), 2008: <strong>642,823.00<\/strong><\/span>\n\n<hr \/>\n\n<\/div>\n<\/div>\n<\/div>\n<\/div>\n<div class=\" row indicadorPar \">\n<div class=\"col-md-3 col-sm-3 col-xs-12\">\n<div class=\"row\">\n<div class=\"col-xs-2 colspanfcha\">\n\n<span style=\"font-family: futura-medium-bt; font-size: 12pt;\">Total remuneraciones. Sector 52. Servicios financieros y de seguros.(Miles de pesos), 2008: <strong>41,638.00<\/strong><\/span>\n\n<hr \/>\n\n<\/div>\n<\/div>\n<\/div>\n<\/div>\n<div class=\" row indicador \">\n<div class=\"col-md-3 col-sm-3 col-xs-12\">\n<div class=\"row\">\n<div class=\"col-xs-2 colspanfcha\">\n\n<span style=\"font-family: futura-medium-bt; font-size: 12pt;\">Total de personal dependiente de la raz\u00f3n social.(N\u00famero de personas), 2008: <strong>219,529<\/strong><\/span>\n\n<hr \/>\n\n<\/div>\n<\/div>\n<\/div>\n<\/div>\n<div class=\" row indicadorPar \">\n<div class=\"col-md-3 col-sm-3 col-xs-12\">\n<div class=\"row\">\n<div class=\"col-xs-2 colspanfcha\">\n\n<span style=\"font-family: futura-medium-bt; font-size: 12pt;\">Total de personal dependiente de la raz\u00f3n social. Gran sector 43-46. Comercio.(N\u00famero de personas), 2008: <strong>62,837<\/strong><\/span>\n\n<hr \/>\n\n<\/div>\n<\/div>\n<\/div>\n<\/div>\n<div class=\" row indicador \">\n<div class=\"col-md-3 col-sm-3 col-xs-12\">\n<div class=\"row\">\n<div class=\"col-xs-2 colspanfcha\">\n\n<span style=\"font-family: futura-medium-bt; font-size: 12pt;\">Total de personal dependiente de la raz\u00f3n social. Gran sector 51 ,53 ,54 ,55, 56, 61, 62, 71, 72 y 81. Servicios privados no financieros.(N\u00famero de personas), 2008: <strong>118,657<\/strong><\/span>\n\n<hr \/>\n\n<\/div>\n<\/div>\n<\/div>\n<\/div>\n<div class=\" row indicadorPar \">\n<div class=\"col-md-3 col-sm-3 col-xs-12\">\n<div class=\"row\">\n<div class=\"col-xs-2 colspanfcha\">\n\n<span style=\"font-family: futura-medium-bt; font-size: 12pt;\">Total de personal dependiente de la raz\u00f3n social. Sector 11. Pesca y acuicultura.(N\u00famero de personas), 2008: <strong>840<\/strong><\/span>\n\n<hr \/>\n\n<\/div>\n<\/div>\n<\/div>\n<\/div>\n<div class=\" row indicador \">\n<div class=\"col-md-3 col-sm-3 col-xs-12\">\n<div class=\"row\">\n<div class=\"col-xs-2 colspanfcha\">\n\n<span style=\"font-family: futura-medium-bt; font-size: 12pt;\">Total de personal dependiente de la raz\u00f3n social. Sector 21. Miner\u00eda.(N\u00famero de personas), 2008: <strong>541<\/strong><\/span>\n\n<hr \/>\n\n<\/div>\n<\/div>\n<\/div>\n<\/div>\n<div class=\" row indicadorPar \">\n<div class=\"col-md-3 col-sm-3 col-xs-12\">\n<div class=\"row\">\n<div class=\"col-xs-2 colspanfcha\">\n\n<span style=\"font-family: futura-medium-bt; font-size: 12pt;\">Total de personal dependiente de la raz\u00f3n social. Sector 22. Agua y gas.(N\u00famero de personas), 2008: <strong>3,199<\/strong><\/span>\n\n<hr \/>\n\n<\/div>\n<\/div>\n<\/div>\n<\/div>\n<div class=\" row indicador \">\n<div class=\"col-md-3 col-sm-3 col-xs-12\">\n<div class=\"row\">\n<div class=\"col-xs-2 colspanfcha\">\n\n<span style=\"font-family: futura-medium-bt; font-size: 12pt;\">Total de personal dependiente de la raz\u00f3n social. Sector 23. Construcci\u00f3n.(N\u00famero de personas), 2008: <strong>10,431<\/strong><\/span>\n\n<hr \/>\n\n<\/div>\n<\/div>\n<\/div>\n<\/div>\n<div class=\" row indicadorPar \">\n<div class=\"col-md-3 col-sm-3 col-xs-12\">\n<div class=\"row\">\n<div class=\"col-xs-2 colspanfcha\">\n\n<span style=\"font-family: futura-medium-bt; font-size: 12pt;\">Total de personal dependiente de la raz\u00f3n social. Sector 31-33. Industrias manufactureras.(N\u00famero de personas), 2008: <strong>13,291<\/strong><\/span>\n\n<hr \/>\n\n<\/div>\n<\/div>\n<\/div>\n<\/div>\n<div class=\" row indicador \">\n<div class=\"col-md-3 col-sm-3 col-xs-12\">\n<div class=\"row\">\n<div class=\"col-xs-2 colspanfcha\">\n\n<span style=\"font-family: futura-medium-bt; font-size: 12pt;\">Total de personal dependiente de la raz\u00f3n social. Sector 48-49. Transportes.(N\u00famero de personas), 2008: <strong>8,708<\/strong><\/span>\n\n<hr \/>\n\n<\/div>\n<\/div>\n<\/div>\n<\/div>\n<div class=\" row indicadorPar \">\n<div class=\"col-md-3 col-sm-3 col-xs-12\">\n<div class=\"row\">\n<div class=\"col-xs-2 colspanfcha\">\n\n<span style=\"font-family: futura-medium-bt; font-size: 12pt;\">Total de personal dependiente de la raz\u00f3n social. Sector 52. Servicios financieros y de seguros.(N\u00famero de personas), 2008: <strong>1,025<\/strong><\/span>\n\n<hr \/>\n\n<\/div>\n<\/div>\n<\/div>\n<\/div>\n<div class=\" row indicador \">\n<div class=\"col-md-3 col-sm-3 col-xs-12\">\n<div class=\"row\">\n<div class=\"col-xs-2 colspanfcha\">\n\n<span style=\"font-family: futura-medium-bt; font-size: 12pt;\">Total de personal no dependiente de la raz\u00f3n social.(N\u00famero de personas), 2008: <strong>88,948<\/strong><\/span>\n\n<hr \/>\n\n<\/div>\n<\/div>\n<\/div>\n<\/div>\n<div class=\" row indicadorPar \">\n<div class=\"col-md-3 col-sm-3 col-xs-12\">\n<div class=\"row\">\n<div class=\"col-xs-2 colspanfcha\">\n\n<span style=\"font-family: futura-medium-bt; font-size: 12pt;\">Total de personal no dependiente de la raz\u00f3n social. Gran sector 43-46. Comercio.(N\u00famero de personas), 2008: <strong>20,170<\/strong><\/span>\n\n<hr \/>\n\n<\/div>\n<\/div>\n<\/div>\n<\/div>\n<div class=\" row indicador \">\n<div class=\"col-md-3 col-sm-3 col-xs-12\">\n<div class=\"row\">\n<div class=\"col-xs-2 colspanfcha\">\n\n<span style=\"font-family: futura-medium-bt; font-size: 12pt;\">Total de personal no dependiente de la raz\u00f3n social. Gran sector 51 ,53 ,54 ,55, 56, 61, 62, 71, 72 y 81. Servicios privados no financieros.(N\u00famero de personas), 2008: <strong>59,358<\/strong><\/span>\n\n<hr \/>\n\n<\/div>\n<\/div>\n<\/div>\n<\/div>\n<div class=\" row indicadorPar \">\n<div class=\"col-md-3 col-sm-3 col-xs-12\">\n<div class=\"row\">\n<div class=\"col-xs-2 colspanfcha\">\n\n<span style=\"font-family: futura-medium-bt; font-size: 12pt;\">Total de personal no dependiente de la raz\u00f3n social. Sector 11. Pesca y acuicultura.(N\u00famero de personas), 2008: 728<\/span>\n\n<hr \/>\n\n<\/div>\n<\/div>\n<\/div>\n<\/div>\n<div class=\" row indicador \">\n<div class=\"col-md-3 col-sm-3 col-xs-12\">\n<div class=\"row\">\n<div class=\"col-xs-2 colspanfcha\">\n\n<span style=\"font-family: futura-medium-bt; font-size: 12pt;\">Total de personal no dependiente de la raz\u00f3n social. Sector 21. Miner\u00eda.(N\u00famero de personas), 2008: <strong>298<\/strong><\/span>\n\n<hr \/>\n\n<\/div>\n<\/div>\n<\/div>\n<\/div>\n<div class=\" row indicadorPar \">\n<div class=\"col-md-3 col-sm-3 col-xs-12\">\n<div class=\"row\">\n<div class=\"col-xs-2 colspanfcha\">\n\n<span style=\"font-family: futura-medium-bt; font-size: 12pt;\">Total de personal no dependiente de la raz\u00f3n social. Sector 22. Agua y gas.(N\u00famero de personas), 2008: <strong>30<\/strong><\/span>\n\n<hr \/>\n\n<\/div>\n<\/div>\n<\/div>\n<\/div>\n<div class=\" row indicador \">\n<div class=\"col-md-3 col-sm-3 col-xs-12\">\n<div class=\"row\">\n<div class=\"col-xs-2 colspanfcha\">\n\n<span style=\"font-family: futura-medium-bt; font-size: 12pt;\">Total de personal no dependiente de la raz\u00f3n social. Sector 23. Construcci\u00f3n.(N\u00famero de personas), 2008: <strong>2,818<\/strong><\/span>\n\n<hr \/>\n\n<\/div>\n<\/div>\n<\/div>\n<\/div>\n<div class=\" row indicadorPar \">\n<div class=\"col-md-3 col-sm-3 col-xs-12\">\n<div class=\"row\">\n<div class=\"col-xs-2 colspanfcha\">\n\n<span style=\"font-family: futura-medium-bt; font-size: 12pt;\">Total de personal no dependiente de la raz\u00f3n social. Sector 31-33. Industrias manufactureras.(N\u00famero de personas), 2008: <strong>1,68<\/strong><\/span>\n\n<hr \/>\n\n<\/div>\n<\/div>\n<\/div>\n<\/div>\n<div class=\" row indicador \">\n<div class=\"col-md-3 col-sm-3 col-xs-12\">\n<div class=\"row\">\n<div class=\"col-xs-2 colspanfcha\">\n\n<span style=\"font-family: futura-medium-bt; font-size: 12pt;\">Total de personal no dependiente de la raz\u00f3n social. Sector 48-49. Transportes.(N\u00famero de personas), 2008: <strong>3,572<\/strong><\/span>\n\n<hr \/>\n\n<\/div>\n<\/div>\n<\/div>\n<\/div>\n<div class=\" row indicadorPar \">\n<div class=\"col-md-3 col-sm-3 col-xs-12\">\n<div class=\"row\">\n<div class=\"col-xs-2 colspanfcha\">\n\n<span style=\"font-family: futura-medium-bt; font-size: 12pt;\">Total de personal no dependiente de la raz\u00f3n social. Sector 52. Servicios financieros y de seguros.(N\u00famero de personas), 2008: <strong>288<\/strong><\/span>\n\n<hr \/>\n\n<\/div>\n<\/div>\n<\/div>\n<\/div>\n<div class=\" row indicador \">\n<div class=\"col-md-3 col-sm-3 col-xs-12\">\n<div class=\"row\">\n<div class=\"col-xs-2 colspanfcha\">\n\n<span style=\"font-family: futura-medium-bt; font-size: 12pt;\">Personal remunerado.(N\u00famero de personas), 2008: <strong>163,458<\/strong><\/span>\n\n<hr \/>\n\n<\/div>\n<\/div>\n<\/div>\n<\/div>\n<div class=\" row indicadorPar \">\n<div class=\"col-md-3 col-sm-3 col-xs-12\">\n<div class=\"row\">\n<div class=\"col-xs-2 colspanfcha\">\n\n<span style=\"font-family: futura-medium-bt; font-size: 12pt;\">Personal remunerado. Gran sector 43-46. Comercio.(N\u00famero de personas), 2008: <strong>37,939<\/strong><\/span>\n\n<hr \/>\n\n<\/div>\n<\/div>\n<\/div>\n<\/div>\n<div class=\" row indicador \">\n<div class=\"col-md-3 col-sm-3 col-xs-12\">\n<div class=\"row\">\n<div class=\"col-xs-2 colspanfcha\">\n\n<span style=\"font-family: futura-medium-bt; font-size: 12pt;\">Personal remunerado. Gran sector 51 ,53 ,54 ,55, 56, 61, 62, 71, 72 y 81. Servicios privados no financieros.(N\u00famero de personas), 2008: <strong>95,046<\/strong><\/span>\n\n<hr \/>\n\n<\/div>\n<\/div>\n<\/div>\n<\/div>\n<div class=\" row indicadorPar \">\n<div class=\"col-md-3 col-sm-3 col-xs-12\">\n<div class=\"row\">\n<div class=\"col-xs-2 colspanfcha\">\n\n<span style=\"font-family: futura-medium-bt; font-size: 12pt;\">Personal remunerado. Sector 11. Pesca y acuicultura.(N\u00famero de personas), 2008: <strong>146<\/strong><\/span>\n\n<hr \/>\n\n<\/div>\n<\/div>\n<\/div>\n<\/div>\n<div class=\" row indicador \">\n<div class=\"col-md-3 col-sm-3 col-xs-12\">\n<div class=\"row\">\n<div class=\"col-xs-2 colspanfcha\">\n\n<span style=\"font-family: futura-medium-bt; font-size: 12pt;\">Personal remunerado. Sector 21. Miner\u00eda.(N\u00famero de personas), 2008: <strong>371<\/strong><\/span>\n\n<hr \/>\n\n<\/div>\n<\/div>\n<\/div>\n<\/div>\n<div class=\" row indicadorPar \">\n<div class=\"col-md-3 col-sm-3 col-xs-12\">\n<div class=\"row\">\n<div class=\"col-xs-2 colspanfcha\">\n\n<span style=\"font-family: futura-medium-bt; font-size: 12pt;\">Personal remunerado. Sector 22. Agua y gas.(N\u00famero de personas), 2008: <strong>3,199<\/strong><\/span>\n\n<hr \/>\n\n<\/div>\n<\/div>\n<\/div>\n<\/div>\n<div class=\" row indicador \">\n<div class=\"col-md-3 col-sm-3 col-xs-12\">\n<div class=\"row\">\n<div class=\"col-xs-2 colspanfcha\">\n\n<span style=\"font-family: futura-medium-bt; font-size: 12pt;\">Personal remunerado. Sector 23. Construcci\u00f3n.(N\u00famero de personas), 2008: <strong>10,193<\/strong><\/span>\n\n<hr \/>\n\n<\/div>\n<\/div>\n<\/div>\n<\/div>\n<div class=\" row indicadorPar \">\n<div class=\"col-md-3 col-sm-3 col-xs-12\">\n<div class=\"row\">\n<div class=\"col-xs-2 colspanfcha\">\n\n<span style=\"font-family: futura-medium-bt; font-size: 12pt;\">Personal remunerado. Sector 31-33. Industrias manufactureras.(N\u00famero de personas), 2008: <strong>8,960<\/strong><\/span>\n\n<hr \/>\n\n<\/div>\n<\/div>\n<\/div>\n<\/div>\n<div class=\" row indicador \">\n<div class=\"col-md-3 col-sm-3 col-xs-12\">\n<div class=\"row\">\n<div class=\"col-xs-2 colspanfcha\">\n\n<span style=\"font-family: futura-medium-bt; font-size: 12pt;\">Personal remunerado. Sector 48-49. Transportes.(N\u00famero de personas), 2008: <strong>6,781<\/strong><\/span>\n\n<hr \/>\n\n<\/div>\n<\/div>\n<\/div>\n<\/div>\n<div class=\" row indicadorPar \">\n<div class=\"col-md-3 col-sm-3 col-xs-12\">\n<div class=\"row\">\n<div class=\"col-xs-2 colspanfcha\">\n\n<span style=\"font-family: futura-medium-bt; font-size: 12pt;\">Personal remunerado. Sector 52. Servicios financieros y de seguros.(N\u00famero de personas), 2008: <strong>823<\/strong><\/span>\n\n<hr \/>\n\n<\/div>\n<\/div>\n<\/div>\n<\/div>\n<div class=\" row indicador \">\n<div class=\"col-md-3 col-sm-3 col-xs-12\">\n<div class=\"row\">\n<div class=\"col-xs-2 colspanfcha\">\n\n<span style=\"font-family: futura-medium-bt; font-size: 12pt;\">Personal ocupado total por unidad econ\u00f3mica.(N\u00famero de personas), 2008: <strong>8<\/strong><\/span>\n\n<hr \/>\n\n<\/div>\n<\/div>\n<\/div>\n<\/div>\n<div class=\" row indicadorPar \">\n<div class=\"col-md-3 col-sm-3 col-xs-12\">\n<div class=\"row\">\n<div class=\"col-xs-2 colspanfcha\">\n\n<span style=\"font-family: futura-medium-bt; font-size: 12pt;\">Personal ocupado total por unidad econ\u00f3mica. Gran sector 43-46. Comercio.(N\u00famero de personas), 2008: <strong>4<\/strong><\/span>\n\n<hr \/>\n\n<\/div>\n<\/div>\n<\/div>\n<\/div>\n<div class=\" row indicador \">\n<div class=\"col-md-3 col-sm-3 col-xs-12\">\n<div class=\"row\">\n<div class=\"col-xs-2 colspanfcha\">\n\n<span style=\"font-family: futura-medium-bt; font-size: 12pt;\">Personal ocupado total por unidad econ\u00f3mica. Gran sector 51 ,53 ,54 ,55, 56, 61, 62, 71, 72 y 81. Servicios privados no financieros.(N\u00famero de personas), 2008: <strong>11<\/strong><\/span>\n\n<hr \/>\n\n<\/div>\n<\/div>\n<\/div>\n<\/div>\n<div class=\" row indicadorPar \">\n<div class=\"col-md-3 col-sm-3 col-xs-12\">\n<div class=\"row\">\n<div class=\"col-xs-2 colspanfcha\">\n\n<span style=\"font-family: futura-medium-bt; font-size: 12pt;\">Personal ocupado total por unidad econ\u00f3mica. Sector 11. Pesca y acuicultura.(N\u00famero de personas), 2008: <strong>22<\/strong><\/span>\n\n<hr \/>\n\n<\/div>\n<\/div>\n<\/div>\n<\/div>\n<div class=\" row indicador \">\n<div class=\"col-md-3 col-sm-3 col-xs-12\">\n<div class=\"row\">\n<div class=\"col-xs-2 colspanfcha\">\n\n<span style=\"font-family: futura-medium-bt; font-size: 12pt;\">Personal ocupado total por unidad econ\u00f3mica. Sector 21. Miner\u00eda.(N\u00famero de personas), 2008: <strong>56<\/strong><\/span>\n\n<hr \/>\n\n<\/div>\n<\/div>\n<\/div>\n<\/div>\n<div class=\" row indicadorPar \">\n<div class=\"col-md-3 col-sm-3 col-xs-12\">\n<div class=\"row\">\n<div class=\"col-xs-2 colspanfcha\">\n\n<span style=\"font-family: futura-medium-bt; font-size: 12pt;\">Personal ocupado total por unidad econ\u00f3mica. Sector 22. Agua y gas.(N\u00famero de personas), 2008: <strong>294<\/strong><\/span>\n\n<hr \/>\n\n<\/div>\n<\/div>\n<\/div>\n<\/div>\n<div class=\" row indicador \">\n<div class=\"col-md-3 col-sm-3 col-xs-12\">\n<div class=\"row\">\n<div class=\"col-xs-2 colspanfcha\">\n\n<span style=\"font-family: futura-medium-bt; font-size: 12pt;\">Personal ocupado total por unidad econ\u00f3mica. Sector 23. Construcci\u00f3n.(N\u00famero de personas), 2008: <strong>40<\/strong><\/span>\n\n<hr \/>\n\n<\/div>\n<\/div>\n<\/div>\n<\/div>\n<div class=\" row indicadorPar \">\n<div class=\"col-md-3 col-sm-3 col-xs-12\">\n<div class=\"row\">\n<div class=\"col-xs-2 colspanfcha\">\n\n<span style=\"font-family: futura-medium-bt; font-size: 12pt;\">Personal ocupado total por unidad econ\u00f3mica. Sector 31-33. Industrias manufactureras.(N\u00famero de personas), 2008: <strong>5<\/strong><\/span>\n\n<hr \/>\n\n<\/div>\n<\/div>\n<\/div>\n<\/div>\n<div class=\" row indicador \">\n<div class=\"col-md-3 col-sm-3 col-xs-12\">\n<div class=\"row\">\n<div class=\"col-xs-2 colspanfcha\">\n\n<span style=\"font-family: futura-medium-bt; font-size: 12pt;\">Personal ocupado total por unidad econ\u00f3mica. Sector 48-49. Transportes.(N\u00famero de personas), 2008: <strong>47<\/strong><\/span>\n\n<hr \/>\n\n<\/div>\n<\/div>\n<\/div>\n<\/div>\n<div class=\" row indicadorPar \">\n<div class=\"col-md-3 col-sm-3 col-xs-12\">\n<div class=\"row\">\n<div class=\"col-xs-2 colspanfcha\">\n\n<span style=\"font-family: futura-medium-bt; font-size: 12pt;\">Personal ocupado total por unidad econ\u00f3mica. Sector 52. Servicios financieros y de seguros.(N\u00famero de personas), 2008: <strong>4<\/strong><\/span>\n\n<hr \/>\n\n<\/div>\n<\/div>\n<\/div>\n<\/div>\n<div class=\" row indicador \">\n<div class=\"col-md-3 col-sm-3 col-xs-12\">\n<div class=\"row\">\n<div class=\"col-xs-2 colspanfcha\">\n\n<span style=\"font-family: futura-medium-bt; font-size: 12pt;\">Remuneraciones totales por persona ocupada remunerada.(Miles de pesos), 2008: <strong>83.32<\/strong><\/span>\n\n<hr \/>\n\n<\/div>\n<\/div>\n<\/div>\n<\/div>\n<div class=\" row indicadorPar \">\n<div class=\"col-md-3 col-sm-3 col-xs-12\">\n<div class=\"row\">\n<div class=\"col-xs-2 colspanfcha\">\n\n<span style=\"font-family: futura-medium-bt; font-size: 12pt;\">Remuneraciones totales por persona ocupada remunerada. Gran sector 43-46. Comercio.(Miles de pesos), 2008: <strong>60.92<\/strong><\/span>\n\n<hr \/>\n\n<\/div>\n<\/div>\n<\/div>\n<\/div>\n<div class=\" row indicador \">\n<div class=\"col-md-3 col-sm-3 col-xs-12\">\n<div class=\"row\">\n<div class=\"col-xs-2 colspanfcha\">\n\n<span style=\"font-family: futura-medium-bt; font-size: 12pt;\">Remuneraciones totales por persona ocupada remunerada. Gran sector 51 ,53 ,54 ,55, 56, 61, 62, 71, 72 y 81. Servicios privados no financieros.(Miles de pesos), 2008: <strong>90.09<\/strong><\/span>\n\n<hr \/>\n\n<\/div>\n<\/div>\n<\/div>\n<\/div>\n<div class=\" row indicadorPar \">\n<div class=\"col-md-3 col-sm-3 col-xs-12\">\n<div class=\"row\">\n<div class=\"col-xs-2 colspanfcha\">\n\n<span style=\"font-family: futura-medium-bt; font-size: 12pt;\">Remuneraciones totales por persona ocupada remunerada. Sector 11. Pesca y acuicultura.(Miles de pesos), 2008: <strong>37.79<\/strong><\/span>\n\n<hr \/>\n\n<\/div>\n<\/div>\n<\/div>\n<\/div>\n<div class=\" row indicador \">\n<div class=\"col-md-3 col-sm-3 col-xs-12\">\n<div class=\"row\">\n<div class=\"col-xs-2 colspanfcha\">\n\n<span style=\"font-family: futura-medium-bt; font-size: 12pt;\">Remuneraciones totales por persona ocupada remunerada. Sector 21. Miner\u00eda.(Miles de pesos), 2008: <strong>53.47<\/strong><\/span>\n\n<hr \/>\n\n<\/div>\n<\/div>\n<\/div>\n<\/div>\n<div class=\" row indicadorPar \">\n<div class=\"col-md-3 col-sm-3 col-xs-12\">\n<div class=\"row\">\n<div class=\"col-xs-2 colspanfcha\">\n\n<span style=\"font-family: futura-medium-bt; font-size: 12pt;\">Remuneraciones totales por persona ocupada remunerada. Sector 22. Agua y gas.(Miles de pesos), 2008: <strong>231.29<\/strong><\/span>\n\n<hr \/>\n\n<\/div>\n<\/div>\n<\/div>\n<\/div>\n<div class=\" row indicador \">\n<div class=\"col-md-3 col-sm-3 col-xs-12\">\n<div class=\"row\">\n<div class=\"col-xs-2 colspanfcha\">\n\n<span style=\"font-family: futura-medium-bt; font-size: 12pt;\">Remuneraciones totales por persona ocupada remunerada. Sector 23. Construcci\u00f3n.(Miles de pesos), 2008: <strong>57.74<\/strong><\/span>\n\n<hr \/>\n\n<\/div>\n<\/div>\n<\/div>\n<\/div>\n<div class=\" row indicadorPar \">\n<div class=\"col-md-3 col-sm-3 col-xs-12\">\n<div class=\"row\">\n<div class=\"col-xs-2 colspanfcha\">\n\n<span style=\"font-family: futura-medium-bt; font-size: 12pt;\">Remuneraciones totales por persona ocupada remunerada. Sector 31-33. Industrias manufactureras.(Miles de pesos), 2008: <strong>78.93<\/strong><\/span>\n\n<hr \/>\n\n<\/div>\n<\/div>\n<\/div>\n<\/div>\n<div class=\" row indicador \">\n<div class=\"col-md-3 col-sm-3 col-xs-12\">\n<div class=\"row\">\n<div class=\"col-xs-2 colspanfcha\">\n\n<span style=\"font-family: futura-medium-bt; font-size: 12pt;\">Remuneraciones totales por persona ocupada remunerada. Sector 48-49. Transportes.(Miles de pesos), 2008: <strong>94.80<\/strong><\/span>\n\n<hr \/>\n\n<\/div>\n<\/div>\n<\/div>\n<\/div>\n<div class=\" row indicadorPar \">\n<div class=\"col-md-3 col-sm-3 col-xs-12\">\n<div class=\"row\">\n<div class=\"col-xs-2 colspanfcha\">\n\n<span style=\"font-family: futura-medium-bt; font-size: 12pt;\">Remuneraciones totales por persona ocupada remunerada. Sector 52. Servicios financieros y de seguros.(Miles de pesos), 2008: <strong>50.59<\/strong><\/span>\n\n<hr \/>\n\n<\/div>\n<\/div>\n<\/div>\n<\/div>\n[\/vc_column_text][\/vc_tta_section][vc_tta_section title=\"EMPRESAS Y ESTABLECIMIENTOS\" tab_id=\"1574092847013-6965fa29-2604\"][vc_column_text]\n<pre id=\"content_title\" class=\"titulo\"><span style=\"color: #0000ff; font-size: 14pt; font-family: futura-medium-bt;\"><strong>Empresas y Establecimientos<\/strong><\/span><\/pre>\n<div id=\"content\">\n<div class=\"row indicador\">\n<div class=\"col-xs-3 number\">\n<div class=\"row\">\n<div class=\"col-xs-2 colspanfcha\">\n<div class=\"temaHijo\">\n<div class=\"fila\"><\/div>\n<\/div>\n<div class=\" row indicador \">\n<div class=\"col-md-9 col-sm-9 col-xs-12\">\n<div>\n\n<span style=\"font-family: futura-medium-bt; font-size: 12pt;\"><label class=\"texto\" data-role=\"none\">Unidades econ\u00f3micas. Sector 21. Miner\u00eda.(Unidades econ\u00f3micas), 2008:\u00a0<\/label><strong><a title=\"Cifra no publicable por el principio de confidencialidad\">C<\/a><\/strong><\/span>\n\n<hr \/>\n\n<\/div>\n<\/div>\n<div class=\"col-md-3 col-sm-3 col-xs-12\">\n<div class=\"row\">\n<div class=\"col-xs-2 colspanfcha\">\n\n<span style=\"font-family: futura-medium-bt; font-size: 12pt;\">Producci\u00f3n bruta total. Sector 21. Miner\u00eda.(Miles de pesos), 2008: <strong>672,684.00<\/strong><\/span>\n\n<hr \/>\n\n<\/div>\n<\/div>\n<\/div>\n<\/div>\n<div class=\" row indicadorPar \">\n<div class=\"col-md-3 col-sm-3 col-xs-12\">\n<div class=\"row\">\n<div class=\"col-xs-2 colspanfcha\">\n\n<span style=\"font-family: futura-medium-bt; font-size: 12pt;\">Acervo total de activos fijos. Sector 21. Miner\u00eda.(Miles de pesos), 2008: <strong>446,664.00<\/strong><\/span>\n\n<hr \/>\n\n<\/div>\n<\/div>\n<\/div>\n<\/div>\n<div class=\" row indicador \">\n<div class=\"col-md-3 col-sm-3 col-xs-12\">\n<div class=\"row\">\n<div class=\"col-xs-2 colspanfcha\">\n\n<span style=\"font-family: futura-medium-bt; font-size: 12pt;\">Valor agregado censal bruto. Sector 21. Miner\u00eda.(Miles de pesos), 2008: <strong>260,056.00<\/strong><\/span>\n\n<hr \/>\n\n<\/div>\n<\/div>\n<\/div>\n<\/div>\n<div class=\" row indicadorPar \">\n<div class=\"col-md-3 col-sm-3 col-xs-12\">\n<div class=\"row\">\n<div class=\"col-xs-2 colspanfcha\">\n\n<span style=\"font-family: futura-medium-bt; font-size: 12pt;\">Total de ingresos por suministro de bienes y servicios. Sector 21. Miner\u00eda.(Miles de pesos), 2008: <strong>673,714.00<\/strong><\/span>\n\n<hr \/>\n\n<\/div>\n<\/div>\n<\/div>\n<\/div>\n<div class=\" row indicador \">\n<div class=\"col-md-3 col-sm-3 col-xs-12\">\n<div class=\"row\">\n<div class=\"col-xs-2 colspanfcha\">\n\n<span style=\"font-family: futura-medium-bt; font-size: 12pt;\">Total de gastos por consumo de bienes y servicios. Sector 21. Miner\u00eda.(Miles de pesos), 2008: <strong>412,698.00<\/strong><\/span>\n\n<hr \/>\n\n<\/div>\n<\/div>\n<\/div>\n<\/div>\n<div class=\" row indicadorPar \">\n<div class=\"col-md-3 col-sm-3 col-xs-12\">\n<div class=\"row\">\n<div class=\"col-xs-2 colspanfcha\">\n\n<span style=\"font-family: futura-medium-bt; font-size: 12pt;\">Producci\u00f3n bruta total por unidad econ\u00f3mica. Sector 21. Miner\u00eda.(Miles de pesos), 2008: <strong>44,845.60<\/strong><\/span>\n\n<hr \/>\n\n<\/div>\n<\/div>\n<\/div>\n<\/div>\n<div class=\" row indicador \">\n<div class=\"col-md-3 col-sm-3 col-xs-12\">\n<div class=\"row\">\n<div class=\"col-xs-2 colspanfcha\">\n\n<span style=\"font-family: futura-medium-bt; font-size: 12pt;\">Valor agregado censal bruto por personal ocupado total. Sector 21. Miner\u00eda.(Miles de pesos), 2008: <strong>309.96<\/strong><\/span>\n\n<hr \/>\n\n<\/div>\n<\/div>\n<\/div>\n<\/div>\n<div class=\" row indicadorPar \">\n<div class=\"col-md-3 col-sm-3 col-xs-12\">\n<div class=\"row\">\n<div class=\"col-xs-2 colspanfcha\">\n\n<span style=\"font-family: futura-medium-bt; font-size: 12pt;\">Producci\u00f3n bruta total por personal ocupado total. Sector 21. Miner\u00eda.(Miles de pesos), 2008: <strong>801.77<\/strong><\/span>\n\n<hr \/>\n\n<\/div>\n<\/div>\n<\/div>\n<\/div>\n<\/div>\n<\/div>\n<\/div>\n<\/div>\n<\/div>\n[\/vc_column_text][vc_column_text]\n<pre id=\"content_title\" class=\"titulo\"><strong style=\"color: #0000ff; font-family: futura-medium-bt; font-size: 14pt;\">Productividad Laboral de la Econom\u00eda\n<\/strong><\/pre>\n<div id=\"content\">\n<div class=\"row indicador\">\n<div class=\"col-xs-3 number\">\n<div class=\"row\">\n<div class=\"col-xs-2 colspanfcha\">\n<div class=\"titulo\">\n<div class=\" row indicador \">\n<div class=\"col-md-9 col-sm-9 col-xs-12\">\n<div>\n\n<span style=\"font-family: futura-medium-bt; font-size: 12pt;\"><label class=\"texto\" data-role=\"none\">Producci\u00f3n bruta total. Sector privado y paraestatal (estructura porcentual).(Porcentaje), 2008:\u00a0<\/label><strong>0.9<\/strong><\/span>\n\n<hr \/>\n\n<\/div>\n<\/div>\n<div class=\"col-md-3 col-sm-3 col-xs-12\">\n<div class=\"row\">\n<div class=\"col-xs-2 colspanfcha\">\n\n<span style=\"font-family: futura-medium-bt; font-size: 12pt;\">Total de gastos por consumo de bienes y servicios. Sector 21. Miner\u00eda.(Miles de pesos), 2008: <strong>412,698.00<\/strong><\/span>\n\n<hr \/>\n\n<\/div>\n<\/div>\n<\/div>\n<\/div>\n<div class=\" row indicadorPar \">\n<div class=\"col-md-3 col-sm-3 col-xs-12\">\n<div class=\"row\">\n<div class=\"col-xs-2 colspanfcha\">\n\n<span style=\"font-family: futura-medium-bt; font-size: 12pt;\">Total de gastos por consumo de bienes y servicios. Sector 22. Agua y gas.(Miles de pesos), 2008: <strong>1,767,375.00<\/strong><\/span>\n\n<hr \/>\n\n<\/div>\n<\/div>\n<\/div>\n<\/div>\n<div class=\" row indicador \">\n<div class=\"col-md-3 col-sm-3 col-xs-12\">\n<div class=\"row\">\n<div class=\"col-xs-2 colspanfcha\">\n\n<span style=\"font-family: futura-medium-bt; font-size: 12pt;\">Unidades econ\u00f3micas. Sector privado y paraestatal.(Unidades econ\u00f3micas), 2008: <strong>54,181<\/strong><\/span>\n\n<hr \/>\n\n<\/div>\n<\/div>\n<\/div>\n<\/div>\n<div class=\" row indicador \">\n<div class=\"col-md-3 col-sm-3 col-xs-12\">\n<div class=\"row\">\n<div class=\"col-xs-2 colspanfcha\">\n\n<span style=\"font-family: futura-medium-bt; font-size: 12pt;\">Unidades econ\u00f3micas. Universo total (estructura porcentual).(Porcentaje), 2008: <strong>1.1<\/strong><\/span>\n\n<hr \/>\n\n<\/div>\n<\/div>\n<\/div>\n<\/div>\n<div class=\" row indicadorPar \">\n<div class=\"col-md-3 col-sm-3 col-xs-12\">\n<div class=\"row\">\n<div class=\"col-xs-2 colspanfcha\">\n\n<span style=\"font-family: futura-medium-bt; font-size: 12pt;\">Unidades econ\u00f3micas. Sector privado y paraestatal (estructura porcentual).(Porcentaje), 2008: <strong>1.0<\/strong><\/span>\n\n<hr \/>\n\n<\/div>\n<\/div>\n<\/div>\n<\/div>\n<div class=\" row indicador \">\n<div class=\"col-md-3 col-sm-3 col-xs-12\">\n<div class=\"row\">\n<div class=\"col-xs-2 colspanfcha\">\n\n<span style=\"font-family: futura-medium-bt; font-size: 12pt;\">Activos Fijos. Sector privado y paraestatal (estructura porcentual).(Porcentaje), 2008: <strong>1.8<\/strong><\/span>\n\n<hr \/>\n\n<\/div>\n<\/div>\n<\/div>\n<\/div>\n<div class=\" row indicadorPar \">\n<div class=\"col-md-3 col-sm-3 col-xs-12\">\n<div class=\"row\">\n<div class=\"col-xs-2 colspanfcha\">\n\n<span style=\"font-family: futura-medium-bt; font-size: 12pt;\">Unidades econ\u00f3micas.(Unidades econ\u00f3micas), 2008: <strong>38,794<\/strong><\/span>\n\n<hr \/>\n\n<\/div>\n<\/div>\n<\/div>\n<\/div>\n<div class=\" row indicador \">\n<div class=\"col-md-3 col-sm-3 col-xs-12\">\n<div class=\"row\">\n<div class=\"col-xs-2 colspanfcha\">\n\n<span style=\"font-family: futura-medium-bt; font-size: 12pt;\">Producci\u00f3n bruta total.(Miles de pesos), 2008: <strong>101,450,136.00<\/strong><\/span>\n\n<hr \/>\n\n<\/div>\n<\/div>\n<\/div>\n<\/div>\n<div class=\" row indicadorPar \">\n<div class=\"col-md-3 col-sm-3 col-xs-12\">\n<div class=\"row\">\n<div class=\"col-xs-2 colspanfcha\">\n\n<span style=\"font-family: futura-medium-bt; font-size: 12pt;\">Producci\u00f3n bruta total. Sector 11. Pesca y acuicultura.(Miles de pesos), 2008: <strong>120,548.00<\/strong><\/span>\n\n<hr \/>\n\n<\/div>\n<\/div>\n<\/div>\n<\/div>\n<div class=\" row indicador \">\n<div class=\"col-md-3 col-sm-3 col-xs-12\">\n<div class=\"row\">\n<div class=\"col-xs-2 colspanfcha\">\n\n<span style=\"font-family: futura-medium-bt; font-size: 12pt;\">Acervo total de activos fijos.(Miles de pesos), 2008: <strong>108,257,408.00<\/strong><\/span>\n\n<hr \/>\n\n<\/div>\n<\/div>\n<\/div>\n<\/div>\n<div class=\" row indicadorPar \">\n<div class=\"col-md-3 col-sm-3 col-xs-12\">\n<div class=\"row\">\n<div class=\"col-xs-2 colspanfcha\">\n\n<span style=\"font-family: futura-medium-bt; font-size: 12pt;\">Acervo total de activos fijos. Sector 11. Pesca y acuicultura.(Miles de pesos), 2008: <strong>117,400.00<\/strong><\/span>\n\n<hr \/>\n\n<\/div>\n<\/div>\n<\/div>\n<\/div>\n<div class=\" row indicador \">\n<div class=\"col-md-3 col-sm-3 col-xs-12\">\n<div class=\"row\">\n<div class=\"col-xs-2 colspanfcha\">\n\n<span style=\"font-family: futura-medium-bt; font-size: 12pt;\">Valor agregado censal bruto.(Miles de pesos), 2008: <strong>41,501,234.00\u00a0<\/strong><\/span>\n\n<hr \/>\n\n<\/div>\n<\/div>\n<\/div>\n<\/div>\n<div class=\" row indicador \">\n<div class=\"col-md-9 col-sm-9 col-xs-12\">\n<div>\n\n<span style=\"font-family: futura-medium-bt; font-size: 12pt;\"><label class=\"texto\" data-role=\"none\">Total de ingresos por suministro de bienes y servicios.(Miles de pesos), 2008:\u00a0<\/label><strong>162,158,053.00<\/strong><\/span>\n\n<hr \/>\n\n<\/div>\n<\/div>\n<div class=\"col-md-3 col-sm-3 col-xs-12\">\n<div class=\"row\">\n<div class=\"col-xs-2 colspanfcha\">\n\n<span style=\"font-family: futura-medium-bt; font-size: 12pt;\">Total de gastos por consumo de bienes y servicios.(Miles de pesos), 2008: <strong>117,271,823.00<\/strong><\/span>\n\n<hr \/>\n\n<\/div>\n<\/div>\n<\/div>\n<\/div>\n<div class=\" row indicadorPar \">\n<div class=\"col-md-3 col-sm-3 col-xs-12\">\n<div class=\"row\">\n<div class=\"col-xs-2 colspanfcha\">\n\n<span style=\"font-family: futura-medium-bt; font-size: 12pt;\">Valor agregado censal bruto por personal ocupado total.(Miles de pesos), 2008: <strong>134.54<\/strong><\/span>\n\n<hr \/>\n\n<\/div>\n<\/div>\n<\/div>\n<\/div>\n<div class=\" row indicador \">\n<div class=\"col-md-3 col-sm-3 col-xs-12\">\n<div class=\"row\">\n<div class=\"col-xs-2 colspanfcha\">\n\n<span style=\"font-family: futura-medium-bt; font-size: 12pt;\">Producci\u00f3n bruta total por personal ocupado total.(Miles de pesos), 2008: <strong>328.87<\/strong><\/span>\n\n<hr \/>\n\n<\/div>\n<\/div>\n<\/div>\n<\/div>\n<\/div>\n<\/div>\n<\/div>\n<\/div>\n<\/div>\n<\/div>\n[\/vc_column_text][\/vc_tta_section][vc_tta_section title=\"ENERG\u00cdA Y MINER\u00cdA\" tab_id=\"1574092949105-a3a8a32d-826f\"][vc_column_text]\n<pre id=\"content_title\" class=\"titulo\"><span style=\"font-size: 14pt;\"><strong><span style=\"color: #0000ff; font-family: futura-medium-bt;\">Gas<\/span><\/strong><\/span><\/pre>\n<div id=\"content\">\n<div class=\"row indicador\">\n<div class=\"col-xs-9\">\n\n<span style=\"font-family: futura-medium-bt; font-size: 12pt;\"><label class=\"texto\">Volumen de la producci\u00f3n de azufre (Toneladas), 2011:\u00a0<\/label><strong><strong>0<\/strong><\/strong><\/span>\n\n<hr \/>\n\n<\/div>\n<div class=\"col-xs-3 number\">\n<div class=\"row\">\n<div class=\"col-xs-2 colspanfcha\">\n\n<span style=\"font-family: futura-medium-bt; font-size: 12pt;\">Volumen de la producci\u00f3n de barita (Toneladas), 2011: <strong><strong>0<\/strong><\/strong><\/span>\n\n<hr \/>\n\n<\/div>\n<\/div>\n<\/div>\n<\/div>\n<div class=\"row indicador\">\n<div class=\"col-xs-3 number\">\n<div class=\"row\">\n<div class=\"col-xs-2 colspanfcha\">\n\n<span style=\"font-family: futura-medium-bt; font-size: 12pt;\">Volumen de la producci\u00f3n de cobre (Toneladas), 2011: <strong><strong>0<\/strong><\/strong><\/span>\n\n<hr \/>\n\n<\/div>\n<\/div>\n<\/div>\n<\/div>\n<div class=\"row indicador\">\n<div class=\"col-xs-3 number\">\n<div class=\"row\">\n<div class=\"col-xs-2 colspanfcha\">\n\n<span style=\"font-family: futura-medium-bt; font-size: 12pt;\">Volumen de la producci\u00f3n de coque (Toneladas), 2011: <strong><strong>0<\/strong><\/strong><\/span>\n\n<hr \/>\n\n<\/div>\n<\/div>\n<\/div>\n<\/div>\n<div class=\"row indicador\">\n<div class=\"col-xs-3 number\">\n<div class=\"row\">\n<div class=\"col-xs-2 colspanfcha\">\n\n<span style=\"font-family: futura-medium-bt; font-size: 12pt;\"><span style=\"font-family: futura-medium-bt;\">Volumen de la producci\u00f3n de pellets de fierro (Toneladas), 2011: <strong>0<\/strong><\/span><\/span>\n\n<hr \/>\n\n<\/div>\n<\/div>\n<\/div>\n<\/div>\n<div class=\"row indicador\">\n<div class=\"col-xs-3 number\">\n<div class=\"row\">\n<div class=\"col-xs-2 colspanfcha\">\n\n<span style=\"font-family: futura-medium-bt; font-size: 12pt;\"><span style=\"font-family: futura-medium-bt;\">Volumen de la producci\u00f3n de fluorita (Toneladas), 2011: <strong>0<\/strong><\/span><\/span>\n\n<hr \/>\n\n<\/div>\n<\/div>\n<\/div>\n<\/div>\n<div class=\"row indicador\">\n<div class=\"col-xs-3 number\">\n<div class=\"row\">\n<div class=\"col-xs-2 colspanfcha\">\n\n<span style=\"font-family: futura-medium-bt; font-size: 12pt;\"><span style=\"font-family: futura-medium-bt;\">Volumen de la producci\u00f3n de oro (Kilogramos), 2011: <strong>0.0<\/strong><\/span><\/span>\n\n<hr \/>\n\n<\/div>\n<div class=\"col-xs-2 colspanfcha\">\n\n<span style=\"font-family: futura-medium-bt; font-size: 12pt;\"><span style=\"font-family: futura-medium-bt;\">Volumen de la producci\u00f3n de plata (Kilogramos), 2011: <strong>0<\/strong><\/span><\/span>\n\n<hr \/>\n\n<\/div>\n<\/div>\n<\/div>\n<\/div>\n<div class=\"row indicador\">\n<div class=\"col-xs-3 number\">\n<div class=\"row\">\n<div class=\"col-xs-2 colspanfcha\">\n\n<span style=\"font-family: futura-medium-bt; font-size: 12pt;\"><span style=\"font-family: futura-medium-bt;\">Volumen de la producci\u00f3n de plomo (Toneladas), 2011: <strong>0<\/strong><\/span><\/span>\n\n<hr \/>\n\n<\/div>\n<\/div>\n<\/div>\n<\/div>\n<div class=\"row indicador\">\n<div class=\"col-xs-3 number\">\n<div class=\"row\">\n<div class=\"col-xs-2 colspanfcha\">\n\n<span style=\"font-family: futura-medium-bt; font-size: 12pt;\"><span style=\"font-family: futura-medium-bt;\">Volumen de la producci\u00f3n de zinc (Toneladas), 2011: <strong>0<\/strong><\/span><\/span>\n\n<hr \/>\n\n<\/div>\n<\/div>\n<\/div>\n<\/div>\n<\/div>\n[\/vc_column_text][vc_column_text]\n<pre id=\"content_title\" class=\"titulo\"><span style=\"font-size: 14pt; color: #0000ff;\"><strong><span style=\"font-family: futura-medium-bt;\">Miner\u00eda<\/span><\/strong><\/span><\/pre>\n<div id=\"content\">\n<div class=\"row indicador\">\n<p class=\"col-xs-9\"><span style=\"font-family: futura-medium-bt; font-size: 12pt;\"><label class=\"texto\">Volumen de producci\u00f3n minera. Azufre. Valor por Entidad (Toneladas), 2019 Ago:\u00a0<\/label><strong>0<\/strong><\/span><\/p>\n\n\n<hr \/>\n<p class=\"col-xs-9\"><span style=\"font-family: futura-medium-bt; font-size: 12pt;\">Volumen de producci\u00f3n minera. Barita. Valor por Entidad (Toneladas), 2019 Ago: <strong>0<\/strong><\/span><\/p>\n\n\n<hr \/>\n\n<\/div>\n<div class=\"col-xs-3 number\">\n<div class=\"row\">\n<div class=\"col-xs-10 number\">\n\n<span style=\"font-family: futura-medium-bt; font-size: 12pt;\"><span style=\"font-family: futura-medium-bt;\">Volumen de producci\u00f3n minera. Cobre. Valor por Entidad (Toneladas), 2019 Ago: <strong>0<\/strong><\/span><\/span>\n\n<hr \/>\n\n<\/div>\n<\/div>\n<\/div>\n<div class=\"col-xs-3 number\">\n<div class=\"row\">\n<div class=\"col-xs-2 colspanfcha\">\n\n<span style=\"font-family: futura-medium-bt; font-size: 12pt;\"><span style=\"font-family: futura-medium-bt;\">Volumen de producci\u00f3n minera. Coque. Valor por Entidad (Toneladas), 2019 Ago: <strong>0<\/strong><\/span><\/span>\n\n<hr \/>\n\n<\/div>\n<\/div>\n<\/div>\n<div class=\"col-xs-3 number\">\n<div class=\"row\">\n<div class=\"col-xs-2 colspanfcha\">\n\n<span style=\"font-family: futura-medium-bt; font-size: 12pt;\"><span style=\"font-family: futura-medium-bt;\">Volumen de producci\u00f3n minera. Fierro en Extraccion. Valor por Entidad (Toneladas), 2019 Ago: <strong>0<\/strong><\/span><\/span>\n\n<hr \/>\n\n<\/div>\n<\/div>\n<\/div>\n<div class=\"col-xs-3 number\">\n<div class=\"row\">\n<div class=\"col-xs-2 colspanfcha\">\n\n<span style=\"font-family: futura-medium-bt; font-size: 12pt;\"><span style=\"font-family: futura-medium-bt;\">Volumen de producci\u00f3n minera. Fluorita. Valor por Entidad (Toneladas), 2019 Ago: <strong>0<\/strong><\/span><\/span>\n\n<hr \/>\n\n<\/div>\n<\/div>\n<\/div>\n<div class=\"col-xs-3 number\">\n<div class=\"row\">\n<div class=\"col-xs-2 colspanfcha\">\n\n<span style=\"font-family: futura-medium-bt; font-size: 12pt;\"><span style=\"font-family: futura-medium-bt;\">Volumen de producci\u00f3n minera. Oro. Valor por Entidad (Kilogramos), 2019 Ago: <strong>0<\/strong><\/span><\/span>\n\n<hr \/>\n\n<\/div>\n<\/div>\n<\/div>\n<div class=\"col-xs-3 number\">\n<div class=\"row\">\n<div class=\"col-xs-2 colspanfcha\">\n\n<span style=\"font-family: futura-medium-bt; font-size: 12pt;\"><span style=\"font-family: futura-medium-bt;\">Volumen de producci\u00f3n minera. Pellets de fierro. Valor por Entidad (Toneladas), 2019 Ago: <strong>0<\/strong><\/span><\/span>\n\n<hr \/>\n\n<\/div>\n<\/div>\n<\/div>\n<div class=\"col-xs-3 number\">\n<div class=\"row\">\n<div class=\"col-xs-2 colspanfcha\">\n\n<span style=\"font-family: futura-medium-bt; font-size: 12pt;\"><span style=\"font-family: futura-medium-bt;\">Volumen de producci\u00f3n minera. Plata. Valor por Entidad (Kilogramos), 2019 Ago: <strong>0<\/strong><\/span><\/span>\n\n<hr \/>\n\n<\/div>\n<\/div>\n<\/div>\n<div class=\"col-xs-3 number\">\n<div class=\"row\">\n<div class=\"col-xs-2 colspanfcha\">\n\n<span style=\"font-family: futura-medium-bt; font-size: 12pt;\"><span style=\"font-family: futura-medium-bt;\">Volumen de producci\u00f3n minera. Plomo. Valor por Entidad (Toneladas), 2019 Ago: <strong>0<\/strong><\/span><\/span>\n\n<hr \/>\n\n<\/div>\n<\/div>\n<\/div>\n<div class=\"row indicador\">\n<div class=\"col-xs-3 number\">\n<div class=\"row\">\n<p class=\"col-xs-2 colspanfcha\"><span style=\"font-family: futura-medium-bt; font-size: 12pt;\">Volumen de producci\u00f3n minera. Zinc. Valor por Entidad (Toneladas), 2019 Ago: <strong>0<\/strong><\/span><\/p>\n\n\n<hr \/>\n<p class=\"col-xs-2 colspanfcha\"><\/p>\n\n<\/div>\n<\/div>\n<\/div>\n<\/div>\n[\/vc_column_text][\/vc_tta_section][vc_tta_section title=\"GOBIERNO\" tab_id=\"1574093691243-4cede423-3892\"][vc_column_text]\n<pre><span style=\"color: #0000ff; font-size: 14pt;\"><strong><span style=\"font-family: futura-medium-bt;\">Finanzas P\u00fablicas Estatales y Municipales<\/span> <\/strong><\/span><\/pre>\n<span style=\"font-family: futura-medium-bt; font-size: 12pt;\">Egresos brutos de los municipios (Miles de pesos), 2018: <strong>10,414,859<\/strong><\/span>\n\n<hr \/>\n\n[\/vc_column_text][vc_column_text]\n<pre id=\"content_title\" class=\"titulo\"><span style=\"color: #0000ff;\"><span style=\"font-size: 14pt;\"><strong><span style=\"font-family: futura-medium-bt;\">Estructuras Organizacionales<\/span><\/strong><\/span><span style=\"font-size: 14pt;\"><strong><span style=\"font-family: futura-medium-bt;\">\u00a0\n<\/span><\/strong><\/span><\/span><\/pre>\n<p class=\"titulo\"><span style=\"font-family: futura-medium-bt; font-size: 12pt;\">Instituciones de las administraciones p\u00fablicas estatales(Instituciones), 2015: <strong>71<\/strong><\/span><\/p>\n\n\n<hr \/>\n<p class=\"titulo\"><span style=\"font-family: futura-medium-bt; font-size: 12pt;\">Instituciones de las administraciones p\u00fablicas estatales consideradas en la administraci\u00f3n central(Instituciones), 2015: <strong>34<\/strong><\/span><\/p>\n\n\n<hr \/>\n\n<div id=\"content\">\n<div class=\"row indicador\">\n<div class=\"col-xs-3 number\">\n<div class=\"row\">\n<div class=\"col-xs-2 colspanfcha\">\n<div class=\" row indicadorPar \">\n<div class=\"col-md-3 col-sm-3 col-xs-12\">\n<div class=\"row\">\n<div class=\"col-xs-2 colspanfcha\">\n\n<span style=\"font-family: futura-medium-bt; font-size: 12pt;\">Instituciones de las administraciones p\u00fablicas estatales consideradas en la administraci\u00f3n paraestatal(Instituciones), 2015: <strong>37<\/strong><\/span>\n\n<hr \/>\n\n<\/div>\n<\/div>\n<\/div>\n<\/div>\n<div class=\" row indicador \">\n<div class=\"col-md-3 col-sm-3 col-xs-12\">\n<div class=\"row\">\n<div class=\"col-xs-2 colspanfcha\">\n\n<span style=\"font-family: futura-medium-bt; font-size: 12pt;\">\u00d3rganos jurisdiccionales de los tribunales superiores de justicia estatales(\u00d3rganos jurisdiccionales), 2014: <strong>85<\/strong><\/span>\n\n<hr \/>\n\n<\/div>\n<\/div>\n<\/div>\n<\/div>\n<div class=\" row indicadorPar \">\n<div class=\"col-md-3 col-sm-3 col-xs-12\">\n<div class=\"row\">\n<div class=\"col-xs-2 colspanfcha\">\n\n<span style=\"font-family: futura-medium-bt; font-size: 12pt;\">\u00d3rganos jurisdiccionales de los tribunales superiores de justicia estatales (juzgados civiles)(\u00d3rganos jurisdiccionales), 2014: <strong>8<\/strong><\/span>\n\n<hr \/>\n\n<\/div>\n<\/div>\n<\/div>\n<\/div>\n<div class=\" row indicador \">\n<div class=\"col-md-3 col-sm-3 col-xs-12\">\n<div class=\"row\">\n<div class=\"col-xs-2 colspanfcha\">\n\n<span style=\"font-family: futura-medium-bt; font-size: 12pt;\">\u00d3rganos jurisdiccionales de los tribunales superiores de justicia estatales (juzgados de control o garant\u00edas)(\u00d3rganos jurisdiccionales), 2014: <strong>1<\/strong><\/span>\n\n<hr \/>\n\n<\/div>\n<\/div>\n<\/div>\n<\/div>\n<div class=\" row indicadorPar \">\n<div class=\"col-md-3 col-sm-3 col-xs-12\">\n<div class=\"row\">\n<div class=\"col-xs-2 colspanfcha\">\n\n<span style=\"font-family: futura-medium-bt; font-size: 12pt;\">\u00d3rganos jurisdiccionales de los tribunales superiores de justicia estatales (juzgados de extinci\u00f3n de dominio)(\u00d3rganos jurisdiccionales), 2014:\u00a0<strong><a title=\"No aplica\">NA<\/a><\/strong><\/span>\n\n<hr \/>\n\n<\/div>\n<\/div>\n<\/div>\n<\/div>\n<div class=\" row indicador \">\n<div class=\"col-md-3 col-sm-3 col-xs-12\">\n<div class=\"row\">\n<div class=\"col-xs-2 colspanfcha\">\n\n<span style=\"font-family: futura-medium-bt; font-size: 12pt;\">\u00d3rganos jurisdiccionales de los tribunales superiores de justicia estatales (juzgados de justicia especializada para adolescentes)(\u00d3rganos jurisdiccionales), 2014: <strong>2<\/strong><\/span>\n\n<hr \/>\n\n<\/div>\n<\/div>\n<\/div>\n<\/div>\n<div class=\" row indicadorPar \">\n<div class=\"col-md-3 col-sm-3 col-xs-12\">\n<div class=\"row\">\n<div class=\"col-xs-2 colspanfcha\">\n\n<span style=\"font-family: futura-medium-bt; font-size: 12pt;\">\u00d3rganos jurisdiccionales de los tribunales superiores de justicia estatales (juzgados de menor cuant\u00eda)(\u00d3rganos jurisdiccionales), 2014: <strong>3<\/strong><\/span>\n\n<hr \/>\n\n<\/div>\n<\/div>\n<\/div>\n<\/div>\n<div class=\" row indicador \">\n<div class=\"col-md-3 col-sm-3 col-xs-12\">\n<div class=\"row\">\n<div class=\"col-xs-2 colspanfcha\">\n\n<span style=\"font-family: futura-medium-bt; font-size: 12pt;\">\u00d3rganos jurisdiccionales de los tribunales superiores de justicia estatales (juzgados de otro tipo)(\u00d3rganos jurisdiccionales), 2014: <strong>10<\/strong><\/span>\n\n<hr \/>\n\n<\/div>\n<\/div>\n<\/div>\n<\/div>\n<div class=\" row indicadorPar \">\n<div class=\"col-md-3 col-sm-3 col-xs-12\">\n<div class=\"row\">\n<div class=\"col-xs-2 colspanfcha\">\n\n<span style=\"font-family: futura-medium-bt; font-size: 12pt;\">\u00d3rganos jurisdiccionales de los tribunales superiores de justicia estatales (juzgados familiares)(\u00d3rganos jurisdiccionales), 2014: 5<\/span>\n\n<hr \/>\n\n<\/div>\n<\/div>\n<\/div>\n<\/div>\n<div class=\" row indicador \">\n<div class=\"col-md-3 col-sm-3 col-xs-12\">\n<div class=\"row\">\n<div class=\"col-xs-2 colspanfcha\">\n\n<span style=\"font-family: futura-medium-bt; font-size: 12pt;\">\u00d3rganos jurisdiccionales de los tribunales superiores de justicia estatales (juzgados ind\u00edgenas)(\u00d3rganos jurisdiccionales), 2014: <strong><strong>1<\/strong><\/strong><\/span>\n\n<hr \/>\n\n<\/div>\n<\/div>\n<\/div>\n<\/div>\n<div class=\" row indicadorPar \">\n<div class=\"col-md-3 col-sm-3 col-xs-12\">\n<div class=\"row\">\n<div class=\"col-xs-2 colspanfcha\">\n\n<span style=\"font-family: futura-medium-bt; font-size: 12pt;\">\u00d3rganos jurisdiccionales de los tribunales superiores de justicia estatales (juzgados mercantiles)(\u00d3rganos jurisdiccionales), 2014: <strong>5<\/strong><\/span>\n\n<hr \/>\n\n<\/div>\n<\/div>\n<\/div>\n<\/div>\n<div class=\" row indicador \">\n<div class=\"col-md-3 col-sm-3 col-xs-12\">\n<div class=\"row\">\n<div class=\"col-xs-2 colspanfcha\">\n\n<span style=\"font-family: futura-medium-bt; font-size: 12pt;\">\u00d3rganos jurisdiccionales de los tribunales superiores de justicia estatales (juzgados mixtos)(\u00d3rganos jurisdiccionales), 2014:\u00a0<strong><a title=\"No aplica\">NA<\/a><\/strong><\/span>\n\n<hr \/>\n\n<\/div>\n<\/div>\n<\/div>\n<\/div>\n<div class=\" row indicadorPar \">\n<div class=\"col-md-3 col-sm-3 col-xs-12\">\n<div class=\"row\">\n<div class=\"col-xs-2 colspanfcha\">\n\n<span style=\"font-family: futura-medium-bt; font-size: 12pt;\">\u00d3rganos jurisdiccionales de los tribunales superiores de justicia estatales (juzgados penales)(\u00d3rganos jurisdiccionales), 2014: <strong>12<\/strong><\/span>\n\n<hr \/>\n\n<\/div>\n<\/div>\n<\/div>\n<\/div>\n<div class=\" row indicador \">\n<div class=\"col-md-3 col-sm-3 col-xs-12\">\n<div class=\"row\">\n<div class=\"col-xs-2 colspanfcha\">\n\n<span style=\"font-family: futura-medium-bt; font-size: 12pt;\">\u00d3rganos jurisdiccionales de los tribunales superiores de justicia estatales (otro tipo)(\u00d3rganos jurisdiccionales), 2014: <strong>27<\/strong><\/span>\n\n<hr \/>\n\n<\/div>\n<\/div>\n<\/div>\n<\/div>\n<div class=\" row indicadorPar \">\n<div class=\"col-md-3 col-sm-3 col-xs-12\">\n<div class=\"row\">\n<div class=\"col-xs-2 colspanfcha\">\n\n<span style=\"font-family: futura-medium-bt; font-size: 12pt;\">\u00d3rganos jurisdiccionales de los tribunales superiores de justicia estatales (salas civiles)(\u00d3rganos jurisdiccionales), 2014:\u00a0<strong><a title=\"No aplica\">NA<\/a><\/strong><\/span>\n\n<hr \/>\n\n<\/div>\n<\/div>\n<\/div>\n<\/div>\n<div class=\" row indicador \">\n<div class=\"col-md-3 col-sm-3 col-xs-12\">\n<div class=\"row\">\n<div class=\"col-xs-2 colspanfcha\">\n\n<span style=\"font-family: futura-medium-bt; font-size: 12pt;\">\u00d3rganos jurisdiccionales de los tribunales superiores de justicia estatales (salas de justicia especializada para adolescentes)(\u00d3rganos jurisdiccionales), 2014:\u00a0<strong><a title=\"No aplica\">NA<\/a><\/strong><\/span>\n\n<hr \/>\n\n<\/div>\n<\/div>\n<\/div>\n<\/div>\n<div class=\" row indicadorPar \">\n<div class=\"col-md-3 col-sm-3 col-xs-12\">\n<div class=\"row\">\n<div class=\"col-xs-2 colspanfcha\">\n\n<span style=\"font-family: futura-medium-bt; font-size: 12pt;\">\u00d3rganos jurisdiccionales de los tribunales superiores de justicia estatales (salas de otro tipo)(\u00d3rganos jurisdiccionales), 2014: <strong>1<\/strong><\/span>\n\n<hr \/>\n\n<\/div>\n<\/div>\n<\/div>\n<\/div>\n<div class=\" row indicador \">\n<div class=\"col-md-3 col-sm-3 col-xs-12\">\n<div class=\"row\">\n<div class=\"col-xs-2 colspanfcha\">\n\n<span style=\"font-family: futura-medium-bt; font-size: 12pt;\">\u00d3rganos jurisdiccionales de los tribunales superiores de justicia estatales (salas familiares)(\u00d3rganos jurisdiccionales), 2014: <strong>2<\/strong><\/span>\n\n<hr \/>\n\n<\/div>\n<\/div>\n<\/div>\n<\/div>\n<div class=\" row indicadorPar \">\n<div class=\"col-md-3 col-sm-3 col-xs-12\">\n<div class=\"row\">\n<div class=\"col-xs-2 colspanfcha\">\n\n<span style=\"font-family: futura-medium-bt; font-size: 12pt;\">\u00d3rganos jurisdiccionales de los tribunales superiores de justicia estatales (salas mixtas)(\u00d3rganos jurisdiccionales), 2014: <strong>2<\/strong><\/span>\n\n<hr \/>\n\n<\/div>\n<\/div>\n<\/div>\n<\/div>\n<div class=\" row indicador \">\n<div class=\"col-md-3 col-sm-3 col-xs-12\">\n<div class=\"row\">\n<div class=\"col-xs-2 colspanfcha\">\n\n<span style=\"font-family: futura-medium-bt; font-size: 12pt;\">\u00d3rganos jurisdiccionales de los tribunales superiores de justicia estatales (salas penales)(\u00d3rganos jurisdiccionales), 2014: <strong>2<\/strong><\/span>\n\n<hr \/>\n\n<\/div>\n<\/div>\n<\/div>\n<\/div>\n<div class=\" row indicadorPar \">\n<div class=\"col-md-3 col-sm-3 col-xs-12\">\n<div class=\"row\">\n<div class=\"col-xs-2 colspanfcha\">\n\n<span style=\"font-family: futura-medium-bt; font-size: 12pt;\">\u00d3rganos jurisdiccionales de los tribunales superiores de justicia estatales (tribunales para juicio oral de otra materia)(\u00d3rganos jurisdiccionales), 2014: <strong>2<\/strong><\/span>\n\n<hr \/>\n\n<\/div>\n<\/div>\n<\/div>\n<\/div>\n<div class=\" row indicador \">\n<div class=\"col-md-3 col-sm-3 col-xs-12\">\n<div class=\"row\">\n<div class=\"col-xs-2 colspanfcha\">\n\n<span style=\"font-family: futura-medium-bt; font-size: 12pt;\">\u00d3rganos jurisdiccionales de los tribunales superiores de justicia estatales (tribunales para juicio oral penal)(\u00d3rganos jurisdiccionales), 2014:\u00a0<strong><a title=\"No aplica\">N<\/a><\/strong><\/span>\n\n<hr \/>\n\n<\/div>\n<\/div>\n<\/div>\n<\/div>\n<div class=\" row indicadorPar \">\n<div class=\"col-md-3 col-sm-3 col-xs-12\">\n<div class=\"row\">\n<div class=\"col-xs-2 colspanfcha\">\n\n<span style=\"font-family: futura-medium-bt; font-size: 12pt;\">\u00d3rganos y\/o unidades administrativas de los tribunales superiores de justicia y consejos de la judicatura estatales (secretar\u00eda general de acuerdos)(\u00d3rganos y\/o unidades administrativas), 2014: <strong>1<\/strong><\/span>\n\n<hr \/>\n\n<\/div>\n<\/div>\n<\/div>\n<\/div>\n<div class=\" row indicador \">\n<div class=\"col-md-3 col-sm-3 col-xs-12\">\n<div class=\"row\">\n<div class=\"col-xs-2 colspanfcha\">\n\n<span style=\"font-family: futura-medium-bt; font-size: 12pt;\">\u00d3rganos y\/o unidades administrativas de los tribunales superiores de justicia y consejos de la judicatura estatales (servicios periciales)(\u00d3rganos y\/o unidades administrativas), 2014:\u00a0<strong><a title=\"No aplica\">NA<\/a><\/strong><\/span>\n\n<hr \/>\n\n<\/div>\n<\/div>\n<\/div>\n<\/div>\n<div class=\" row indicadorPar \">\n<div class=\"col-md-3 col-sm-3 col-xs-12\">\n<div class=\"row\">\n<div class=\"col-xs-2 colspanfcha\">\n\n<span style=\"font-family: futura-medium-bt; font-size: 12pt;\">\u00d3rganos y\/o unidades administrativas de los tribunales superiores de justicia y consejos de la judicatura estatales (transparencia y acceso a la informaci\u00f3n)(\u00d3rganos y\/o unidades administrativas), 2014: <strong>1<\/strong><\/span>\n\n<hr \/>\n\n<\/div>\n<\/div>\n<\/div>\n<\/div>\n<div class=\" row indicador \">\n<div class=\"col-md-3 col-sm-3 col-xs-12\">\n<div class=\"row\">\n<div class=\"col-xs-2 colspanfcha\">\n\n<span style=\"font-family: futura-medium-bt; font-size: 12pt;\">\u00d3rganos jurisdiccionales de los tribunales superiores de justicia estatales (juzgados de menor cuant\u00eda y\/o paz penal)(\u00d3rganos jurisdiccionales), 2014:\u00a0<strong><a title=\"No aplica\">NA<\/a><\/strong><\/span>\n\n<hr \/>\n\n<\/div>\n<\/div>\n<\/div>\n<\/div>\n<div class=\" row indicadorPar \">\n<div class=\"col-md-3 col-sm-3 col-xs-12\">\n<div class=\"row\">\n<div class=\"col-xs-2 colspanfcha\">\n\n<span style=\"font-family: futura-medium-bt; font-size: 12pt;\">\u00d3rganos y\/o unidades administrativas de los tribunales superiores de justicia y consejos de la judicatura estatales(\u00d3rganos y\/o unidades administrativas), 2014: <strong>58<\/strong><\/span>\n\n<hr \/>\n\n<\/div>\n<\/div>\n<\/div>\n<\/div>\n<div class=\" row indicador \">\n<div class=\"col-md-3 col-sm-3 col-xs-12\">\n<div class=\"row\">\n<div class=\"col-xs-2 colspanfcha\">\n\n<span style=\"font-family: futura-medium-bt; font-size: 12pt;\">\u00d3rganos y\/o unidades administrativas de los tribunales superiores de justicia y consejos de la judicatura estatales (archivo)(\u00d3rganos y\/o unidades administrativas), 2014: <strong>1<\/strong><\/span>\n\n<hr \/>\n\n<\/div>\n<\/div>\n<\/div>\n<\/div>\n<div class=\" row indicadorPar \">\n<div class=\"col-md-3 col-sm-3 col-xs-12\">\n<div class=\"row\">\n<div class=\"col-xs-2 colspanfcha\">\n\n<span style=\"font-family: futura-medium-bt; font-size: 12pt;\">\u00d3rganos y\/o unidades administrativas de los tribunales superiores de justicia y consejos de la judicatura estatales (comunicaci\u00f3n social)(\u00d3rganos y\/o unidades administrativas), 2014: <strong>1<\/strong><\/span>\n\n<hr \/>\n\n<\/div>\n<\/div>\n<\/div>\n<\/div>\n<div class=\" row indicador \">\n<div class=\"col-md-3 col-sm-3 col-xs-12\">\n<div class=\"row\">\n<div class=\"col-xs-2 colspanfcha\">\n\n<span style=\"font-family: futura-medium-bt; font-size: 12pt;\">\u00d3rganos y\/o unidades administrativas de los tribunales superiores de justicia y consejos de la judicatura estatales (recursos presupuestales)(\u00d3rganos y\/o unidades administrativas), 2014: <strong>5<\/strong><\/span>\n\n<hr \/>\n\n<\/div>\n<\/div>\n<\/div>\n<\/div>\n<div class=\" row indicadorPar \">\n<div class=\"col-md-3 col-sm-3 col-xs-12\">\n<div class=\"row\">\n<div class=\"col-xs-2 colspanfcha\">\n\n<span style=\"font-family: futura-medium-bt; font-size: 12pt;\">\u00d3rganos y\/o unidades administrativas de los tribunales superiores de justicia y consejos de la judicatura estatales (oficial\u00eda mayor o administraci\u00f3n)(\u00d3rganos y\/o unidades administrativas), 2014: <strong>1<\/strong><\/span>\n\n<hr \/>\n\n<\/div>\n<\/div>\n<\/div>\n<\/div>\n<div class=\" row indicador \">\n<div class=\"col-md-3 col-sm-3 col-xs-12\">\n<div class=\"row\">\n<div class=\"col-xs-2 colspanfcha\">\n\n<span style=\"font-family: futura-medium-bt; font-size: 12pt;\">\u00d3rganos y\/o unidades administrativas de los tribunales superiores de justicia y consejos de la judicatura estatales (visitadur\u00eda judicial)(\u00d3rganos y\/o unidades administrativas), 2014: <strong>1<\/strong><\/span>\n\n<hr \/>\n\n<\/div>\n<\/div>\n<\/div>\n<\/div>\n<div class=\" row indicadorPar \">\n<div class=\"col-md-3 col-sm-3 col-xs-12\">\n<div class=\"row\">\n<div class=\"col-xs-2 colspanfcha\">\n\n<span style=\"font-family: futura-medium-bt; font-size: 12pt;\">\u00d3rganos jurisdiccionales de los tribunales superiores de justicia estatales (juzgados de menor cuant\u00eda y\/o paz civil)(\u00d3rganos jurisdiccionales), 2014:\u00a0<strong><a title=\"No aplica\">NA<\/a><\/strong><\/span>\n\n<hr \/>\n\n<\/div>\n<\/div>\n<\/div>\n<\/div>\n<div class=\" row indicador \">\n<div class=\"col-md-3 col-sm-3 col-xs-12\">\n<div class=\"row\">\n<div class=\"col-xs-2 colspanfcha\">\n\n<span style=\"font-family: futura-medium-bt; font-size: 12pt;\">\u00d3rganos y\/o unidades administrativas de los tribunales superiores de justicia y consejos de la judicatura estatales (asuntos jur\u00eddicos)(\u00d3rganos y\/o unidades administrativas), 2014:\u00a0<strong><a title=\"No aplica\">NA<\/a><\/strong><\/span>\n\n<hr \/>\n\n<\/div>\n<\/div>\n<\/div>\n<\/div>\n<div class=\" row indicadorPar \">\n<div class=\"col-md-3 col-sm-3 col-xs-12\">\n<div class=\"row\">\n<div class=\"col-xs-2 colspanfcha\">\n\n<span style=\"font-family: futura-medium-bt; font-size: 12pt;\">\u00d3rganos y\/o unidades administrativas de los tribunales superiores de justicia y consejos de la judicatura estatales (recursos materiales)(\u00d3rganos y\/o unidades administrativas), 2014: <strong>5<\/strong><\/span>\n\n<hr \/>\n\n<\/div>\n<\/div>\n<\/div>\n<\/div>\n<div class=\" row indicador \">\n<div class=\"col-md-3 col-sm-3 col-xs-12\">\n<div class=\"row\">\n<div class=\"col-xs-2 colspanfcha\">\n\n<span style=\"font-family: futura-medium-bt; font-size: 12pt;\">\u00d3rganos y\/o unidades administrativas de los tribunales superiores de justicia y consejos de la judicatura estatales (no especificado)(\u00d3rganos y\/o unidades administrativas), 2014: <strong>0<\/strong><\/span>\n\n<hr \/>\n\n<\/div>\n<\/div>\n<\/div>\n<\/div>\n<div class=\" row indicadorPar \">\n<div class=\"col-md-3 col-sm-3 col-xs-12\">\n<div class=\"row\">\n<div class=\"col-xs-2 colspanfcha\">\n\n<span style=\"font-family: futura-medium-bt; font-size: 12pt;\">\u00d3rganos y\/o unidades administrativas de los tribunales superiores de justicia y consejos de la judicatura estatales (biblioteca)(\u00d3rganos y\/o unidades administrativas), 2014: <strong>1<\/strong><\/span>\n\n<hr \/>\n\n<\/div>\n<\/div>\n<\/div>\n<\/div>\n<div class=\" row indicador \">\n<div class=\"col-md-3 col-sm-3 col-xs-12\">\n<div class=\"row\">\n<div class=\"col-xs-2 colspanfcha\">\n\n<span style=\"font-family: futura-medium-bt; font-size: 12pt;\">\u00d3rganos y\/o unidades administrativas de los tribunales superiores de justicia y consejos de la judicatura estatales (contralor\u00eda interna)(\u00d3rganos y\/o unidades administrativas), 2014: <strong>1<\/strong><\/span>\n\n<hr \/>\n\n<\/div>\n<\/div>\n<\/div>\n<\/div>\n<div class=\" row indicadorPar \">\n<div class=\"col-md-3 col-sm-3 col-xs-12\">\n<div class=\"row\">\n<div class=\"col-xs-2 colspanfcha\">\n\n<span style=\"font-family: futura-medium-bt; font-size: 12pt;\">\u00d3rganos y\/o unidades administrativas de los tribunales superiores de justicia y consejos de la judicatura estatales (fondo para la administraci\u00f3n de justicia)(\u00d3rganos y\/o unidades administrativas), 2014: <strong>3<\/strong><\/span>\n\n<hr \/>\n\n<\/div>\n<\/div>\n<\/div>\n<\/div>\n<div class=\" row indicador \">\n<div class=\"col-md-3 col-sm-3 col-xs-12\">\n<div class=\"row\">\n<div class=\"col-xs-2 colspanfcha\">\n\n<span style=\"font-family: futura-medium-bt; font-size: 12pt;\">\u00d3rganos y\/o unidades administrativas de los tribunales superiores de justicia y consejos de la judicatura estatales (planeaci\u00f3n y\/o evaluaci\u00f3n)(\u00d3rganos y\/o unidades administrativas), 2014: <strong>1<\/strong><\/span>\n\n<hr \/>\n\n<\/div>\n<\/div>\n<\/div>\n<\/div>\n<div class=\" row indicadorPar \">\n<div class=\"col-md-3 col-sm-3 col-xs-12\">\n<div class=\"row\">\n<div class=\"col-xs-2 colspanfcha\"><span style=\"font-family: futura-medium-bt; font-size: 12pt;\">\u00d3rganos jurisdiccionales de los tribunales superiores de justicia estatales (juzgados de menor cuant\u00eda y\/o paz mixto)(\u00d3rganos jurisdiccionales), 2014: 3<\/span><\/div>\n<\/div>\n<\/div>\n<\/div>\n<div class=\" row indicador \">\n<div class=\"col-md-3 col-sm-3 col-xs-12\">\n<div class=\"row\">\n<div class=\"col-xs-2 colspanfcha\">\n\n<span style=\"font-family: futura-medium-bt; font-size: 12pt;\">\u00d3rganos y\/o unidades administrativas de los tribunales superiores de justicia y consejos de la judicatura estatales (oficina de la Presidencia)(\u00d3rganos y\/o unidades administrativas), 2014: <strong>1<\/strong><\/span>\n\n<hr \/>\n\n<\/div>\n<\/div>\n<\/div>\n<\/div>\n<div class=\" row indicadorPar \">\n<div class=\"col-md-3 col-sm-3 col-xs-12\">\n<div class=\"row\">\n<div class=\"col-xs-2 colspanfcha\">\n\n<span style=\"font-family: futura-medium-bt; font-size: 12pt;\">\u00d3rganos y\/o unidades administrativas de los tribunales superiores de justicia y consejos de la judicatura estatales (escuela o instituto judicial)(\u00d3rganos y\/o unidades administrativas), 2014: <strong>1<\/strong><\/span>\n\n<hr \/>\n\n<\/div>\n<\/div>\n<\/div>\n<\/div>\n<div class=\" row indicador \">\n<div class=\"col-md-3 col-sm-3 col-xs-12\">\n<div class=\"row\">\n<div class=\"col-xs-2 colspanfcha\">\n\n<span style=\"font-family: futura-medium-bt; font-size: 12pt;\">\u00d3rganos y\/o unidades administrativas de los tribunales superiores de justicia y consejos de la judicatura estatales (servicios generales)(\u00d3rganos y\/o unidades administrativas), 2014: <strong>3<\/strong><\/span>\n\n<hr \/>\n\n<\/div>\n<\/div>\n<\/div>\n<\/div>\n<div class=\" row indicadorPar \">\n<div class=\"col-md-3 col-sm-3 col-xs-12\">\n<div class=\"row\">\n<div class=\"col-xs-2 colspanfcha\">\n\n<span style=\"font-family: futura-medium-bt; font-size: 12pt;\">\u00d3rganos y\/o unidades administrativas de los tribunales superiores de justicia y consejos de la judicatura estatales (otros)(\u00d3rganos y\/o unidades administrativas), 2014: <strong>11<\/strong><\/span>\n\n<hr \/>\n\n<\/div>\n<\/div>\n<\/div>\n<\/div>\n<div class=\" row indicador \">\n<div class=\"col-md-3 col-sm-3 col-xs-12\">\n<div class=\"row\">\n<div class=\"col-xs-2 colspanfcha\"><span style=\"font-family: futura-medium-bt; font-size: 12pt;\">\u00d3rganos jurisdiccionales de los tribunales superiores de justicia estatales (no especificado)(\u00d3rganos jurisdiccionales), 2014: 0<\/span><\/div>\n<\/div>\n<\/div>\n<\/div>\n<div class=\" row indicadorPar \">\n<div class=\"col-md-3 col-sm-3 col-xs-12\">\n<div class=\"row\">\n<div class=\"col-xs-2 colspanfcha\"><span style=\"font-family: futura-medium-bt; font-size: 12pt;\">\u00d3rganos y\/o unidades administrativas de los tribunales superiores de justicia y consejos de la judicatura estatales (inform\u00e1tica)(\u00d3rganos y\/o unidades administrativas), 2014: 13<\/span><\/div>\n<\/div>\n<\/div>\n<\/div>\n<div class=\" row indicador \">\n<div class=\"col-md-3 col-sm-3 col-xs-12\">\n<div class=\"row\">\n<div class=\"col-xs-2 colspanfcha\">\n\n<span style=\"font-family: futura-medium-bt; font-size: 12pt;\">\u00d3rganos y\/o unidades administrativas de los tribunales superiores de justicia y consejos de la judicatura estatales (judicatura)(\u00d3rganos y\/o unidades administrativas), 2014: <strong>3<\/strong><\/span>\n\n<hr \/>\n\n<\/div>\n<\/div>\n<\/div>\n<\/div>\n<div class=\" row indicadorPar \">\n<div class=\"col-md-3 col-sm-3 col-xs-12\">\n<div class=\"row\">\n<div class=\"col-xs-2 colspanfcha\">\n\n<span style=\"font-family: futura-medium-bt; font-size: 12pt;\">\u00d3rganos y\/o unidades administrativas de los tribunales superiores de justicia y consejos de la judicatura estatales (recursos humanos)(\u00d3rganos y\/o unidades administrativas), 2014: <strong>4<\/strong><\/span>\n\n<hr \/>\n\n<\/div>\n<\/div>\n<\/div>\n<\/div>\n<div class=\" row indicador \">\n<div class=\"col-md-3 col-sm-3 col-xs-12\">\n<div class=\"row\">\n<div class=\"col-xs-2 colspanfcha\">\n\n<span style=\"font-family: futura-medium-bt; font-size: 12pt;\">\u00d3rganos jurisdiccionales de los tribunales superiores de justicia estatales (juzgados de ejecuci\u00f3n sistema acusatorio oral)(\u00d3rganos jurisdiccionales), 2014:\u00a0<strong><a title=\"No aplica\">NA<\/a><\/strong><\/span>\n\n<hr \/>\n\n<\/div>\n<\/div>\n<\/div>\n<\/div>\n<div class=\" row indicadorPar \">\n<div class=\"col-md-3 col-sm-3 col-xs-12\">\n<div class=\"row\">\n<div class=\"col-xs-2 colspanfcha\">\n\n<span style=\"font-family: futura-medium-bt; font-size: 12pt;\">\u00d3rganos jurisdiccionales de los tribunales superiores de justicia estatales (juzgados orales penales)(\u00d3rganos jurisdiccionales), 2014:\u00a0<strong><a title=\"No aplica\">NA<\/a><\/strong><\/span>\n\n<hr \/>\n\n<\/div>\n<\/div>\n<\/div>\n<\/div>\n<div class=\" row indicador \">\n<div class=\"col-md-3 col-sm-3 col-xs-12\">\n<div class=\"row\">\n<div class=\"col-xs-2 colspanfcha\">\n\n<span style=\"font-family: futura-medium-bt; font-size: 12pt;\">\u00d3rganos jurisdiccionales de los tribunales superiores de justicia estatales (juzgados de ejecuci\u00f3n sistema tradicional)(\u00d3rganos jurisdiccionales), 2014: <strong>2<\/strong><\/span>\n\n<hr \/>\n\n<\/div>\n<\/div>\n<\/div>\n<\/div>\n<div class=\" row indicadorPar \">\n<div class=\"col-md-3 col-sm-3 col-xs-12\">\n<div class=\"row\">\n<div class=\"col-xs-2 colspanfcha\">\n\n<span style=\"font-family: futura-medium-bt; font-size: 12pt;\">\u00d3rganos jurisdiccionales de los tribunales superiores de justicia estatales (juzgados penales y de ejecuci\u00f3n)(\u00d3rganos jurisdiccionales), 2014: <strong>14<\/strong><\/span>\n\n<hr \/>\n\n<\/div>\n<\/div>\n<\/div>\n<\/div>\n<div class=\" row indicador \">\n<div class=\"col-md-3 col-sm-3 col-xs-12\">\n<div class=\"row\">\n<div class=\"col-xs-2 colspanfcha\">\n\n<span style=\"font-family: futura-medium-bt; font-size: 12pt;\">\u00d3rganos jurisdiccionales de los tribunales superiores de justicia estatales en materia civil (primera instancia)(\u00d3rganos jurisdiccionales), 2014: <strong>13<\/strong><\/span>\n\n<hr \/>\n\n<\/div>\n<\/div>\n<\/div>\n<\/div>\n<div class=\" row indicadorPar \">\n<div class=\"col-md-3 col-sm-3 col-xs-12\">\n<div class=\"row\">\n<div class=\"col-xs-2 colspanfcha\">\n\n<span style=\"font-family: futura-medium-bt; font-size: 12pt;\">\u00d3rganos jurisdiccionales de los tribunales superiores de justicia estatales en materia penal (primera instancia)(\u00d3rganos jurisdiccionales), 2014: <strong>15<\/strong><\/span>\n\n<hr \/>\n\n<\/div>\n<\/div>\n<\/div>\n<\/div>\n<div class=\" row indicador \">\n<div class=\"col-md-3 col-sm-3 col-xs-12\">\n<div class=\"row\">\n<div class=\"col-xs-2 colspanfcha\">\n\n<span style=\"font-family: futura-medium-bt; font-size: 12pt;\">\u00d3rganos jurisdiccionales de los tribunales superiores de justicia estatales en todas las materias (primera instancia)(\u00d3rganos jurisdiccionales), 2014: <strong>33<\/strong><\/span>\n\n<hr \/>\n\n<\/div>\n<\/div>\n<\/div>\n<\/div>\n<div class=\" row indicadorPar \">\n<div class=\"col-md-3 col-sm-3 col-xs-12\">\n<div class=\"row\">\n<div class=\"col-xs-2 colspanfcha\">\n\n<span style=\"font-family: futura-medium-bt; font-size: 12pt;\">Porcentaje de personal laborando en la Administraci\u00f3n P\u00fablica de las Entidades Federativas en la funci\u00f3n de Desarrollo Econ\u00f3mico(Porcentaje de personal que labora en determinada funci\u00f3n), 2013: <strong>0.50<\/strong><\/span>\n\n<hr \/>\n\n<\/div>\n<\/div>\n<\/div>\n<\/div>\n<div class=\" row indicador \">\n<div class=\"col-md-3 col-sm-3 col-xs-12\">\n<div class=\"row\">\n<div class=\"col-xs-2 colspanfcha\">\n\n<span style=\"font-family: futura-medium-bt; font-size: 12pt;\">\u00d3rganos jurisdiccionales de los tribunales superiores de justicia estatales (juzgados de ejecuci\u00f3n)(\u00d3rganos jurisdiccionales), 2012: <strong>2<\/strong><\/span>\n\n<hr \/>\n\n<\/div>\n<\/div>\n<\/div>\n<\/div>\n<div class=\" row indicadorPar \">\n<div class=\"col-md-3 col-sm-3 col-xs-12\">\n<div class=\"row\">\n<div class=\"col-xs-2 colspanfcha\">\n\n<span style=\"font-family: futura-medium-bt; font-size: 12pt;\">Instituciones de las administraciones p\u00fablicas municipales(Instituciones), 2012: <strong>388<\/strong><\/span>\n\n<hr \/>\n\n<\/div>\n<\/div>\n<\/div>\n<\/div>\n<div class=\" row indicador \">\n<div class=\"col-md-3 col-sm-3 col-xs-12\">\n<div class=\"row\">\n<div class=\"col-xs-2 colspanfcha\">\n\n<span style=\"font-family: futura-medium-bt; font-size: 12pt;\">Instituciones de las administraciones p\u00fablicas municipales consideradas en la administraci\u00f3n central(Instituciones), 2012: <strong>361<\/strong><\/span>\n\n<hr \/>\n\n<\/div>\n<\/div>\n<\/div>\n<\/div>\n<div class=\" row indicadorPar \">\n<div class=\"col-md-3 col-sm-3 col-xs-12\">\n<div class=\"row\">\n<div class=\"col-xs-2 colspanfcha\">\n\n<span style=\"font-family: futura-medium-bt; font-size: 12pt;\">Instituciones de las administraciones p\u00fablicas municipales consideradas en la administraci\u00f3n paramunicipal(Instituciones), 2012: <strong>27<\/strong><\/span>\n\n<hr \/>\n\n<\/div>\n<\/div>\n<\/div>\n<\/div>\n<\/div>\n<\/div>\n<\/div>\n<\/div>\n<\/div>\n[\/vc_column_text][vc_column_text]\n<pre class=\"temaPadre\"><span style=\"font-size: 14pt; color: #0000ff;\"><strong><span style=\"font-family: futura-medium-bt;\"><label class=\"texto\" data-role=\"none\">Tr\u00e1mites y Servicios<\/label><\/span><\/strong><\/span><\/pre>\n<div class=\" row indicador \">\n<div class=\"col-md-9 col-sm-9 col-xs-12\">\n<div>\n\n<span style=\"font-family: futura-medium-bt; font-size: 12pt;\"><label class=\"texto\" data-role=\"none\">Poblaci\u00f3n de 18 a\u00f1os y m\u00e1s usuaria del servicio de salud del ISSSTE(Personas), 2017:\u00a0<\/label><strong>46,740<\/strong><\/span>\n\n<hr \/>\n\n<\/div>\n<\/div>\n<\/div>\n<div class=\" row indicadorPar \">\n<div class=\"col-md-9 col-sm-9 col-xs-12\">\n<div>\n\n<span style=\"font-family: futura-medium-bt; font-size: 12pt;\"><label class=\"texto\" data-role=\"none\">Poblaci\u00f3n de 18 a\u00f1os y m\u00e1s usuaria del servicio de energ\u00eda el\u00e9ctrica(Personas), 2017:\u00a0<\/label><strong>783,964<\/strong><\/span>\n\n<hr \/>\n\n<\/div>\n<\/div>\n<div class=\"col-md-3 col-sm-3 col-xs-12\">\n<div class=\"row\">\n<div class=\"col-xs-2 colspanfcha\">\n\n<span style=\"font-family: futura-medium-bt; font-size: 12pt;\">Poblaci\u00f3n de 18 a\u00f1os y m\u00e1s usuaria del servicio de educaci\u00f3n obligatoria(Personas), 2017: <strong>242,282<\/strong><\/span>\n\n<hr \/>\n\n<\/div>\n<\/div>\n<\/div>\n<\/div>\n<div class=\" row indicador \">\n<div class=\"col-md-3 col-sm-3 col-xs-12\">\n<div class=\"row\">\n<div class=\"col-xs-2 colspanfcha\">\n\n<span style=\"font-family: futura-medium-bt; font-size: 12pt;\">Poblaci\u00f3n de 18 a\u00f1os y m\u00e1s que realiz\u00f3 personalmente al menos un tr\u00e1mite, pago o solicitud de servicios con un servidor p\u00fablico(Personas), 2017: <strong>584,727<\/strong><\/span>\n\n<hr \/>\n\n<\/div>\n<\/div>\n<\/div>\n<\/div>\n<div class=\" row indicadorPar \">\n<div class=\"col-md-3 col-sm-3 col-xs-12\">\n<div class=\"row\">\n<div class=\"col-xs-2 colspanfcha\">\n\n<span style=\"font-family: futura-medium-bt; font-size: 12pt;\">Tr\u00e1mites atendidos por las administraciones p\u00fablicas estatales, consulta m\u00e9dica(Tr\u00e1mites), 2015:\u00a0<a title=\"No cuenta con elementos para responder\">-<\/a><\/span>\n\n<hr \/>\n\n<\/div>\n<\/div>\n<\/div>\n<\/div>\n<div class=\" row indicador \">\n<div class=\"col-md-3 col-sm-3 col-xs-12\">\n<div class=\"row\">\n<div class=\"col-xs-2 colspanfcha\">\n\n<span style=\"font-family: futura-medium-bt; font-size: 12pt;\">Tr\u00e1mites atendidos por las administraciones p\u00fablicas estatales, licencias de conducir(Tr\u00e1mites), 2015: <strong>178,753<\/strong><\/span>\n\n<hr \/>\n\n<\/div>\n<\/div>\n<\/div>\n<\/div>\n<div class=\" row indicadorPar \">\n<div class=\"col-md-3 col-sm-3 col-xs-12\">\n<div class=\"row\">\n<div class=\"col-xs-2 colspanfcha\">\n\n<span style=\"font-family: futura-medium-bt; font-size: 12pt;\">Tr\u00e1mites atendidos por las administraciones p\u00fablicas estatales, verificaci\u00f3n vehicular(Tr\u00e1mites), 2015:\u00a0<a title=\"No cuenta con elementos para responder\">-<\/a><\/span>\n\n<hr \/>\n\n<\/div>\n<\/div>\n<\/div>\n<\/div>\n<div class=\" row indicador \">\n<div class=\"col-md-3 col-sm-3 col-xs-12\">\n<div class=\"row\">\n<div class=\"col-xs-2 colspanfcha\">\n\n<span style=\"font-family: futura-medium-bt; font-size: 12pt;\">Tr\u00e1mites atendidos por las administraciones p\u00fablicas estatales, pago de impuesto tenencia(Tr\u00e1mites), 2015:\u00a0<strong><a title=\"No aplica\">NA<\/a><\/strong><\/span>\n\n<hr \/>\n\n<\/div>\n<\/div>\n<\/div>\n<\/div>\n<div class=\" row indicadorPar \">\n<div class=\"col-md-3 col-sm-3 col-xs-12\">\n<div class=\"row\">\n<div class=\"col-xs-2 colspanfcha\">\n\n<span style=\"font-family: futura-medium-bt; font-size: 12pt;\">Tr\u00e1mites atendidos por las administraciones p\u00fablicas estatales, pago de impuestos (no incluye tenencia)(Tr\u00e1mites), 2015: <strong>33,776<\/strong><\/span>\n\n<hr \/>\n\n<\/div>\n<\/div>\n<\/div>\n<\/div>\n<div class=\" row indicador \">\n<div class=\"col-md-3 col-sm-3 col-xs-12\">\n<div class=\"row\">\n<div class=\"col-xs-2 colspanfcha\">\n\n<span style=\"font-family: futura-medium-bt; font-size: 12pt;\">Tr\u00e1mites atendidos por las administraciones p\u00fablicas estatales, certificados de no antecedentes penales(Tr\u00e1mites), 2015: <strong>5,727<\/strong><\/span>\n\n<hr \/>\n\n<\/div>\n<\/div>\n<\/div>\n<\/div>\n<div class=\" row indicadorPar \">\n<div class=\"col-md-3 col-sm-3 col-xs-12\">\n<div class=\"row\">\n<div class=\"col-xs-2 colspanfcha\">\n\n<span style=\"font-family: futura-medium-bt; font-size: 12pt;\">Tr\u00e1mites atendidos por las administraciones p\u00fablicas estatales, afiliaci\u00f3n o reafiliaci\u00f3n al Seguro Popular(Tr\u00e1mites), 2015: <strong>875<\/strong><\/span>\n\n<hr \/>\n\n<\/div>\n<\/div>\n<\/div>\n<\/div>\n<div class=\" row indicador \">\n<div class=\"col-md-3 col-sm-3 col-xs-12\">\n<div class=\"row\">\n<div class=\"col-xs-2 colspanfcha\">\n\n<span style=\"font-family: futura-medium-bt; font-size: 12pt;\">Tr\u00e1mites atendidos por las administraciones p\u00fablicas estatales, inscripci\u00f3n a planteles educativos de educaci\u00f3n b\u00e1sica(Tr\u00e1mites), 2015: <strong>276,975<\/strong><\/span>\n\n<hr \/>\n\n<\/div>\n<\/div>\n<\/div>\n<\/div>\n<div class=\" row indicadorPar \">\n<div class=\"col-md-3 col-sm-3 col-xs-12\">\n<div class=\"row\">\n<div class=\"col-xs-2 colspanfcha\">\n\n<span style=\"font-family: futura-medium-bt; font-size: 12pt;\">Tr\u00e1mites atendidos por las administraciones p\u00fablicas estatales, relacionados al control vehicular (no cambio de propietario de veh\u00edculo)(Tr\u00e1mites), 2015: <strong>439<\/strong><\/span>\n\n<hr \/>\n\n<\/div>\n<\/div>\n<\/div>\n<\/div>\n<div class=\" row indicador \">\n<div class=\"col-md-3 col-sm-3 col-xs-12\">\n<div class=\"row\">\n<div class=\"col-xs-2 colspanfcha\">\n\n<span style=\"font-family: futura-medium-bt; font-size: 12pt;\">Tr\u00e1mites atendidos por las administraciones p\u00fablicas estatales, solicitud de copias certificadas de actas civiles (nacimiento, matrimonio o defunci\u00f3n)(Tr\u00e1mites), 2015: <strong>147,293<\/strong><\/span>\n\n<hr \/>\n\n<\/div>\n<\/div>\n<\/div>\n<\/div>\n<div class=\" row indicadorPar \">\n<div class=\"col-md-3 col-sm-3 col-xs-12\">\n<div class=\"row\">\n<div class=\"col-xs-2 colspanfcha\">\n\n<span style=\"font-family: futura-medium-bt; font-size: 12pt;\">Tr\u00e1mites atendidos por las administraciones p\u00fablicas municipales, consulta m\u00e9dica(Tr\u00e1mites), 2014: <strong>30,517<\/strong><\/span>\n\n<hr \/>\n\n<\/div>\n<\/div>\n<\/div>\n<\/div>\n<div class=\" row indicador \">\n<div class=\"col-md-3 col-sm-3 col-xs-12\">\n<div class=\"row\">\n<div class=\"col-xs-2 colspanfcha\">\n\n<span style=\"font-family: futura-medium-bt; font-size: 12pt;\">Tr\u00e1mites atendidos por las administraciones p\u00fablicas municipales, constancia de domicilio(Tr\u00e1mites), 2014: <strong>8,369<\/strong><\/span>\n\n<hr \/>\n\n<\/div>\n<\/div>\n<\/div>\n<\/div>\n<div class=\" row indicadorPar \">\n<div class=\"col-md-3 col-sm-3 col-xs-12\">\n<div class=\"row\">\n<div class=\"col-xs-2 colspanfcha\">\n\n<span style=\"font-family: futura-medium-bt; font-size: 12pt;\">Tr\u00e1mites atendidos por las administraciones p\u00fablicas municipales, pago de impuesto predial(Tr\u00e1mites), 2014: <strong>289,304<\/strong><\/span>\n\n<hr \/>\n\n<\/div>\n<\/div>\n<\/div>\n<\/div>\n<div class=\" row indicador \">\n<div class=\"col-md-3 col-sm-3 col-xs-12\">\n<div class=\"row\">\n<div class=\"col-xs-2 colspanfcha\">\n\n<span style=\"font-family: futura-medium-bt; font-size: 12pt;\">Tr\u00e1mites atendidos por las administraciones p\u00fablicas municipales, reparaci\u00f3n de fugas de agua(Tr\u00e1mites), 2014: <strong>29,831<\/strong><\/span>\n\n<hr \/>\n\n<\/div>\n<\/div>\n<\/div>\n<\/div>\n<div class=\" row indicadorPar \">\n<div class=\"col-md-3 col-sm-3 col-xs-12\">\n<div class=\"row\">\n<div class=\"col-xs-2 colspanfcha\">\n\n<span style=\"font-family: futura-medium-bt; font-size: 12pt;\">Tr\u00e1mites atendidos por las administraciones p\u00fablicas municipales, pago de infracci\u00f3n de tr\u00e1nsito(Tr\u00e1mites), 2014: <strong>63,346<\/strong><\/span>\n\n<hr \/>\n\n<\/div>\n<\/div>\n<\/div>\n<\/div>\n<div class=\" row indicador \">\n<div class=\"col-md-3 col-sm-3 col-xs-12\">\n<div class=\"row\">\n<div class=\"col-xs-2 colspanfcha\">\n\n<span style=\"font-family: futura-medium-bt; font-size: 12pt;\">Tr\u00e1mites atendidos por las administraciones p\u00fablicas municipales, pago de infracciones de tr\u00e1nsito(Tr\u00e1mites), 2014: <strong>10,29<\/strong><\/span>\n\n<hr \/>\n\n<\/div>\n<\/div>\n<\/div>\n<\/div>\n<div class=\" row indicadorPar \">\n<div class=\"col-md-3 col-sm-3 col-xs-12\">\n<div class=\"row\">\n<div class=\"col-xs-2 colspanfcha\">\n\n<span style=\"font-family: futura-medium-bt; font-size: 12pt;\">Tr\u00e1mites atendidos por las administraciones p\u00fablicas municipales, servicio de agua potable en pipas(Tr\u00e1mites), 2014: <strong>4,759<\/strong><\/span>\n\n<hr \/>\n\n<\/div>\n<\/div>\n<\/div>\n<\/div>\n<div class=\" row indicador \">\n<div class=\"col-md-3 col-sm-3 col-xs-12\">\n<div class=\"row\">\n<div class=\"col-xs-2 colspanfcha\">\n\n<span style=\"font-family: futura-medium-bt; font-size: 12pt;\">Tr\u00e1mites atendidos por las administraciones p\u00fablicas municipales, contrataci\u00f3n de toma de agua y drenaje(Tr\u00e1mites), 2014: <strong>11,30<\/strong><\/span>\n\n<hr \/>\n\n<\/div>\n<\/div>\n<\/div>\n<\/div>\n<div class=\" row indicadorPar \">\n<div class=\"col-md-3 col-sm-3 col-xs-12\">\n<div class=\"row\">\n<div class=\"col-xs-2 colspanfcha\">\n\n<span style=\"font-family: futura-medium-bt; font-size: 12pt;\">Tr\u00e1mites atendidos por las administraciones p\u00fablicas municipales, copia certificada de acta del registro civil(Tr\u00e1mites), 2014: <strong>109,142<\/strong><\/span>\n\n<hr \/>\n\n<\/div>\n<\/div>\n<\/div>\n<\/div>\n<div class=\" row indicador \">\n<div class=\"col-md-3 col-sm-3 col-xs-12\">\n<div class=\"row\">\n<div class=\"col-xs-2 colspanfcha\">\n\n<span style=\"font-family: futura-medium-bt; font-size: 12pt;\">Tr\u00e1mites atendidos por las administraciones p\u00fablicas municipales, pago de derechos por suministro de agua potable y drenaje(Tr\u00e1mites), 2014: <strong>1,692,384<\/strong><\/span>\n\n<hr \/>\n\n<\/div>\n<\/div>\n<\/div>\n<\/div>\n[\/vc_column_text][vc_column_text]\n<div class=\"container\">\n<div id=\"PrincipalContainer\" class=\"row row-offcanvas row-offcanvas-left\">\n<div id=\"colContenido\" class=\"col-xs-12 col-sm-9 classContenidoResultados\">\n<div id=\"containerindicatorlist\" class=\"panel panel-default con_desf_inf row\">\n<div id=\"contenedorTabla\" class=\"panel-body\">\n<div class=\"row\">\n<div class=\"top espacio\">\n<div id=\"contextTopics\">\n<pre class=\"temaPadre\"><span style=\"font-family: futura-medium-bt; font-size: 14pt; color: #0000ff;\"><strong><label class=\"texto\" data-role=\"none\">Transparencia y Anticorrupci\u00f3n<\/label><\/strong><\/span><\/pre>\n<div class=\" row indicador \">\n<div class=\"col-md-9 col-sm-9 col-xs-12\">\n<div>\n\n<span style=\"color: #000000; font-family: futura-medium-bt; font-size: 12pt;\"><label class=\"texto\" data-role=\"none\">Tasa de prevalencia de corrupci\u00f3n al realizar un tr\u00e1mite personal por cada cien mil habitantes(Tasa), 2017:\u00a0<\/label><\/span><strong><span style=\"color: #000000; font-family: futura-medium-bt; font-size: 12pt;\"><span style=\"color: #000000; font-family: futura-medium-bt; font-size: 12pt;\">17,618<\/span><\/span><\/strong>\n\n<hr \/>\n\n<\/div>\n<\/div>\n<div class=\"col-md-3 col-sm-3 col-xs-12\">\n<div class=\"row\">\n<div class=\"col-xs-2 colspanfcha\">\n\n<span style=\"color: #000000; font-family: futura-medium-bt; font-size: 12pt;\">Tasa de poblaci\u00f3n por cada cien mil habitantes a la que alg\u00fan conocido le refiri\u00f3 actos de corrupci\u00f3n en los tr\u00e1mites que realiz\u00f3(Tasa), 2017:\u00a0<\/span><strong><span style=\"color: #000000; font-family: futura-medium-bt; font-size: 12pt;\"><span style=\"color: #000000; font-family: futura-medium-bt; font-size: 12pt;\">52,145<\/span><\/span><\/strong>\n\n<hr \/>\n\n<\/div>\n<\/div>\n<\/div>\n<\/div>\n<div class=\" row indicadorPar \">\n<div class=\"col-md-3 col-sm-3 col-xs-12\">\n<div class=\"row\">\n<div class=\"col-xs-2 colspanfcha\">\n\n<span style=\"color: #000000; font-family: futura-medium-bt; font-size: 12pt;\">Tasa de poblaci\u00f3n por cada cien mil habitantes que cree o ha escuchado existe corrupci\u00f3n en los tr\u00e1mites que realiz\u00f3(Tasa), 2017:\u00a0<\/span><strong><span style=\"color: #000000; font-family: futura-medium-bt; font-size: 12pt;\"><span style=\"color: #000000; font-family: futura-medium-bt; font-size: 12pt;\">72,649<\/span><\/span><\/strong>\n\n<hr \/>\n\n<\/div>\n<\/div>\n<\/div>\n<\/div>\n<div class=\" row indicador \">\n<div class=\"col-md-3 col-sm-3 col-xs-12\">\n<div class=\"row\">\n<div class=\"col-xs-2 colspanfcha\">\n\n<span style=\"color: #000000; font-family: futura-medium-bt; font-size: 12pt;\">Porcentaje de la poblaci\u00f3n de 18 a\u00f1os y m\u00e1s v\u00edctima de corrupci\u00f3n(Porcentaje), 2017:\u00a0<\/span><strong><span style=\"color: #000000; font-family: futura-medium-bt; font-size: 12pt;\"><span style=\"color: #000000; font-family: futura-medium-bt; font-size: 12pt;\">17.6<\/span><\/span><\/strong>\n\n<hr \/>\n\n<\/div>\n<\/div>\n<\/div>\n<\/div>\n<div class=\" row indicadorPar \">\n<div class=\"col-md-3 col-sm-3 col-xs-12\">\n<div class=\"row\">\n<div class=\"col-xs-2 colspanfcha\">\n\n<span style=\"color: #000000; font-family: futura-medium-bt; font-size: 12pt;\">Poblaci\u00f3n de 18 a\u00f1os y m\u00e1s v\u00edctima de corrupci\u00f3n en al menos un tr\u00e1mite, pago o solicitud de servicio realizado personalmente(Personas), 2017:\u00a0<\/span><strong><span style=\"color: #000000; font-family: futura-medium-bt; font-size: 12pt;\"><span style=\"color: #000000; font-family: futura-medium-bt; font-size: 12pt;\">103,017<\/span><\/span><\/strong>\n\n<hr \/>\n\n<\/div>\n<\/div>\n<\/div>\n<\/div>\n<div class=\" row indicador \">\n<div class=\"col-md-3 col-sm-3 col-xs-12\">\n<div class=\"row\">\n<div class=\"col-xs-2 colspanfcha\">\n\n<span style=\"color: #000000; font-family: futura-medium-bt; font-size: 12pt;\">Tr\u00e1mites, pagos o solicitudes de servicios realizados personalmente con un servidor p\u00fablico en los que existi\u00f3 corrupci\u00f3n(Tr\u00e1mites), 2017:\u00a0<\/span><strong><span style=\"color: #000000; font-family: futura-medium-bt; font-size: 12pt;\"><span style=\"color: #000000; font-family: futura-medium-bt; font-size: 12pt;\">128,907<\/span><\/span><\/strong>\n\n<hr \/>\n\n<\/div>\n<\/div>\n<\/div>\n<\/div>\n<div class=\" row indicadorPar \">\n<div class=\"col-md-3 col-sm-3 col-xs-12\">\n<div class=\"row\">\n<div class=\"col-xs-2 colspanfcha\">\n\n<span style=\"color: #000000; font-family: futura-medium-bt; font-size: 12pt;\">Servidores p\u00fablicos sancionados en los organismos garantes estatales(Personas), 2016:\u00a0<\/span><strong><a style=\"color: #000000;\" title=\"No aplica\">NA<\/a><\/strong>\n\n<hr \/>\n\n<\/div>\n<\/div>\n<\/div>\n<\/div>\n<div class=\" row indicador \">\n<div class=\"col-md-3 col-sm-3 col-xs-12\">\n<div class=\"row\">\n<div class=\"col-xs-2 colspanfcha\">\n\n<span style=\"color: #000000; font-family: futura-medium-bt; font-size: 12pt;\">Sanciones aplicadas a servidores p\u00fablicos de las administraciones p\u00fablicas estatales por infracciones cometidas con motivo del servicio p\u00fablico(Sanciones), 2015:\u00a0<\/span><strong><span style=\"color: #000000; font-family: futura-medium-bt; font-size: 12pt;\"><span style=\"color: #000000; font-family: futura-medium-bt; font-size: 12pt;\">2<\/span><\/span><\/strong>\n\n<hr \/>\n\n<\/div>\n<\/div>\n<\/div>\n<\/div>\n<div class=\" row indicadorPar \">\n<div class=\"col-md-3 col-sm-3 col-xs-12\">\n<div class=\"row\">\n<div class=\"col-xs-2 colspanfcha\">\n\n<span style=\"color: #000000; font-family: futura-medium-bt; font-size: 12pt;\">Auditor\u00edas realizadas a las administraciones p\u00fablicas estatales(Auditor\u00edas), 2015:\u00a0<\/span><strong><span style=\"color: #000000; font-family: futura-medium-bt; font-size: 12pt;\"><span style=\"color: #000000; font-family: futura-medium-bt; font-size: 12pt;\">255<\/span><\/span><\/strong>\n\n<hr \/>\n\n<\/div>\n<\/div>\n<\/div>\n<\/div>\n<div class=\" row indicador \">\n<div class=\"col-md-3 col-sm-3 col-xs-12\">\n<div class=\"row\">\n<div class=\"col-xs-2 colspanfcha\">\n\n<span style=\"color: #000000; font-family: futura-medium-bt; font-size: 12pt;\">Auditor\u00edas realizadas a las administraciones p\u00fablicas estatales (por el \u00d3rgano de Fiscalizaci\u00f3n del Estado)(Auditor\u00edas), 2015:\u00a0<\/span><a style=\"color: #000000;\" title=\"No cuenta con elementos para responder\">-<\/a>\n\n<hr \/>\n\n<\/div>\n<\/div>\n<\/div>\n<\/div>\n<div class=\" row indicadorPar \">\n<div class=\"col-md-3 col-sm-3 col-xs-12\">\n<div class=\"row\">\n<div class=\"col-xs-2 colspanfcha\">\n\n<span style=\"color: #000000; font-family: futura-medium-bt; font-size: 12pt;\">Auditor\u00edas realizadas a las administraciones p\u00fablicas estatales (por la Auditor\u00eda Superior de la Federaci\u00f3n)(Auditor\u00edas), 2015:\u00a0<\/span><strong><span style=\"color: #000000; font-family: futura-medium-bt; font-size: 12pt;\"><span style=\"color: #000000; font-family: futura-medium-bt; font-size: 12pt;\">27<\/span><\/span><\/strong>\n\n<hr \/>\n\n<\/div>\n<\/div>\n<\/div>\n<\/div>\n<div class=\" row indicador \">\n<div class=\"col-md-3 col-sm-3 col-xs-12\">\n<div class=\"row\">\n<div class=\"col-xs-2 colspanfcha\">\n\n<span style=\"color: #000000; font-family: futura-medium-bt; font-size: 12pt;\">Auditor\u00edas realizadas a las administraciones p\u00fablicas estatales (por la Secretar\u00eda de la Contralor\u00eda u hom\u00f3loga de la entidad federativa)(Auditor\u00edas), 2015:\u00a0<\/span><strong><span style=\"color: #000000; font-family: futura-medium-bt; font-size: 12pt;\"><span style=\"color: #000000; font-family: futura-medium-bt; font-size: 12pt;\">217<\/span><\/span><\/strong>\n\n<hr \/>\n\n<\/div>\n<\/div>\n<\/div>\n<\/div>\n<div class=\" row indicadorPar \">\n<div class=\"col-md-3 col-sm-3 col-xs-12\">\n<div class=\"row\">\n<div class=\"col-xs-2 colspanfcha\">\n\n<span style=\"color: #000000; font-family: futura-medium-bt; font-size: 12pt;\">Auditor\u00edas realizadas a las administraciones p\u00fablicas estatales (por la Secretar\u00eda de la Funci\u00f3n P\u00fablica)(Auditor\u00edas), 2015:\u00a0<\/span><strong><span style=\"color: #000000; font-family: futura-medium-bt; font-size: 12pt;\"><span style=\"color: #000000; font-family: futura-medium-bt; font-size: 12pt;\">11<\/span><\/span><\/strong>\n\n<hr \/>\n\n<\/div>\n<\/div>\n<\/div>\n<\/div>\n<div class=\" row indicador \">\n<div class=\"col-md-3 col-sm-3 col-xs-12\">\n<div class=\"row\">\n<div class=\"col-xs-2 colspanfcha\">\n\n<span style=\"color: #000000; font-family: futura-medium-bt; font-size: 12pt;\">Auditor\u00edas realizadas a las administraciones p\u00fablicas estatales (por otra autoridad de la entidad federativa)(Auditor\u00edas), 2015:\u00a0<\/span><a style=\"color: #000000;\" title=\"No cuenta con elementos para responder\">-<\/a>\n\n<hr \/>\n\n<\/div>\n<\/div>\n<\/div>\n<\/div>\n<div class=\" row indicadorPar \">\n<div class=\"col-md-3 col-sm-3 col-xs-12\">\n<div class=\"row\">\n<div class=\"col-xs-2 colspanfcha\">\n\n<span style=\"color: #000000; font-family: futura-medium-bt; font-size: 12pt;\">Auditor\u00edas realizadas a las administraciones p\u00fablicas estatales (por otra autoridad del gobierno federal)(Auditor\u00edas), 2015:\u00a0<\/span><a style=\"color: #000000;\" title=\"No cuenta con elementos para responder\">-<\/a>\n\n<hr \/>\n\n<\/div>\n<\/div>\n<\/div>\n<\/div>\n<div class=\" row indicador \">\n<div class=\"col-md-3 col-sm-3 col-xs-12\">\n<div class=\"row\">\n<div class=\"col-xs-2 colspanfcha\">\n\n<span style=\"color: #000000; font-family: futura-medium-bt; font-size: 12pt;\">Auditor\u00edas realizadas a las administraciones p\u00fablicas estatales (por otra autoridad)(Auditor\u00edas), 2015:\u00a0<\/span><a style=\"color: #000000;\" title=\"No cuenta con elementos para responder\">-<\/a>\n\n<hr \/>\n\n<\/div>\n<\/div>\n<\/div>\n<\/div>\n<div class=\" row indicadorPar \">\n<div class=\"col-md-3 col-sm-3 col-xs-12\">\n<div class=\"row\">\n<div class=\"col-xs-2 colspanfcha\">\n\n<span style=\"color: #000000; font-family: futura-medium-bt; font-size: 12pt;\">Sanciones aplicadas a servidores p\u00fablicos de las administraciones p\u00fablicas estatales(Sanciones), 2014:\u00a0<\/span><span style=\"color: #000000; font-family: futura-medium-bt; font-size: 12pt;\"><span style=\"color: #000000; font-family: futura-medium-bt; font-size: 12pt;\">19<\/span><\/span>\n\n<hr \/>\n\n<\/div>\n<\/div>\n<\/div>\n<\/div>\n<div class=\" row indicador \">\n<div class=\"col-md-3 col-sm-3 col-xs-12\">\n<div class=\"row\">\n<div class=\"col-xs-2 colspanfcha\">\n\n<span style=\"color: #000000; font-family: futura-medium-bt; font-size: 12pt;\">Sanciones aplicadas a servidores p\u00fablicos de las administraciones p\u00fablicas estatales por delitos cometidos con motivo del servicio p\u00fablico(Sanciones), 2014:\u00a0<\/span><strong><a style=\"color: #000000;\" title=\"No aplica\">NA<\/a><\/strong>\n\n<hr \/>\n\n<\/div>\n<\/div>\n<\/div>\n<\/div>\n<div class=\" row indicadorPar \">\n<div class=\"col-md-3 col-sm-3 col-xs-12\">\n<div class=\"row\">\n<div class=\"col-xs-2 colspanfcha\">\n\n<span style=\"color: #000000; font-family: futura-medium-bt; font-size: 12pt;\">Auditor\u00edas realizadas a las administraciones p\u00fablicas municipales(Auditor\u00edas), 2014:\u00a0<\/span><strong><span style=\"color: #000000; font-family: futura-medium-bt; font-size: 12pt;\"><span style=\"color: #000000; font-family: futura-medium-bt; font-size: 12pt;\">77<\/span><\/span><\/strong>\n\n<hr \/>\n\n<\/div>\n<\/div>\n<\/div>\n<\/div>\n<div class=\" row indicador \">\n<div class=\"col-md-3 col-sm-3 col-xs-12\">\n<div class=\"row\">\n<div class=\"col-xs-2 colspanfcha\">\n\n<span style=\"color: #000000; font-family: futura-medium-bt; font-size: 12pt;\">Servidores p\u00fablicos de las administraciones p\u00fablicas estatales sancionados por delitos cometidos con motivo del servicio p\u00fablico (cohecho y\/o tr\u00e1fico de influencias y\/o abuso de autoridad y\/o concusi\u00f3n y\/o enriquecimiento il\u00edcito y\/o malversaci\u00f3n y\/o peculado y\/u otro)(Personas), 2014:\u00a0<\/span><strong><a style=\"color: #000000;\" title=\"No aplica\">NA<\/a><\/strong>\n\n<hr \/>\n\n<\/div>\n<\/div>\n<\/div>\n<\/div>\n<div class=\" row indicadorPar \">\n<div class=\"col-md-3 col-sm-3 col-xs-12\">\n<div class=\"row\">\n<div class=\"col-xs-2 colspanfcha\">\n\n<span style=\"color: #000000; font-family: futura-medium-bt; font-size: 12pt;\">Servidores p\u00fablicos de las administraciones p\u00fablicas estatales sancionados por otro tipo de conductas cometidas con motivo del servicio p\u00fablico(Personas), 2014:\u00a0<\/span><strong><a style=\"color: #000000;\" title=\"No aplica\">NA<\/a><\/strong>\n\n<hr \/>\n\n<\/div>\n<\/div>\n<\/div>\n<\/div>\n<div class=\" row indicador \">\n<div class=\"col-md-3 col-sm-3 col-xs-12\">\n<div class=\"row\">\n<div class=\"col-xs-2 colspanfcha\">\n\n<span style=\"color: #000000; font-family: futura-medium-bt; font-size: 12pt;\">Servidores p\u00fablicos de las administraciones p\u00fablicas estatales sancionados por infracciones cometidas con motivo del servicio p\u00fablico (negligencia administrativa u otra)(Personas), 2014:\u00a0<\/span><span style=\"color: #000000; font-family: futura-medium-bt; font-size: 12pt;\"><span style=\"color: #000000; font-family: futura-medium-bt; font-size: 12pt;\">17<\/span><\/span>\n\n<hr \/>\n\n<\/div>\n<\/div>\n<\/div>\n<\/div>\n<div class=\" row indicadorPar \">\n<div class=\"col-md-3 col-sm-3 col-xs-12\">\n<div class=\"row\">\n<div class=\"col-xs-2 colspanfcha\">\n\n<span style=\"color: #000000; font-family: futura-medium-bt; font-size: 12pt;\">Auditor\u00edas realizadas a las administraciones p\u00fablicas estatales (por el \u00d3rgano de Fiscalizaci\u00f3n del Estado y por la Auditor\u00eda Superior de la Federaci\u00f3n)(Auditor\u00edas), 2014:\u00a0<\/span><strong><span style=\"color: #000000; font-family: futura-medium-bt; font-size: 12pt;\"><span style=\"color: #000000; font-family: futura-medium-bt; font-size: 12pt;\">23<\/span><\/span><\/strong>\n\n<hr \/>\n\n<\/div>\n<\/div>\n<\/div>\n<\/div>\n<div class=\" row indicador \">\n<div class=\"col-md-3 col-sm-3 col-xs-12\">\n<div class=\"row\">\n<div class=\"col-xs-2 colspanfcha\">\n\n<span style=\"color: #000000; font-family: futura-medium-bt; font-size: 12pt;\">Sanciones aplicadas a servidores p\u00fablicos de las administraciones p\u00fablicas estatales por otro tipo de conductas cometidas con motivo del servicio p\u00fablico(Sanciones), 2013:\u00a0<\/span><strong><a style=\"color: #000000;\" title=\"No aplica\">NA<\/a><\/strong>\n\n<hr \/>\n\n<\/div>\n<\/div>\n<\/div>\n<\/div>\n<\/div>\n<\/div>\n<\/div>\n<\/div>\n<\/div>\n<\/div>\n<\/div>\n<\/div>\n[\/vc_column_text][\/vc_tta_section][vc_tta_section title=\"HOGARES, VIVIENDA\" tab_id=\"1574111231019-b16b4e04-0dfa\"][vc_column_text]\n<div class=\"temaHijo\">\n<div class=\"fila\">\n<pre class=\"derecha\"><span style=\"font-size: 14pt; color: #0000ff;\"><strong><span style=\"font-family: futura-medium-bt;\">Vivienda<\/span><\/strong><\/span><\/pre>\n<\/div>\n<\/div>\n<div class=\" row indicadorPar \">\n<div class=\"col-md-3 col-sm-3 col-xs-12\">\n<div class=\"row\">\n<ul id=\"ul_liul_contextTopics_01200020_1\" class=\"tbl\" data-role=\"none\">\n \t<li id=\"li_contextTopics_012000200010_2\" class=\"open\" data-role=\"none\">\n<div class=\"temaHijo\">\n<div class=\"fila\">\n<div class=\"derecha\"><span style=\"font-size: 14pt;\"><strong><span style=\"font-family: futura-medium-bt;\"><label class=\"texto\" data-role=\"none\">Caracter\u00edsticas de las viviendas<\/label><\/span><\/strong><\/span><\/div>\n<div class=\"derecha\">\n\n<span style=\"font-family: futura-medium-bt; font-size: 12pt;\">Porcentaje de viviendas con techos de materiales resistentes(Porcentaje de viviendas), 2015: <strong>88.5<\/strong><\/span>\n\n<hr \/>\n\n<\/div>\n<\/div>\n<\/div>\n<div class=\" row indicador \">\n<div class=\"col-md-3 col-sm-3 col-xs-12\">\n<div class=\"row\">\n<div class=\"col-xs-2 colspanfcha\">\n\n<span style=\"font-family: futura-medium-bt; font-size: 12pt;\">Viviendas habitadas(Viviendas), 2010: <strong>369,326<\/strong><\/span>\n\n<hr \/>\n\n<\/div>\n<\/div>\n<\/div>\n<\/div>\n<div class=\" row indicadorPar \">\n<div class=\"col-md-3 col-sm-3 col-xs-12\">\n<div class=\"row\">\n<div class=\"col-xs-2 colspanfcha\">\n\n<span style=\"font-family: futura-medium-bt; font-size: 12pt;\">Viviendas que son cuarto de azotea(Viviendas), 2010: <strong>257<\/strong><\/span>\n\n<hr \/>\n\n<\/div>\n<\/div>\n<\/div>\n<\/div>\n<div class=\" row indicador \">\n<div class=\"col-md-3 col-sm-3 col-xs-12\">\n<div class=\"row\">\n<div class=\"col-xs-2 colspanfcha\">\n\n<span style=\"font-family: futura-medium-bt; font-size: 12pt;\">Viviendas m\u00f3viles(Viviendas), 2010: <strong>38<\/strong><\/span>\n\n<hr \/>\n\n<\/div>\n<\/div>\n<\/div>\n<\/div>\n<div class=\" row indicadorPar \">\n<div class=\"col-md-3 col-sm-3 col-xs-12\">\n<div class=\"row\">\n<div class=\"col-xs-2 colspanfcha\">\n\n<span style=\"font-family: futura-medium-bt; font-size: 12pt;\">Viviendas que son departamento en edificio o vivienda en vecindad(Viviendas), 2010: <strong>49,069<\/strong><\/span>\n\n<hr \/>\n\n<\/div>\n<\/div>\n<\/div>\n<\/div>\n<div class=\" row indicador \">\n<div class=\"col-md-3 col-sm-3 col-xs-12\">\n<div class=\"row\">\n<div class=\"col-xs-2 colspanfcha\">\n\n<span style=\"font-family: futura-medium-bt; font-size: 12pt;\">Viviendas que son refugio(Viviendas), 2010: <strong>18<\/strong><\/span>\n\n<hr \/>\n\n<\/div>\n<\/div>\n<\/div>\n<\/div>\n<div class=\" row indicadorPar \">\n<div class=\"col-md-3 col-sm-3 col-xs-12\">\n<div class=\"row\">\n<div class=\"col-xs-2 colspanfcha\">\n\n<span style=\"font-family: futura-medium-bt; font-size: 12pt;\">Viviendas colectivas(Viviendas), 2010: <strong>91<\/strong><\/span>\n\n<hr \/>\n\n<\/div>\n<\/div>\n<\/div>\n<\/div>\n<div class=\" row indicador \">\n<div class=\"col-md-3 col-sm-3 col-xs-12\">\n<div class=\"row\">\n<div class=\"col-xs-2 colspanfcha\">\n\n<span style=\"font-family: futura-medium-bt; font-size: 12pt;\">Viviendas que son casa independiente o local no construido para habitaci\u00f3n(Viviendas), 2010: <strong>310,600<\/strong><\/span>\n\n<hr \/>\n\n<\/div>\n<\/div>\n<\/div>\n<\/div>\n<div class=\" row indicadorPar \">\n<div class=\"col-md-3 col-sm-3 col-xs-12\">\n<div class=\"row\">\n<div class=\"col-xs-2 colspanfcha\">\n\n<span style=\"font-family: futura-medium-bt; font-size: 12pt;\">Tasa de crecimiento promedio anual de las viviendas particulares habitadas(Tasa), 2010: <strong>5.5<\/strong><\/span>\n\n<hr \/>\n\n<\/div>\n<\/div>\n<\/div>\n<\/div>\n<div class=\" row indicador \">\n<div class=\"col-md-3 col-sm-3 col-xs-12\">\n<div class=\"row\">\n<div class=\"col-xs-2 colspanfcha\">\n\n<span style=\"font-family: futura-medium-bt; font-size: 12pt;\">Viviendas particulares habitadas(N\u00famero de Viviendas), 2010: <strong>363,066<\/strong><\/span>\n\n<hr \/>\n\n<\/div>\n<\/div>\n<\/div>\n<\/div>\n<div class=\" row indicadorPar \">\n<div class=\"col-md-3 col-sm-3 col-xs-12\">\n<div class=\"row\">\n<div class=\"col-xs-2 colspanfcha\"><\/div>\n<\/div>\n<\/div>\n<\/div>\n<a id=\"D1003000011\" href=\"https:\/\/www.inegi.org.mx\/app\/indicadores\/?t=0120&amp;ag=07000023\" name=\"D1003000011\"><\/a>\n<div id=\"divFV1003000011\"><\/div>\n<ul id=\"ul_contextTopics_012000200010_2\" class=\"tbl\" data-role=\"none\">\n \t<li style=\"list-style-type: none;\"><\/li>\n<\/ul>\n<\/li>\n \t<li id=\"li_contextTopics_012000200020_2\" class=\"closed\" data-role=\"none\">\n<div class=\"temaHijo\">\n<div class=\"fila\">\n<div class=\"izquierda\"><span id=\"img_contextTopics_012000200020_2\" class=\"inegi-mas-ca inegi-mas-tm\" data-role=\"none\" data-toggle=\"tooltip\" data-original-title=\"Abrir\"><\/span><span style=\"font-size: 14pt;\"><strong><span style=\"font-family: futura-medium-bt;\"><label class=\"texto\" data-role=\"none\">Servicios y Bienes de las Viviendas<\/label><\/span><\/strong><\/span><\/div>\n<\/div>\n<div class=\" row indicador \">\n<div class=\"col-md-9 col-sm-9 col-xs-12\">\n\n<span style=\"font-family: futura-medium-bt; font-size: 12pt;\">Total de viviendas particulares habitadas(Viviendas), 2015: 441,200<\/span>\n\n<hr \/>\n\n<\/div>\n<div class=\"col-md-3 col-sm-3 col-xs-12\">\n<div class=\"row\">\n<div class=\"col-xs-2 colspanfcha\">\n\n<span style=\"font-family: futura-medium-bt; font-size: 12pt;\">Promedio de ocupantes en viviendas particulares habitadas(Promedio), 2015: <strong>3.4<\/strong><\/span>\n\n<hr \/>\n\n<\/div>\n<\/div>\n<\/div>\n<\/div>\n<div class=\" row indicadorPar \">\n<div class=\"col-md-3 col-sm-3 col-xs-12\">\n<div class=\"row\">\n<div class=\"col-xs-2 colspanfcha\">\n\n<span style=\"font-family: futura-medium-bt; font-size: 12pt;\">Porcentaje de viviendas con piso de tierra(Porcentaje), 2015: <strong>2.1<\/strong><\/span>\n\n<hr \/>\n\n<\/div>\n<\/div>\n<\/div>\n<\/div>\n<div class=\" row indicador \">\n<div class=\"col-md-3 col-sm-3 col-xs-12\">\n<div class=\"row\">\n<div class=\"col-xs-2 colspanfcha\">\n\n<span style=\"font-family: futura-medium-bt; font-size: 12pt;\">Porcentaje de viviendas con agua entubada(Porcentaje), 2015: <strong>97.3<\/strong><\/span>\n\n<hr \/>\n\n<\/div>\n<\/div>\n<\/div>\n<\/div>\n<div class=\" row indicadorPar \">\n<div class=\"col-md-3 col-sm-3 col-xs-12\">\n<div class=\"row\">\n<div class=\"col-xs-2 colspanfcha\">\n\n<span style=\"font-family: futura-medium-bt; font-size: 12pt;\">Porcentaje de viviendas con electricidad(Porcentaje), 2015: <strong>98.8<\/strong><\/span>\n\n<hr \/>\n\n<\/div>\n<\/div>\n<\/div>\n<\/div>\n<div class=\" row indicador \">\n<div class=\"col-md-3 col-sm-3 col-xs-12\">\n<div class=\"row\">\n<div class=\"col-xs-2 colspanfcha\">\n\n<span style=\"font-family: futura-medium-bt; font-size: 12pt;\">Porcentaje de viviendas que disponen de sanitario(Porcentaje), 2015: <strong>97.8<\/strong><\/span>\n\n<hr \/>\n\n<\/div>\n<\/div>\n<\/div>\n<\/div>\n<div class=\" row indicadorPar \">\n<div class=\"col-md-3 col-sm-3 col-xs-12\">\n<div class=\"row\">\n<div class=\"col-xs-2 colspanfcha\">\n\n<span style=\"font-family: futura-medium-bt; font-size: 12pt;\">Porcentaje de viviendas particulares habitadas propias(Porcentaje), 2015: <strong>60.7<\/strong><\/span>\n\n<hr \/>\n\n<\/div>\n<\/div>\n<\/div>\n<\/div>\n<div class=\" row indicador \">\n<div class=\"col-md-3 col-sm-3 col-xs-12\">\n<div class=\"row\">\n<div class=\"col-xs-2 colspanfcha\">\n\n<span style=\"font-family: futura-medium-bt; font-size: 12pt;\">Porcentaje de viviendas particulares habitadas alquiladas(Porcentaje), 2015: <strong>28.2<\/strong><\/span>\n\n<hr \/>\n\n<\/div>\n<\/div>\n<\/div>\n<\/div>\n<div class=\" row indicadorPar \">\n<div class=\"col-md-3 col-sm-3 col-xs-12\">\n<div class=\"row\">\n<div class=\"col-xs-2 colspanfcha\">\n\n<span style=\"font-family: futura-medium-bt; font-size: 12pt;\">Porcentaje de viviendas donde todos sus focos son ahorradores(Porcentaje), 2015: <strong>76.1<\/strong><\/span>\n\n<hr \/>\n\n<\/div>\n<\/div>\n<\/div>\n<\/div>\n<div class=\" row indicador \">\n<div class=\"col-md-3 col-sm-3 col-xs-12\">\n<div class=\"row\">\n<div class=\"col-xs-2 colspanfcha\">\n\n<span style=\"font-family: futura-medium-bt; font-size: 12pt;\">Porcentaje de viviendas que disponen de calentador solar de agua(Porcentaje), 2015: <strong>0.7<\/strong><\/span>\n\n<hr \/>\n\n<\/div>\n<\/div>\n<\/div>\n<\/div>\n<div class=\" row indicadorPar \">\n<div class=\"col-md-3 col-sm-3 col-xs-12\">\n<div class=\"row\">\n<div class=\"col-xs-2 colspanfcha\">\n\n<span style=\"font-family: futura-medium-bt; font-size: 12pt;\">Porcentaje de viviendas particulares habitadas con techos precarios(Porcentaje), 2015: <strong>3.1<\/strong><\/span>\n\n<hr \/>\n\n<\/div>\n<\/div>\n<\/div>\n<\/div>\n<div class=\" row indicador \">\n<div class=\"col-md-3 col-sm-3 col-xs-12\">\n<div class=\"row\">\n<div class=\"col-xs-2 colspanfcha\">\n\n<span style=\"font-family: futura-medium-bt; font-size: 12pt;\">Porcentaje de viviendas particulares habitadas con paredes precarias(Porcentaje), 2015: <strong>1.3<\/strong><\/span>\n\n<hr \/>\n\n<\/div>\n<\/div>\n<\/div>\n<\/div>\n<div class=\" row indicadorPar \">\n<div class=\"col-md-3 col-sm-3 col-xs-12\">\n<div class=\"row\">\n<div class=\"col-xs-2 colspanfcha\">\n\n<span style=\"font-family: futura-medium-bt; font-size: 12pt;\">Porcentaje de viviendas particulares habitadas de un familiar o prestada(Porcentaje), 2015: <strong>9.5<\/strong><\/span>\n\n<hr \/>\n\n<\/div>\n<\/div>\n<\/div>\n<\/div>\n<div class=\" row indicador \">\n<div class=\"col-md-3 col-sm-3 col-xs-12\">\n<div class=\"row\">\n<div class=\"col-xs-2 colspanfcha\">\n\n<span style=\"font-family: futura-medium-bt; font-size: 12pt;\">Porcentaje de viviendas particulares habitadas que disponen de Internet(Porcentaje), 2015: <strong>38.0<\/strong><\/span>\n\n<hr \/>\n\n<\/div>\n<\/div>\n<\/div>\n<\/div>\n<div class=\" row indicadorPar \">\n<div class=\"col-md-3 col-sm-3 col-xs-12\">\n<div class=\"row\">\n<div class=\"col-xs-2 colspanfcha\">\n\n<span style=\"font-family: futura-medium-bt; font-size: 12pt;\">Porcentaje de viviendas donde separan en org\u00e1nico e inorg\u00e1nico los residuos(Porcentaje), 2015: <strong>41.9<\/strong><\/span>\n\n<hr \/>\n\n<\/div>\n<\/div>\n<\/div>\n<\/div>\n<div class=\" row indicador \">\n<div class=\"col-md-3 col-sm-3 col-xs-12\">\n<div class=\"row\">\n<div class=\"col-xs-2 colspanfcha\">\n\n<span style=\"font-family: futura-medium-bt; font-size: 12pt;\">Porcentaje de viviendas que disponen de panel solar para tener electricidad(Porcentaje), 2015: <strong>0.5<\/strong><\/span>\n\n<hr \/>\n\n<\/div>\n<\/div>\n<\/div>\n<\/div>\n<div class=\" row indicadorPar \">\n<div class=\"col-md-3 col-sm-3 col-xs-12\">\n<div class=\"row\">\n<div class=\"col-xs-2 colspanfcha\">\n\n<span style=\"font-family: futura-medium-bt; font-size: 12pt;\">Porcentaje de viviendas particulares habitadas que disponen de computadora(Porcentaje), 2015: <strong>33.4<\/strong><\/span>\n\n<hr \/>\n\n<\/div>\n<\/div>\n<\/div>\n<\/div>\n<div class=\" row indicador \">\n<div class=\"col-md-3 col-sm-3 col-xs-12\">\n<div class=\"row\">\n<div class=\"col-xs-2 colspanfcha\">\n\n<span style=\"font-family: futura-medium-bt; font-size: 12pt;\">Porcentaje de viviendas particulares habitadas con tenencia no especificada(Porcentaje), 2015: <strong>0.3<\/strong><\/span>\n\n<hr \/>\n\n<\/div>\n<\/div>\n<\/div>\n<\/div>\n<div class=\" row indicadorPar \">\n<div class=\"col-md-3 col-sm-3 col-xs-12\">\n<div class=\"row\">\n<div class=\"col-xs-2 colspanfcha\">\n\n<span style=\"font-family: futura-medium-bt; font-size: 12pt;\">Porcentaje de viviendas particulares habitadas en otra situaci\u00f3n de tenencia(Porcentaje), 2015: <strong>1.3<\/strong><\/span>\n\n<hr \/>\n\n<\/div>\n<\/div>\n<\/div>\n<\/div>\n<div class=\" row indicador \">\n<div class=\"col-md-3 col-sm-3 col-xs-12\">\n<div class=\"row\">\n<div class=\"col-xs-2 colspanfcha\">\n\n<span style=\"font-family: futura-medium-bt; font-size: 12pt;\">Porcentaje de viviendas particulares habitadas que disponen de tel\u00e9fono fijo(Porcentaje), 2015: <strong>23.0<\/strong><\/span>\n\n<hr \/>\n\n<\/div>\n<\/div>\n<\/div>\n<\/div>\n<div class=\" row indicadorPar \">\n<div class=\"col-md-3 col-sm-3 col-xs-12\">\n<div class=\"row\">\n<div class=\"col-xs-2 colspanfcha\">\n\n<span style=\"font-family: futura-medium-bt; font-size: 12pt;\">Porcentaje de viviendas particulares habitadas que disponen de pantalla plana(Porcentaje), 2015: <strong>46.4<\/strong><\/span>\n\n<hr \/>\n\n<\/div>\n<\/div>\n<\/div>\n<\/div>\n<div class=\" row indicador \">\n<div class=\"col-md-3 col-sm-3 col-xs-12\">\n<div class=\"row\">\n<div class=\"col-xs-2 colspanfcha\">\n\n<span style=\"font-family: futura-medium-bt; font-size: 12pt;\">Porcentaje de viviendas particulares habitadas que disponen de tel\u00e9fono celular(Porcentaje), 2015: <strong>89.4<\/strong><\/span>\n\n<hr \/>\n\n<\/div>\n<\/div>\n<\/div>\n<\/div>\n<div class=\" row indicadorPar \">\n<div class=\"col-md-3 col-sm-3 col-xs-12\">\n<div class=\"row\">\n<div class=\"col-xs-2 colspanfcha\">\n\n<span style=\"font-family: futura-medium-bt; font-size: 12pt;\">Porcentaje de viviendas particulares habitadas que disponen de televisi\u00f3n de paga(Porcentaje), 2015: <strong>57.2<\/strong><\/span>\n\n<hr \/>\n\n<\/div>\n<\/div>\n<\/div>\n<\/div>\n<div class=\" row indicador \">\n<div class=\"col-md-3 col-sm-3 col-xs-12\">\n<div class=\"row\">\n<div class=\"col-xs-2 colspanfcha\">\n\n<span style=\"font-family: futura-medium-bt; font-size: 12pt;\">Porcentaje de viviendas en el \u00e1mbito geogr\u00e1fico de referencia respecto a la unidad geogr\u00e1fica superior(Porcentaje), 2015: <strong>1.4<\/strong><\/span>\n\n<hr \/>\n\n<\/div>\n<\/div>\n<\/div>\n<\/div>\n<div class=\" row indicadorPar \">\n<div class=\"col-md-3 col-sm-3 col-xs-12\">\n<div class=\"row\">\n<div class=\"col-xs-2 colspanfcha\">\n\n<span style=\"font-family: futura-medium-bt; font-size: 12pt;\">Porcentaje de viviendas con drenaje(Porcentaje), 2015: <strong>97.0<\/strong><\/span>\n\n<hr \/>\n\n<\/div>\n<\/div>\n<\/div>\n<\/div>\n<div class=\" row indicador \">\n<div class=\"col-md-3 col-sm-3 col-xs-12\">\n<div class=\"row\">\n<div class=\"col-xs-2 colspanfcha\">\n\n<span style=\"font-family: futura-medium-bt; font-size: 12pt;\">Promedio de ocupantes por cuarto (\u00cdndice de hacinamiento)(Promedio), 2015: <strong>1.2<\/strong><\/span>\n\n<hr \/>\n\n<\/div>\n<\/div>\n<\/div>\n<\/div>\n<\/div><\/li>\n<\/ul>\n<\/div>\n<\/div>\n<\/div>\n[\/vc_column_text][vc_column_text]\n<div class=\"temaHijo\">\n<div class=\"fila\">\n<pre class=\"derecha\"><span style=\"font-size: 14pt; color: #0000ff;\"><strong><span style=\"font-family: futura-medium-bt;\"><label class=\"texto\" data-role=\"none\">Hogares<\/label><\/span><\/strong><\/span><\/pre>\n<p class=\"derecha\"><span style=\"font-family: futura-medium-bt; font-size: 12pt;\">Tama\u00f1o promedio del hogar(Promedio de personas), 2017: <strong>3.2<\/strong><\/span><\/p>\n\n\n<hr \/>\n\n<\/div>\n<\/div>\n<div class=\"col-md-3 col-sm-3 col-xs-12\">\n<div class=\"row\">\n<div class=\"col-xs-2 colspanfcha\">\n\n<span style=\"font-family: futura-medium-bt; font-size: 12pt;\">Porcentaje de hogares familiares(Porcentaje), 2017: <strong>80.2<\/strong><\/span>\n\n<hr \/>\n\n<\/div>\n<\/div>\n<\/div>\n<div class=\"col-md-3 col-sm-3 col-xs-12\">\n<div class=\"row\">\n<div class=\"col-xs-2 colspanfcha\">\n\n<span style=\"font-family: futura-medium-bt; font-size: 12pt;\">Porcentaje de hogares unipersonales(Porcentaje), 2017: <strong>18.4<\/strong><\/span>\n\n<hr \/>\n\n<\/div>\n<\/div>\n<\/div>\n<div class=\"col-md-3 col-sm-3 col-xs-12\">\n<div class=\"row\">\n<div class=\"col-xs-2 colspanfcha\">\n\n<span style=\"font-family: futura-medium-bt; font-size: 12pt;\">Hogares con jefatura masculina(Hogares), 2015: <strong>321,718<\/strong><\/span>\n\n<hr \/>\n\n<\/div>\n<\/div>\n<\/div>\n<div class=\"col-md-3 col-sm-3 col-xs-12\">\n<div class=\"row\">\n<div class=\"col-xs-2 colspanfcha\">\n\n<span style=\"font-family: futura-medium-bt; font-size: 12pt;\">Hogares con jefatura femenina(Hogares), 2015: <strong>119,482<\/strong><\/span>\n\n<hr \/>\n\n<\/div>\n<\/div>\n<\/div>\n<div class=\"col-md-3 col-sm-3 col-xs-12\">\n<div class=\"row\">\n<div class=\"col-xs-2 colspanfcha\">\n\n<span style=\"font-family: futura-medium-bt; font-size: 12pt;\">Tama\u00f1o promedio de los hogares(N\u00famero de personas), 2015: <strong>3.4<\/strong><\/span>\n\n<hr \/>\n\n<\/div>\n<\/div>\n<\/div>\n<div class=\"col-md-3 col-sm-3 col-xs-12\">\n<div class=\"row\">\n<div class=\"col-xs-2 colspanfcha\">\n\n<span style=\"font-family: futura-medium-bt; font-size: 12pt;\">Tama\u00f1o promedio de los hogares con jefe hombre, 2010: <strong>3.7<\/strong><\/span>\n\n<hr \/>\n\n<\/div>\n<\/div>\n<\/div>\n<div class=\"col-md-3 col-sm-3 col-xs-12\">\n<div class=\"row\">\n<div class=\"col-xs-2 colspanfcha\">\n\n<span style=\"font-family: futura-medium-bt; font-size: 12pt;\">Tama\u00f1o promedio de los hogares con jefe mujer, 2010: <strong>3.2<\/strong><\/span>\n\n<hr \/>\n\n<\/div>\n<\/div>\n<\/div>\n<div class=\"col-md-3 col-sm-3 col-xs-12\">\n<div class=\"row\">\n<div class=\"col-xs-2 colspanfcha\">\n\n<span style=\"font-family: futura-medium-bt; font-size: 12pt;\">Poblaci\u00f3n en hogares familiares, 2010: <strong>1,231,691<\/strong><\/span>\n\n<hr \/>\n\n<\/div>\n<\/div>\n<\/div>\n<div class=\"col-md-3 col-sm-3 col-xs-12\">\n<div class=\"row\">\n<div class=\"col-xs-2 colspanfcha\">\n\n<span style=\"font-family: futura-medium-bt; font-size: 12pt;\">Poblaci\u00f3n en hogares no familiares, 2010: <strong>62,607<\/strong><\/span>\n\n<hr \/>\n\n<\/div>\n<\/div>\n<\/div>\n<div class=\"col-md-3 col-sm-3 col-xs-12\">\n<div class=\"row\">\n<div class=\"col-xs-2 colspanfcha\">\n\n<span style=\"font-family: futura-medium-bt; font-size: 12pt;\">Poblaci\u00f3n en hogares(Personas), 2015: <strong>1,501,562<\/strong><\/span>\n\n<hr \/>\n\n<\/div>\n<\/div>\n<\/div>\n<div class=\" row indicadorPar \">\n<div class=\"col-md-3 col-sm-3 col-xs-12\">\n<div class=\"row\">\n<p class=\"col-xs-2 colspanfcha\"><span style=\"font-family: futura-medium-bt; font-size: 12pt;\">Hogares(Hogares), 2015: <strong>441,200<\/strong><\/span><\/p>\n\n\n<hr \/>\n\n<\/div>\n<\/div>\n<\/div>\n[\/vc_column_text][\/vc_tta_section][vc_tta_section title=\"MANUFACTURAS\" tab_id=\"1574113066601-007f41a8-1e7c\"][vc_column_text]\n<div class=\"temaHijo\">\n<div class=\"fila\">\n<pre class=\"derecha\"><span style=\"font-size: 14pt; color: #0000ff;\"><strong><span style=\"font-family: futura-medium-bt;\">Sacrificio de Ganado<\/span><\/strong><\/span><\/pre>\n<div class=\"derecha\"><\/div>\n<\/div>\n<\/div>\n<div class=\" row indicador \">\n<div class=\"col-md-3 col-sm-3 col-xs-12\">\n<div class=\"row\">\n<div class=\"col-xs-2 colspanfcha\">\n<div class=\"temaHijo\">\n<div class=\"fila\">\n<div class=\"derecha\">\n\n<span style=\"font-family: futura-medium-bt; font-size: 12pt;\">Ganado caprino&gt;Producci\u00f3n de carne en canal. Valores absolutos(Toneladas), 2019 Ago: <strong>0\u00a0<\/strong><\/span>\n\n<hr \/>\n\n<\/div>\n<\/div>\n<\/div>\n<div class=\" row indicadorPar \">\n<div class=\"col-md-9 col-sm-9 col-xs-12\">\n<div style=\"box-sizing: border-box; display: block;\">\n\n<span style=\"font-family: futura-medium-bt; font-size: 12pt;\"><label class=\"texto\" data-role=\"none\">Ganado caprino&gt;Valor de la producci\u00f3n de carne en canal. Valores absolutos(Miles de pesos), 2019 Ago:\u00a0<\/label><strong>0<\/strong><\/span>\n\n<hr \/>\n\n<\/div>\n<\/div>\n<\/div>\n<div id=\"divFV6204131139\">\n\n<span style=\"font-family: futura-medium-bt; font-size: 12pt;\">Ganado bovino&gt;Valor de la producci\u00f3n de carne en canal. Valores absolutos(Miles de pesos), 2019 Ago: <strong>13,773<\/strong><\/span>\n\n<hr \/>\n\n<\/div>\n<div id=\"divFV6204131150\">\n\n<span style=\"font-family: futura-medium-bt; font-size: 12pt;\">Ganado ovino&gt;Valor de la producci\u00f3n de carne en canal. Valores absolutos(Miles de pesos), 2019 Ago: <strong>87<\/strong><\/span>\n\n<hr \/>\n\n<\/div>\n<div id=\"divFV6204131143\">\n\n<span style=\"font-family: futura-medium-bt; font-size: 12pt;\">Ganado porcino&gt;Ganado sacrificado. Valores absolutos(N\u00famero de cabezas sacrificadas), 2019 Ago: <strong>6,421<\/strong><\/span>\n\n<hr \/>\n\n<\/div>\n<div id=\"divFV6204131144\">\n\n<span style=\"font-family: futura-medium-bt; font-size: 12pt;\">Ganado bovino&gt;Producci\u00f3n de carne en canal. Valores absolutos(Toneladas), 2019 Ago: <strong>177<\/strong><\/span>\n\n<hr \/>\n\n<\/div>\n<div id=\"divFV6204131160\">\n\n<span style=\"font-family: futura-medium-bt; font-size: 12pt;\">Ganado ovino&gt;Ganado sacrificado. Valores absolutos(N\u00famero de cabezas sacrificadas), 2019 Ago: <strong>77<\/strong><\/span>\n\n<hr \/>\n\n<\/div>\n<div id=\"divFV6204131166\">\n\n<span style=\"font-family: futura-medium-bt; font-size: 12pt;\">Ganado porcino&gt;Producci\u00f3n de carne en canal. Valores absolutos(Toneladas), 2019 Ago: <strong>418<\/strong><\/span>\n\n<hr \/>\n\n<\/div>\n<div id=\"divFV6204131171\">\n\n<span style=\"font-family: futura-medium-bt; font-size: 12pt;\">Ganado ovino&gt;Producci\u00f3n de carne en canal. Valores absolutos(Toneladas), 2019 Ago: <strong>2<\/strong><\/span>\n\n<hr \/>\n\n<\/div>\n<div id=\"divFV6204131179\">\n\n<span style=\"font-family: futura-medium-bt; font-size: 12pt;\">Ganado porcino&gt;Valor de la producci\u00f3n de carne en canal. Valores absolutos(Miles de pesos), 2019 Ago: <strong>17,131<\/strong><\/span>\n\n<hr \/>\n\n<\/div>\n<div id=\"divFV6204131180\">\n\n<span style=\"font-family: futura-medium-bt; font-size: 12pt;\">Ganado bovino&gt;Ganado sacrificado. Valores absolutos(N\u00famero de cabezas sacrificadas), 2019 Ago: <strong>666<\/strong><\/span>\n\n<hr \/>\n\n<\/div>\n<div id=\"divFV6204131181\">\n\n<span style=\"font-family: futura-medium-bt; font-size: 12pt;\">Ganado caprino&gt;Ganado sacrificado. Valores absolutos(N\u00famero de cabezas sacrificadas), 2019 Ago: <strong>0<\/strong><\/span>\n\n<hr \/>\n\n<\/div>\n<div id=\"divFV6204131182\">\n\n<span style=\"font-family: futura-medium-bt; font-size: 12pt;\">Ganado ovino&gt;N\u00famero de cabezas sacrificada. 1. Sacrificio de ganado. Absolutos(N\u00famero de cabezas sacrificadas), 2018: <strong>1,217<\/strong><\/span>\n\n<hr \/>\n\n<\/div>\n<div id=\"divFV6204131173\">\n\n<span style=\"font-family: futura-medium-bt; font-size: 12pt;\">Ganado caprino&gt;Valor de la Producci\u00f3n de Carne en Canal. 1. Sacrificio de ganado. Absolutos(Miles de pesos), 2018: <strong>0<\/strong><\/span>\n\n<hr \/>\n\n<\/div>\n<div id=\"divFV6204131175\">\n\n<span style=\"font-family: futura-medium-bt; font-size: 12pt;\">Ganado porcino&gt;Producci\u00f3n de Carne en Canal. 1. Sacrificio de ganado. Absolutos(Toneladas), 2018: <strong>4,710<\/strong><\/span>\n\n<hr \/>\n\n<\/div>\n<div id=\"divFV6204131177\">\n\n<span style=\"font-family: futura-medium-bt; font-size: 12pt;\">Ganado bovino&gt;N\u00famero de cabezas sacrificada. 1. Sacrificio de ganado. Absolutos(N\u00famero de cabezas sacrificadas), 2018: <strong>6,773<\/strong><\/span>\n\n<hr \/>\n\n<\/div>\n<div id=\"divFV6204131165\">\n\n<span style=\"font-family: futura-medium-bt; font-size: 12pt;\">Ganado caprino&gt;N\u00famero de cabezas sacrificada. 1. Sacrificio de ganado. Absolutos(N\u00famero de cabezas sacrificadas), 2018: <strong>0<\/strong><\/span>\n\n<hr \/>\n\n<\/div>\n<div id=\"divFV6204131149\">\n\n<span style=\"font-family: futura-medium-bt; font-size: 12pt;\">Ganado ovino&gt;Valor de la Producci\u00f3n de Carne en Canal. 1. Sacrificio de ganado. Absolutos(Miles de pesos), 2018: <strong>1,323<\/strong><\/span>\n\n<hr \/>\n\n<\/div>\n<div id=\"divFV6204131152\">\n\n<span style=\"font-family: futura-medium-bt; font-size: 12pt;\">Ganado bovino&gt;Valor de la Producci\u00f3n de Carne en Canal. 1. Sacrificio de ganado. Absolutos(Miles de pesos), 2018: <strong>138,971<\/strong><\/span>\n\n<hr \/>\n\n<\/div>\n<div>\n\n<span style=\"font-family: futura-medium-bt; font-size: 12pt;\">Ganado porcino&gt;Valor de la Producci\u00f3n de Carne en Canal. 1. Sacrificio de ganado. Absolutos(Miles de pesos), 2018: <strong>190,315<\/strong><\/span>\n\n<hr \/>\n\n<\/div>\n<div id=\"divFV6204131159\">\n\n<span style=\"font-family: futura-medium-bt; font-size: 12pt;\">Ganado caprino&gt;Producci\u00f3n de Carne en Canal. 1. Sacrificio de ganado. Absolutos(Toneladas), 2018: <strong>0<\/strong><\/span>\n\n<hr \/>\n\n<\/div>\n<div id=\"divFV6204131142\">\n\n<span style=\"font-family: futura-medium-bt; font-size: 12pt;\">Ganado bovino&gt;Producci\u00f3n de Carne en Canal. 1. Sacrificio de ganado. Absolutos(Toneladas), 2018: <strong>1,841<\/strong><\/span>\n\n<hr \/>\n\n<\/div>\n<div id=\"divFV6204131133\">\n\n<span style=\"font-family: futura-medium-bt; font-size: 12pt;\">Ganado ovino&gt;Producci\u00f3n de Carne en Canal. 1. Sacrificio de ganado. Absolutos(Toneladas), 2018: <strong>28<\/strong><\/span>\n\n<hr \/>\n\n<\/div>\n<div id=\"divFV6204131136\">\n\n<span style=\"font-family: futura-medium-bt; font-size: 12pt;\">Ganado porcino&gt;N\u00famero de cabezas sacrificada. 1. Sacrificio de ganado. Absolutos(N\u00famero de cabezas sacrificadas), 2018: <strong>72,090<\/strong><\/span>\n\n<hr \/>\n\n<\/div>\n<\/div>\n<\/div>\n<\/div>\n<\/div>\n[\/vc_column_text][vc_column_text]\n<div class=\"temaHijo\">\n<div class=\"fila\">\n<pre class=\"derecha\"><span style=\"font-size: 14pt; color: #0000ff;\"><strong><span style=\"font-family: futura-medium-bt;\"><label class=\"texto\" data-role=\"none\">Industria Manufacturera<\/label><\/span><\/strong><\/span><\/pre>\n<div class=\"derecha\">\n\n<span style=\"font-family: futura-medium-bt; font-size: 12pt;\">Unidades econ\u00f3micas. Sector 31-33. Industrias manufactureras.(Unidades econ\u00f3micas), 2008: <strong>2,802<\/strong><\/span>\n\n<hr \/>\n\n<\/div>\n<\/div>\n<\/div>\n<div class=\" row indicador \">\n<div class=\"col-md-3 col-sm-3 col-xs-12\">\n<div class=\"row\">\n<div class=\"col-xs-2 colspanfcha\">\n\n<span style=\"font-family: futura-medium-bt; font-size: 12pt;\">Acervo total de activos fijos. Sector 31-33. Industrias manufactureras.(Miles de pesos), 2008: <strong>3,101,976.00<\/strong><\/span>\n\n<hr \/>\n\n<\/div>\n<\/div>\n<\/div>\n<\/div>\n<div class=\" row indicadorPar \">\n<div class=\"col-md-3 col-sm-3 col-xs-12\">\n<div class=\"row\">\n<div class=\"col-xs-2 colspanfcha\">\n\n<span style=\"font-family: futura-medium-bt; font-size: 12pt;\">Valor agregado censal bruto. Sector 31-33. Industrias manufactureras.(Miles de pesos), 2008: <strong>3,066,044.00<\/strong><\/span>\n\n<hr \/>\n\n<\/div>\n<\/div>\n<\/div>\n<\/div>\n<div class=\" row indicador \">\n<div class=\"col-md-3 col-sm-3 col-xs-12\">\n<div class=\"row\">\n<div class=\"col-xs-2 colspanfcha\">\n\n<span style=\"font-family: futura-medium-bt; font-size: 12pt;\">Total de ingresos por suministro de bienes y servicios. Sector 31-33. Industrias manufactureras.(Miles de pesos), 2008: <strong>8,421,292.00<\/strong><\/span>\n\n<hr \/>\n\n<\/div>\n<\/div>\n<\/div>\n<\/div>\n<div class=\" row indicadorPar \">\n<div class=\"col-md-3 col-sm-3 col-xs-12\">\n<div class=\"row\">\n<div class=\"col-xs-2 colspanfcha\">\n\n<span style=\"font-family: futura-medium-bt; font-size: 12pt;\">Total de gastos por consumo de bienes y servicios. Sector 31-33. Industrias manufactureras.(Miles de pesos), 2008: <strong>5,701,222.00<\/strong><\/span>\n\n<hr \/>\n\n<\/div>\n<\/div>\n<\/div>\n<\/div>\n<div class=\" row indicador \">\n<div class=\"col-md-3 col-sm-3 col-xs-12\">\n<div class=\"row\">\n<div class=\"col-xs-2 colspanfcha\">\n\n<span style=\"font-family: futura-medium-bt; font-size: 12pt;\">Producci\u00f3n bruta total por unidad econ\u00f3mica. Sector 31-33. Industrias manufactureras.(Miles de pesos), 2008: <strong>2,925.45<\/strong><\/span>\n\n<hr \/>\n\n<\/div>\n<\/div>\n<\/div>\n<\/div>\n<div class=\" row indicadorPar \">\n<div class=\"col-md-3 col-sm-3 col-xs-12\">\n<div class=\"row\">\n<div class=\"col-xs-2 colspanfcha\">\n\n<span style=\"font-family: futura-medium-bt; font-size: 12pt;\">Valor agregado censal bruto por personal ocupado total. Sector 31-33. Industrias manufactureras.(Miles de pesos), 2008: <strong>204.72<\/strong><\/span>\n\n<hr \/>\n\n<\/div>\n<\/div>\n<\/div>\n<\/div>\n<div class=\" row indicador \">\n<div class=\"col-md-3 col-sm-3 col-xs-12\">\n<div class=\"row\">\n<div class=\"col-xs-2 colspanfcha\">\n\n<span style=\"font-family: futura-medium-bt; font-size: 12pt;\">Producci\u00f3n bruta total por personal ocupado total. Sector 31-33. Industrias manufactureras.(Miles de pesos), 2008: <strong>547.31<\/strong><\/span>\n\n<hr \/>\n\n<\/div>\n<\/div>\n<\/div>\n<\/div>\n[\/vc_column_text][\/vc_tta_section][\/vc_tta_tour][\/vc_column][\/vc_row][vc_row][vc_column][vc_btn title=\"M\u00c1S INFORMACI\u00d3N\" color=\"primary\" size=\"lg\" align=\"center\" link=\"url:https%3A%2F%2Fwww.inegi.org.mx%2Fapp%2Findicadores%2F%3Ft%3D0220%26ag%3D07000023%23D02200050|||\"][\/vc_column][\/vc_row]","_et_gb_content_width":"","pgc_sgb_lightbox_settings":"","_mc_calendar":[]},"publishpress_future_action":{"enabled":false,"date":"1969-12-31 19:00:00","action":"","terms":[],"taxonomy":"","browser_timezone_offset":0},"_links":{"self":[{"href":"https:\/\/preview.qroo.gob.mx\/inicio\/index.php\/wp-json\/wp\/v2\/pages\/5895"}],"collection":[{"href":"https:\/\/preview.qroo.gob.mx\/inicio\/index.php\/wp-json\/wp\/v2\/pages"}],"about":[{"href":"https:\/\/preview.qroo.gob.mx\/inicio\/index.php\/wp-json\/wp\/v2\/types\/page"}],"author":[{"embeddable":true,"href":"https:\/\/preview.qroo.gob.mx\/inicio\/index.php\/wp-json\/wp\/v2\/users\/4"}],"replies":[{"embeddable":true,"href":"https:\/\/preview.qroo.gob.mx\/inicio\/index.php\/wp-json\/wp\/v2\/comments?post=5895"}],"version-history":[{"count":12,"href":"https:\/\/preview.qroo.gob.mx\/inicio\/index.php\/wp-json\/wp\/v2\/pages\/5895\/revisions"}],"predecessor-version":[{"id":14322,"href":"https:\/\/preview.qroo.gob.mx\/inicio\/index.php\/wp-json\/wp\/v2\/pages\/5895\/revisions\/14322"}],"wp:attachment":[{"href":"https:\/\/preview.qroo.gob.mx\/inicio\/index.php\/wp-json\/wp\/v2\/media?parent=5895"}],"curies":[{"name":"wp","href":"https:\/\/api.w.org\/{rel}","templated":true}]}}