{"id":5950,"date":"2019-11-20T18:12:07","date_gmt":"2019-11-20T18:12:07","guid":{"rendered":"https:\/\/preview.qroo.gob.mx\/inicio\/?page_id=5950"},"modified":"2020-12-21T20:35:06","modified_gmt":"2020-12-22T01:35:06","slug":"fundaciones-2","status":"publish","type":"page","link":"https:\/\/preview.qroo.gob.mx\/inicio\/index.php\/fundaciones-2\/","title":{"rendered":"FUNDACIONES"},"content":{"rendered":"<p>[et_pb_section fb_built=&#8221;1&#8243; fullwidth=&#8221;on&#8221; _builder_version=&#8221;4.6.5&#8243; _module_preset=&#8221;default&#8221;][et_pb_ca_fullwidth_section_primary featured_image_button=&#8221;off&#8221; heading_text_color=&#8221;#FFFFFF&#8221; heading_align=&#8221;center&#8221; heading_size=&#8221;h1&#8243; _builder_version=&#8221;4.6.5&#8243; _module_preset=&#8221;default&#8221; module_text_color=&#8221;#FFFFFF&#8221; module_font_size=&#8221;20px&#8221; background_color=&#8221;rgba(0,0,0,0)&#8221; background_image=&#8221;https:\/\/preview.qroo.gob.mx\/inicio\/wp-content\/uploads\/2020\/10\/landing-header-business_qroo.png&#8221; width=&#8221;100%&#8221; height=&#8221;139px&#8221; custom_margin=&#8221;0px||||false|false&#8221; animation_style=&#8221;fade&#8221; hover_enabled=&#8221;0&#8243; custom_css_main_element=&#8221;background-size: cover;||background-repeat: no-repeat;||&#8221; box_shadow_style=&#8221;preset1&#8243; text_shadow_style=&#8221;preset1&#8243; text_shadow_blur_strength=&#8221;0.24em&#8221; text_shadow_color=&#8221;#000000&#8243; sticky_enabled=&#8221;0&#8243;]\n<h1 style=\"text-align: center;\"><span class=\"field field--name-title field--type-string field--label-hidden\">Fundaciones<\/span><\/h1>\n<p>[\/et_pb_ca_fullwidth_section_primary][\/et_pb_section][et_pb_section fb_built=&#8221;1&#8243; _builder_version=&#8221;4.6.5&#8243; _module_preset=&#8221;default&#8221;][et_pb_row _builder_version=&#8221;4.6.5&#8243; _module_preset=&#8221;default&#8221; custom_padding=&#8221;||0px|||&#8221;][et_pb_column type=&#8221;4_4&#8243; _builder_version=&#8221;4.6.5&#8243; _module_preset=&#8221;default&#8221;][et_pb_text _builder_version=&#8221;4.6.5&#8243; _module_preset=&#8221;default&#8221; hover_enabled=&#8221;0&#8243; sticky_enabled=&#8221;0&#8243;]\n<p style=\"text-align: center;\"><strong>Cozumel<\/strong><\/p>\n<p>[\/et_pb_text][et_pb_divider _builder_version=&#8221;4.6.5&#8243; _module_preset=&#8221;default&#8221;][\/et_pb_divider][\/et_pb_column][\/et_pb_row][\/et_pb_section][et_pb_section fb_built=&#8221;1&#8243; _builder_version=&#8221;4.6.5&#8243; _module_preset=&#8221;default&#8221;][et_pb_row column_structure=&#8221;1_3,1_3,1_3&#8243; _builder_version=&#8221;4.6.5&#8243; _module_preset=&#8221;default&#8221;][et_pb_column type=&#8221;1_3&#8243; _builder_version=&#8221;4.6.5&#8243; _module_preset=&#8221;default&#8221;][et_pb_image src=&#8221;https:\/\/preview.qroo.gob.mx\/inicio\/wp-content\/uploads\/2020\/12\/fundacion.gif&#8221; title_text=&#8221;fundacion&#8221; align=&#8221;center&#8221; _builder_version=&#8221;4.6.5&#8243; _module_preset=&#8221;default&#8221;][\/et_pb_image][et_pb_text _builder_version=&#8221;4.6.5&#8243; _module_preset=&#8221;default&#8221;]\n<p style=\"text-align: center;\"><span style=\"text-decoration: underline;\"><b>Fundaci\u00f3n Comunitaria Cozumel I.A.P.<\/b><\/span><\/p>\n<p><span><strong>Presidente<\/strong>: Lic. Ra\u00fal O. Gonz\u00e1lez Angulo<\/span><\/p>\n<p style=\"text-align: justify;\"><span><strong>Objetivo asistencial:\u00a0<\/strong><\/span><span>Apoyar, dotar e implementar acciones de asistencia para las construcciones, reacondicionando, mantenimiento y actualizaci\u00f3n para el funcionamiento de Hospitales, Guarder\u00edas, Centros de recreaci\u00f3n para ni\u00f1os y ancianos, escuelas, casa hogar, equipamiento de laboratorios educacionales, becas formativas y de estudios especializados que ayuden al bienestar social de la poblaci\u00f3n, principalmente la de escasos recursos de la ciudad de Cozumel.<\/span><\/p>\n<p style=\"text-align: justify;\"><span><img draggable=\"false\" role=\"img\" class=\"emoji\" alt=\"\ud83d\udea9\" src=\"https:\/\/s.w.org\/images\/core\/emoji\/13.0.0\/svg\/1f6a9.svg\" \/>50 Avenida Norte S\/N, entre 2 Norte y Ju\u00e1rez, Col. 10 de Abril, Cozumel, Q. Roo, C.P.77622.<\/span><\/p>\n<p style=\"text-align: justify;\"><span><img draggable=\"false\" role=\"img\" class=\"emoji\" alt=\"\ud83d\udcde\" src=\"https:\/\/s.w.org\/images\/core\/emoji\/13.0.0\/svg\/1f4de.svg\" \/>(987) 87 2 37 44 | FAX 01 987 237 88<\/span><\/p>\n<p style=\"text-align: justify;\"><span><a href=\"http:\/\/www.fccozumel.org\/\" target=\"_blank\" rel=\"noopener noreferrer\"><img draggable=\"false\" role=\"img\" class=\"emoji\" alt=\"\ud83c\udf0d\" src=\"https:\/\/s.w.org\/images\/core\/emoji\/13.0.0\/svg\/1f30d.svg\" \/>http:\/\/www.fccozumel.org\/<\/a><\/span><\/p>\n<p>[\/et_pb_text][\/et_pb_column][et_pb_column type=&#8221;1_3&#8243; _builder_version=&#8221;4.6.5&#8243; _module_preset=&#8221;default&#8221;][et_pb_image src=&#8221;https:\/\/preview.qroo.gob.mx\/inicio\/wp-content\/uploads\/2020\/12\/fundacion7-1.jpg&#8221; title_text=&#8221;fundacion7&#8243; align=&#8221;center&#8221; _builder_version=&#8221;4.6.5&#8243; _module_preset=&#8221;default&#8221;][\/et_pb_image][et_pb_text _builder_version=&#8221;4.6.5&#8243; _module_preset=&#8221;default&#8221;]\n<p class=\"style5\" align=\"justify\" style=\"text-align: center;\"><span style=\"text-decoration: underline;\"><b>Centro de Rehabilitaci\u00f3n Integral Cozumel A. I. P.<\/b><\/span><\/p>\n<p class=\"style5\" align=\"justify\"><span><strong>Presidente<\/strong>: Sra. Virginia Alc\u00e9rreca de Gonz\u00e1lez<\/span><\/p>\n<p class=\"style5\" align=\"justify\" style=\"text-align: justify;\"><span><strong>Objetivo asistencial:\u00a0<\/strong><\/span><span>Establecer un sistema de rehabilitaci\u00f3n integral y asistencial para personas con capacidades diferentes para que puedan lograr mejores condiciones de subsistencia en la sociedad, as\u00ed como optimizar la prestaci\u00f3n de servicios de terapia f\u00edsica, aprendizaje, psicolog\u00eda y de lenguaje.<\/span><\/p>\n<p class=\"style5\" align=\"justify\" style=\"text-align: justify;\"><span><img draggable=\"false\" role=\"img\" class=\"emoji\" alt=\"\ud83d\udea9\" src=\"https:\/\/s.w.org\/images\/core\/emoji\/13.0.0\/svg\/1f6a9.svg\" \/>30 Av. Sur Manzana 1 Lote 10, Col. San Miguel 2, Cozumel, Q. Roo C.P.77600.<\/span><\/p>\n<p class=\"style5\" align=\"justify\" style=\"text-align: justify;\"><span><img draggable=\"false\" role=\"img\" class=\"emoji\" alt=\"\ud83d\udcde\" src=\"https:\/\/s.w.org\/images\/core\/emoji\/13.0.0\/svg\/1f4de.svg\" \/>(987) 85 7 24 90, 85 7 24 92.<\/span><\/p>\n<p class=\"style5\" align=\"justify\" style=\"text-align: justify;\"><span><a href=\"http:\/\/www.difcozumel.gob.mx\/\" target=\"_blank\" rel=\"noopener noreferrer\"><img draggable=\"false\" role=\"img\" class=\"emoji\" alt=\"\ud83c\udf0d\" src=\"https:\/\/s.w.org\/images\/core\/emoji\/13.0.0\/svg\/1f30d.svg\" \/>http:\/\/www.difcozumel.gob.mx\/<\/a><\/span><\/p>\n<p>[\/et_pb_text][\/et_pb_column][et_pb_column type=&#8221;1_3&#8243; _builder_version=&#8221;4.6.5&#8243; _module_preset=&#8221;default&#8221;][et_pb_image src=&#8221;https:\/\/preview.qroo.gob.mx\/inicio\/wp-content\/uploads\/2020\/12\/fundacion2.jpg&#8221; title_text=&#8221;fundacion2&#8243; align=&#8221;center&#8221; _builder_version=&#8221;4.6.5&#8243; _module_preset=&#8221;default&#8221;][\/et_pb_image][et_pb_text _builder_version=&#8221;4.6.5&#8243; _module_preset=&#8221;default&#8221;]\n<p class=\"style5\" align=\"justify\" style=\"text-align: center;\"><b><u>Ciudad de \u00c1ngeles I. A. P.<\/u><\/b><\/p>\n<p class=\"style5\" align=\"justify\"><span><a href=\"http:\/\/www.difcozumel.gob.mx\/\" target=\"_blank\" rel=\"noopener noreferrer\"><\/a><\/span><\/p>\n<p class=\"style5\" align=\"justify\" style=\"text-align: justify;\"><span><strong>Presidente<\/strong>: Sr. Dennis Alvin Wilson<\/span><\/p>\n<p class=\"style5\" align=\"justify\" style=\"text-align: justify;\"><span><strong>Objetivo asistencial:\u00a0<\/strong><\/span><span>Atender a menores que se encuentren en estado de abandono o desamparo, proporcion\u00e1ndoles servicios de albergue, alimentaci\u00f3n, educaci\u00f3n, salud, capacitaci\u00f3n, y apoyos emergentes.<\/span><\/p>\n<p class=\"style5\" align=\"justify\" style=\"text-align: justify;\"><span><img draggable=\"false\" role=\"img\" class=\"emoji\" alt=\"\ud83d\udea9\" src=\"https:\/\/s.w.org\/images\/core\/emoji\/13.0.0\/svg\/1f6a9.svg\" \/><\/span><span>Av. 55 No.270 entre Adolfo Rosado Salas y 3 Sur, Col. Centro, Cozumel, Q. Roo, C.P.77600.<\/span><\/p>\n<p align=\"justify\" style=\"text-align: justify;\"><img draggable=\"false\" role=\"img\" class=\"emoji\" alt=\"\ud83d\udcde\" src=\"https:\/\/s.w.org\/images\/core\/emoji\/13.0.0\/svg\/1f4de.svg\" \/><span>(987) 87 6 18 36, 87 8 53 55 (oficina) 987 12 0 15 19<\/span><\/p>\n<p>[\/et_pb_text][\/et_pb_column][\/et_pb_row][\/et_pb_section][et_pb_section fb_built=&#8221;1&#8243; _builder_version=&#8221;4.6.5&#8243; _module_preset=&#8221;default&#8221;][et_pb_row _builder_version=&#8221;4.6.5&#8243; _module_preset=&#8221;default&#8221; custom_padding=&#8221;||0px|||&#8221;][et_pb_column type=&#8221;4_4&#8243; _builder_version=&#8221;4.6.5&#8243; _module_preset=&#8221;default&#8221;][et_pb_text _builder_version=&#8221;4.6.5&#8243; _module_preset=&#8221;default&#8221; hover_enabled=&#8221;0&#8243; sticky_enabled=&#8221;0&#8243;]\n<p style=\"text-align: center;\"><strong>Chetumal<\/strong><\/p>\n<p>[\/et_pb_text][et_pb_divider _builder_version=&#8221;4.6.5&#8243; _module_preset=&#8221;default&#8221;][\/et_pb_divider][\/et_pb_column][\/et_pb_row][\/et_pb_section][et_pb_section fb_built=&#8221;1&#8243; _builder_version=&#8221;4.6.5&#8243; _module_preset=&#8221;default&#8221;][et_pb_row column_structure=&#8221;1_3,1_3,1_3&#8243; _builder_version=&#8221;4.6.5&#8243; _module_preset=&#8221;default&#8221;][et_pb_column type=&#8221;1_3&#8243; _builder_version=&#8221;4.6.5&#8243; _module_preset=&#8221;default&#8221;][et_pb_image src=&#8221;https:\/\/preview.qroo.gob.mx\/inicio\/wp-content\/uploads\/2020\/12\/fundacion4.jpg&#8221; title_text=&#8221;fundacion4&#8243; align=&#8221;center&#8221; _builder_version=&#8221;4.6.5&#8243; _module_preset=&#8221;default&#8221;][\/et_pb_image][et_pb_text _builder_version=&#8221;4.6.5&#8243; _module_preset=&#8221;default&#8221;]\n<p style=\"text-align: center;\"><span style=\"text-decoration: underline;\"><b>Sembradores de Amor I.A.P.<\/b><\/span><\/p>\n<p class=\"style5\" align=\"justify\"><span><strong>Presidente<\/strong>: Sra. Guadalupe Padr\u00f3n Cruz.<\/span><\/p>\n<p class=\"style5\" align=\"justify\" style=\"text-align: justify;\"><span><strong>Objetivo asistencial:\u00a0<\/strong><\/span><span>Rehabilitar capacitar y adiestrar en un arte u oficio a personas, hombres y mujeres, de escasos recursos con problemas de f\u00e1rmaco dependencia, as\u00ed como otorgar atenci\u00f3n de albergue a ni\u00f1os y j\u00f3venes es estado de abandono, proporcion\u00e1ndoles alimentaci\u00f3n, educaci\u00f3n, salud, capacitaci\u00f3n y apoyos emergentes con el fin de que se desarrollen en forma sana e integralmente en la sociedad.<\/span><\/p>\n<p class=\"style5\" align=\"justify\" style=\"text-align: justify;\"><span><img draggable=\"false\" role=\"img\" class=\"emoji\" alt=\"\ud83d\udea9\" src=\"https:\/\/s.w.org\/images\/core\/emoji\/13.0.0\/svg\/1f6a9.svg\" \/>Calle Ignacio Ram\u00edrez No.56, Col. 5 de Abril, Chetumal, Q. Roo, C.P.77018.<\/span><\/p>\n<p align=\"justify\" style=\"text-align: justify;\"><span><img draggable=\"false\" role=\"img\" class=\"emoji\" alt=\"\ud83d\udcde\" src=\"https:\/\/s.w.org\/images\/core\/emoji\/13.0.0\/svg\/1f4de.svg\" \/>(983) 83 2 64 80 | 83 2 65 75.<\/span><\/p>\n<p>[\/et_pb_text][\/et_pb_column][et_pb_column type=&#8221;1_3&#8243; _builder_version=&#8221;4.6.5&#8243; _module_preset=&#8221;default&#8221;][et_pb_image src=&#8221;https:\/\/preview.qroo.gob.mx\/inicio\/wp-content\/uploads\/2020\/12\/fundacion9-1.jpg&#8221; title_text=&#8221;fundacion9 (1)&#8221; align=&#8221;center&#8221; _builder_version=&#8221;4.6.5&#8243; _module_preset=&#8221;default&#8221;][\/et_pb_image][et_pb_text _builder_version=&#8221;4.6.5&#8243; _module_preset=&#8221;default&#8221;]\n<p class=\"style5\" align=\"justify\" style=\"text-align: center;\"><span style=\"text-decoration: underline;\"><b>Fundaci\u00f3n para Ni\u00f1os Autistas y otros Transtornos de Desarrollo A. I. P.<\/b><\/span><\/p>\n<p align=\"justify\"><span><strong>Presidente<\/strong>: Dr. Jos\u00e9 Ismael Caamal Osorio<\/span><\/p>\n<p align=\"justify\" style=\"text-align: justify;\"><span><strong>Objetivoasistencial:\u00a0<\/strong><\/span><span>Proporcionar rehabilitaci\u00f3n m\u00e9dica individual e integral a ni\u00f1os y ni\u00f1as con trastornos de desarrollo de 1-17 a\u00f1os de edad de escasos recursos, mediante servicios especializados de detecci\u00f3n, diagn\u00f3stico oportuno y tratamiento, a trav\u00e9s de programas personalizados de psicoterapias y otras alternas; que les permita su autosuficiencia, mejorar su calidad de vida, as\u00ed como su integraci\u00f3n familiar y social.<\/span><\/p>\n<p align=\"justify\" style=\"text-align: justify;\"><img draggable=\"false\" role=\"img\" class=\"emoji\" alt=\"\ud83d\udea9\" src=\"https:\/\/s.w.org\/images\/core\/emoji\/13.0.0\/svg\/1f6a9.svg\" \/><span>Crist\u00f3bal Col\u00f3n No.223, Col. Centro, Chetumal, Quintana Roo, C.P.77000.<\/span><\/p>\n<p align=\"justify\" style=\"text-align: justify;\"><span><img draggable=\"false\" role=\"img\" class=\"emoji\" alt=\"\ud83d\udcde\" src=\"https:\/\/s.w.org\/images\/core\/emoji\/13.0.0\/svg\/1f4de.svg\" \/>(983) 15 414 46<\/span><\/p>\n<p align=\"justify\" style=\"text-align: justify;\"><img draggable=\"false\" role=\"img\" class=\"emoji\" alt=\"\ud83d\udce9\" src=\"https:\/\/s.w.org\/images\/core\/emoji\/13.0.0\/svg\/1f4e9.svg\" \/><span>garfiel1_10@hotmail.com<\/span><\/p>\n<p>[\/et_pb_text][\/et_pb_column][et_pb_column type=&#8221;1_3&#8243; _builder_version=&#8221;4.6.5&#8243; _module_preset=&#8221;default&#8221;][et_pb_image src=&#8221;https:\/\/preview.qroo.gob.mx\/inicio\/wp-content\/uploads\/2020\/12\/fundacion3.jpg&#8221; title_text=&#8221;fundacion3&#8243; align=&#8221;center&#8221; _builder_version=&#8221;4.6.5&#8243; _module_preset=&#8221;default&#8221;][\/et_pb_image][et_pb_text _builder_version=&#8221;4.6.5&#8243; _module_preset=&#8221;default&#8221;]\n<p class=\"style5\" align=\"justify\" style=\"text-align: center;\"><span style=\"text-decoration: underline;\"><b>El Milagro del Siglo A. I. P.<\/b><\/span><\/p>\n<p class=\"style5\" align=\"justify\"><span><strong>Presidente<\/strong>: Sra. Salimar A. Villanueva Arg\u00fcelles.<\/span><\/p>\n<p class=\"style5\" align=\"justify\" style=\"text-align: justify;\"><span><strong>Objetivo asistencial:\u00a0<\/strong><\/span><span>La asociaci\u00f3n tendr\u00e1 por objeto la rehabilitaci\u00f3n y desintoxicaci\u00f3n de personas de escasos recursos econ\u00f3micos, con problemas de farmacodependencia.<\/span><\/p>\n<p class=\"style5\" align=\"justify\" style=\"text-align: justify;\"><span><img draggable=\"false\" role=\"img\" class=\"emoji\" alt=\"\ud83d\udea9\" src=\"https:\/\/s.w.org\/images\/core\/emoji\/13.0.0\/svg\/1f6a9.svg\" \/>Km.19, carretera Chetumal-Laguna Guerrero, Laguna Guerrero, Q. Roo C.P.77900.<\/span><\/p>\n<p class=\"style5\" align=\"justify\" style=\"text-align: justify;\"><span><img draggable=\"false\" role=\"img\" class=\"emoji\" alt=\"\ud83d\udcde\" src=\"https:\/\/s.w.org\/images\/core\/emoji\/13.0.0\/svg\/1f4de.svg\" \/>(983) 100-30-34<\/span><\/p>\n<p align=\"justify\" style=\"text-align: justify;\"><span><img draggable=\"false\" role=\"img\" class=\"emoji\" alt=\"\ud83c\udf0d\" src=\"https:\/\/s.w.org\/images\/core\/emoji\/13.0.0\/svg\/1f30d.svg\" \/><a href=\"http:\/\/cramschetumal.blogspot.com\/\" target=\"_blank\" rel=\"noopener noreferrer\">http:\/\/cramschetumal.blogspot.com\/<\/a><\/span><\/p>\n<p class=\"style5\" align=\"justify\" style=\"text-align: justify;\"><img draggable=\"false\" role=\"img\" class=\"emoji\" alt=\"\ud83d\udce9\" src=\"https:\/\/s.w.org\/images\/core\/emoji\/13.0.0\/svg\/1f4e9.svg\" \/><span>cramschetumal@gmail.com<\/span><\/p>\n<p>[\/et_pb_text][\/et_pb_column][\/et_pb_row][\/et_pb_section][et_pb_section fb_built=&#8221;1&#8243; _builder_version=&#8221;4.6.5&#8243; _module_preset=&#8221;default&#8221;][et_pb_row _builder_version=&#8221;4.6.5&#8243; _module_preset=&#8221;default&#8221; custom_padding=&#8221;||0px|||&#8221;][et_pb_column type=&#8221;4_4&#8243; _builder_version=&#8221;4.6.5&#8243; _module_preset=&#8221;default&#8221;][et_pb_text _builder_version=&#8221;4.6.5&#8243; _module_preset=&#8221;default&#8221; hover_enabled=&#8221;0&#8243; sticky_enabled=&#8221;0&#8243;]\n<p style=\"text-align: center;\"><strong>Canc\u00fan<\/strong><\/p>\n<p>[\/et_pb_text][et_pb_divider _builder_version=&#8221;4.6.5&#8243; _module_preset=&#8221;default&#8221;][\/et_pb_divider][\/et_pb_column][\/et_pb_row][\/et_pb_section][et_pb_section fb_built=&#8221;1&#8243; _builder_version=&#8221;4.6.5&#8243; _module_preset=&#8221;default&#8221;][et_pb_row column_structure=&#8221;1_2,1_2&#8243; _builder_version=&#8221;4.6.5&#8243; _module_preset=&#8221;default&#8221;][et_pb_column type=&#8221;1_2&#8243; _builder_version=&#8221;4.6.5&#8243; _module_preset=&#8221;default&#8221;][et_pb_image src=&#8221;https:\/\/preview.qroo.gob.mx\/inicio\/wp-content\/uploads\/2020\/12\/fundacion5.jpg&#8221; title_text=&#8221;fundacion5&#8243; align=&#8221;center&#8221; _builder_version=&#8221;4.6.5&#8243; _module_preset=&#8221;default&#8221;][\/et_pb_image][et_pb_text _builder_version=&#8221;4.6.5&#8243; _module_preset=&#8221;default&#8221;]\n<p style=\"text-align: center;\"><span style=\"text-decoration: underline;\"><b>Fundaci\u00f3n de Apoyo Infantil Quintana Roo I.A.P.<\/b><\/span><\/p>\n<p class=\"style5\" align=\"justify\"><span><strong>Presidente:<\/strong>\u00a0 Lic. Mar\u00eda de Lourdes Elena Laurents Ayala<\/span><\/p>\n<p class=\"style5\" align=\"justify\" style=\"text-align: justify;\"><span><strong>Objetivo asistencial:\u00a0<\/strong><\/span><span>La instituci\u00f3n tendr\u00e1 por objeto, \u201cMejorar las condiciones de subsistencia y desarrollo integral de ni\u00f1os y ni\u00f1as de escasos recursos, as\u00ed como de personas, sectores y regiones de escasos recursos en el marco familiar, comunitario, partiendo de los criterios de autodiagn\u00f3stico y participaci\u00f3n infantil que emanen de FAI Mexicana y que sumen a la construcci\u00f3n de una ciudadan\u00eda equitativa, participativa e incluyente.<\/span><\/p>\n<p class=\"style5\" align=\"justify\" style=\"text-align: justify;\"><span><img draggable=\"false\" role=\"img\" class=\"emoji\" alt=\"\ud83d\udea9\" src=\"https:\/\/s.w.org\/images\/core\/emoji\/13.0.0\/svg\/1f6a9.svg\" \/>Calle Dziuche Mz.7 Lt.16 SMZA. 503, Fraccionamiento Palmica, Canc\u00fan Q. Roo C. P. 77533.<\/span><\/p>\n<p class=\"style5\" align=\"justify\" style=\"text-align: justify;\"><span><img draggable=\"false\" role=\"img\" class=\"emoji\" alt=\"\ud83d\udcde\" src=\"https:\/\/s.w.org\/images\/core\/emoji\/13.0.0\/svg\/1f4de.svg\" \/>(998) 89 8 59 60, 89 8 50 19<\/span><\/p>\n<p class=\"style5\" align=\"justify\" style=\"text-align: justify;\"><span><a href=\"http:\/\/www.savethechildrenmexico.org.mx\/\" target=\"_blank\" rel=\"noopener noreferrer\"><img draggable=\"false\" role=\"img\" class=\"emoji\" alt=\"\ud83c\udf0d\" src=\"https:\/\/s.w.org\/images\/core\/emoji\/13.0.0\/svg\/1f30d.svg\" \/>http:\/\/www.savethechildrenmexico.org.mx\/<\/a><\/span><\/p>\n<p>[\/et_pb_text][\/et_pb_column][et_pb_column type=&#8221;1_2&#8243; _builder_version=&#8221;4.6.5&#8243; _module_preset=&#8221;default&#8221;][et_pb_image src=&#8221;https:\/\/preview.qroo.gob.mx\/inicio\/wp-content\/uploads\/2020\/12\/fundacion0.jpg&#8221; title_text=&#8221;fundacion0&#8243; align=&#8221;center&#8221; _builder_version=&#8221;4.6.5&#8243; _module_preset=&#8221;default&#8221;][\/et_pb_image][et_pb_text _builder_version=&#8221;4.6.5&#8243; _module_preset=&#8221;default&#8221;]\n<p class=\"style5\" align=\"justify\" style=\"text-align: center;\"><span style=\"text-decoration: underline;\"><b>Fundaci\u00f3n Pelopidas A. I. P.<\/b><\/span><\/p>\n<p class=\"style5\" align=\"justify\"><span><strong>Presidente:\u00a0<\/strong>Sra. Cristina Poch Nadal<\/span><\/p>\n<p align=\"justify\" style=\"text-align: justify;\"><span><strong>Objetivo asistencial:\u00a0<\/strong><\/span><span>Construir edificios y equipar las instalaciones para impartir educaci\u00f3n a menores de edad de escasos recursos, desde reci\u00e9n nacidos hasta los seis a\u00f1os de edad otorg\u00e1ndoles material did\u00e1ctico, educativo y de ense\u00f1anza, necesarios para llevar a cabo dichas actividades formativas.<\/span><\/p>\n<p align=\"justify\" style=\"text-align: justify;\"><span><img draggable=\"false\" role=\"img\" class=\"emoji\" alt=\"\ud83d\udea9\" src=\"https:\/\/s.w.org\/images\/core\/emoji\/13.0.0\/svg\/1f6a9.svg\" \/>Retorno del Rey, MZ. 23 Lote 377, zona hotelera, interior Hotel Meridien, Canc\u00fan, Quintana Roo. CP 77500<\/span><\/p>\n<p align=\"justify\" style=\"text-align: justify;\"><span><img draggable=\"false\" role=\"img\" class=\"emoji\" alt=\"\ud83d\udcde\" src=\"https:\/\/s.w.org\/images\/core\/emoji\/13.0.0\/svg\/1f4de.svg\" \/>(998) 11 8 25 90, (998) 8 81 22 07 EXT. 2005<\/span><\/p>\n<p>[\/et_pb_text][\/et_pb_column][\/et_pb_row][\/et_pb_section][et_pb_section fb_built=&#8221;1&#8243; _builder_version=&#8221;4.6.5&#8243; _module_preset=&#8221;default&#8221;][et_pb_row _builder_version=&#8221;4.6.5&#8243; _module_preset=&#8221;default&#8221; custom_padding=&#8221;||0px|||&#8221;][et_pb_column type=&#8221;4_4&#8243; _builder_version=&#8221;4.6.5&#8243; _module_preset=&#8221;default&#8221;][et_pb_text _builder_version=&#8221;4.6.5&#8243; _module_preset=&#8221;default&#8221; hover_enabled=&#8221;0&#8243; sticky_enabled=&#8221;0&#8243;]\n<p style=\"text-align: center;\"><b>Bacalar<\/b><\/p>\n<p>[\/et_pb_text][et_pb_divider _builder_version=&#8221;4.6.5&#8243; _module_preset=&#8221;default&#8221;][\/et_pb_divider][\/et_pb_column][\/et_pb_row][\/et_pb_section][et_pb_section fb_built=&#8221;1&#8243; _builder_version=&#8221;4.6.5&#8243; _module_preset=&#8221;default&#8221;][et_pb_row column_structure=&#8221;1_2,1_2&#8243; _builder_version=&#8221;4.6.5&#8243; _module_preset=&#8221;default&#8221;][et_pb_column type=&#8221;1_2&#8243; _builder_version=&#8221;4.6.5&#8243; _module_preset=&#8221;default&#8221;][et_pb_image src=&#8221;https:\/\/preview.qroo.gob.mx\/inicio\/wp-content\/uploads\/2020\/12\/fundacion6.jpg&#8221; title_text=&#8221;fundacion6&#8243; align=&#8221;center&#8221; _builder_version=&#8221;4.6.5&#8243; _module_preset=&#8221;default&#8221;][\/et_pb_image][et_pb_text _builder_version=&#8221;4.6.5&#8243; _module_preset=&#8221;default&#8221;]\n<p style=\"text-align: center;\"><span style=\"text-decoration: underline;\"><b>Fundaci\u00f3n Zazil Be I.A.P.<\/b><\/span><\/p>\n<p class=\"style5\" align=\"justify\"><span><a href=\"http:\/\/www.savethechildrenmexico.org.mx\/\" target=\"_blank\" rel=\"noopener noreferrer\"><\/a><\/span><\/p>\n<p class=\"style5\" align=\"justify\" style=\"text-align: justify;\"><span><strong>Presidente:\u00a0<\/strong>Sra. Mar\u00eda Rubio Elogio<\/span><\/p>\n<p class=\"style5\" align=\"justify\" style=\"text-align: justify;\"><span><strong>Objetivo asistencial:\u00a0<\/strong><\/span><span>Promover en el Estado de Q. Roo, el sano desarrollo de los individuos, la familia y la comunidad, propiciando actitudes de la salud integral, para disimular los factores de riesgo que inciden en el consumo de sustancias adictivas mediante: la atenci\u00f3n especializada y oportuna a quienes presenten conductas adictivas y rehabilitaci\u00f3n y abatimiento del f\u00e1rmaco dependencia.<\/span><\/p>\n<p class=\"style5\" align=\"justify\" style=\"text-align: justify;\"><span><img draggable=\"false\" role=\"img\" class=\"emoji\" alt=\"\ud83d\udea9\" src=\"https:\/\/s.w.org\/images\/core\/emoji\/13.0.0\/svg\/1f6a9.svg\" \/>Presa de la Amistad No.480 entre 7 de Enero y Ret. 8, Col. Campestre, Chetumal, Quintana Roo C.P.77030.<\/span><\/p>\n<p class=\"style5\" align=\"justify\" style=\"text-align: justify;\"><span><img draggable=\"false\" role=\"img\" class=\"emoji\" alt=\"\ud83d\udea9\" src=\"https:\/\/s.w.org\/images\/core\/emoji\/13.0.0\/svg\/1f6a9.svg\" \/>Carretera Chetumal \u2013 Felipe Carrillo Puerto Km 31 entre Rancho Encantado Bacalar municipio Oth\u00f3n P. Blanco Chetumal Quintana Roo<\/span><\/p>\n<p class=\"style5\" align=\"justify\" style=\"text-align: justify;\"><span><img draggable=\"false\" role=\"img\" class=\"emoji\" alt=\"\ud83d\udcde\" src=\"https:\/\/s.w.org\/images\/core\/emoji\/13.0.0\/svg\/1f4de.svg\" \/>(983) 83 3 41 49 FAX 83 3 40 42<\/span><\/p>\n<p align=\"justify\" style=\"text-align: justify;\"><span><img draggable=\"false\" role=\"img\" class=\"emoji\" alt=\"\ud83c\udf0d\" src=\"https:\/\/s.w.org\/images\/core\/emoji\/13.0.0\/svg\/1f30d.svg\" \/><a href=\"http:\/\/www.fundacionzazilbe.org\/\" target=\"_blank\" rel=\"noopener noreferrer\">http:\/\/www.fundacionzazilbe.org<\/a>\/<\/span><\/p>\n<p>[\/et_pb_text][\/et_pb_column][et_pb_column type=&#8221;1_2&#8243; _builder_version=&#8221;4.6.5&#8243; _module_preset=&#8221;default&#8221;][et_pb_image src=&#8221;https:\/\/preview.qroo.gob.mx\/inicio\/wp-content\/uploads\/2020\/12\/fundacion8.jpg&#8221; title_text=&#8221;fundacion8&#8243; align=&#8221;center&#8221; _builder_version=&#8221;4.6.5&#8243; _module_preset=&#8221;default&#8221;][\/et_pb_image][et_pb_text _builder_version=&#8221;4.6.5&#8243; _module_preset=&#8221;default&#8221;]\n<p class=\"style5\" align=\"justify\" style=\"text-align: center;\"><span style=\"text-decoration: underline;\"><b>Fundaci\u00f3n Emerge Bak&#8217;Halal, A. I. P.<\/b><\/span><\/p>\n<p align=\"justify\"><span><\/span><\/p>\n<p class=\"style5\" align=\"justify\" style=\"text-align: justify;\"><span><strong>Presidente:<\/strong>\u00a0 Jos\u00e9 Ram\u00f3n Campo Alonso.<\/span><\/p>\n<p align=\"justify\" style=\"text-align: justify;\"><span><strong>Objetivo asistencial:\u00a0<\/strong><\/span><span>La promoci\u00f3n de la participaci\u00f3n organizada de la poblaci\u00f3n, en las acciones que mejoren sus propias condiciones de subsistencia en beneficio de las comunidades ind\u00edgenas y a los grupos vulnerables, por edad, o que carezcan de educaci\u00f3n o capacitaci\u00f3n para el trabajo circunstantes a la laguna de Bacalar con acciones que mejores sus condiciones de calidad de vida, subsistencia y desarrollo a trav\u00e9s de proyectos comunitarios ante la sociedad en las \u00e1reas de nutrici\u00f3n, salud, ecolog\u00eda, cultura y capacitaci\u00f3n para el trabajo.<\/span><\/p>\n<p align=\"justify\" style=\"text-align: justify;\"><span><img draggable=\"false\" role=\"img\" class=\"emoji\" alt=\"\ud83d\udea9\" src=\"https:\/\/s.w.org\/images\/core\/emoji\/13.0.0\/svg\/1f6a9.svg\" \/>Calle 18 s\/n entre 3 y 5 avenidas, Col. Centro, Bacalar, Quintana Roo, C.P.77930.<\/span><\/p>\n<p align=\"justify\" style=\"text-align: justify;\"><span><img draggable=\"false\" role=\"img\" class=\"emoji\" alt=\"\ud83d\udcde\" src=\"https:\/\/s.w.org\/images\/core\/emoji\/13.0.0\/svg\/1f4de.svg\" \/>(983) 13 21 918<\/span><\/p>\n<p align=\"justify\" style=\"text-align: justify;\"><span><img draggable=\"false\" role=\"img\" class=\"emoji\" alt=\"\ud83c\udf0d\" src=\"https:\/\/s.w.org\/images\/core\/emoji\/13.0.0\/svg\/1f30d.svg\" \/><\/span><span>joserratxape@hotmail.com<\/span><\/p>\n<p>[\/et_pb_text][\/et_pb_column][\/et_pb_row][\/et_pb_section]\n","protected":false},"excerpt":{"rendered":"<p>[et_pb_section fb_built=&#8221;1&#8243; fullwidth=&#8221;on&#8221; _builder_version=&#8221;4.6.5&#8243; _module_preset=&#8221;default&#8221;][et_pb_ca_fullwidth_section_primary featured_image_button=&#8221;off&#8221; heading_text_color=&#8221;#FFFFFF&#8221; heading_align=&#8221;center&#8221; heading_size=&#8221;h1&#8243; _builder_version=&#8221;4.6.5&#8243; _module_preset=&#8221;default&#8221; module_text_color=&#8221;#FFFFFF&#8221; module_font_size=&#8221;20px&#8221; background_color=&#8221;rgba(0,0,0,0)&#8221; background_image=&#8221;https:\/\/preview.qroo.gob.mx\/inicio\/wp-content\/uploads\/2020\/10\/landing-header-business_qroo.png&#8221; width=&#8221;100%&#8221; height=&#8221;139px&#8221; custom_margin=&#8221;0px||||false|false&#8221; animation_style=&#8221;fade&#8221; hover_enabled=&#8221;0&#8243; custom_css_main_element=&#8221;background-size: cover;||background-repeat: no-repeat;||&#8221; box_shadow_style=&#8221;preset1&#8243; text_shadow_style=&#8221;preset1&#8243; text_shadow_blur_strength=&#8221;0.24em&#8221; text_shadow_color=&#8221;#000000&#8243; sticky_enabled=&#8221;0&#8243;] Fundaciones [\/et_pb_ca_fullwidth_section_primary][\/et_pb_section][et_pb_section fb_built=&#8221;1&#8243; _builder_version=&#8221;4.6.5&#8243; _module_preset=&#8221;default&#8221;][et_pb_row _builder_version=&#8221;4.6.5&#8243; _module_preset=&#8221;default&#8221; custom_padding=&#8221;||0px|||&#8221;][et_pb_column type=&#8221;4_4&#8243; _builder_version=&#8221;4.6.5&#8243; _module_preset=&#8221;default&#8221;][et_pb_text _builder_version=&#8221;4.6.5&#8243; _module_preset=&#8221;default&#8221; hover_enabled=&#8221;0&#8243; sticky_enabled=&#8221;0&#8243;] Cozumel [\/et_pb_text][et_pb_divider _builder_version=&#8221;4.6.5&#8243; _module_preset=&#8221;default&#8221;][\/et_pb_divider][\/et_pb_column][\/et_pb_row][\/et_pb_section][et_pb_section fb_built=&#8221;1&#8243; _builder_version=&#8221;4.6.5&#8243; _module_preset=&#8221;default&#8221;][et_pb_row column_structure=&#8221;1_3,1_3,1_3&#8243; _builder_version=&#8221;4.6.5&#8243; _module_preset=&#8221;default&#8221;][et_pb_column type=&#8221;1_3&#8243; _builder_version=&#8221;4.6.5&#8243; [&hellip;]<\/p>\n","protected":false},"author":4,"featured_media":0,"parent":0,"menu_order":0,"comment_status":"closed","ping_status":"closed","template":"","meta":{"_et_pb_use_builder":"on","_et_pb_old_content":"[vc_row][vc_column][vc_text_separator title=\"COZUMEL\" color=\"sky\" border_width=\"5\"][\/vc_column][\/vc_row][vc_row][vc_column width=\"1\/2\"][vc_single_image image=\"5970\" alignment=\"center\"][vc_column_text]\n<pre><span class=\"style5\" style=\"font-family: futura-medium-bt; font-size: 12pt;\"><strong>Fundaci\u00f3n Comunitaria Cozumel I.A.P.<\/strong><\/span><\/pre>\n<span style=\"font-family: futura-medium-bt; font-size: 12pt;\"><strong>Presidente<\/strong>: Lic. Ra\u00fal O. Gonz\u00e1lez Angulo<\/span>\n\n<span style=\"font-family: futura-medium-bt; font-size: 12pt;\"><strong>Objetivo asistencial:\u00a0<\/strong><\/span><span style=\"font-family: futura-medium-bt; font-size: 12pt;\">Apoyar, dotar e implementar acciones de asistencia para las construcciones, reacondicionando, mantenimiento y actualizaci\u00f3n para el funcionamiento de Hospitales, Guarder\u00edas, Centros de recreaci\u00f3n para ni\u00f1os y ancianos, escuelas, casa hogar, equipamiento de laboratorios educacionales, becas formativas y de estudios especializados que ayuden al bienestar social de la poblaci\u00f3n, principalmente la de escasos recursos de la ciudad de Cozumel.<\/span>\n\n<span style=\"font-family: futura-medium-bt; font-size: 12pt;\">\ud83d\udea950 Avenida Norte S\/N, entre 2 Norte y Ju\u00e1rez, Col. 10 de Abril, Cozumel, Q. Roo, C.P.77622.<\/span>\n\n<span style=\"font-family: futura-medium-bt; font-size: 12pt;\">\ud83d\udcde(987) 87 2 37 44 | FAX 01 987 237 88<\/span>\n\n<span style=\"font-family: futura-medium-bt; font-size: 12pt;\"><a href=\"http:\/\/www.fccozumel.org\/\" target=\"_blank\" rel=\"noopener noreferrer\">\ud83c\udf0dhttp:\/\/www.fccozumel.org\/<\/a><\/span>[\/vc_column_text][vc_separator color=\"black\"][\/vc_column][vc_column width=\"1\/2\"][vc_single_image image=\"5963\" alignment=\"center\"][vc_column_text]\n<pre><span class=\"style5\" style=\"font-family: futura-medium-bt; font-size: 12pt;\"><strong>Centro de Rehabilitaci\u00f3n Integral Cozumel I. A. P.<\/strong><\/span><\/pre>\n<p class=\"style5\" align=\"justify\"><span style=\"font-family: futura-medium-bt; font-size: 12pt;\"><strong>Presidente<\/strong>: Sra. Virginia Alc\u00e9rreca de Gonz\u00e1lez<\/span><\/p>\n<p class=\"style5\" align=\"justify\"><span style=\"font-family: futura-medium-bt; font-size: 12pt;\"><strong>Objetivo asistencial:\u00a0<\/strong><\/span><span style=\"font-family: futura-medium-bt; font-size: 12pt;\">Establecer un sistema de rehabilitaci\u00f3n integral y asistencial para personas con capacidades diferentes para que puedan lograr mejores condiciones de subsistencia en la sociedad, as\u00ed como optimizar la prestaci\u00f3n de servicios de terapia f\u00edsica, aprendizaje, psicolog\u00eda y de lenguaje.<\/span><\/p>\n<p class=\"style5\" align=\"justify\"><span style=\"font-family: futura-medium-bt; font-size: 12pt;\">\ud83d\udea930 Av. Sur Manzana 1 Lote 10, Col. San Miguel 2, Cozumel, Q. Roo C.P.77600.<\/span><\/p>\n<p class=\"style5\" align=\"justify\"><span style=\"font-family: futura-medium-bt; font-size: 12pt;\">\ud83d\udcde(987) 85 7 24 90, 85 7 24 92.<\/span><\/p>\n<p class=\"style5\" align=\"justify\"><span style=\"font-family: futura-medium-bt; font-size: 12pt;\"><a href=\"http:\/\/www.difcozumel.gob.mx\/\" target=\"_blank\" rel=\"noopener noreferrer\">\ud83c\udf0dhttp:\/\/www.difcozumel.gob.mx\/<\/a><\/span><\/p>\n[\/vc_column_text][vc_separator color=\"black\"][\/vc_column][\/vc_row][vc_row][vc_column][vc_empty_space][vc_single_image image=\"5968\" alignment=\"center\"][vc_column_text]\n<pre><span class=\"style5\" style=\"font-family: futura-medium-bt; font-size: 12pt;\"><strong>Ciudad de \u00c1ngeles I. A. P.<\/strong><\/span><\/pre>\n<p class=\"style5\" align=\"justify\"><span style=\"font-family: futura-medium-bt; font-size: 12pt;\"><strong>Presidente<\/strong>: Sr. Dennis Alvin Wilson<\/span><\/p>\n<p class=\"style5\" align=\"justify\"><span style=\"font-family: futura-medium-bt; font-size: 12pt;\"><strong>Objetivo asistencial:\u00a0<\/strong><\/span><span style=\"font-family: futura-medium-bt; font-size: 12pt;\">Atender a menores que se encuentren en estado de abandono o desamparo, proporcion\u00e1ndoles servicios de albergue, alimentaci\u00f3n, educaci\u00f3n, salud, capacitaci\u00f3n, y apoyos emergentes.<\/span><\/p>\n<p class=\"style5\" align=\"justify\"><span style=\"font-family: futura-medium-bt; font-size: 12pt;\">\ud83d\udea9<\/span><span style=\"font-family: futura-medium-bt; font-size: 12pt;\">Av. 55 No.270 entre Adolfo Rosado Salas y 3 Sur, Col. Centro, Cozumel, Q. Roo, C.P.77600.<\/span><\/p>\n<p align=\"justify\">\ud83d\udcde<span style=\"font-family: futura-medium-bt; font-size: 12pt;\">(987) 87 6 18 36, 87 8 53 55 (oficina) 987 12 0 15 19<\/span><\/p>\n[\/vc_column_text][vc_separator color=\"black\"][\/vc_column][\/vc_row][vc_row][vc_column][vc_text_separator title=\"CHETUMAL\" color=\"sky\" border_width=\"5\"][\/vc_column][\/vc_row][vc_row][vc_column width=\"1\/2\"][vc_single_image image=\"5966\" alignment=\"center\"][vc_column_text]\n<pre><span class=\"style5\" style=\"font-family: futura-medium-bt; font-size: 12pt;\"><strong>Sembradores de Amor I. A. P<\/strong>.<\/span><\/pre>\n<p class=\"style5\" align=\"justify\"><span style=\"font-family: futura-medium-bt; font-size: 12pt;\"><strong>Presidente<\/strong>: Sra. Guadalupe Padr\u00f3n Cruz.<\/span><\/p>\n<p class=\"style5\" align=\"justify\"><span style=\"font-family: futura-medium-bt; font-size: 12pt;\"><strong>Objetivo asistencial:\u00a0<\/strong><\/span><span style=\"font-family: futura-medium-bt; font-size: 12pt;\">Rehabilitar capacitar y adiestrar en un arte u oficio a personas, hombres y mujeres, de escasos recursos con problemas de f\u00e1rmaco dependencia, as\u00ed como otorgar atenci\u00f3n de albergue a ni\u00f1os y j\u00f3venes es estado de abandono, proporcion\u00e1ndoles alimentaci\u00f3n, educaci\u00f3n, salud, capacitaci\u00f3n y apoyos emergentes con el fin de que se desarrollen en forma sana e integralmente en la sociedad.<\/span><\/p>\n<p class=\"style5\" align=\"justify\"><span style=\"font-family: futura-medium-bt; font-size: 12pt;\">\ud83d\udea9Calle Ignacio Ram\u00edrez No.56, Col. 5 de Abril, Chetumal, Q. Roo, C.P.77018.<\/span><\/p>\n<p align=\"justify\"><span style=\"font-family: futura-medium-bt; font-size: 12pt;\">\ud83d\udcde(983) 83 2 64 80 | 83 2 65 75.<\/span><\/p>\n<p class=\"style5\" align=\"justify\"><span style=\"font-family: futura-medium-bt; font-size: 12pt;\"><a href=\"http:\/\/jeap.qroo.gob.mx\/inicio\/portal\/galesembra\/sembragaleria.html\" target=\"_blank\" rel=\"noopener noreferrer\">\ud83d\udcf7Galer\u00eda de Im\u00e1genes<\/a><\/span><\/p>\n[\/vc_column_text][vc_separator color=\"black\"][\/vc_column][vc_column width=\"1\/2\"][vc_single_image image=\"5962\" alignment=\"center\"][vc_column_text]\n<pre><span style=\"font-family: futura-medium-bt; font-size: 12pt;\"><strong>Fundaci\u00f3n para Ni\u00f1os Autistas y otros Trastornos del Desarrollo I. A. P.<\/strong><\/span><\/pre>\n<p align=\"justify\"><span style=\"font-family: futura-medium-bt; font-size: 12pt;\"><strong>Presidente<\/strong>: Dr. Jos\u00e9 Ismael Caamal Osorio<\/span><\/p>\n<p align=\"justify\"><span style=\"font-family: futura-medium-bt; font-size: 12pt;\"><strong>Objetivo asistencial:\u00a0<\/strong><\/span><span style=\"font-family: futura-medium-bt; font-size: 12pt;\">Proporcionar rehabilitaci\u00f3n m\u00e9dica individual e integral a ni\u00f1os y ni\u00f1as con trastornos de desarrollo de 1-17 a\u00f1os de edad de escasos recursos, mediante servicios especializados de detecci\u00f3n, diagn\u00f3stico oportuno y tratamiento, a trav\u00e9s de programas personalizados de psicoterapias y otras alternas; que les permita su autosuficiencia, mejorar su calidad de vida, as\u00ed como su integraci\u00f3n familiar y social.<\/span><\/p>\n<p align=\"justify\">\ud83d\udea9<span style=\"font-family: futura-medium-bt; font-size: 12pt;\">Crist\u00f3bal Col\u00f3n No.223, Col. Centro, Chetumal, Quintana Roo, C.P.77000.<\/span><\/p>\n<p align=\"justify\"><span style=\"font-family: futura-medium-bt; font-size: 12pt;\">\ud83d\udcde(983) 15 414 46<\/span><\/p>\n<p align=\"justify\">\ud83d\udce9<span style=\"font-family: futura-medium-bt; font-size: 12pt;\">garfiel1_10@hotmail.com<\/span><\/p>\n[\/vc_column_text][vc_separator color=\"black\"][\/vc_column][\/vc_row][vc_row][vc_column][vc_single_image image=\"5967\" alignment=\"center\"][vc_column_text]\n<pre><span class=\"style5\" style=\"font-family: futura-medium-bt; font-size: 12pt;\"><strong>El Milagro del Siglo I. A. P.<\/strong><\/span><\/pre>\n<p class=\"style5\" align=\"justify\"><span style=\"font-family: futura-medium-bt; font-size: 12pt;\"><strong>Presidente<\/strong>: Sra. Salimar A. Villanueva Arg\u00fcelles.<\/span><\/p>\n<p class=\"style5\" align=\"justify\"><span style=\"font-family: futura-medium-bt; font-size: 12pt;\"><strong>Objetivo asistencial:<\/strong><\/span>\n<span style=\"font-family: futura-medium-bt; font-size: 12pt;\">La asociaci\u00f3n tendr\u00e1 por objeto la rehabilitaci\u00f3n y desintoxicaci\u00f3n de personas de escasos recursos econ\u00f3micos, con problemas de farmacodependencia.<\/span><\/p>\n<p class=\"style5\" align=\"justify\"><span style=\"font-family: futura-medium-bt; font-size: 12pt;\">\ud83d\udea9Km.19, carretera Chetumal-Laguna Guerrero, Laguna Guerrero, Q. Roo C.P.77900.<\/span><\/p>\n<p class=\"style5\" align=\"justify\"><span style=\"font-family: futura-medium-bt; font-size: 12pt;\">\ud83d\udcde(983) 100-30-34<\/span><\/p>\n<p align=\"justify\"><span style=\"font-family: futura-medium-bt; font-size: 12pt;\">\ud83d\udcf7<a href=\"http:\/\/jeap.qroo.gob.mx\/inicio\/portal\/galemilagro\/milagaleria.html\" target=\"_blank\" rel=\"noopener noreferrer\">Galer\u00eda de Im\u00e1genes<\/a><\/span><\/p>\n<p align=\"justify\"><span style=\"font-family: futura-medium-bt; font-size: 12pt;\">\ud83c\udf0d<a href=\"http:\/\/cramschetumal.blogspot.com\/\" target=\"_blank\" rel=\"noopener noreferrer\">http:\/\/cramschetumal.blogspot.com\/<\/a><\/span><\/p>\n<p class=\"style5\" align=\"justify\">\ud83d\udce9<span style=\"font-family: futura-medium-bt; font-size: 12pt;\">cramschetumal@gmail.com<\/span><\/p>\n[\/vc_column_text][vc_separator color=\"black\"][\/vc_column][\/vc_row][vc_row][vc_column][vc_text_separator title=\"CANC\u00daN\" color=\"sky\" border_width=\"5\"][\/vc_column][\/vc_row][vc_row][vc_column width=\"1\/2\"][vc_single_image image=\"5965\" alignment=\"center\"][vc_column_text]\n<pre><span class=\"style5\"><strong>Fundaci\u00f3n de Apoyo Infantil Quintana Roo I. A. P.<\/strong><\/span><\/pre>\n<p class=\"style5\" align=\"justify\"><span style=\"font-family: futura-medium-bt; font-size: 12pt;\"><strong>Presidente:<\/strong>\u00a0 Lic. Mar\u00eda de Lourdes Elena Laurents Ayala<\/span><\/p>\n<p class=\"style5\" align=\"justify\"><span style=\"font-family: futura-medium-bt; font-size: 12pt;\"><strong>Objetivo asistencial:<\/strong><\/span>\n<span style=\"font-family: futura-medium-bt; font-size: 12pt;\">La instituci\u00f3n tendr\u00e1 por objeto, \"Mejorar las condiciones de subsistencia y desarrollo integral de ni\u00f1os y ni\u00f1as de escasos recursos, as\u00ed como de personas, sectores y regiones de escasos recursos en el marco familiar, comunitario, partiendo de los criterios de autodiagn\u00f3stico y participaci\u00f3n infantil que emanen de FAI Mexicana y que sumen a la construcci\u00f3n de una ciudadan\u00eda equitativa, participativa e incluyente.<\/span><\/p>\n<p class=\"style5\" align=\"justify\"><span style=\"font-family: futura-medium-bt; font-size: 12pt;\">\ud83d\udea9Calle Dziuche Mz.7 Lt.16 SMZA. 503, Fraccionamiento Palmica, Canc\u00fan Q. Roo C. P. 77533.<\/span><\/p>\n<p class=\"style5\" align=\"justify\"><span style=\"font-family: futura-medium-bt; font-size: 12pt;\">\ud83d\udcde(998) 89 8 59 60, 89 8 50 19<\/span><\/p>\n<p class=\"style5\" align=\"justify\"><span style=\"font-family: futura-medium-bt; font-size: 12pt;\"><a href=\"http:\/\/www.savethechildrenmexico.org.mx\/\" target=\"_blank\" rel=\"noopener noreferrer\">\ud83c\udf0dhttp:\/\/www.savethechildrenmexico.org.mx\/<\/a><\/span><\/p>\n[\/vc_column_text][vc_separator color=\"black\"][\/vc_column][vc_column width=\"1\/2\"][vc_single_image image=\"5960\" alignment=\"center\"][vc_column_text]<span style=\"font-family: futura-medium-bt; font-size: 12pt;\"><strong>Fundaci\u00f3n Pelopidas I.A.P.<\/strong><\/span>\n<p class=\"style5\" align=\"justify\"><span style=\"font-family: futura-medium-bt; font-size: 12pt;\"><strong>Presidente:\u00a0<\/strong>Sra. Cristina Poch Nadal<\/span><\/p>\n<p align=\"justify\"><span style=\"font-family: futura-medium-bt; font-size: 12pt;\"><strong>Objetivo asistencial:<\/strong><\/span>\n<span style=\"font-family: futura-medium-bt; font-size: 12pt;\">Construir edificios y equipar las instalaciones para impartir educaci\u00f3n a menores de edad de escasos recursos, desde reci\u00e9n nacidos hasta los seis a\u00f1os de edad otorg\u00e1ndoles material did\u00e1ctico, educativo y de ense\u00f1anza, necesarios para llevar a cabo dichas actividades formativas.<\/span><\/p>\n<p align=\"justify\"><span style=\"font-family: futura-medium-bt; font-size: 12pt;\">\ud83d\udea9Retorno del Rey, MZ. 23 Lote 377, zona hotelera, interior Hotel Meridien, Canc\u00fan, Quintana Roo. CP 77500<\/span><\/p>\n<p align=\"justify\"><span style=\"font-family: futura-medium-bt; font-size: 12pt;\">\ud83d\udcde(998) 11 8 25 90, (998) 8 81 22 07 EXT. 2005<\/span><\/p>\n[\/vc_column_text][vc_separator color=\"black\"][\/vc_column][\/vc_row][vc_row][vc_column][vc_text_separator title=\"BACALAR\" color=\"sky\" border_width=\"5\"][\/vc_column][\/vc_row][vc_row][vc_column width=\"1\/2\"][vc_single_image image=\"5964\" alignment=\"center\"][vc_column_text]\n<pre><span class=\"style5\" style=\"font-family: futura-medium-bt; font-size: 12pt;\"><strong>Fundaci\u00f3n Zazil Be I. A. P.<\/strong><\/span><\/pre>\n<p class=\"style5\" align=\"justify\"><span style=\"font-family: futura-medium-bt; font-size: 12pt;\"><strong>Presidente:\u00a0<\/strong>Sra. Mar\u00eda Rubio Elogio<\/span><\/p>\n<p class=\"style5\" align=\"justify\"><span style=\"font-family: futura-medium-bt; font-size: 12pt;\"><strong>Objetivo asistencial:<\/strong><\/span>\n<span style=\"font-family: futura-medium-bt; font-size: 12pt;\">Promover en el Estado de Q. Roo, el sano desarrollo de los individuos, la familia y la comunidad, propiciando actitudes de la salud integral, para disimular los factores de riesgo que inciden en el consumo de sustancias adictivas mediante: la atenci\u00f3n especializada y oportuna a quienes presenten conductas adictivas y rehabilitaci\u00f3n y abatimiento del f\u00e1rmaco dependencia.<\/span><\/p>\n<p class=\"style5\" align=\"justify\"><span style=\"font-family: futura-medium-bt; font-size: 12pt;\">\ud83d\udea9Presa de la Amistad No.480 entre 7 de Enero y Ret. 8, Col. Campestre, Chetumal, Quintana Roo C.P.77030.<\/span><\/p>\n<p class=\"style5\" align=\"justify\"><span style=\"font-family: futura-medium-bt; font-size: 12pt;\">\ud83d\udea9Carretera Chetumal - Felipe Carrillo Puerto Km 31 entre Rancho Encantado Bacalar municipio Oth\u00f3n P. Blanco Chetumal Quintana Roo<\/span><\/p>\n<p class=\"style5\" align=\"justify\"><span style=\"font-family: futura-medium-bt; font-size: 12pt;\">\ud83d\udcde(983) 83 3 41 49 FAX 83 3 40 42<\/span><\/p>\n<p align=\"justify\"><span style=\"font-family: futura-medium-bt; font-size: 12pt;\">\ud83c\udf0d<a href=\"http:\/\/www.fundacionzazilbe.org\/\" target=\"_blank\" rel=\"noopener noreferrer\">http:\/\/www.fundacionzazilbe.org<\/a>\/<\/span><\/p>\n[\/vc_column_text][vc_separator color=\"black\"][\/vc_column][vc_column width=\"1\/2\"][vc_single_image image=\"5961\" alignment=\"center\"][vc_column_text]\n<pre><span style=\"font-family: futura-medium-bt; font-size: 12pt;\"><strong>Fundaci\u00f3n Emerge Bak'Halal, I. A. P.<\/strong><\/span><\/pre>\n<p class=\"style5\" align=\"justify\"><span style=\"font-family: futura-medium-bt; font-size: 12pt;\"><strong>Presidente:<\/strong>\u00a0 Jos\u00e9 Ram\u00f3n Campo Alonso.<\/span><\/p>\n<p align=\"justify\"><span style=\"font-family: futura-medium-bt; font-size: 12pt;\"><strong>Objetivo asistencial:<\/strong><\/span>\n<span style=\"font-family: futura-medium-bt; font-size: 12pt;\">La promoci\u00f3n de la participaci\u00f3n organizada de la poblaci\u00f3n, en las acciones que mejoren sus propias condiciones de subsistencia en beneficio de las comunidades ind\u00edgenas y a los grupos vulnerables, por edad, o que carezcan de educaci\u00f3n o capacitaci\u00f3n para el trabajo circunstantes a la laguna de Bacalar con acciones que mejores sus condiciones de calidad de vida, subsistencia y desarrollo a trav\u00e9s de proyectos comunitarios ante la sociedad en las \u00e1reas de nutrici\u00f3n, salud, ecolog\u00eda, cultura y capacitaci\u00f3n para el trabajo.<\/span><\/p>\n<p align=\"justify\"><span style=\"font-family: futura-medium-bt; font-size: 12pt;\">\ud83d\udea9Calle 18 s\/n entre 3 y 5 avenidas, Col. Centro, Bacalar, Quintana Roo, C.P.77930.<\/span><\/p>\n<p align=\"justify\"><span style=\"font-family: futura-medium-bt; font-size: 12pt;\">\ud83d\udcde(983) 13 21 918<\/span><\/p>\n<p align=\"justify\"><span style=\"font-family: futura-medium-bt; font-size: 12pt;\">\ud83c\udf0d<\/span><span style=\"font-family: futura-medium-bt; font-size: 12pt;\">joserratxape@hotmail.com<\/span><\/p>\n[\/vc_column_text][vc_separator color=\"black\"][\/vc_column][\/vc_row]","_et_gb_content_width":"","pgc_sgb_lightbox_settings":"","_mc_calendar":[]},"publishpress_future_action":{"enabled":false,"date":"1969-12-31 19:00:00","action":"","terms":[],"taxonomy":"","browser_timezone_offset":0},"_links":{"self":[{"href":"https:\/\/preview.qroo.gob.mx\/inicio\/index.php\/wp-json\/wp\/v2\/pages\/5950"}],"collection":[{"href":"https:\/\/preview.qroo.gob.mx\/inicio\/index.php\/wp-json\/wp\/v2\/pages"}],"about":[{"href":"https:\/\/preview.qroo.gob.mx\/inicio\/index.php\/wp-json\/wp\/v2\/types\/page"}],"author":[{"embeddable":true,"href":"https:\/\/preview.qroo.gob.mx\/inicio\/index.php\/wp-json\/wp\/v2\/users\/4"}],"replies":[{"embeddable":true,"href":"https:\/\/preview.qroo.gob.mx\/inicio\/index.php\/wp-json\/wp\/v2\/comments?post=5950"}],"version-history":[{"count":11,"href":"https:\/\/preview.qroo.gob.mx\/inicio\/index.php\/wp-json\/wp\/v2\/pages\/5950\/revisions"}],"predecessor-version":[{"id":13953,"href":"https:\/\/preview.qroo.gob.mx\/inicio\/index.php\/wp-json\/wp\/v2\/pages\/5950\/revisions\/13953"}],"wp:attachment":[{"href":"https:\/\/preview.qroo.gob.mx\/inicio\/index.php\/wp-json\/wp\/v2\/media?parent=5950"}],"curies":[{"name":"wp","href":"https:\/\/api.w.org\/{rel}","templated":true}]}}