{"id":5978,"date":"2019-11-21T14:57:51","date_gmt":"2019-11-21T14:57:51","guid":{"rendered":"https:\/\/preview.qroo.gob.mx\/inicio\/?page_id=5978"},"modified":"2020-12-20T15:51:31","modified_gmt":"2020-12-20T20:51:31","slug":"curso-redes-sociales-para-mipymes-facebook-instagram-whatsapp","status":"publish","type":"page","link":"https:\/\/preview.qroo.gob.mx\/inicio\/index.php\/curso-redes-sociales-para-mipymes-facebook-instagram-whatsapp\/","title":{"rendered":"CURSO: REDES SOCIALES PARA MIPYMES (FACEBOOK, INSTAGRAM, WHATSAPP)"},"content":{"rendered":"<p>[et_pb_section fb_built=&#8221;1&#8243; fullwidth=&#8221;on&#8221; _builder_version=&#8221;4.6.5&#8243; _module_preset=&#8221;default&#8221;][et_pb_ca_fullwidth_section_primary featured_image_button=&#8221;off&#8221; heading_text_color=&#8221;#FFFFFF&#8221; heading_align=&#8221;center&#8221; heading_size=&#8221;h1&#8243; _builder_version=&#8221;4.6.5&#8243; _module_preset=&#8221;default&#8221; module_text_color=&#8221;#FFFFFF&#8221; module_font_size=&#8221;20px&#8221; background_color=&#8221;rgba(0,0,0,0)&#8221; background_image=&#8221;https:\/\/preview.qroo.gob.mx\/inicio\/wp-content\/uploads\/2020\/10\/landing-header-business_qroo.png&#8221; width=&#8221;100%&#8221; height=&#8221;139px&#8221; custom_margin=&#8221;0px||||false|false&#8221; animation_style=&#8221;fade&#8221; custom_css_main_element=&#8221;background-size: cover;||background-repeat: no-repeat;||&#8221; box_shadow_style=&#8221;preset1&#8243; text_shadow_style=&#8221;preset1&#8243; text_shadow_blur_strength=&#8221;0.24em&#8221; text_shadow_color=&#8221;#000000&#8243;]\n<h1 class=\"page__title is-main-headline\" style=\"text-align: center;\">CURSO: REDES SOCIALES PARA MIPYMES (FACEBOOK, INSTAGRAM, WHATSAPP)<\/h1>\n<p>[\/et_pb_ca_fullwidth_section_primary][\/et_pb_section][et_pb_section fb_built=&#8221;1&#8243; _builder_version=&#8221;4.6.5&#8243; _module_preset=&#8221;default&#8221;][et_pb_row column_structure=&#8221;2_5,3_5&#8243; _builder_version=&#8221;4.6.5&#8243; _module_preset=&#8221;default&#8221;][et_pb_column type=&#8221;2_5&#8243; _builder_version=&#8221;4.6.5&#8243; _module_preset=&#8221;default&#8221;][et_pb_image src=&#8221;https:\/\/preview.qroo.gob.mx\/inicio\/wp-content\/uploads\/2020\/12\/curso.png&#8221; title_text=&#8221;curso&#8221; _builder_version=&#8221;4.6.5&#8243; _module_preset=&#8221;default&#8221; width=&#8221;72.8%&#8221;][\/et_pb_image][\/et_pb_column][et_pb_column type=&#8221;3_5&#8243; _builder_version=&#8221;4.6.5&#8243; _module_preset=&#8221;default&#8221;][et_pb_text _builder_version=&#8221;4.6.5&#8243; _module_preset=&#8221;default&#8221;]\n<p><span><strong>Nombre del curso<\/strong>: Redes sociales para MIPYMES (Facebook, Instagram, WhatsApp).<\/span><\/p>\n<p><span><strong>Objetivo<\/strong>: Aprender a utilizar las redes sociales para atraer m\u00e1s clientes, incrementar las ventas y hacer crecer el negocio.<\/span><\/p>\n<p><span><strong><img draggable=\"false\" role=\"img\" class=\"emoji\" alt=\"\u23f0\" src=\"https:\/\/s.w.org\/images\/core\/emoji\/13.0.0\/svg\/23f0.svg\" \/>Fecha del curso<\/strong>: 28 de noviembre<\/span><\/p>\n<p><span><img draggable=\"false\" role=\"img\" class=\"emoji\" alt=\"\ud83d\udda5\" src=\"https:\/\/s.w.org\/images\/core\/emoji\/13.0.0\/svg\/1f5a5.svg\" \/>Cursos 100% en l\u00ednea<\/span><\/p>\n<p><span><img draggable=\"false\" role=\"img\" class=\"emoji\" alt=\"\ud83d\udcc2\" src=\"https:\/\/s.w.org\/images\/core\/emoji\/13.0.0\/svg\/1f4c2.svg\" \/>Perfil de participantes:<\/span><br \/><span>Emprendedores, empresarios y p\u00fablico en general<\/span><\/p>\n<p><span><img draggable=\"false\" role=\"img\" class=\"emoji\" alt=\"\ud83d\udcdd\" src=\"https:\/\/s.w.org\/images\/core\/emoji\/13.0.0\/svg\/1f4dd.svg\" \/>Instructor: Asesor de FUNDES Latinoam\u00e9rica<\/span><\/p>\n<p><span><img draggable=\"false\" role=\"img\" class=\"emoji\" alt=\"\ud83d\udcde\" src=\"https:\/\/s.w.org\/images\/core\/emoji\/13.0.0\/svg\/1f4de.svg\" \/>SEDE Chetumal:<\/span><br \/><span>Mtra. Esther Mex, Cel 983 732 8185<\/span><\/p>\n<p><span><img draggable=\"false\" role=\"img\" class=\"emoji\" alt=\"\ud83d\udcde\" src=\"https:\/\/s.w.org\/images\/core\/emoji\/13.0.0\/svg\/1f4de.svg\" \/>Contacto SEDE Canc\u00fan:<\/span><br \/><span>Ing. Alejandra C\u00f3rdova, Cel 998 734 7947<\/span><\/p>\n<p>[\/et_pb_text][et_pb_button button_url=&#8221;https:\/\/docs.google.com\/forms\/d\/e\/1FAIpQLSdSqdL8QwxfdjFUFT6fZqRZvhaGFMZ7SAB9cJ9uSgmckXVlXg\/viewform?entry.48896260=Redes+sociales+para+MIPYMES+(Facebook,+Instagram,+WhatsApp).+28+noviembre&#8221; button_text=&#8221; Inscripci\u00f3n al Curso&#8221; _builder_version=&#8221;4.6.5&#8243; _module_preset=&#8221;default&#8221; custom_button=&#8221;on&#8221; button_text_color=&#8221;#7CDA24&#8243;][\/et_pb_button][et_pb_button button_url=&#8221;https:\/\/preview.qroo.gob.mx\/inicio\/wp-content\/uploads\/2020\/12\/ConstanciasFUNDES.png&#8221; button_text=&#8221; Ejemplo de Constancia&#8221; _builder_version=&#8221;4.6.5&#8243; _module_preset=&#8221;default&#8221; custom_button=&#8221;on&#8221; button_text_color=&#8221;#0C71C3&#8243; hover_enabled=&#8221;0&#8243; sticky_enabled=&#8221;0&#8243;][\/et_pb_button][et_pb_text _builder_version=&#8221;4.6.5&#8243; _module_preset=&#8221;default&#8221;]\n<p><span>Cuando completes cada curso , obtendr\u00e1s una constancia que puedes compartir con posibles empleadores y tu red profesional.<\/span><\/p>\n<p>[\/et_pb_text][\/et_pb_column][\/et_pb_row][\/et_pb_section][et_pb_section fb_built=&#8221;1&#8243; _builder_version=&#8221;4.6.5&#8243; _module_preset=&#8221;default&#8221;][et_pb_row _builder_version=&#8221;4.6.5&#8243; _module_preset=&#8221;default&#8221;][et_pb_column type=&#8221;4_4&#8243; _builder_version=&#8221;4.6.5&#8243; _module_preset=&#8221;default&#8221;][et_pb_code _builder_version=&#8221;4.6.5&#8243; _module_preset=&#8221;default&#8221;]\n<div class=\"vc_column-inner\">\n<div class=\"wpb_wrapper\"><!-- [et_pb_line_break_holder] -->\t<\/p>\n<div class=\"wpb_text_column wpb_content_element \"><!-- [et_pb_line_break_holder] -->\t\t<\/p>\n<div class=\"wpb_wrapper\"><!-- [et_pb_line_break_holder] -->\t\t\t<\/p>\n<pre><strong><span style=\"font-family: futura-medium-bt; font-size: 12pt;\">\u00bfEl curso tiene costo?<\/span><\/strong><\/pre>\n<p><!-- [et_pb_line_break_holder] --><pee><span style=\"font-family: futura-medium-bt; font-size: 12pt;\">\u00a1No!, el curso es totalmente gratuito.<\/span><\/pee><!-- [et_pb_line_break_holder] --><\/p>\n<pre><strong><span style=\"font-family: futura-medium-bt; font-size: 12pt;\">\u00bfPuedo inscribirme en un solo curso?<\/span><\/strong><\/pre>\n<p><!-- [et_pb_line_break_holder] --><pee><span style=\"font-family: futura-medium-bt; font-size: 12pt;\">!Si! Para empezar haz clic en la tarjeta del curso que te interesa e inscr\u00edbete, debes completar el curso para obtener un diploma de participaci\u00f3n<\/span><\/pee><!-- [et_pb_line_break_holder] --><\/p>\n<pre><span style=\"font-size: 12pt;\"><strong><span style=\"font-family: futura-medium-bt;\">\u00bfPuedo inscribirme en varios cursos?<\/span><\/strong><\/span><\/pre>\n<p><!-- [et_pb_line_break_holder] -->     <!-- [et_pb_line_break_holder] --><!-- [et_pb_line_break_holder] --><pee><span style=\"font-family: futura-medium-bt; font-size: 12pt;\">!Si! Para empezar haz clic en las tarjetas de los cursos que te interesan e inscr\u00edbete en cada uno de ellos<\/span><\/pee><!-- [et_pb_line_break_holder] --><!-- [et_pb_line_break_holder] --><\/p>\n<pre><span style=\"font-size: 12pt;\"><strong><span style=\"font-family: futura-medium-bt;\">\u00bfCu\u00e1les son los beneficios de tomar los cursos?<\/span><\/strong><\/span><\/pre>\n<p><!-- [et_pb_line_break_holder] --><\/div>\n<p><!-- [et_pb_line_break_holder] --><!-- [et_pb_line_break_holder] --><pee><span style=\"font-family: futura-medium-bt; font-size: 12pt;\">Cada curso tiene valor curricular, ya que al inscribirte y completarlos se otorga constancia de participaci\u00f3n, el cual es emitido por parte de FUNDES<\/span><\/pee><\/div>\n<p><!-- [et_pb_line_break_holder] --><!-- [et_pb_line_break_holder] -->  <!-- [et_pb_line_break_holder] -->  <\/p>\n<pre><span style=\"font-size: 12pt;\"><strong><span style=\"font-family: futura-medium-bt;\">\u00bfQue es FUNDES?<\/span><\/strong><\/span><\/pre>\n<p><!-- [et_pb_line_break_holder] --><\/div>\n<p><!-- [et_pb_line_break_holder] --><!-- [et_pb_line_break_holder] --><pee><span style=\"font-family: futura-medium-bt; font-size: 12pt;\">Es una organizaci\u00f3n internacional que promueve el desarrollo competitivo de la MIPYME en Am\u00e9rica Latina a trav\u00e9s del fortalecimiento de las micro, peque\u00f1as y medianas empresas.<!-- [et_pb_line_break_holder] --><!-- [et_pb_line_break_holder] -->Por sexto a\u00f1o consecutivo imparte cursos en l\u00ednea a nivel nacional a trav\u00e9s de la plataforma tecnol\u00f3gica Webex, en donde se ha comprobado que las MIPYMEs est\u00e1n respondiendo a las principales \u00e1reas de oportunidad que se detectan a trav\u00e9s de \u00e9stas capacitaciones, observando mejoras visibles en sus procesos de gesti\u00f3n empresarial.<\/span><\/pee><\/div>\n<p><!-- [et_pb_line_break_holder] --><!-- [et_pb_line_break_holder] -->\t\t<\/div>\n<p><!-- [et_pb_line_break_holder] -->\t<\/div>\n<p><!-- [et_pb_line_break_holder] --><\/p>\n<div class=\"vc_separator wpb_content_element vc_separator_align_center vc_sep_width_100 vc_sep_pos_align_center vc_separator_no_text vc_sep_color_black\"><span class=\"vc_sep_holder vc_sep_holder_l\"><span class=\"vc_sep_line\"><\/span><\/span><span class=\"vc_sep_holder vc_sep_holder_r\"><span class=\"vc_sep_line\"><\/span><\/span><!-- [et_pb_line_break_holder] --><\/div>\n<\/div>\n<\/div>\n<p>[\/et_pb_code][\/et_pb_column][\/et_pb_row][\/et_pb_section]\n","protected":false},"excerpt":{"rendered":"<p>[et_pb_section fb_built=&#8221;1&#8243; fullwidth=&#8221;on&#8221; _builder_version=&#8221;4.6.5&#8243; _module_preset=&#8221;default&#8221;][et_pb_ca_fullwidth_section_primary featured_image_button=&#8221;off&#8221; heading_text_color=&#8221;#FFFFFF&#8221; heading_align=&#8221;center&#8221; heading_size=&#8221;h1&#8243; _builder_version=&#8221;4.6.5&#8243; _module_preset=&#8221;default&#8221; module_text_color=&#8221;#FFFFFF&#8221; module_font_size=&#8221;20px&#8221; background_color=&#8221;rgba(0,0,0,0)&#8221; background_image=&#8221;https:\/\/preview.qroo.gob.mx\/inicio\/wp-content\/uploads\/2020\/10\/landing-header-business_qroo.png&#8221; width=&#8221;100%&#8221; height=&#8221;139px&#8221; custom_margin=&#8221;0px||||false|false&#8221; animation_style=&#8221;fade&#8221; custom_css_main_element=&#8221;background-size: cover;||background-repeat: no-repeat;||&#8221; box_shadow_style=&#8221;preset1&#8243; text_shadow_style=&#8221;preset1&#8243; text_shadow_blur_strength=&#8221;0.24em&#8221; text_shadow_color=&#8221;#000000&#8243;] CURSO: REDES SOCIALES PARA MIPYMES (FACEBOOK, INSTAGRAM, WHATSAPP) [\/et_pb_ca_fullwidth_section_primary][\/et_pb_section][et_pb_section fb_built=&#8221;1&#8243; _builder_version=&#8221;4.6.5&#8243; _module_preset=&#8221;default&#8221;][et_pb_row column_structure=&#8221;2_5,3_5&#8243; _builder_version=&#8221;4.6.5&#8243; _module_preset=&#8221;default&#8221;][et_pb_column type=&#8221;2_5&#8243; _builder_version=&#8221;4.6.5&#8243; _module_preset=&#8221;default&#8221;][et_pb_image src=&#8221;https:\/\/preview.qroo.gob.mx\/inicio\/wp-content\/uploads\/2020\/12\/curso.png&#8221; title_text=&#8221;curso&#8221; _builder_version=&#8221;4.6.5&#8243; _module_preset=&#8221;default&#8221; width=&#8221;72.8%&#8221;][\/et_pb_image][\/et_pb_column][et_pb_column type=&#8221;3_5&#8243; _builder_version=&#8221;4.6.5&#8243; _module_preset=&#8221;default&#8221;][et_pb_text _builder_version=&#8221;4.6.5&#8243; _module_preset=&#8221;default&#8221;] Nombre [&hellip;]<\/p>\n","protected":false},"author":4,"featured_media":0,"parent":0,"menu_order":0,"comment_status":"closed","ping_status":"closed","template":"","meta":{"_et_pb_use_builder":"on","_et_pb_old_content":"<p>[vc_row][vc_column width=\"1\/4\"][vc_single_image image=\"5986\" img_size=\"1200*750\" alignment=\"center\"][\/vc_column][vc_column width=\"3\/4\"][vc_column_text]<span style=\"font-family: futura-medium-bt; font-size: 12pt;\"><strong>Nombre del curso<\/strong>: Redes sociales para MIPYMES (Facebook, Instagram, WhatsApp).<\/span><\/p>\n<p><span style=\"font-family: futura-medium-bt; font-size: 12pt;\"><strong>Objetivo<\/strong>: Aprender a utilizar las redes sociales para atraer m\u00e1s clientes, incrementar las ventas y hacer crecer el negocio.<\/span><\/p>\n<p><span style=\"font-family: futura-medium-bt; font-size: 12pt;\"><strong>\u23f0Fecha del curso<\/strong>: 28 de noviembre<\/span><\/p>\n<p><span style=\"font-family: futura-medium-bt; font-size: 12pt;\">\ud83d\udda5Cursos 100% en l\u00ednea<\/span><\/p>\n<p><span style=\"font-family: futura-medium-bt; font-size: 12pt;\">\ud83d\udcc2Perfil de participantes:<\/span><br \/>\n<span style=\"font-family: futura-medium-bt; font-size: 12pt;\">Emprendedores, empresarios y p\u00fablico en general<\/span><\/p>\n<p><span style=\"font-family: futura-medium-bt; font-size: 12pt;\">\ud83d\udcddInstructor: Asesor de FUNDES Latinoam\u00e9rica<\/span><\/p>\n<p><span style=\"font-family: futura-medium-bt; font-size: 12pt;\">\ud83d\udcdeSEDE Chetumal:<\/span><br \/>\n<span style=\"font-family: futura-medium-bt; font-size: 12pt;\">Mtra. Esther Mex, Cel 983 732 8185<\/span><\/p>\n<p><span style=\"font-family: futura-medium-bt; font-size: 12pt;\">\ud83d\udcdeContacto SEDE Canc\u00fan:<\/span><br \/>\n<span style=\"font-family: futura-medium-bt; font-size: 12pt;\">Ing. Alejandra C\u00f3rdova, Cel 998 734 7947<\/span>[\/vc_column_text][\/vc_column][\/vc_row][vc_row][vc_column][vc_btn title=\"Inscripci\u00f3n al Curso\" color=\"green\" align=\"center\" i_icon_fontawesome=\"fa fa-check-square-o\" add_icon=\"true\" link=\"url:https%3A%2F%2Fdocs.google.com%2Fforms%2Fd%2Fe%2F1FAIpQLSdSqdL8QwxfdjFUFT6fZqRZvhaGFMZ7SAB9cJ9uSgmckXVlXg%2Fviewform%3Fentry.48896260%3DRedes%2Bsociales%2Bpara%2BMIPYMES%2B(Facebook%2C%2BInstagram%2C%2BWhatsApp).%2B28%2Bnoviembre|||\"][\/vc_column][\/vc_row][vc_row][vc_column][vc_btn title=\"Ejemplo de Constancia\" color=\"blue\" align=\"center\" i_icon_fontawesome=\"fa fa-certificate\" add_icon=\"true\" link=\"url:https%3A%2F%2Fqroo.gob.mx%2Fportal%2Fwp-content%2Fuploads%2F2019%2F11%2FConstanciasFUNDES.png|||\"][\/vc_column][\/vc_row][vc_row][vc_column][vc_column_text]Cuando completes cada curso , obtendr\u00e1s una constancia que puedes compartir con posibles empleadores y tu red profesional.[\/vc_column_text][\/vc_column][\/vc_row][vc_row][vc_column][vc_separator color=\"black\"][\/vc_column][\/vc_row][vc_row][vc_column][vc_column_text]<\/p>\n<pre><strong><span style=\"font-family: futura-medium-bt; font-size: 12pt;\">\u00bfEl curso tiene costo?<\/span><\/strong><\/pre>\n<p><span style=\"font-family: futura-medium-bt; font-size: 12pt;\">\u00a1No!, el curso es totalmente gratuito.<\/span><\/p>\n<pre><strong><span style=\"font-family: futura-medium-bt; font-size: 12pt;\">\u00bfPuedo inscribirme en un solo curso?<\/span><\/strong><\/pre>\n<p><span style=\"font-family: futura-medium-bt; font-size: 12pt;\">!Si! Para empezar haz clic en la tarjeta del curso que te interesa e inscr\u00edbete, debes completar el curso para obtener un diploma de participaci\u00f3n<\/span><\/p>\n<pre><span style=\"font-size: 12pt;\"><strong><span style=\"font-family: futura-medium-bt;\">\u00bfPuedo inscribirme en varios cursos?<\/span><\/strong><\/span><\/pre>\n<div class=\"panel\">\n<p><span style=\"font-family: futura-medium-bt; font-size: 12pt;\">!Si! Para empezar haz clic en las tarjetas de los cursos que te interesan e inscr\u00edbete en cada uno de ellos<\/span><\/p>\n<pre><span style=\"font-size: 12pt;\"><strong><span style=\"font-family: futura-medium-bt;\">\u00bfCu\u00e1les son los beneficios de tomar los cursos?<\/span><\/strong><\/span><\/pre>\n<\/div>\n<div class=\"panel\">\n<p><span style=\"font-family: futura-medium-bt; font-size: 12pt;\">Cada curso tiene valor curricular, ya que al inscribirte y completarlos se otorga constancia de participaci\u00f3n, el cual es emitido por parte de FUNDES<\/span><\/div>\n<p>[\/vc_column_text][vc_separator color=\"black\"][\/vc_column][\/vc_row][vc_row][vc_column][vc_column_text]<\/p>\n<pre><span style=\"font-family: futura-medium-bt; font-size: 12pt;\">\u00bfQue es <strong>FUNDES<\/strong>?<\/span><\/pre>\n<p><span style=\"font-family: futura-medium-bt; font-size: 12pt;\">Es una organizaci\u00f3n internacional que promueve el desarrollo competitivo de la MIPYME en Am\u00e9rica Latina a trav\u00e9s del fortalecimiento de las micro, peque\u00f1as y medianas empresas.<\/span><\/p>\n<p><span style=\"font-family: futura-medium-bt; font-size: 12pt;\">Por sexto a\u00f1o consecutivo imparte cursos en l\u00ednea a nivel nacional a trav\u00e9s de la plataforma tecnol\u00f3gica Webex, en donde se ha comprobado que las MIPYMEs est\u00e1n respondiendo a las principales \u00e1reas de oportunidad que se detectan a trav\u00e9s de \u00e9stas capacitaciones, observando mejoras visibles en sus procesos de gesti\u00f3n empresarial.<\/span>[\/vc_column_text][\/vc_column][\/vc_row]<\/p>\n","_et_gb_content_width":"","pgc_sgb_lightbox_settings":"","_mc_calendar":[]},"publishpress_future_action":{"enabled":false,"date":"1969-12-31 19:00:00","action":"","terms":[],"taxonomy":"","browser_timezone_offset":0},"_links":{"self":[{"href":"https:\/\/preview.qroo.gob.mx\/inicio\/index.php\/wp-json\/wp\/v2\/pages\/5978"}],"collection":[{"href":"https:\/\/preview.qroo.gob.mx\/inicio\/index.php\/wp-json\/wp\/v2\/pages"}],"about":[{"href":"https:\/\/preview.qroo.gob.mx\/inicio\/index.php\/wp-json\/wp\/v2\/types\/page"}],"author":[{"embeddable":true,"href":"https:\/\/preview.qroo.gob.mx\/inicio\/index.php\/wp-json\/wp\/v2\/users\/4"}],"replies":[{"embeddable":true,"href":"https:\/\/preview.qroo.gob.mx\/inicio\/index.php\/wp-json\/wp\/v2\/comments?post=5978"}],"version-history":[{"count":12,"href":"https:\/\/preview.qroo.gob.mx\/inicio\/index.php\/wp-json\/wp\/v2\/pages\/5978\/revisions"}],"predecessor-version":[{"id":13420,"href":"https:\/\/preview.qroo.gob.mx\/inicio\/index.php\/wp-json\/wp\/v2\/pages\/5978\/revisions\/13420"}],"wp:attachment":[{"href":"https:\/\/preview.qroo.gob.mx\/inicio\/index.php\/wp-json\/wp\/v2\/media?parent=5978"}],"curies":[{"name":"wp","href":"https:\/\/api.w.org\/{rel}","templated":true}]}}