{"id":6001,"date":"2019-11-21T15:57:24","date_gmt":"2019-11-21T15:57:24","guid":{"rendered":"https:\/\/preview.qroo.gob.mx\/inicio\/?page_id=6001"},"modified":"2020-12-20T15:53:00","modified_gmt":"2020-12-20T20:53:00","slug":"curso-nuevas-modalidades-de-trabajo","status":"publish","type":"page","link":"https:\/\/preview.qroo.gob.mx\/inicio\/index.php\/curso-nuevas-modalidades-de-trabajo\/","title":{"rendered":"CURSO: NUEVAS MODALIDADES DE TRABAJO"},"content":{"rendered":"<p>[et_pb_section fb_built=&#8221;1&#8243; fullwidth=&#8221;on&#8221; _builder_version=&#8221;4.6.5&#8243; _module_preset=&#8221;default&#8221;][et_pb_ca_fullwidth_section_primary featured_image_button=&#8221;off&#8221; heading_text_color=&#8221;#FFFFFF&#8221; heading_align=&#8221;center&#8221; heading_size=&#8221;h1&#8243; _builder_version=&#8221;4.6.5&#8243; _module_preset=&#8221;default&#8221; module_text_color=&#8221;#FFFFFF&#8221; module_font_size=&#8221;20px&#8221; background_color=&#8221;rgba(0,0,0,0)&#8221; background_image=&#8221;https:\/\/preview.qroo.gob.mx\/inicio\/wp-content\/uploads\/2020\/10\/landing-header-business_qroo.png&#8221; width=&#8221;100%&#8221; height=&#8221;139px&#8221; custom_margin=&#8221;0px||||false|false&#8221; animation_style=&#8221;fade&#8221; hover_enabled=&#8221;0&#8243; custom_css_main_element=&#8221;background-size: cover;||background-repeat: no-repeat;||&#8221; box_shadow_style=&#8221;preset1&#8243; text_shadow_style=&#8221;preset1&#8243; text_shadow_blur_strength=&#8221;0.24em&#8221; text_shadow_color=&#8221;#000000&#8243; sticky_enabled=&#8221;0&#8243;]\n<h1 class=\"page__title is-main-headline\" style=\"text-align: center;\">CURSO: NUEVAS MODALIDADES DE TRABAJO<\/h1>\n<p>[\/et_pb_ca_fullwidth_section_primary][\/et_pb_section][et_pb_section fb_built=&#8221;1&#8243; _builder_version=&#8221;4.6.5&#8243; _module_preset=&#8221;default&#8221;][et_pb_row column_structure=&#8221;2_5,3_5&#8243; _builder_version=&#8221;4.6.5&#8243; _module_preset=&#8221;default&#8221;][et_pb_column type=&#8221;2_5&#8243; _builder_version=&#8221;4.6.5&#8243; _module_preset=&#8221;default&#8221;][et_pb_image src=&#8221;https:\/\/preview.qroo.gob.mx\/inicio\/wp-content\/uploads\/2020\/12\/NMT.png&#8221; title_text=&#8221;NMT&#8221; _builder_version=&#8221;4.6.5&#8243; _module_preset=&#8221;default&#8221; width=&#8221;72.8%&#8221;][\/et_pb_image][\/et_pb_column][et_pb_column type=&#8221;3_5&#8243; _builder_version=&#8221;4.6.5&#8243; _module_preset=&#8221;default&#8221;][et_pb_text _builder_version=&#8221;4.6.5&#8243; _module_preset=&#8221;default&#8221; hover_enabled=&#8221;0&#8243; sticky_enabled=&#8221;0&#8243;]\n<p><span><strong>Nombre del curso<\/strong>: Nuevas modalidades de trabajo.<\/span><\/p>\n<p><span><strong>Objetivo<\/strong>: Identificar y valorar las nuevas tendencias de trabajo para eficientar el tiempo y lograr mayor productividad en el trabajo.<\/span><\/p>\n<p><span><strong><img draggable=\"false\" role=\"img\" class=\"emoji\" alt=\"\u23f1\" src=\"https:\/\/s.w.org\/images\/core\/emoji\/13.0.0\/svg\/23f1.svg\" \/>Fecha del curso<\/strong>: 14 de noviembre<\/span><\/p>\n<p><span><i class=\"fa fa-desktop\" aria-hidden=\"true\"><\/i><img draggable=\"false\" role=\"img\" class=\"emoji\" alt=\"\ud83d\udda5\" src=\"https:\/\/s.w.org\/images\/core\/emoji\/13.0.0\/svg\/1f5a5.svg\" \/>Cursos 100% en l\u00ednea<\/span><\/p>\n<p><span><i class=\"fa fa-users\" aria-hidden=\"true\"><\/i><img draggable=\"false\" role=\"img\" class=\"emoji\" alt=\"\u270f\" src=\"https:\/\/s.w.org\/images\/core\/emoji\/13.0.0\/svg\/270f.svg\" \/>Perfil de participantes:<\/span><br \/> <span>Emprendedores, empresarios y p\u00fablico en general<\/span><\/p>\n<p><span><i class=\"fa fa-user\" aria-hidden=\"true\"><\/i><img draggable=\"false\" role=\"img\" class=\"emoji\" alt=\"\ud83d\udcdd\" src=\"https:\/\/s.w.org\/images\/core\/emoji\/13.0.0\/svg\/1f4dd.svg\" \/>Instructor: Asesor de FUNDES Latinoam\u00e9rica<\/span><\/p>\n<p><span><i class=\"fa fa-mobile\" aria-hidden=\"true\"><\/i><img draggable=\"false\" role=\"img\" class=\"emoji\" alt=\"\ud83d\udcde\" src=\"https:\/\/s.w.org\/images\/core\/emoji\/13.0.0\/svg\/1f4de.svg\" \/>Contacto SEDE Chetumal:<\/span><br \/> <span>Mtra. Esther Mex, Cel 983 732 8185<\/span><\/p>\n<p><span><i class=\"fa fa-mobile\" aria-hidden=\"true\"><\/i><img draggable=\"false\" role=\"img\" class=\"emoji\" alt=\"\ud83d\udcde\" src=\"https:\/\/s.w.org\/images\/core\/emoji\/13.0.0\/svg\/1f4de.svg\" \/>Contacto SEDE Canc\u00fan:<\/span><br \/> <span>Ing. Alejandra C\u00f3rdova, Cel 998 734 7947<\/span><\/p>\n<p>[\/et_pb_text][et_pb_button button_url=&#8221;https:\/\/docs.google.com\/forms\/d\/e\/1FAIpQLSdSqdL8QwxfdjFUFT6fZqRZvhaGFMZ7SAB9cJ9uSgmckXVlXg\/viewform?entry.48896260=Nuevas+modalidades+de+trabajo.+14+noviembre&#8221; button_text=&#8221; Inscripci\u00f3n al Curso&#8221; _builder_version=&#8221;4.6.5&#8243; _module_preset=&#8221;default&#8221; custom_button=&#8221;on&#8221; button_text_color=&#8221;#7CDA24&#8243;][\/et_pb_button][et_pb_button button_url=&#8221;https:\/\/preview.qroo.gob.mx\/inicio\/wp-content\/uploads\/2020\/12\/ConstanciasFUNDES.png&#8221; button_text=&#8221; Ejemplo de Constancia&#8221; _builder_version=&#8221;4.6.5&#8243; _module_preset=&#8221;default&#8221; custom_button=&#8221;on&#8221; button_text_color=&#8221;#0C71C3&#8243;][\/et_pb_button][et_pb_text _builder_version=&#8221;4.6.5&#8243; _module_preset=&#8221;default&#8221;]\n<p><span>Cuando completes cada curso , obtendr\u00e1s una constancia que puedes compartir con posibles empleadores y tu red profesional.<\/span><\/p>\n<p>[\/et_pb_text][\/et_pb_column][\/et_pb_row][\/et_pb_section][et_pb_section fb_built=&#8221;1&#8243; _builder_version=&#8221;4.6.5&#8243; _module_preset=&#8221;default&#8221;][et_pb_row _builder_version=&#8221;4.6.5&#8243; _module_preset=&#8221;default&#8221;][et_pb_column type=&#8221;4_4&#8243; _builder_version=&#8221;4.6.5&#8243; _module_preset=&#8221;default&#8221;][et_pb_code _builder_version=&#8221;4.6.5&#8243; _module_preset=&#8221;default&#8221;]\n<div class=\"wpb_wrapper\"><!-- [et_pb_line_break_holder] -->\t\t\t<\/p>\n<pre><strong><span style=\"font-family: futura-medium-bt; font-size: 12pt;\">\u00bfQue es FUNDES?<\/span><\/strong><\/pre>\n<p><!-- [et_pb_line_break_holder] --><pee><span style=\"font-family: futura-medium-bt; font-size: 12pt;\">Es una organizaci\u00f3n internacional que promueve el desarrollo competitivo de la MIPYME en Am\u00e9rica Latina a trav\u00e9s del fortalecimiento de las micro, peque\u00f1as y medianas empresas.<\/span><\/pee><!-- [et_pb_line_break_holder] --><pee><span style=\"font-family: futura-medium-bt; font-size: 12pt;\">Por sexto a\u00f1o consecutivo imparte cursos en l\u00ednea a nivel nacional a trav\u00e9s de la plataforma tecnol\u00f3gica Webex, en donde se ha comprobado que las MIPYMEs est\u00e1n respondiendo a las principales \u00e1reas de oportunidad que se detectan a trav\u00e9s de \u00e9stas capacitaciones, observando mejoras visibles en sus procesos de gesti\u00f3n empresarial<\/span><\/pee><!-- [et_pb_line_break_holder] --><!-- [et_pb_line_break_holder] -->\t\t<\/div>\n<p>[\/et_pb_code][\/et_pb_column][\/et_pb_row][\/et_pb_section]\n","protected":false},"excerpt":{"rendered":"<p>[et_pb_section fb_built=&#8221;1&#8243; fullwidth=&#8221;on&#8221; _builder_version=&#8221;4.6.5&#8243; _module_preset=&#8221;default&#8221;][et_pb_ca_fullwidth_section_primary featured_image_button=&#8221;off&#8221; heading_text_color=&#8221;#FFFFFF&#8221; heading_align=&#8221;center&#8221; heading_size=&#8221;h1&#8243; _builder_version=&#8221;4.6.5&#8243; _module_preset=&#8221;default&#8221; module_text_color=&#8221;#FFFFFF&#8221; module_font_size=&#8221;20px&#8221; background_color=&#8221;rgba(0,0,0,0)&#8221; background_image=&#8221;https:\/\/preview.qroo.gob.mx\/inicio\/wp-content\/uploads\/2020\/10\/landing-header-business_qroo.png&#8221; width=&#8221;100%&#8221; height=&#8221;139px&#8221; custom_margin=&#8221;0px||||false|false&#8221; animation_style=&#8221;fade&#8221; hover_enabled=&#8221;0&#8243; custom_css_main_element=&#8221;background-size: cover;||background-repeat: no-repeat;||&#8221; box_shadow_style=&#8221;preset1&#8243; text_shadow_style=&#8221;preset1&#8243; text_shadow_blur_strength=&#8221;0.24em&#8221; text_shadow_color=&#8221;#000000&#8243; sticky_enabled=&#8221;0&#8243;] CURSO: NUEVAS MODALIDADES DE TRABAJO [\/et_pb_ca_fullwidth_section_primary][\/et_pb_section][et_pb_section fb_built=&#8221;1&#8243; _builder_version=&#8221;4.6.5&#8243; _module_preset=&#8221;default&#8221;][et_pb_row column_structure=&#8221;2_5,3_5&#8243; _builder_version=&#8221;4.6.5&#8243; _module_preset=&#8221;default&#8221;][et_pb_column type=&#8221;2_5&#8243; _builder_version=&#8221;4.6.5&#8243; _module_preset=&#8221;default&#8221;][et_pb_image src=&#8221;https:\/\/preview.qroo.gob.mx\/inicio\/wp-content\/uploads\/2020\/12\/NMT.png&#8221; title_text=&#8221;NMT&#8221; _builder_version=&#8221;4.6.5&#8243; _module_preset=&#8221;default&#8221; width=&#8221;72.8%&#8221;][\/et_pb_image][\/et_pb_column][et_pb_column type=&#8221;3_5&#8243; _builder_version=&#8221;4.6.5&#8243; _module_preset=&#8221;default&#8221;][et_pb_text _builder_version=&#8221;4.6.5&#8243; _module_preset=&#8221;default&#8221; hover_enabled=&#8221;0&#8243; sticky_enabled=&#8221;0&#8243;] [&hellip;]<\/p>\n","protected":false},"author":4,"featured_media":0,"parent":0,"menu_order":0,"comment_status":"closed","ping_status":"closed","template":"","meta":{"_et_pb_use_builder":"on","_et_pb_old_content":"<p>[vc_row][vc_column width=\"1\/2\"][vc_single_image image=\"6002\" img_size=\"large\" alignment=\"center\"][\/vc_column][vc_column width=\"1\/2\"][vc_column_text]<span style=\"font-family: futura-medium-bt; font-size: 12pt;\"><strong>Nombre del curso<\/strong>: Nuevas modalidades de trabajo.<\/span><\/p>\n<p><span style=\"font-family: futura-medium-bt; font-size: 12pt;\"><strong>Objetivo<\/strong>: Identificar y valorar las nuevas tendencias de trabajo para eficientar el tiempo y lograr mayor productividad en el trabajo.<\/span><\/p>\n<p><span style=\"font-family: futura-medium-bt; font-size: 12pt;\"><strong>\u23f1Fecha del curso<\/strong>: 14 de noviembre<\/span><\/p>\n<p><span style=\"font-family: futura-medium-bt; font-size: 12pt;\"><i class=\"fa fa-desktop\" aria-hidden=\"true\"><\/i>\ud83d\udda5Cursos 100% en l\u00ednea<\/span><\/p>\n<p><span style=\"font-family: futura-medium-bt; font-size: 12pt;\"><i class=\"fa fa-users\" aria-hidden=\"true\"><\/i>\u270fPerfil de participantes:<\/span><br \/>\n<span style=\"font-family: futura-medium-bt; font-size: 12pt;\">Emprendedores, empresarios y p\u00fablico en general<\/span><\/p>\n<p><span style=\"font-family: futura-medium-bt; font-size: 12pt;\"><i class=\"fa fa-user\" aria-hidden=\"true\"><\/i>\ud83d\udcddInstructor: Asesor de FUNDES Latinoam\u00e9rica<\/span><\/p>\n<p><span style=\"font-family: futura-medium-bt; font-size: 12pt;\"><i class=\"fa fa-mobile\" aria-hidden=\"true\"><\/i>\ud83d\udcdeContacto SEDE Chetumal:<\/span><br \/>\n<span style=\"font-family: futura-medium-bt; font-size: 12pt;\">Mtra. Esther Mex, Cel 983 732 8185<\/span><\/p>\n<p><span style=\"font-family: futura-medium-bt; font-size: 12pt;\"><i class=\"fa fa-mobile\" aria-hidden=\"true\"><\/i>\ud83d\udcdeContacto SEDE Canc\u00fan:<\/span><br \/>\n<span style=\"font-family: futura-medium-bt; font-size: 12pt;\">Ing. Alejandra C\u00f3rdova, Cel 998 734 7947<\/span>[\/vc_column_text][\/vc_column][\/vc_row][vc_row][vc_column][vc_btn title=\"Inscripci\u00f3n al Curso\" color=\"green\" align=\"center\" i_icon_fontawesome=\"fa fa-pencil-square-o\" add_icon=\"true\" link=\"url:https%3A%2F%2Fdocs.google.com%2Fforms%2Fd%2Fe%2F1FAIpQLSdSqdL8QwxfdjFUFT6fZqRZvhaGFMZ7SAB9cJ9uSgmckXVlXg%2Fviewform%3Fentry.48896260%3DNuevas%2Bmodalidades%2Bde%2Btrabajo.%2B14%2Bnoviembre|||\"][\/vc_column][\/vc_row][vc_row][vc_column][vc_btn title=\"Ejemplo de Constancia\" color=\"blue\" align=\"center\" i_icon_fontawesome=\"fa fa-certificate\" add_icon=\"true\" link=\"url:https%3A%2F%2Fqroo.gob.mx%2Fportal%2Fwp-content%2Fuploads%2F2019%2F11%2FConstanciasFUNDES.png|||\"][\/vc_column][\/vc_row][vc_row][vc_column][vc_column_text]<span style=\"font-size: 12pt;\"><strong><span style=\"font-family: futura-medium-bt;\">Cuando completes cada curso , obtendr\u00e1s una constancia que puedes compartir con posibles empleadores y tu red profesional.<\/span><\/strong><\/span>[\/vc_column_text][\/vc_column][\/vc_row][vc_row][vc_column][vc_separator color=\"black\"][\/vc_column][\/vc_row][vc_row][vc_column][vc_column_text]<\/p>\n<pre><strong><span style=\"font-family: futura-medium-bt; font-size: 12pt;\">\u00bfQue es FUNDES?<\/span><\/strong><\/pre>\n<p><span style=\"font-family: futura-medium-bt; font-size: 12pt;\">Es una organizaci\u00f3n internacional que promueve el desarrollo competitivo de la MIPYME en Am\u00e9rica Latina a trav\u00e9s del fortalecimiento de las micro, peque\u00f1as y medianas empresas.<\/span><\/p>\n<p><span style=\"font-family: futura-medium-bt; font-size: 12pt;\">Por sexto a\u00f1o consecutivo imparte cursos en l\u00ednea a nivel nacional a trav\u00e9s de la plataforma tecnol\u00f3gica Webex, en donde se ha comprobado que las MIPYMEs est\u00e1n respondiendo a las principales \u00e1reas de oportunidad que se detectan a trav\u00e9s de \u00e9stas capacitaciones, observando mejoras visibles en sus procesos de gesti\u00f3n empresarial<\/span>[\/vc_column_text][\/vc_column][\/vc_row]<\/p>\n","_et_gb_content_width":"","pgc_sgb_lightbox_settings":"","_mc_calendar":[]},"publishpress_future_action":{"enabled":false,"date":"1969-12-31 19:00:00","action":"","terms":[],"taxonomy":"","browser_timezone_offset":0},"_links":{"self":[{"href":"https:\/\/preview.qroo.gob.mx\/inicio\/index.php\/wp-json\/wp\/v2\/pages\/6001"}],"collection":[{"href":"https:\/\/preview.qroo.gob.mx\/inicio\/index.php\/wp-json\/wp\/v2\/pages"}],"about":[{"href":"https:\/\/preview.qroo.gob.mx\/inicio\/index.php\/wp-json\/wp\/v2\/types\/page"}],"author":[{"embeddable":true,"href":"https:\/\/preview.qroo.gob.mx\/inicio\/index.php\/wp-json\/wp\/v2\/users\/4"}],"replies":[{"embeddable":true,"href":"https:\/\/preview.qroo.gob.mx\/inicio\/index.php\/wp-json\/wp\/v2\/comments?post=6001"}],"version-history":[{"count":3,"href":"https:\/\/preview.qroo.gob.mx\/inicio\/index.php\/wp-json\/wp\/v2\/pages\/6001\/revisions"}],"predecessor-version":[{"id":13422,"href":"https:\/\/preview.qroo.gob.mx\/inicio\/index.php\/wp-json\/wp\/v2\/pages\/6001\/revisions\/13422"}],"wp:attachment":[{"href":"https:\/\/preview.qroo.gob.mx\/inicio\/index.php\/wp-json\/wp\/v2\/media?parent=6001"}],"curies":[{"name":"wp","href":"https:\/\/api.w.org\/{rel}","templated":true}]}}